{"id":69,"date":"2015-06-19T10:14:04","date_gmt":"2015-06-19T09:14:04","guid":{"rendered":"http:\/\/localhost\/monsite\/?page_id=69"},"modified":"2026-03-19T15:12:19","modified_gmt":"2026-03-19T14:12:19","slug":"actualites-daccueil-association-abeille-tarn-et-garonne","status":"publish","type":"page","link":"https:\/\/abeille-tarnetgaronnaise.fr\/Atg82_new\/page-daccueil-association-abeille-tarn-et-garonne\/actualites-daccueil-association-abeille-tarn-et-garonne\/","title":{"rendered":"Actualit\u00e9s"},"content":{"rendered":"\t\t<div data-elementor-type=\"wp-page\" data-elementor-id=\"69\" class=\"elementor elementor-69\" data-elementor-post-type=\"page\">\n\t\t\t\t<div class=\"elementor-element elementor-element-3cb3499 e-flex e-con-boxed e-con e-parent\" data-id=\"3cb3499\" data-element_type=\"container\" data-e-type=\"container\">\n\t\t\t\t\t<div class=\"e-con-inner\">\n\t\t\t\t<div class=\"elementor-element elementor-element-05ea073 elementor-grid-3 elementor-grid-tablet-2 elementor-grid-mobile-1 elementor-posts--thumbnail-top elementor-posts--show-avatar elementor-card-shadow-yes elementor-posts__hover-gradient elementor-widget elementor-widget-posts\" data-id=\"05ea073\" data-element_type=\"widget\" data-e-type=\"widget\" data-settings=\"{&quot;cards_masonry&quot;:&quot;yes&quot;,&quot;pagination_type&quot;:&quot;load_more_infinite_scroll&quot;,&quot;cards_columns&quot;:&quot;3&quot;,&quot;cards_columns_tablet&quot;:&quot;2&quot;,&quot;cards_columns_mobile&quot;:&quot;1&quot;,&quot;cards_row_gap&quot;:{&quot;unit&quot;:&quot;px&quot;,&quot;size&quot;:35,&quot;sizes&quot;:[]},&quot;cards_row_gap_tablet&quot;:{&quot;unit&quot;:&quot;px&quot;,&quot;size&quot;:&quot;&quot;,&quot;sizes&quot;:[]},&quot;cards_row_gap_mobile&quot;:{&quot;unit&quot;:&quot;px&quot;,&quot;size&quot;:&quot;&quot;,&quot;sizes&quot;:[]},&quot;load_more_spinner&quot;:{&quot;value&quot;:&quot;fas fa-spinner&quot;,&quot;library&quot;:&quot;fa-solid&quot;}}\" data-widget_type=\"posts.cards\">\n\t\t\t\t<div class=\"elementor-widget-container\">\n\t\t\t\t\t\t\t<div class=\"elementor-posts-container elementor-posts elementor-posts--skin-cards elementor-grid\" role=\"list\">\n\t\t\t\t<article class=\"elementor-post elementor-grid-item post-5490 post type-post status-publish format-standard hentry category-le-rucher-ecole tag-rucher-ecole\" role=\"listitem\">\n\t\t\t<div class=\"elementor-post__card\">\n\t\t\t\t<div class=\"elementor-post__text\">\n\t\t\t\t<h3 class=\"elementor-post__title\">\n\t\t\t<a href=\"https:\/\/abeille-tarnetgaronnaise.fr\/Atg82_new\/ca-pousse-ca-pousse\/\" >\n\t\t\t\t\u00e7a pousse, \u00e7a pousse&#8230;\t\t\t<\/a>\n\t\t<\/h3>\n\t\t\t\t<div class=\"elementor-post__excerpt\">\n\t\t\t<p>\u00e7a pousse, \u00e7a pousse&#8230; Rucher \u00e9cole &#8211; Cours pratique du 5 avril La m\u00e9t\u00e9o cl\u00e9mente favorise le d\u00e9veloppement des colonies d&rsquo;abeilles, avec une abondance de nectar et de pollen. C\u2019est<\/p>\n\t\t<\/div>\n\t\t\n\t\t<a class=\"elementor-post__read-more\" href=\"https:\/\/abeille-tarnetgaronnaise.fr\/Atg82_new\/ca-pousse-ca-pousse\/\" aria-label=\"En savoir plus sur \u00e7a pousse, \u00e7a pousse&#8230;\" tabindex=\"-1\" >\n\t\t\tLire la suite \u00bb\t\t<\/a>\n\n\t\t\t\t<\/div>\n\t\t\t\t<div class=\"elementor-post__meta-data\">\n\t\t\t\t\t<span class=\"elementor-post-date\">\n\t\t\t12 avril 2025\t\t<\/span>\n\t\t\t\t<span class=\"elementor-post-avatar\">\n\t\t\tAucun commentaire\t\t<\/span>\n\t\t\t\t<\/div>\n\t\t\t\t\t<\/div>\n\t\t<\/article>\n\t\t\t\t<article class=\"elementor-post elementor-grid-item post-5480 post type-post status-publish format-standard has-post-thumbnail hentry category-en-france category-toutes-les-actualites\" role=\"listitem\">\n\t\t\t<div class=\"elementor-post__card\">\n\t\t\t\t<a class=\"elementor-post__thumbnail__link\" href=\"https:\/\/abeille-tarnetgaronnaise.fr\/Atg82_new\/exposition-photo-le-genie-des-abeilles\/\" tabindex=\"-1\" ><div class=\"elementor-post__thumbnail\"><img fetchpriority=\"high\" decoding=\"async\" width=\"212\" height=\"300\" src=\"https:\/\/abeille-tarnetgaronnaise.fr\/Atg82_new\/wp-content\/uploads\/2025\/04\/expo-le-genie-des-abeilles-212x300.jpg\" class=\"attachment-medium size-medium wp-image-5479\" alt=\"Affiche Exposition photos le g\u00e9nie des abeilles\" srcset=\"https:\/\/abeille-tarnetgaronnaise.fr\/Atg82_new\/wp-content\/uploads\/2025\/04\/expo-le-genie-des-abeilles-212x300.jpg 212w, https:\/\/abeille-tarnetgaronnaise.fr\/Atg82_new\/wp-content\/uploads\/2025\/04\/expo-le-genie-des-abeilles.jpg 566w\" sizes=\"(max-width: 212px) 100vw, 212px\" \/><\/div><\/a>\n\t\t\t\t<div class=\"elementor-post__badge\">En France<\/div>\n\t\t\t\t<div class=\"elementor-post__avatar\">\n\t\t\t\t\t<\/div>\n\t\t\t\t<div class=\"elementor-post__text\">\n\t\t\t\t<h3 class=\"elementor-post__title\">\n\t\t\t<a href=\"https:\/\/abeille-tarnetgaronnaise.fr\/Atg82_new\/exposition-photo-le-genie-des-abeilles\/\" >\n\t\t\t\tExposition Photo \u00ab\u00a0Le G\u00e9nie des abeilles\u00a0\u00bb\t\t\t<\/a>\n\t\t<\/h3>\n\t\t\t\t<div class=\"elementor-post__excerpt\">\n\t\t\t<p>Exposition Photo \u00ab\u00a0Le g\u00e9nie des abeilles\u00a0\u00bb Du 10 avril au 28 mai Les abeilles ne se laissent pas courtiser si facilement : leur nid est obscur, myst\u00e9rieux, hors d\u2019atteinte. Elles<\/p>\n\t\t<\/div>\n\t\t\n\t\t<a class=\"elementor-post__read-more\" href=\"https:\/\/abeille-tarnetgaronnaise.fr\/Atg82_new\/exposition-photo-le-genie-des-abeilles\/\" aria-label=\"En savoir plus sur Exposition Photo \u00ab\u00a0Le G\u00e9nie des abeilles\u00a0\u00bb\" tabindex=\"-1\" >\n\t\t\tLire la suite \u00bb\t\t<\/a>\n\n\t\t\t\t<\/div>\n\t\t\t\t<div class=\"elementor-post__meta-data\">\n\t\t\t\t\t<span class=\"elementor-post-date\">\n\t\t\t12 avril 2025\t\t<\/span>\n\t\t\t\t<span class=\"elementor-post-avatar\">\n\t\t\tAucun commentaire\t\t<\/span>\n\t\t\t\t<\/div>\n\t\t\t\t\t<\/div>\n\t\t<\/article>\n\t\t\t\t<article class=\"elementor-post elementor-grid-item post-5457 post type-post status-publish format-standard hentry category-non-classe\" role=\"listitem\">\n\t\t\t<div class=\"elementor-post__card\">\n\t\t\t\t<div class=\"elementor-post__text\">\n\t\t\t\t<h3 class=\"elementor-post__title\">\n\t\t\t<a href=\"https:\/\/abeille-tarnetgaronnaise.fr\/Atg82_new\/la-semaine-du-comptage-des-varroas-en-occitanie\/\" >\n\t\t\t\tla semaine du comptage des varroas en Occitanie\t\t\t<\/a>\n\t\t<\/h3>\n\t\t\t\t<div class=\"elementor-post__excerpt\">\n\t\t\t<p>En France la semaine du comptage des varroas en Occitanie du 31 mars au 7 avril 2025 Rejoignez-nous pour la SEMAINE de lancement du COMPTAGE VARROA en OCCITANIE ! Les<\/p>\n\t\t<\/div>\n\t\t\n\t\t<a class=\"elementor-post__read-more\" href=\"https:\/\/abeille-tarnetgaronnaise.fr\/Atg82_new\/la-semaine-du-comptage-des-varroas-en-occitanie\/\" aria-label=\"En savoir plus sur la semaine du comptage des varroas en Occitanie\" tabindex=\"-1\" >\n\t\t\tLire la suite \u00bb\t\t<\/a>\n\n\t\t\t\t<\/div>\n\t\t\t\t<div class=\"elementor-post__meta-data\">\n\t\t\t\t\t<span class=\"elementor-post-date\">\n\t\t\t14 mars 2025\t\t<\/span>\n\t\t\t\t<span class=\"elementor-post-avatar\">\n\t\t\tAucun commentaire\t\t<\/span>\n\t\t\t\t<\/div>\n\t\t\t\t\t<\/div>\n\t\t<\/article>\n\t\t\t\t<article class=\"elementor-post elementor-grid-item post-5443 post type-post status-publish format-standard has-post-thumbnail hentry category-en-france category-toutes-les-actualites\" role=\"listitem\">\n\t\t\t<div class=\"elementor-post__card\">\n\t\t\t\t<a class=\"elementor-post__thumbnail__link\" href=\"https:\/\/abeille-tarnetgaronnaise.fr\/Atg82_new\/elementor-5443\/\" tabindex=\"-1\" ><div class=\"elementor-post__thumbnail\"><img decoding=\"async\" width=\"300\" height=\"186\" src=\"https:\/\/abeille-tarnetgaronnaise.fr\/Atg82_new\/wp-content\/uploads\/2025\/01\/isolated-macro-shot-paper-wasp-white-300x186.jpg\" class=\"attachment-medium size-medium wp-image-3990\" alt=\"gu\u00eape\" srcset=\"https:\/\/abeille-tarnetgaronnaise.fr\/Atg82_new\/wp-content\/uploads\/2025\/01\/isolated-macro-shot-paper-wasp-white-300x186.jpg 300w, https:\/\/abeille-tarnetgaronnaise.fr\/Atg82_new\/wp-content\/uploads\/2025\/01\/isolated-macro-shot-paper-wasp-white-1024x635.jpg 1024w, https:\/\/abeille-tarnetgaronnaise.fr\/Atg82_new\/wp-content\/uploads\/2025\/01\/isolated-macro-shot-paper-wasp-white-768x476.jpg 768w\" sizes=\"(max-width: 300px) 100vw, 300px\" \/><\/div><\/a>\n\t\t\t\t<div class=\"elementor-post__badge\">En France<\/div>\n\t\t\t\t<div class=\"elementor-post__avatar\">\n\t\t\t\t\t<\/div>\n\t\t\t\t<div class=\"elementor-post__text\">\n\t\t\t\t<h3 class=\"elementor-post__title\">\n\t\t\t<a href=\"https:\/\/abeille-tarnetgaronnaise.fr\/Atg82_new\/elementor-5443\/\" >\n\t\t\t\tTop d\u00e9part pi\u00e9geage s\u00e9lectif frelons\t\t\t<\/a>\n\t\t<\/h3>\n\t\t\t\t<div class=\"elementor-post__excerpt\">\n\t\t\t<p>En France Top d\u00e9part pi\u00e9geage s\u00e9lectif frelons Les temp\u00e9ratures journali\u00e8res moyennes ( T\u00b0 mini + T\u00b0 maxi \u00a0: 2 ) augmentent r\u00e9guli\u00e8rement \u00a0et vont atteindre les 17\u00b0 pendant 5 jours<\/p>\n\t\t<\/div>\n\t\t\n\t\t<a class=\"elementor-post__read-more\" href=\"https:\/\/abeille-tarnetgaronnaise.fr\/Atg82_new\/elementor-5443\/\" aria-label=\"En savoir plus sur Top d\u00e9part pi\u00e9geage s\u00e9lectif frelons\" tabindex=\"-1\" >\n\t\t\tLire la suite \u00bb\t\t<\/a>\n\n\t\t\t\t<\/div>\n\t\t\t\t<div class=\"elementor-post__meta-data\">\n\t\t\t\t\t<span class=\"elementor-post-date\">\n\t\t\t14 mars 2025\t\t<\/span>\n\t\t\t\t<span class=\"elementor-post-avatar\">\n\t\t\tAucun commentaire\t\t<\/span>\n\t\t\t\t<\/div>\n\t\t\t\t\t<\/div>\n\t\t<\/article>\n\t\t\t\t<article class=\"elementor-post elementor-grid-item post-5384 post type-post status-publish format-standard has-post-thumbnail hentry category-en-france category-toutes-les-actualites tag-abeille tag-deratit tag-frelon tag-sauvegarde\" role=\"listitem\">\n\t\t\t<div class=\"elementor-post__card\">\n\t\t\t\t<a class=\"elementor-post__thumbnail__link\" href=\"https:\/\/abeille-tarnetgaronnaise.fr\/Atg82_new\/partenariat-deratit-frelons\/\" tabindex=\"-1\" ><div class=\"elementor-post__thumbnail\"><img decoding=\"async\" width=\"242\" height=\"300\" src=\"https:\/\/abeille-tarnetgaronnaise.fr\/Atg82_new\/wp-content\/uploads\/2025\/03\/Partanariat-DERATIT-242x300.png\" class=\"attachment-medium size-medium wp-image-5386\" alt=\"partenariat avec la soci\u00e9t\u00e9 Deratit pour la lutte contre le frelon asiatique\" srcset=\"https:\/\/abeille-tarnetgaronnaise.fr\/Atg82_new\/wp-content\/uploads\/2025\/03\/Partanariat-DERATIT-242x300.png 242w, https:\/\/abeille-tarnetgaronnaise.fr\/Atg82_new\/wp-content\/uploads\/2025\/03\/Partanariat-DERATIT-827x1024.png 827w, https:\/\/abeille-tarnetgaronnaise.fr\/Atg82_new\/wp-content\/uploads\/2025\/03\/Partanariat-DERATIT-768x951.png 768w, https:\/\/abeille-tarnetgaronnaise.fr\/Atg82_new\/wp-content\/uploads\/2025\/03\/Partanariat-DERATIT.png 971w\" sizes=\"(max-width: 242px) 100vw, 242px\" \/><\/div><\/a>\n\t\t\t\t<div class=\"elementor-post__badge\">En France<\/div>\n\t\t\t\t<div class=\"elementor-post__avatar\">\n\t\t\t\t\t<\/div>\n\t\t\t\t<div class=\"elementor-post__text\">\n\t\t\t\t<h3 class=\"elementor-post__title\">\n\t\t\t<a href=\"https:\/\/abeille-tarnetgaronnaise.fr\/Atg82_new\/partenariat-deratit-frelons\/\" >\n\t\t\t\tSauvons nos abeilles, luttons contre le frelon\t\t\t<\/a>\n\t\t<\/h3>\n\t\t\t\t<div class=\"elementor-post__excerpt\">\n\t\t\t<p>\u00a0 Sauvons nos abeilles, luttons contre le frelon Nous avons le plaisir de vous annoncer le partenariat avec la soci\u00e9t\u00e9 Deratit, bas\u00e9e \u00e0 Montauban, pour traiter et\/ou pi\u00e9ger les frelons<\/p>\n\t\t<\/div>\n\t\t\n\t\t<a class=\"elementor-post__read-more\" href=\"https:\/\/abeille-tarnetgaronnaise.fr\/Atg82_new\/partenariat-deratit-frelons\/\" aria-label=\"En savoir plus sur Sauvons nos abeilles, luttons contre le frelon\" tabindex=\"-1\" >\n\t\t\tLire la suite \u00bb\t\t<\/a>\n\n\t\t\t\t<\/div>\n\t\t\t\t<div class=\"elementor-post__meta-data\">\n\t\t\t\t\t<span class=\"elementor-post-date\">\n\t\t\t9 mars 2025\t\t<\/span>\n\t\t\t\t<span class=\"elementor-post-avatar\">\n\t\t\tAucun commentaire\t\t<\/span>\n\t\t\t\t<\/div>\n\t\t\t\t\t<\/div>\n\t\t<\/article>\n\t\t\t\t<article class=\"elementor-post elementor-grid-item post-5351 post type-post status-publish format-standard has-post-thumbnail hentry category-en-france category-toutes-les-actualites\" role=\"listitem\">\n\t\t\t<div class=\"elementor-post__card\">\n\t\t\t\t<a class=\"elementor-post__thumbnail__link\" href=\"https:\/\/abeille-tarnetgaronnaise.fr\/Atg82_new\/votre-magasin-icko-montauban-fete-ses-2-ans\/\" tabindex=\"-1\" ><div class=\"elementor-post__thumbnail\"><img loading=\"lazy\" decoding=\"async\" width=\"300\" height=\"90\" src=\"https:\/\/abeille-tarnetgaronnaise.fr\/Atg82_new\/wp-content\/uploads\/2024\/11\/logo_icko-300x90.png\" class=\"attachment-medium size-medium wp-image-2670\" alt=\"logo Icko\" srcset=\"https:\/\/abeille-tarnetgaronnaise.fr\/Atg82_new\/wp-content\/uploads\/2024\/11\/logo_icko-300x90.png 300w, https:\/\/abeille-tarnetgaronnaise.fr\/Atg82_new\/wp-content\/uploads\/2024\/11\/logo_icko.png 600w\" sizes=\"(max-width: 300px) 100vw, 300px\" \/><\/div><\/a>\n\t\t\t\t<div class=\"elementor-post__badge\">En France<\/div>\n\t\t\t\t<div class=\"elementor-post__avatar\">\n\t\t\t\t\t<\/div>\n\t\t\t\t<div class=\"elementor-post__text\">\n\t\t\t\t<h3 class=\"elementor-post__title\">\n\t\t\t<a href=\"https:\/\/abeille-tarnetgaronnaise.fr\/Atg82_new\/votre-magasin-icko-montauban-fete-ses-2-ans\/\" >\n\t\t\t\t\u00a0Votre magasin\u00a0ICKO Montauban f\u00eate ses 2 ans\t\t\t<\/a>\n\t\t<\/h3>\n\t\t\t\t<div class=\"elementor-post__excerpt\">\n\t\t\t<p>En France &#8211; Montauban Votre magasin ICKO Montauban f\u00eate ses 2 ans ! \u00e0 cette occasion, nous organiserons la traditionnelle\u00a0\u00ab\u00a0Journ\u00e9e cire\u00a0\u00bb, ce vendredi 14 f\u00e9vrier!Nous vous attendons nombreux pour venir<\/p>\n\t\t<\/div>\n\t\t\n\t\t<a class=\"elementor-post__read-more\" href=\"https:\/\/abeille-tarnetgaronnaise.fr\/Atg82_new\/votre-magasin-icko-montauban-fete-ses-2-ans\/\" aria-label=\"En savoir plus sur \u00a0Votre magasin\u00a0ICKO Montauban f\u00eate ses 2 ans\" tabindex=\"-1\" >\n\t\t\tLire la suite \u00bb\t\t<\/a>\n\n\t\t\t\t<\/div>\n\t\t\t\t<div class=\"elementor-post__meta-data\">\n\t\t\t\t\t<span class=\"elementor-post-date\">\n\t\t\t12 f\u00e9vrier 2025\t\t<\/span>\n\t\t\t\t<span class=\"elementor-post-avatar\">\n\t\t\tAucun commentaire\t\t<\/span>\n\t\t\t\t<\/div>\n\t\t\t\t\t<\/div>\n\t\t<\/article>\n\t\t\t\t<article class=\"elementor-post elementor-grid-item post-5149 post type-post status-publish format-standard has-post-thumbnail hentry category-en-france category-non-classe category-toutes-les-actualites\" role=\"listitem\">\n\t\t\t<div class=\"elementor-post__card\">\n\t\t\t\t<a class=\"elementor-post__thumbnail__link\" href=\"https:\/\/abeille-tarnetgaronnaise.fr\/Atg82_new\/conference-secret-dabeille\/\" tabindex=\"-1\" ><div class=\"elementor-post__thumbnail\"><img loading=\"lazy\" decoding=\"async\" width=\"212\" height=\"300\" src=\"https:\/\/abeille-tarnetgaronnaise.fr\/Atg82_new\/wp-content\/uploads\/2025\/01\/Conference-Secrets-dabeilles-5-avril-251-212x300.png\" class=\"attachment-medium size-medium wp-image-5150\" alt=\"affiche conf\u00e9rence secret d&#039;abeilles\" srcset=\"https:\/\/abeille-tarnetgaronnaise.fr\/Atg82_new\/wp-content\/uploads\/2025\/01\/Conference-Secrets-dabeilles-5-avril-251-212x300.png 212w, https:\/\/abeille-tarnetgaronnaise.fr\/Atg82_new\/wp-content\/uploads\/2025\/01\/Conference-Secrets-dabeilles-5-avril-251-724x1024.png 724w, https:\/\/abeille-tarnetgaronnaise.fr\/Atg82_new\/wp-content\/uploads\/2025\/01\/Conference-Secrets-dabeilles-5-avril-251-768x1086.png 768w, https:\/\/abeille-tarnetgaronnaise.fr\/Atg82_new\/wp-content\/uploads\/2025\/01\/Conference-Secrets-dabeilles-5-avril-251-1086x1536.png 1086w, https:\/\/abeille-tarnetgaronnaise.fr\/Atg82_new\/wp-content\/uploads\/2025\/01\/Conference-Secrets-dabeilles-5-avril-251-1448x2048.png 1448w, https:\/\/abeille-tarnetgaronnaise.fr\/Atg82_new\/wp-content\/uploads\/2025\/01\/Conference-Secrets-dabeilles-5-avril-251.png 1587w\" sizes=\"(max-width: 212px) 100vw, 212px\" \/><\/div><\/a>\n\t\t\t\t<div class=\"elementor-post__badge\">En France<\/div>\n\t\t\t\t<div class=\"elementor-post__avatar\">\n\t\t\t\t\t<\/div>\n\t\t\t\t<div class=\"elementor-post__text\">\n\t\t\t\t<h3 class=\"elementor-post__title\">\n\t\t\t<a href=\"https:\/\/abeille-tarnetgaronnaise.fr\/Atg82_new\/conference-secret-dabeille\/\" >\n\t\t\t\tConf\u00e9rence secret d&rsquo;abeille\t\t\t<\/a>\n\t\t<\/h3>\n\t\t\t\t<div class=\"elementor-post__excerpt\">\n\t\t\t<p>En France &#8211; Verdun sur Garonne Conf\u00e9rence Secret d&rsquo;abeilles Venez d\u00e9couvrir les bienfaits des produits de la ruche pour votre sant\u00e9.Conf\u00e9rence anim\u00e9e par Lilian Ceballos &#8211; Docteur en pharmacologie et<\/p>\n\t\t<\/div>\n\t\t\n\t\t<a class=\"elementor-post__read-more\" href=\"https:\/\/abeille-tarnetgaronnaise.fr\/Atg82_new\/conference-secret-dabeille\/\" aria-label=\"En savoir plus sur Conf\u00e9rence secret d&rsquo;abeille\" tabindex=\"-1\" >\n\t\t\tLire la suite \u00bb\t\t<\/a>\n\n\t\t\t\t<\/div>\n\t\t\t\t<div class=\"elementor-post__meta-data\">\n\t\t\t\t\t<span class=\"elementor-post-date\">\n\t\t\t26 janvier 2025\t\t<\/span>\n\t\t\t\t<span class=\"elementor-post-avatar\">\n\t\t\tAucun commentaire\t\t<\/span>\n\t\t\t\t<\/div>\n\t\t\t\t\t<\/div>\n\t\t<\/article>\n\t\t\t\t<article class=\"elementor-post elementor-grid-item post-2178 post type-post status-publish format-standard has-post-thumbnail hentry category-en-france\" role=\"listitem\">\n\t\t\t<div class=\"elementor-post__card\">\n\t\t\t\t<a class=\"elementor-post__thumbnail__link\" href=\"https:\/\/abeille-tarnetgaronnaise.fr\/Atg82_new\/unaf-idu-citeo\/\" tabindex=\"-1\" ><div class=\"elementor-post__thumbnail\"><img loading=\"lazy\" decoding=\"async\" width=\"300\" height=\"300\" src=\"https:\/\/abeille-tarnetgaronnaise.fr\/Atg82_new\/wp-content\/uploads\/2024\/11\/Unaf_apiculture_logo-300x300.png\" class=\"attachment-medium size-medium wp-image-2669\" alt=\"logo UNAF\" srcset=\"https:\/\/abeille-tarnetgaronnaise.fr\/Atg82_new\/wp-content\/uploads\/2024\/11\/Unaf_apiculture_logo-300x300.png 300w, https:\/\/abeille-tarnetgaronnaise.fr\/Atg82_new\/wp-content\/uploads\/2024\/11\/Unaf_apiculture_logo-150x150.png 150w, https:\/\/abeille-tarnetgaronnaise.fr\/Atg82_new\/wp-content\/uploads\/2024\/11\/Unaf_apiculture_logo-768x768.png 768w, https:\/\/abeille-tarnetgaronnaise.fr\/Atg82_new\/wp-content\/uploads\/2024\/11\/Unaf_apiculture_logo-650x650.png 650w, https:\/\/abeille-tarnetgaronnaise.fr\/Atg82_new\/wp-content\/uploads\/2024\/11\/Unaf_apiculture_logo.png 900w\" sizes=\"(max-width: 300px) 100vw, 300px\" \/><\/div><\/a>\n\t\t\t\t<div class=\"elementor-post__badge\">En France<\/div>\n\t\t\t\t<div class=\"elementor-post__avatar\">\n\t\t\t\t\t<\/div>\n\t\t\t\t<div class=\"elementor-post__text\">\n\t\t\t\t<h3 class=\"elementor-post__title\">\n\t\t\t<a href=\"https:\/\/abeille-tarnetgaronnaise.fr\/Atg82_new\/unaf-idu-citeo\/\" >\n\t\t\t\tUNAF : IDU \/ CITEO\t\t\t<\/a>\n\t\t<\/h3>\n\t\t\t\t<div class=\"elementor-post__excerpt\">\n\t\t\t<p>Par courrier en date du 7 mars, L&rsquo;UNAF a fourni le num\u00e9ro d\u2019identification unique (IDU) de l\u2019UNAF. Pour rappel, ce num\u00e9ro, qui est une obligation l\u00e9gale[1], permet d\u2019identifier que vous<\/p>\n\t\t<\/div>\n\t\t\n\t\t<a class=\"elementor-post__read-more\" href=\"https:\/\/abeille-tarnetgaronnaise.fr\/Atg82_new\/unaf-idu-citeo\/\" aria-label=\"En savoir plus sur UNAF : IDU \/ CITEO\" tabindex=\"-1\" >\n\t\t\tLire la suite \u00bb\t\t<\/a>\n\n\t\t\t\t<\/div>\n\t\t\t\t<div class=\"elementor-post__meta-data\">\n\t\t\t\t\t<span class=\"elementor-post-date\">\n\t\t\t28 mars 2023\t\t<\/span>\n\t\t\t\t<span class=\"elementor-post-avatar\">\n\t\t\tAucun commentaire\t\t<\/span>\n\t\t\t\t<\/div>\n\t\t\t\t\t<\/div>\n\t\t<\/article>\n\t\t\t\t<article class=\"elementor-post elementor-grid-item post-2175 post type-post status-publish format-standard has-post-thumbnail hentry category-en-france\" role=\"listitem\">\n\t\t\t<div class=\"elementor-post__card\">\n\t\t\t\t<div class=\"elementor-post__text\">\n\t\t\t\t<h3 class=\"elementor-post__title\">\n\t\t\t<a href=\"https:\/\/abeille-tarnetgaronnaise.fr\/Atg82_new\/webinaire-sur-aethina-tumida\/\" >\n\t\t\t\tWebinaire sur Aethina tumida\t\t\t<\/a>\n\t\t<\/h3>\n\t\t\t\t<div class=\"elementor-post__excerpt\">\n\t\t\t<p>L\u2019UNAF et le Syndicat Apicole de la R\u00e9union organisent le 4 avril \u00e0 17h un Webinaire sur Aethina tumida \u00ab\u00a0Le petit col\u00e9opt\u00e8re des ruches\u00a0: une autre gestion est possible\u00a0\u00bb 21<\/p>\n\t\t<\/div>\n\t\t\n\t\t<a class=\"elementor-post__read-more\" href=\"https:\/\/abeille-tarnetgaronnaise.fr\/Atg82_new\/webinaire-sur-aethina-tumida\/\" aria-label=\"En savoir plus sur Webinaire sur Aethina tumida\" tabindex=\"-1\" >\n\t\t\tLire la suite \u00bb\t\t<\/a>\n\n\t\t\t\t<\/div>\n\t\t\t\t<div class=\"elementor-post__meta-data\">\n\t\t\t\t\t<span class=\"elementor-post-date\">\n\t\t\t28 mars 2023\t\t<\/span>\n\t\t\t\t<span class=\"elementor-post-avatar\">\n\t\t\tAucun commentaire\t\t<\/span>\n\t\t\t\t<\/div>\n\t\t\t\t\t<\/div>\n\t\t<\/article>\n\t\t\t\t<\/div>\n\t\t\t\t\t<span class=\"e-load-more-spinner\">\n\t\t\t\t<svg aria-hidden=\"true\" class=\"e-font-icon-svg e-fas-spinner\" viewBox=\"0 0 512 512\" xmlns=\"http:\/\/www.w3.org\/2000\/svg\"><path d=\"M304 48c0 26.51-21.49 48-48 48s-48-21.49-48-48 21.49-48 48-48 48 21.49 48 48zm-48 368c-26.51 0-48 21.49-48 48s21.49 48 48 48 48-21.49 48-48-21.49-48-48-48zm208-208c-26.51 0-48 21.49-48 48s21.49 48 48 48 48-21.49 48-48-21.49-48-48-48zM96 256c0-26.51-21.49-48-48-48S0 229.49 0 256s21.49 48 48 48 48-21.49 48-48zm12.922 99.078c-26.51 0-48 21.49-48 48s21.49 48 48 48 48-21.49 48-48c0-26.509-21.491-48-48-48zm294.156 0c-26.51 0-48 21.49-48 48s21.49 48 48 48 48-21.49 48-48c0-26.509-21.49-48-48-48zM108.922 60.922c-26.51 0-48 21.49-48 48s21.49 48 48 48 48-21.49 48-48-21.491-48-48-48z\"><\/path><\/svg>\t\t\t<\/span>\n\t\t\n\t\t\t\t<div class=\"e-load-more-anchor\" data-page=\"1\" data-max-page=\"9\" data-next-page=\"https:\/\/abeille-tarnetgaronnaise.fr\/Atg82_new\/wp-json\/wp\/v2\/pages\/69\/page\/2\/\"><\/div>\n\t\t\t\t<div class=\"e-load-more-message\"><\/div>\n\t\t\t\t\t\t<\/div>\n\t\t\t\t<\/div>\n\t\t\t\t\t<\/div>\n\t\t\t\t<\/div>\n\t\t\t\t<\/div>\n\t\t","protected":false},"excerpt":{"rendered":"","protected":false},"author":2,"featured_media":0,"parent":859,"menu_order":0,"comment_status":"closed","ping_status":"closed","template":"","meta":{"footnotes":""},"class_list":["post-69","page","type-page","status-publish","hentry"],"yoast_head":"<!-- This site is optimized with the Yoast SEO plugin v27.4 - https:\/\/yoast.com\/product\/yoast-seo-wordpress\/ -->\n<title>Actualit\u00e9s - L&#039;abeille tarn et garonnaise L&#039;abeille tarn et garonnaise<\/title>\n<meta name=\"description\" content=\"L\u2019association d\u2019apiculture L\u2019Abeille Tarn et Garonnaise propose des formations et un rucher \u00e9cole pour tous ceux qui souhaitent d\u00e9couvrir l\u2019apiculture et devenir apiculteur amateur dans le Tarn-et-Garonne.Nos cours s\u2019adressent aux d\u00e9butants comme aux apiculteurs souhaitant approfondir leurs connaissances. Le rucher \u00e9cole situ\u00e9 pr\u00e8s de Montauban accueille \u00e9galement des participants venant du Tarn, du Lot, du Gers et de la Haute-Garonne. Actualit\u00e9s\" \/>\n<meta name=\"robots\" content=\"index, follow, max-snippet:-1, max-image-preview:large, max-video-preview:-1\" \/>\n<link rel=\"canonical\" href=\"https:\/\/abeille-tarnetgaronnaise.fr\/Atg82_new\/page-daccueil-association-abeille-tarn-et-garonne\/actualites-daccueil-association-abeille-tarn-et-garonne\/\" \/>\n<meta property=\"og:locale\" content=\"fr_FR\" \/>\n<meta property=\"og:type\" content=\"article\" \/>\n<meta property=\"og:title\" content=\"Actualit\u00e9s - L&#039;abeille tarn et garonnaise L&#039;abeille tarn et garonnaise\" \/>\n<meta property=\"og:description\" content=\"L\u2019association d\u2019apiculture L\u2019Abeille Tarn et Garonnaise propose des formations et un rucher \u00e9cole pour tous ceux qui souhaitent d\u00e9couvrir l\u2019apiculture et devenir apiculteur amateur dans le Tarn-et-Garonne.Nos cours s\u2019adressent aux d\u00e9butants comme aux apiculteurs souhaitant approfondir leurs connaissances. Le rucher \u00e9cole situ\u00e9 pr\u00e8s de Montauban accueille \u00e9galement des participants venant du Tarn, du Lot, du Gers et de la Haute-Garonne. Actualit\u00e9s\" \/>\n<meta property=\"og:url\" content=\"https:\/\/abeille-tarnetgaronnaise.fr\/Atg82_new\/page-daccueil-association-abeille-tarn-et-garonne\/actualites-daccueil-association-abeille-tarn-et-garonne\/\" \/>\n<meta property=\"og:site_name\" content=\"L&#039;abeille tarn et garonnaise\" \/>\n<meta property=\"article:modified_time\" content=\"2026-03-19T14:12:19+00:00\" \/>\n<meta name=\"twitter:card\" content=\"summary_large_image\" \/>\n<script type=\"application\/ld+json\" class=\"yoast-schema-graph\">{\"@context\":\"https:\\\/\\\/schema.org\",\"@graph\":[{\"@type\":\"Article\",\"@id\":\"https:\\\/\\\/abeille-tarnetgaronnaise.fr\\\/Atg82_new\\\/page-daccueil-association-abeille-tarn-et-garonne\\\/actualites-daccueil-association-abeille-tarn-et-garonne\\\/#article\",\"isPartOf\":{\"@id\":\"https:\\\/\\\/abeille-tarnetgaronnaise.fr\\\/Atg82_new\\\/page-daccueil-association-abeille-tarn-et-garonne\\\/actualites-daccueil-association-abeille-tarn-et-garonne\\\/\"},\"author\":{\"name\":\"Atg2015\",\"@id\":\"https:\\\/\\\/abeille-tarnetgaronnaise.fr\\\/Atg82_new\\\/#\\\/schema\\\/person\\\/d6b0c1435c55620ff733d1fbd035c769\"},\"headline\":\"Actualit\u00e9s\",\"datePublished\":\"2015-06-19T09:14:04+00:00\",\"dateModified\":\"2026-03-19T14:12:19+00:00\",\"mainEntityOfPage\":{\"@id\":\"https:\\\/\\\/abeille-tarnetgaronnaise.fr\\\/Atg82_new\\\/page-daccueil-association-abeille-tarn-et-garonne\\\/actualites-daccueil-association-abeille-tarn-et-garonne\\\/\"},\"wordCount\":2,\"publisher\":{\"@id\":\"https:\\\/\\\/abeille-tarnetgaronnaise.fr\\\/Atg82_new\\\/#organization\"},\"inLanguage\":\"fr-FR\"},{\"@type\":[\"WebPage\",\"FAQPage\"],\"@id\":\"https:\\\/\\\/abeille-tarnetgaronnaise.fr\\\/Atg82_new\\\/page-daccueil-association-abeille-tarn-et-garonne\\\/actualites-daccueil-association-abeille-tarn-et-garonne\\\/\",\"url\":\"https:\\\/\\\/abeille-tarnetgaronnaise.fr\\\/Atg82_new\\\/page-daccueil-association-abeille-tarn-et-garonne\\\/actualites-daccueil-association-abeille-tarn-et-garonne\\\/\",\"name\":\"Actualit\u00e9s - L&#039;abeille tarn et garonnaise L&#039;abeille tarn et garonnaise\",\"isPartOf\":{\"@id\":\"https:\\\/\\\/abeille-tarnetgaronnaise.fr\\\/Atg82_new\\\/#website\"},\"datePublished\":\"2015-06-19T09:14:04+00:00\",\"dateModified\":\"2026-03-19T14:12:19+00:00\",\"description\":\"L\u2019association d\u2019apiculture L\u2019Abeille Tarn et Garonnaise propose des formations et un rucher \u00e9cole pour tous ceux qui souhaitent d\u00e9couvrir l\u2019apiculture et devenir apiculteur amateur dans le Tarn-et-Garonne.Nos cours s\u2019adressent aux d\u00e9butants comme aux apiculteurs souhaitant approfondir leurs connaissances. Le rucher \u00e9cole situ\u00e9 pr\u00e8s de Montauban accueille \u00e9galement des participants venant du Tarn, du Lot, du Gers et de la Haute-Garonne. Actualit\u00e9s\",\"breadcrumb\":{\"@id\":\"https:\\\/\\\/abeille-tarnetgaronnaise.fr\\\/Atg82_new\\\/page-daccueil-association-abeille-tarn-et-garonne\\\/actualites-daccueil-association-abeille-tarn-et-garonne\\\/#breadcrumb\"},\"inLanguage\":\"fr-FR\",\"potentialAction\":[{\"@type\":\"ReadAction\",\"target\":[\"https:\\\/\\\/abeille-tarnetgaronnaise.fr\\\/Atg82_new\\\/page-daccueil-association-abeille-tarn-et-garonne\\\/actualites-daccueil-association-abeille-tarn-et-garonne\\\/\"]}]},{\"@type\":\"BreadcrumbList\",\"@id\":\"https:\\\/\\\/abeille-tarnetgaronnaise.fr\\\/Atg82_new\\\/page-daccueil-association-abeille-tarn-et-garonne\\\/actualites-daccueil-association-abeille-tarn-et-garonne\\\/#breadcrumb\",\"itemListElement\":[{\"@type\":\"ListItem\",\"position\":1,\"name\":\"Accueil\",\"item\":\"https:\\\/\\\/abeille-tarnetgaronnaise.fr\\\/Atg82_new\\\/\"},{\"@type\":\"ListItem\",\"position\":2,\"name\":\"home| association-abeille-tarn-et-garonne\",\"item\":\"https:\\\/\\\/abeille-tarnetgaronnaise.fr\\\/Atg82_new\\\/\"},{\"@type\":\"ListItem\",\"position\":3,\"name\":\"Les Actualit\u00e9s de l'association Abeille Tarn et Garonnaise\"}]},{\"@type\":\"WebSite\",\"@id\":\"https:\\\/\\\/abeille-tarnetgaronnaise.fr\\\/Atg82_new\\\/#website\",\"url\":\"https:\\\/\\\/abeille-tarnetgaronnaise.fr\\\/Atg82_new\\\/\",\"name\":\"L'Abeille Tarn et Garonnaise\",\"description\":\"Ensemble, prot\u00e9geons les abeilles !\",\"publisher\":{\"@id\":\"https:\\\/\\\/abeille-tarnetgaronnaise.fr\\\/Atg82_new\\\/#organization\"},\"potentialAction\":[{\"@type\":\"SearchAction\",\"target\":{\"@type\":\"EntryPoint\",\"urlTemplate\":\"https:\\\/\\\/abeille-tarnetgaronnaise.fr\\\/Atg82_new\\\/?s={search_term_string}\"},\"query-input\":{\"@type\":\"PropertyValueSpecification\",\"valueRequired\":true,\"valueName\":\"search_term_string\"}}],\"inLanguage\":\"fr-FR\"},{\"@type\":\"Organization\",\"@id\":\"https:\\\/\\\/abeille-tarnetgaronnaise.fr\\\/Atg82_new\\\/#organization\",\"name\":\"L'abeille tarn et garonnaise\",\"url\":\"https:\\\/\\\/abeille-tarnetgaronnaise.fr\\\/Atg82_new\\\/\",\"logo\":{\"@type\":\"ImageObject\",\"inLanguage\":\"fr-FR\",\"@id\":\"https:\\\/\\\/abeille-tarnetgaronnaise.fr\\\/Atg82_new\\\/#\\\/schema\\\/logo\\\/image\\\/\",\"url\":\"https:\\\/\\\/abeille-tarnetgaronnaise.fr\\\/Atg82_new\\\/wp-content\\\/uploads\\\/2025\\\/02\\\/logo_ATG.jpg\",\"contentUrl\":\"https:\\\/\\\/abeille-tarnetgaronnaise.fr\\\/Atg82_new\\\/wp-content\\\/uploads\\\/2025\\\/02\\\/logo_ATG.jpg\",\"width\":200,\"height\":100,\"caption\":\"L'abeille tarn et garonnaise\"},\"image\":{\"@id\":\"https:\\\/\\\/abeille-tarnetgaronnaise.fr\\\/Atg82_new\\\/#\\\/schema\\\/logo\\\/image\\\/\"}},{\"@type\":\"Person\",\"@id\":\"https:\\\/\\\/abeille-tarnetgaronnaise.fr\\\/Atg82_new\\\/#\\\/schema\\\/person\\\/d6b0c1435c55620ff733d1fbd035c769\",\"name\":\"Atg2015\",\"url\":\"https:\\\/\\\/abeille-tarnetgaronnaise.fr\\\/Atg82_new\\\/author\\\/atg2015\\\/\"},{\"@type\":\"HowTo\",\"@id\":\"https:\\\/\\\/abeille-tarnetgaronnaise.fr\\\/Atg82_new\\\/page-daccueil-association-abeille-tarn-et-garonne\\\/actualites-daccueil-association-abeille-tarn-et-garonne\\\/#howto-1\",\"name\":\"Actualit\u00e9s\",\"mainEntityOfPage\":{\"@id\":\"https:\\\/\\\/abeille-tarnetgaronnaise.fr\\\/Atg82_new\\\/page-daccueil-association-abeille-tarn-et-garonne\\\/actualites-daccueil-association-abeille-tarn-et-garonne\\\/#article\"},\"description\":\"\",\"inLanguage\":\"fr-FR\"}]}<\/script>\n<!-- \/ Yoast SEO plugin. -->","yoast_head_json":{"title":"Actualit\u00e9s - L&#039;abeille tarn et garonnaise L&#039;abeille tarn et garonnaise","description":"L\u2019association d\u2019apiculture L\u2019Abeille Tarn et Garonnaise propose des formations et un rucher \u00e9cole pour tous ceux qui souhaitent d\u00e9couvrir l\u2019apiculture et devenir apiculteur amateur dans le Tarn-et-Garonne.Nos cours s\u2019adressent aux d\u00e9butants comme aux apiculteurs souhaitant approfondir leurs connaissances. Le rucher \u00e9cole situ\u00e9 pr\u00e8s de Montauban accueille \u00e9galement des participants venant du Tarn, du Lot, du Gers et de la Haute-Garonne. Actualit\u00e9s","robots":{"index":"index","follow":"follow","max-snippet":"max-snippet:-1","max-image-preview":"max-image-preview:large","max-video-preview":"max-video-preview:-1"},"canonical":"https:\/\/abeille-tarnetgaronnaise.fr\/Atg82_new\/page-daccueil-association-abeille-tarn-et-garonne\/actualites-daccueil-association-abeille-tarn-et-garonne\/","og_locale":"fr_FR","og_type":"article","og_title":"Actualit\u00e9s - L&#039;abeille tarn et garonnaise L&#039;abeille tarn et garonnaise","og_description":"L\u2019association d\u2019apiculture L\u2019Abeille Tarn et Garonnaise propose des formations et un rucher \u00e9cole pour tous ceux qui souhaitent d\u00e9couvrir l\u2019apiculture et devenir apiculteur amateur dans le Tarn-et-Garonne.Nos cours s\u2019adressent aux d\u00e9butants comme aux apiculteurs souhaitant approfondir leurs connaissances. Le rucher \u00e9cole situ\u00e9 pr\u00e8s de Montauban accueille \u00e9galement des participants venant du Tarn, du Lot, du Gers et de la Haute-Garonne. Actualit\u00e9s","og_url":"https:\/\/abeille-tarnetgaronnaise.fr\/Atg82_new\/page-daccueil-association-abeille-tarn-et-garonne\/actualites-daccueil-association-abeille-tarn-et-garonne\/","og_site_name":"L&#039;abeille tarn et garonnaise","article_modified_time":"2026-03-19T14:12:19+00:00","twitter_card":"summary_large_image","schema":{"@context":"https:\/\/schema.org","@graph":[{"@type":"Article","@id":"https:\/\/abeille-tarnetgaronnaise.fr\/Atg82_new\/page-daccueil-association-abeille-tarn-et-garonne\/actualites-daccueil-association-abeille-tarn-et-garonne\/#article","isPartOf":{"@id":"https:\/\/abeille-tarnetgaronnaise.fr\/Atg82_new\/page-daccueil-association-abeille-tarn-et-garonne\/actualites-daccueil-association-abeille-tarn-et-garonne\/"},"author":{"name":"Atg2015","@id":"https:\/\/abeille-tarnetgaronnaise.fr\/Atg82_new\/#\/schema\/person\/d6b0c1435c55620ff733d1fbd035c769"},"headline":"Actualit\u00e9s","datePublished":"2015-06-19T09:14:04+00:00","dateModified":"2026-03-19T14:12:19+00:00","mainEntityOfPage":{"@id":"https:\/\/abeille-tarnetgaronnaise.fr\/Atg82_new\/page-daccueil-association-abeille-tarn-et-garonne\/actualites-daccueil-association-abeille-tarn-et-garonne\/"},"wordCount":2,"publisher":{"@id":"https:\/\/abeille-tarnetgaronnaise.fr\/Atg82_new\/#organization"},"inLanguage":"fr-FR"},{"@type":["WebPage","FAQPage"],"@id":"https:\/\/abeille-tarnetgaronnaise.fr\/Atg82_new\/page-daccueil-association-abeille-tarn-et-garonne\/actualites-daccueil-association-abeille-tarn-et-garonne\/","url":"https:\/\/abeille-tarnetgaronnaise.fr\/Atg82_new\/page-daccueil-association-abeille-tarn-et-garonne\/actualites-daccueil-association-abeille-tarn-et-garonne\/","name":"Actualit\u00e9s - L&#039;abeille tarn et garonnaise L&#039;abeille tarn et garonnaise","isPartOf":{"@id":"https:\/\/abeille-tarnetgaronnaise.fr\/Atg82_new\/#website"},"datePublished":"2015-06-19T09:14:04+00:00","dateModified":"2026-03-19T14:12:19+00:00","description":"L\u2019association d\u2019apiculture L\u2019Abeille Tarn et Garonnaise propose des formations et un rucher \u00e9cole pour tous ceux qui souhaitent d\u00e9couvrir l\u2019apiculture et devenir apiculteur amateur dans le Tarn-et-Garonne.Nos cours s\u2019adressent aux d\u00e9butants comme aux apiculteurs souhaitant approfondir leurs connaissances. Le rucher \u00e9cole situ\u00e9 pr\u00e8s de Montauban accueille \u00e9galement des participants venant du Tarn, du Lot, du Gers et de la Haute-Garonne. Actualit\u00e9s","breadcrumb":{"@id":"https:\/\/abeille-tarnetgaronnaise.fr\/Atg82_new\/page-daccueil-association-abeille-tarn-et-garonne\/actualites-daccueil-association-abeille-tarn-et-garonne\/#breadcrumb"},"inLanguage":"fr-FR","potentialAction":[{"@type":"ReadAction","target":["https:\/\/abeille-tarnetgaronnaise.fr\/Atg82_new\/page-daccueil-association-abeille-tarn-et-garonne\/actualites-daccueil-association-abeille-tarn-et-garonne\/"]}]},{"@type":"BreadcrumbList","@id":"https:\/\/abeille-tarnetgaronnaise.fr\/Atg82_new\/page-daccueil-association-abeille-tarn-et-garonne\/actualites-daccueil-association-abeille-tarn-et-garonne\/#breadcrumb","itemListElement":[{"@type":"ListItem","position":1,"name":"Accueil","item":"https:\/\/abeille-tarnetgaronnaise.fr\/Atg82_new\/"},{"@type":"ListItem","position":2,"name":"home| association-abeille-tarn-et-garonne","item":"https:\/\/abeille-tarnetgaronnaise.fr\/Atg82_new\/"},{"@type":"ListItem","position":3,"name":"Les Actualit\u00e9s de l'association Abeille Tarn et Garonnaise"}]},{"@type":"WebSite","@id":"https:\/\/abeille-tarnetgaronnaise.fr\/Atg82_new\/#website","url":"https:\/\/abeille-tarnetgaronnaise.fr\/Atg82_new\/","name":"L'Abeille Tarn et Garonnaise","description":"Ensemble, prot\u00e9geons les abeilles !","publisher":{"@id":"https:\/\/abeille-tarnetgaronnaise.fr\/Atg82_new\/#organization"},"potentialAction":[{"@type":"SearchAction","target":{"@type":"EntryPoint","urlTemplate":"https:\/\/abeille-tarnetgaronnaise.fr\/Atg82_new\/?s={search_term_string}"},"query-input":{"@type":"PropertyValueSpecification","valueRequired":true,"valueName":"search_term_string"}}],"inLanguage":"fr-FR"},{"@type":"Organization","@id":"https:\/\/abeille-tarnetgaronnaise.fr\/Atg82_new\/#organization","name":"L'abeille tarn et garonnaise","url":"https:\/\/abeille-tarnetgaronnaise.fr\/Atg82_new\/","logo":{"@type":"ImageObject","inLanguage":"fr-FR","@id":"https:\/\/abeille-tarnetgaronnaise.fr\/Atg82_new\/#\/schema\/logo\/image\/","url":"https:\/\/abeille-tarnetgaronnaise.fr\/Atg82_new\/wp-content\/uploads\/2025\/02\/logo_ATG.jpg","contentUrl":"https:\/\/abeille-tarnetgaronnaise.fr\/Atg82_new\/wp-content\/uploads\/2025\/02\/logo_ATG.jpg","width":200,"height":100,"caption":"L'abeille tarn et garonnaise"},"image":{"@id":"https:\/\/abeille-tarnetgaronnaise.fr\/Atg82_new\/#\/schema\/logo\/image\/"}},{"@type":"Person","@id":"https:\/\/abeille-tarnetgaronnaise.fr\/Atg82_new\/#\/schema\/person\/d6b0c1435c55620ff733d1fbd035c769","name":"Atg2015","url":"https:\/\/abeille-tarnetgaronnaise.fr\/Atg82_new\/author\/atg2015\/"},{"@type":"HowTo","@id":"https:\/\/abeille-tarnetgaronnaise.fr\/Atg82_new\/page-daccueil-association-abeille-tarn-et-garonne\/actualites-daccueil-association-abeille-tarn-et-garonne\/#howto-1","name":"Actualit\u00e9s","mainEntityOfPage":{"@id":"https:\/\/abeille-tarnetgaronnaise.fr\/Atg82_new\/page-daccueil-association-abeille-tarn-et-garonne\/actualites-daccueil-association-abeille-tarn-et-garonne\/#article"},"description":"","inLanguage":"fr-FR"}]}},"_links":{"self":[{"href":"https:\/\/abeille-tarnetgaronnaise.fr\/Atg82_new\/wp-json\/wp\/v2\/pages\/69","targetHints":{"allow":["GET"]}}],"collection":[{"href":"https:\/\/abeille-tarnetgaronnaise.fr\/Atg82_new\/wp-json\/wp\/v2\/pages"}],"about":[{"href":"https:\/\/abeille-tarnetgaronnaise.fr\/Atg82_new\/wp-json\/wp\/v2\/types\/page"}],"author":[{"embeddable":true,"href":"https:\/\/abeille-tarnetgaronnaise.fr\/Atg82_new\/wp-json\/wp\/v2\/users\/2"}],"replies":[{"embeddable":true,"href":"https:\/\/abeille-tarnetgaronnaise.fr\/Atg82_new\/wp-json\/wp\/v2\/comments?post=69"}],"version-history":[{"count":4,"href":"https:\/\/abeille-tarnetgaronnaise.fr\/Atg82_new\/wp-json\/wp\/v2\/pages\/69\/revisions"}],"predecessor-version":[{"id":5619,"href":"https:\/\/abeille-tarnetgaronnaise.fr\/Atg82_new\/wp-json\/wp\/v2\/pages\/69\/revisions\/5619"}],"up":[{"embeddable":true,"href":"https:\/\/abeille-tarnetgaronnaise.fr\/Atg82_new\/wp-json\/wp\/v2\/pages\/859"}],"wp:attachment":[{"href":"https:\/\/abeille-tarnetgaronnaise.fr\/Atg82_new\/wp-json\/wp\/v2\/media?parent=69"}],"curies":[{"name":"wp","href":"https:\/\/api.w.org\/{rel}","templated":true}]}}