{"id":67,"date":"2015-06-19T10:13:49","date_gmt":"2015-06-19T09:13:49","guid":{"rendered":"http:\/\/localhost\/monsite\/?page_id=67"},"modified":"2026-03-19T15:57:25","modified_gmt":"2026-03-19T14:57:25","slug":"sos-abeille-association-abeille-tarn-et-garonnaise","status":"publish","type":"page","link":"https:\/\/abeille-tarnetgaronnaise.fr\/Atg82_new\/sos-abeille-association-abeille-tarn-et-garonnaise\/","title":{"rendered":"SoS Abeilles"},"content":{"rendered":"\t\t<div data-elementor-type=\"wp-page\" data-elementor-id=\"67\" class=\"elementor elementor-67\" data-elementor-post-type=\"page\">\n\t\t\t\t<div class=\"elementor-element elementor-element-69913481 e-flex e-con-boxed e-con e-parent\" data-id=\"69913481\" data-element_type=\"container\" data-e-type=\"container\" data-settings=\"{&quot;background_background&quot;:&quot;classic&quot;}\">\n\t\t\t\t\t<div class=\"e-con-inner\">\n\t\t<div class=\"elementor-element elementor-element-63d30b61 e-con-full e-flex e-con e-child\" data-id=\"63d30b61\" data-element_type=\"container\" data-e-type=\"container\">\n\t\t\t\t<div class=\"elementor-element elementor-element-40e602e0 elementor-widget elementor-widget-image\" data-id=\"40e602e0\" data-element_type=\"widget\" data-e-type=\"widget\" data-widget_type=\"image.default\">\n\t\t\t\t\t\t\t\t\t\t\t\t\t\t\t<img fetchpriority=\"high\" decoding=\"async\" width=\"297\" height=\"300\" src=\"https:\/\/abeille-tarnetgaronnaise.fr\/Atg82_new\/wp-content\/uploads\/2024\/11\/Sosbee2-297x300.png\" class=\"attachment-medium size-medium wp-image-2553\" alt=\"SOS abelleille\" srcset=\"https:\/\/abeille-tarnetgaronnaise.fr\/Atg82_new\/wp-content\/uploads\/2024\/11\/Sosbee2-297x300.png 297w, https:\/\/abeille-tarnetgaronnaise.fr\/Atg82_new\/wp-content\/uploads\/2024\/11\/Sosbee2.png 600w\" sizes=\"(max-width: 297px) 100vw, 297px\" \/>\t\t\t\t\t\t\t\t\t\t\t\t\t\t\t<\/div>\n\t\t\t\t<div class=\"elementor-element elementor-element-2c66655 elementor-widget elementor-widget-text-editor\" data-id=\"2c66655\" data-element_type=\"widget\" data-e-type=\"widget\" data-widget_type=\"text-editor.default\">\n\t\t\t\t\t\t\t\t\t<p>au<\/p>\t\t\t\t\t\t\t\t<\/div>\n\t\t\t\t<div class=\"elementor-element elementor-element-67d2666 elementor-widget elementor-widget-qi_addons_for_elementor_animated_text\" data-id=\"67d2666\" data-element_type=\"widget\" data-e-type=\"widget\" data-widget_type=\"qi_addons_for_elementor_animated_text.default\">\n\t\t\t\t<div class=\"elementor-widget-container\">\n\t\t\t\t\t<div class=\"qodef-shortcode qodef-m qodef-qi-animated-text qodef--alignment-center qodef-qi--has-appear qodef--appear-from-bottom\" data-appear-delay=\"30\">\n\t\t<h1 class=\"qodef-m-title\">\n\t\t06.74.22.57.50\t<\/h1>\n<\/div>\n\t\t\t\t<\/div>\n\t\t\t\t<\/div>\n\t\t\t\t<div class=\"elementor-element elementor-element-5947f53 elementor-widget elementor-widget-text-editor\" data-id=\"5947f53\" data-element_type=\"widget\" data-e-type=\"widget\" data-widget_type=\"text-editor.default\">\n\t\t\t\t\t\t\t\t\t<p>\u00a0<\/p><p>ou<\/p>\t\t\t\t\t\t\t\t<\/div>\n\t\t\t\t<div class=\"elementor-element elementor-element-1954cedb elementor-mobile-align-center elementor-align-center elementor-widget elementor-widget-button\" data-id=\"1954cedb\" data-element_type=\"widget\" data-e-type=\"widget\" data-widget_type=\"button.default\">\n\t\t\t\t\t\t\t\t\t\t<a class=\"elementor-button elementor-button-link elementor-size-sm\" href=\"mailto:abeilletg@gmail.com\">\n\t\t\t\t\t\t<span class=\"elementor-button-content-wrapper\">\n\t\t\t\t\t\t<span class=\"elementor-button-icon\">\n\t\t\t\t<svg aria-hidden=\"true\" class=\"e-font-icon-svg e-far-envelope\" viewBox=\"0 0 512 512\" xmlns=\"http:\/\/www.w3.org\/2000\/svg\"><path d=\"M464 64H48C21.49 64 0 85.49 0 112v288c0 26.51 21.49 48 48 48h416c26.51 0 48-21.49 48-48V112c0-26.51-21.49-48-48-48zm0 48v40.805c-22.422 18.259-58.168 46.651-134.587 106.49-16.841 13.247-50.201 45.072-73.413 44.701-23.208.375-56.579-31.459-73.413-44.701C106.18 199.465 70.425 171.067 48 152.805V112h416zM48 400V214.398c22.914 18.251 55.409 43.862 104.938 82.646 21.857 17.205 60.134 55.186 103.062 54.955 42.717.231 80.509-37.199 103.053-54.947 49.528-38.783 82.032-64.401 104.947-82.653V400H48z\"><\/path><\/svg>\t\t\t<\/span>\n\t\t\t\t\t\t\t\t\t<span class=\"elementor-button-text\">Contactez-nous<\/span>\n\t\t\t\t\t<\/span>\n\t\t\t\t\t<\/a>\n\t\t\t\t\t\t\t\t<\/div>\n\t\t\t\t<\/div>\n\t\t<div class=\"elementor-element elementor-element-799b45ba e-con-full e-flex e-con e-child\" data-id=\"799b45ba\" data-element_type=\"container\" data-e-type=\"container\">\n\t\t\t\t<div class=\"elementor-element elementor-element-49328684 elementor-widget elementor-widget-text-editor\" data-id=\"49328684\" data-element_type=\"widget\" data-e-type=\"widget\" data-widget_type=\"text-editor.default\">\n\t\t\t\t\t\t\t\t\t<p>Notre association d\u2019apiculteurs intervient \u00e0 la demande d\u2019un particulier, des pompiers, des mairies, des entreprises, dans tout le d\u00e9partement du Tarn et Garonne et d\u00e9partements limitrophes.<\/p>\t\t\t\t\t\t\t\t<\/div>\n\t\t\t\t<div class=\"elementor-element elementor-element-6d9bb683 elementor-widget elementor-widget-heading\" data-id=\"6d9bb683\" data-element_type=\"widget\" data-e-type=\"widget\" data-widget_type=\"heading.default\">\n\t\t\t\t\t<h4 class=\"elementor-heading-title elementor-size-default\">L\u2019essaimage<\/h4>\t\t\t\t<\/div>\n\t\t\t\t<div class=\"elementor-element elementor-element-9b213ca elementor-widget elementor-widget-text-editor\" data-id=\"9b213ca\" data-element_type=\"widget\" data-e-type=\"widget\" data-widget_type=\"text-editor.default\">\n\t\t\t\t\t\t\t\t\t<p>L\u2019essaimage a lieu par beau temps, au milieu de la journ\u00e9e. Apr\u00e8s s\u2019\u00eatre gorg\u00e9es de miel pour tenir quelques jours, les abeilles quittent en masse la ruche et se rassemblent dans les airs avant de se fixer en grappe sur un support proche de la ruche.<\/p><p>Ce premier arr\u00eat de l\u2019essaim est provisoire. Les abeilles \u00e9claireuses partent \u00e0 la recherche d\u2019un abri o\u00f9 la future colonie s\u2019installera d\u00e9finitivement : un arbre creux, un b\u00e2timent, une chemin\u00e9e\u2026<\/p><p>Si le futur logis est accept\u00e9, l\u2019essaim se remet en vol pour parcourir parfois plusieurs kilom\u00e8tres.<\/p><p><strong>Lorsque vous d\u00e9couvrez un essaim, ne paniquez pas. <\/strong><\/p><p>L\u2019essaim en grappe n\u2019est pas agressif. Il n\u2019en est pas de m\u00eame lorsqu\u2019il est install\u00e9 \u00e0 un endroit depuis quelques jours et qu\u2019il a commenc\u00e9 \u00e0 construire des rayons. Dans ce cas, les abeilles n\u2019appr\u00e9cient gu\u00e8re d\u2019\u00eatre d\u00e9rang\u00e9es et d\u00e9fendent leurs installations.<\/p>\t\t\t\t\t\t\t\t<\/div>\n\t\t\t\t<\/div>\n\t\t\t\t\t<\/div>\n\t\t\t\t<\/div>\n\t\t<div class=\"elementor-element elementor-element-74a083e8 e-flex e-con-boxed e-con e-parent\" data-id=\"74a083e8\" data-element_type=\"container\" data-e-type=\"container\">\n\t\t\t\t\t<div class=\"e-con-inner\">\n\t\t<div class=\"elementor-element elementor-element-7653c603 e-con-full e-flex e-con e-child\" data-id=\"7653c603\" data-element_type=\"container\" data-e-type=\"container\">\n\t\t\t\t<div class=\"elementor-element elementor-element-6ea26a3 elementor-widget elementor-widget-heading\" data-id=\"6ea26a3\" data-element_type=\"widget\" data-e-type=\"widget\" data-widget_type=\"heading.default\">\n\t\t\t\t\t<h2 class=\"elementor-heading-title elementor-size-default\"><span style=\"color:#2A323B;font-size: 24px;line-height: 32px\">Que faire<\/span> <br>face \u00e0 un essaim ?<\/h2>\t\t\t\t<\/div>\n\t\t\t\t<div class=\"elementor-element elementor-element-297c5daf elementor-widget elementor-widget-text-editor\" data-id=\"297c5daf\" data-element_type=\"widget\" data-e-type=\"widget\" data-widget_type=\"text-editor.default\">\n\t\t\t\t\t\t\t\t\t<p>Le laisser tranquille, ne pas s\u2019affoler, ne pas s\u2019armer de bombes insecticides ou autres.<\/p><p><strong>La cueillette de l\u2019essaim<\/strong>, c\u2019est une affaire d\u2019apiculteurs avertis. Ceci demande exp\u00e9rience et mat\u00e9riel ad\u00e9quat. La difficult\u00e9 du travail est li\u00e9e \u00e0 la position de l\u2019essaim.<\/p>\t\t\t\t\t\t\t\t<\/div>\n\t\t\t\t<div class=\"elementor-element elementor-element-a9b1ee6 elementor-widget elementor-widget-image\" data-id=\"a9b1ee6\" data-element_type=\"widget\" data-e-type=\"widget\" data-widget_type=\"image.default\">\n\t\t\t\t\t\t\t\t\t\t\t\t\t\t\t<img decoding=\"async\" src=\"https:\/\/abeille-tarnetgaronnaise.fr\/Atg82_new\/wp-content\/uploads\/2024\/11\/bee1.svg\" title=\"bee1\" alt=\"bee1\" loading=\"lazy\" \/>\t\t\t\t\t\t\t\t\t\t\t\t\t\t\t<\/div>\n\t\t\t\t<\/div>\n\t\t<div class=\"elementor-element elementor-element-57c7ad22 e-con-full e-flex e-con e-child\" data-id=\"57c7ad22\" data-element_type=\"container\" data-e-type=\"container\">\n\t\t<div class=\"elementor-element elementor-element-2c8e78a2 e-con-full e-flex e-con e-child\" data-id=\"2c8e78a2\" data-element_type=\"container\" data-e-type=\"container\">\n\t\t\t\t<div class=\"elementor-element elementor-element-4b209435 elementor-widget elementor-widget-image\" data-id=\"4b209435\" data-element_type=\"widget\" data-e-type=\"widget\" data-widget_type=\"image.default\">\n\t\t\t\t\t\t\t\t\t\t\t\t\t\t\t<img decoding=\"async\" width=\"680\" height=\"1024\" src=\"https:\/\/abeille-tarnetgaronnaise.fr\/Atg82_new\/wp-content\/uploads\/2024\/11\/DSC08630-680x1024.jpg\" class=\"attachment-large size-large wp-image-2546\" alt=\"ruchette essaimage\" srcset=\"https:\/\/abeille-tarnetgaronnaise.fr\/Atg82_new\/wp-content\/uploads\/2024\/11\/DSC08630-680x1024.jpg 680w, https:\/\/abeille-tarnetgaronnaise.fr\/Atg82_new\/wp-content\/uploads\/2024\/11\/DSC08630-199x300.jpg 199w, https:\/\/abeille-tarnetgaronnaise.fr\/Atg82_new\/wp-content\/uploads\/2024\/11\/DSC08630-768x1156.jpg 768w, https:\/\/abeille-tarnetgaronnaise.fr\/Atg82_new\/wp-content\/uploads\/2024\/11\/DSC08630-1021x1536.jpg 1021w, https:\/\/abeille-tarnetgaronnaise.fr\/Atg82_new\/wp-content\/uploads\/2024\/11\/DSC08630-1361x2048.jpg 1361w, https:\/\/abeille-tarnetgaronnaise.fr\/Atg82_new\/wp-content\/uploads\/2024\/11\/DSC08630-scaled.jpg 1701w\" sizes=\"(max-width: 680px) 100vw, 680px\" \/>\t\t\t\t\t\t\t\t\t\t\t\t\t\t\t<\/div>\n\t\t\t\t<div class=\"elementor-element elementor-element-17c4eb2a elementor-widget elementor-widget-image\" data-id=\"17c4eb2a\" data-element_type=\"widget\" data-e-type=\"widget\" data-widget_type=\"image.default\">\n\t\t\t\t\t\t\t\t\t\t\t\t\t\t\t<img decoding=\"async\" width=\"1024\" height=\"680\" src=\"https:\/\/abeille-tarnetgaronnaise.fr\/Atg82_new\/wp-content\/uploads\/2024\/11\/DSC08639-1024x680.jpg\" class=\"attachment-large size-large wp-image-2547\" alt=\"entr\u00e9e d&#039;une ruchette\" srcset=\"https:\/\/abeille-tarnetgaronnaise.fr\/Atg82_new\/wp-content\/uploads\/2024\/11\/DSC08639-1024x680.jpg 1024w, https:\/\/abeille-tarnetgaronnaise.fr\/Atg82_new\/wp-content\/uploads\/2024\/11\/DSC08639-300x199.jpg 300w, https:\/\/abeille-tarnetgaronnaise.fr\/Atg82_new\/wp-content\/uploads\/2024\/11\/DSC08639-768x510.jpg 768w, https:\/\/abeille-tarnetgaronnaise.fr\/Atg82_new\/wp-content\/uploads\/2024\/11\/DSC08639-1536x1021.jpg 1536w, https:\/\/abeille-tarnetgaronnaise.fr\/Atg82_new\/wp-content\/uploads\/2024\/11\/DSC08639-2048x1361.jpg 2048w\" sizes=\"(max-width: 1024px) 100vw, 1024px\" \/>\t\t\t\t\t\t\t\t\t\t\t\t\t\t\t<\/div>\n\t\t\t\t<\/div>\n\t\t<div class=\"elementor-element elementor-element-6eacc5f7 e-con-full e-flex e-con e-child\" data-id=\"6eacc5f7\" data-element_type=\"container\" data-e-type=\"container\">\n\t\t\t\t<div class=\"elementor-element elementor-element-389d4185 elementor-widget elementor-widget-image\" data-id=\"389d4185\" data-element_type=\"widget\" data-e-type=\"widget\" data-widget_type=\"image.default\">\n\t\t\t\t\t\t\t\t\t\t\t\t\t\t\t<img loading=\"lazy\" decoding=\"async\" width=\"1024\" height=\"680\" src=\"https:\/\/abeille-tarnetgaronnaise.fr\/Atg82_new\/wp-content\/uploads\/2024\/11\/DSC08629-1024x680.jpg\" class=\"attachment-large size-large wp-image-2545\" alt=\"essaim dans arbre\" srcset=\"https:\/\/abeille-tarnetgaronnaise.fr\/Atg82_new\/wp-content\/uploads\/2024\/11\/DSC08629-1024x680.jpg 1024w, https:\/\/abeille-tarnetgaronnaise.fr\/Atg82_new\/wp-content\/uploads\/2024\/11\/DSC08629-300x199.jpg 300w, https:\/\/abeille-tarnetgaronnaise.fr\/Atg82_new\/wp-content\/uploads\/2024\/11\/DSC08629-768x510.jpg 768w, https:\/\/abeille-tarnetgaronnaise.fr\/Atg82_new\/wp-content\/uploads\/2024\/11\/DSC08629-1536x1021.jpg 1536w, https:\/\/abeille-tarnetgaronnaise.fr\/Atg82_new\/wp-content\/uploads\/2024\/11\/DSC08629-2048x1361.jpg 2048w\" sizes=\"(max-width: 1024px) 100vw, 1024px\" \/>\t\t\t\t\t\t\t\t\t\t\t\t\t\t\t<\/div>\n\t\t\t\t<div class=\"elementor-element elementor-element-5dee9a elementor-widget elementor-widget-image\" data-id=\"5dee9a\" data-element_type=\"widget\" data-e-type=\"widget\" data-widget_type=\"image.default\">\n\t\t\t\t\t\t\t\t\t\t\t\t\t\t\t<img loading=\"lazy\" decoding=\"async\" width=\"575\" height=\"1024\" src=\"https:\/\/abeille-tarnetgaronnaise.fr\/Atg82_new\/wp-content\/uploads\/2024\/11\/WP_20160719_18_40_43_Pro-575x1024.jpg\" class=\"attachment-large size-large wp-image-2542\" alt=\"essaim dans arbre\" srcset=\"https:\/\/abeille-tarnetgaronnaise.fr\/Atg82_new\/wp-content\/uploads\/2024\/11\/WP_20160719_18_40_43_Pro-575x1024.jpg 575w, https:\/\/abeille-tarnetgaronnaise.fr\/Atg82_new\/wp-content\/uploads\/2024\/11\/WP_20160719_18_40_43_Pro-169x300.jpg 169w, https:\/\/abeille-tarnetgaronnaise.fr\/Atg82_new\/wp-content\/uploads\/2024\/11\/WP_20160719_18_40_43_Pro-768x1367.jpg 768w, https:\/\/abeille-tarnetgaronnaise.fr\/Atg82_new\/wp-content\/uploads\/2024\/11\/WP_20160719_18_40_43_Pro-863x1536.jpg 863w, https:\/\/abeille-tarnetgaronnaise.fr\/Atg82_new\/wp-content\/uploads\/2024\/11\/WP_20160719_18_40_43_Pro-1150x2048.jpg 1150w, https:\/\/abeille-tarnetgaronnaise.fr\/Atg82_new\/wp-content\/uploads\/2024\/11\/WP_20160719_18_40_43_Pro-scaled.jpg 1438w\" sizes=\"(max-width: 575px) 100vw, 575px\" \/>\t\t\t\t\t\t\t\t\t\t\t\t\t\t\t<\/div>\n\t\t\t\t<\/div>\n\t\t\t\t<\/div>\n\t\t\t\t\t<\/div>\n\t\t\t\t<\/div>\n\t\t<div class=\"elementor-element elementor-element-34b9b15 e-flex e-con-boxed e-con e-parent\" data-id=\"34b9b15\" data-element_type=\"container\" data-e-type=\"container\">\n\t\t\t\t\t<div class=\"e-con-inner\">\n\t\t\t\t<div class=\"elementor-element elementor-element-6eadf50 elementor-widget elementor-widget-image\" data-id=\"6eadf50\" data-element_type=\"widget\" data-e-type=\"widget\" data-widget_type=\"image.default\">\n\t\t\t\t\t\t\t\t\t\t\t\t\t\t\t<img decoding=\"async\" src=\"https:\/\/abeille-tarnetgaronnaise.fr\/Atg82_new\/wp-content\/uploads\/2025\/01\/ruche.svg\" title=\"ruche\" alt=\"illustration ruche\" loading=\"lazy\" \/>\t\t\t\t\t\t\t\t\t\t\t\t\t\t\t<\/div>\n\t\t\t\t\t<\/div>\n\t\t\t\t<\/div>\n\t\t<div class=\"elementor-element elementor-element-11b55a48 e-con-full e-flex e-con e-parent\" data-id=\"11b55a48\" data-element_type=\"container\" data-e-type=\"container\" data-settings=\"{&quot;background_background&quot;:&quot;classic&quot;,&quot;shape_divider_top&quot;:&quot;opacity-tilt&quot;}\">\n\t\t\t\t<div class=\"elementor-shape elementor-shape-top\" aria-hidden=\"true\" data-negative=\"false\">\n\t\t\t<svg xmlns=\"http:\/\/www.w3.org\/2000\/svg\" viewBox=\"0 0 2600 131.1\" preserveAspectRatio=\"none\">\n\t<path class=\"elementor-shape-fill\" d=\"M0 0L2600 0 2600 69.1 0 0z\"\/>\n\t<path class=\"elementor-shape-fill\" style=\"opacity:0.5\" d=\"M0 0L2600 0 2600 69.1 0 69.1z\"\/>\n\t<path class=\"elementor-shape-fill\" style=\"opacity:0.25\" d=\"M2600 0L0 0 0 130.1 2600 69.1z\"\/>\n<\/svg>\t\t<\/div>\n\t\t\t\t<\/div>\n\t\t\t\t<\/div>\n\t\t","protected":false},"excerpt":{"rendered":"<p>au 06.74.22.57.50 \u00a0 ou Contactez-nous Notre association d\u2019apiculteurs intervient \u00e0 la demande d\u2019un particulier, des pompiers, des mairies, des entreprises, dans tout le d\u00e9partement du Tarn et Garonne et d\u00e9partements [&hellip;]<\/p>\n","protected":false},"author":2,"featured_media":0,"parent":0,"menu_order":0,"comment_status":"closed","ping_status":"closed","template":"page-full-width.php","meta":{"footnotes":""},"class_list":["post-67","page","type-page","status-publish","hentry"],"yoast_head":"<!-- This site is optimized with the Yoast SEO plugin v27.4 - https:\/\/yoast.com\/product\/yoast-seo-wordpress\/ -->\n<title>SoS Abeilles - L&#039;abeille tarn et garonnaise<\/title>\n<meta name=\"description\" content=\"L\u2019association d\u2019apiculture L\u2019Abeille Tarn et Garonnaise propose des formations et un rucher \u00e9cole pour tous ceux qui souhaitent d\u00e9couvrir l\u2019apiculture et devenir apiculteur amateur dans le Tarn-et-Garonne.Nos cours s\u2019adressent aux d\u00e9butants comme aux apiculteurs souhaitant approfondir leurs connaissances. Le rucher \u00e9cole situ\u00e9 pr\u00e8s de Montauban accueille \u00e9galement des participants venant du Tarn, du Lot, du Gers et de la Haute-Garonne.\" \/>\n<meta name=\"robots\" content=\"index, follow, max-snippet:-1, max-image-preview:large, max-video-preview:-1\" \/>\n<link rel=\"canonical\" href=\"https:\/\/abeille-tarnetgaronnaise.fr\/Atg82_new\/sos-abeille-association-abeille-tarn-et-garonnaise\/\" \/>\n<meta property=\"og:locale\" content=\"fr_FR\" \/>\n<meta property=\"og:type\" content=\"article\" \/>\n<meta property=\"og:title\" content=\"SoS Abeilles - L&#039;abeille tarn et garonnaise\" \/>\n<meta property=\"og:description\" content=\"L\u2019association d\u2019apiculture L\u2019Abeille Tarn et Garonnaise propose des formations et un rucher \u00e9cole pour tous ceux qui souhaitent d\u00e9couvrir l\u2019apiculture et devenir apiculteur amateur dans le Tarn-et-Garonne.Nos cours s\u2019adressent aux d\u00e9butants comme aux apiculteurs souhaitant approfondir leurs connaissances. Le rucher \u00e9cole situ\u00e9 pr\u00e8s de Montauban accueille \u00e9galement des participants venant du Tarn, du Lot, du Gers et de la Haute-Garonne.\" \/>\n<meta property=\"og:url\" content=\"https:\/\/abeille-tarnetgaronnaise.fr\/Atg82_new\/sos-abeille-association-abeille-tarn-et-garonnaise\/\" \/>\n<meta property=\"og:site_name\" content=\"L&#039;abeille tarn et garonnaise\" \/>\n<meta property=\"article:modified_time\" content=\"2026-03-19T14:57:25+00:00\" \/>\n<meta property=\"og:image\" content=\"https:\/\/abeille-tarnetgaronnaise.fr\/Atg82_new\/wp-content\/uploads\/2024\/11\/Sosbee2-297x300.png\" \/>\n<meta name=\"twitter:card\" content=\"summary_large_image\" \/>\n<meta name=\"twitter:label1\" content=\"Dur\u00e9e de lecture estim\u00e9e\" \/>\n\t<meta name=\"twitter:data1\" content=\"3 minutes\" \/>\n<script type=\"application\/ld+json\" class=\"yoast-schema-graph\">{\"@context\":\"https:\\\/\\\/schema.org\",\"@graph\":[{\"@type\":\"WebPage\",\"@id\":\"https:\\\/\\\/abeille-tarnetgaronnaise.fr\\\/Atg82_new\\\/sos-abeille-association-abeille-tarn-et-garonnaise\\\/\",\"url\":\"https:\\\/\\\/abeille-tarnetgaronnaise.fr\\\/Atg82_new\\\/sos-abeille-association-abeille-tarn-et-garonnaise\\\/\",\"name\":\"SoS Abeilles - L&#039;abeille tarn et garonnaise\",\"isPartOf\":{\"@id\":\"https:\\\/\\\/abeille-tarnetgaronnaise.fr\\\/Atg82_new\\\/#website\"},\"primaryImageOfPage\":{\"@id\":\"https:\\\/\\\/abeille-tarnetgaronnaise.fr\\\/Atg82_new\\\/sos-abeille-association-abeille-tarn-et-garonnaise\\\/#primaryimage\"},\"image\":{\"@id\":\"https:\\\/\\\/abeille-tarnetgaronnaise.fr\\\/Atg82_new\\\/sos-abeille-association-abeille-tarn-et-garonnaise\\\/#primaryimage\"},\"thumbnailUrl\":\"https:\\\/\\\/abeille-tarnetgaronnaise.fr\\\/Atg82_new\\\/wp-content\\\/uploads\\\/2024\\\/11\\\/Sosbee2-297x300.png\",\"datePublished\":\"2015-06-19T09:13:49+00:00\",\"dateModified\":\"2026-03-19T14:57:25+00:00\",\"description\":\"L\u2019association d\u2019apiculture L\u2019Abeille Tarn et Garonnaise propose des formations et un rucher \u00e9cole pour tous ceux qui souhaitent d\u00e9couvrir l\u2019apiculture et devenir apiculteur amateur dans le Tarn-et-Garonne.Nos cours s\u2019adressent aux d\u00e9butants comme aux apiculteurs souhaitant approfondir leurs connaissances. Le rucher \u00e9cole situ\u00e9 pr\u00e8s de Montauban accueille \u00e9galement des participants venant du Tarn, du Lot, du Gers et de la Haute-Garonne.\",\"breadcrumb\":{\"@id\":\"https:\\\/\\\/abeille-tarnetgaronnaise.fr\\\/Atg82_new\\\/sos-abeille-association-abeille-tarn-et-garonnaise\\\/#breadcrumb\"},\"inLanguage\":\"fr-FR\",\"potentialAction\":[{\"@type\":\"ReadAction\",\"target\":[\"https:\\\/\\\/abeille-tarnetgaronnaise.fr\\\/Atg82_new\\\/sos-abeille-association-abeille-tarn-et-garonnaise\\\/\"]}]},{\"@type\":\"ImageObject\",\"inLanguage\":\"fr-FR\",\"@id\":\"https:\\\/\\\/abeille-tarnetgaronnaise.fr\\\/Atg82_new\\\/sos-abeille-association-abeille-tarn-et-garonnaise\\\/#primaryimage\",\"url\":\"https:\\\/\\\/abeille-tarnetgaronnaise.fr\\\/Atg82_new\\\/wp-content\\\/uploads\\\/2024\\\/11\\\/Sosbee2.png\",\"contentUrl\":\"https:\\\/\\\/abeille-tarnetgaronnaise.fr\\\/Atg82_new\\\/wp-content\\\/uploads\\\/2024\\\/11\\\/Sosbee2.png\",\"width\":600,\"height\":606,\"caption\":\"SOS abelleille\"},{\"@type\":\"BreadcrumbList\",\"@id\":\"https:\\\/\\\/abeille-tarnetgaronnaise.fr\\\/Atg82_new\\\/sos-abeille-association-abeille-tarn-et-garonnaise\\\/#breadcrumb\",\"itemListElement\":[{\"@type\":\"ListItem\",\"position\":1,\"name\":\"Accueil\",\"item\":\"https:\\\/\\\/abeille-tarnetgaronnaise.fr\\\/Atg82_new\\\/\"},{\"@type\":\"ListItem\",\"position\":2,\"name\":\"SoS Abeilles\"}]},{\"@type\":\"WebSite\",\"@id\":\"https:\\\/\\\/abeille-tarnetgaronnaise.fr\\\/Atg82_new\\\/#website\",\"url\":\"https:\\\/\\\/abeille-tarnetgaronnaise.fr\\\/Atg82_new\\\/\",\"name\":\"L'Abeille Tarn et Garonnaise\",\"description\":\"Ensemble, prot\u00e9geons les abeilles !\",\"publisher\":{\"@id\":\"https:\\\/\\\/abeille-tarnetgaronnaise.fr\\\/Atg82_new\\\/#organization\"},\"potentialAction\":[{\"@type\":\"SearchAction\",\"target\":{\"@type\":\"EntryPoint\",\"urlTemplate\":\"https:\\\/\\\/abeille-tarnetgaronnaise.fr\\\/Atg82_new\\\/?s={search_term_string}\"},\"query-input\":{\"@type\":\"PropertyValueSpecification\",\"valueRequired\":true,\"valueName\":\"search_term_string\"}}],\"inLanguage\":\"fr-FR\"},{\"@type\":\"Organization\",\"@id\":\"https:\\\/\\\/abeille-tarnetgaronnaise.fr\\\/Atg82_new\\\/#organization\",\"name\":\"L'abeille tarn et garonnaise\",\"url\":\"https:\\\/\\\/abeille-tarnetgaronnaise.fr\\\/Atg82_new\\\/\",\"logo\":{\"@type\":\"ImageObject\",\"inLanguage\":\"fr-FR\",\"@id\":\"https:\\\/\\\/abeille-tarnetgaronnaise.fr\\\/Atg82_new\\\/#\\\/schema\\\/logo\\\/image\\\/\",\"url\":\"https:\\\/\\\/abeille-tarnetgaronnaise.fr\\\/Atg82_new\\\/wp-content\\\/uploads\\\/2025\\\/02\\\/logo_ATG.jpg\",\"contentUrl\":\"https:\\\/\\\/abeille-tarnetgaronnaise.fr\\\/Atg82_new\\\/wp-content\\\/uploads\\\/2025\\\/02\\\/logo_ATG.jpg\",\"width\":200,\"height\":100,\"caption\":\"L'abeille tarn et garonnaise\"},\"image\":{\"@id\":\"https:\\\/\\\/abeille-tarnetgaronnaise.fr\\\/Atg82_new\\\/#\\\/schema\\\/logo\\\/image\\\/\"}}]}<\/script>\n<!-- \/ Yoast SEO plugin. -->","yoast_head_json":{"title":"SoS Abeilles - L&#039;abeille tarn et garonnaise","description":"L\u2019association d\u2019apiculture L\u2019Abeille Tarn et Garonnaise propose des formations et un rucher \u00e9cole pour tous ceux qui souhaitent d\u00e9couvrir l\u2019apiculture et devenir apiculteur amateur dans le Tarn-et-Garonne.Nos cours s\u2019adressent aux d\u00e9butants comme aux apiculteurs souhaitant approfondir leurs connaissances. Le rucher \u00e9cole situ\u00e9 pr\u00e8s de Montauban accueille \u00e9galement des participants venant du Tarn, du Lot, du Gers et de la Haute-Garonne.","robots":{"index":"index","follow":"follow","max-snippet":"max-snippet:-1","max-image-preview":"max-image-preview:large","max-video-preview":"max-video-preview:-1"},"canonical":"https:\/\/abeille-tarnetgaronnaise.fr\/Atg82_new\/sos-abeille-association-abeille-tarn-et-garonnaise\/","og_locale":"fr_FR","og_type":"article","og_title":"SoS Abeilles - L&#039;abeille tarn et garonnaise","og_description":"L\u2019association d\u2019apiculture L\u2019Abeille Tarn et Garonnaise propose des formations et un rucher \u00e9cole pour tous ceux qui souhaitent d\u00e9couvrir l\u2019apiculture et devenir apiculteur amateur dans le Tarn-et-Garonne.Nos cours s\u2019adressent aux d\u00e9butants comme aux apiculteurs souhaitant approfondir leurs connaissances. Le rucher \u00e9cole situ\u00e9 pr\u00e8s de Montauban accueille \u00e9galement des participants venant du Tarn, du Lot, du Gers et de la Haute-Garonne.","og_url":"https:\/\/abeille-tarnetgaronnaise.fr\/Atg82_new\/sos-abeille-association-abeille-tarn-et-garonnaise\/","og_site_name":"L&#039;abeille tarn et garonnaise","article_modified_time":"2026-03-19T14:57:25+00:00","og_image":[{"url":"https:\/\/abeille-tarnetgaronnaise.fr\/Atg82_new\/wp-content\/uploads\/2024\/11\/Sosbee2-297x300.png","type":"","width":"","height":""}],"twitter_card":"summary_large_image","twitter_misc":{"Dur\u00e9e de lecture estim\u00e9e":"3 minutes"},"schema":{"@context":"https:\/\/schema.org","@graph":[{"@type":"WebPage","@id":"https:\/\/abeille-tarnetgaronnaise.fr\/Atg82_new\/sos-abeille-association-abeille-tarn-et-garonnaise\/","url":"https:\/\/abeille-tarnetgaronnaise.fr\/Atg82_new\/sos-abeille-association-abeille-tarn-et-garonnaise\/","name":"SoS Abeilles - L&#039;abeille tarn et garonnaise","isPartOf":{"@id":"https:\/\/abeille-tarnetgaronnaise.fr\/Atg82_new\/#website"},"primaryImageOfPage":{"@id":"https:\/\/abeille-tarnetgaronnaise.fr\/Atg82_new\/sos-abeille-association-abeille-tarn-et-garonnaise\/#primaryimage"},"image":{"@id":"https:\/\/abeille-tarnetgaronnaise.fr\/Atg82_new\/sos-abeille-association-abeille-tarn-et-garonnaise\/#primaryimage"},"thumbnailUrl":"https:\/\/abeille-tarnetgaronnaise.fr\/Atg82_new\/wp-content\/uploads\/2024\/11\/Sosbee2-297x300.png","datePublished":"2015-06-19T09:13:49+00:00","dateModified":"2026-03-19T14:57:25+00:00","description":"L\u2019association d\u2019apiculture L\u2019Abeille Tarn et Garonnaise propose des formations et un rucher \u00e9cole pour tous ceux qui souhaitent d\u00e9couvrir l\u2019apiculture et devenir apiculteur amateur dans le Tarn-et-Garonne.Nos cours s\u2019adressent aux d\u00e9butants comme aux apiculteurs souhaitant approfondir leurs connaissances. Le rucher \u00e9cole situ\u00e9 pr\u00e8s de Montauban accueille \u00e9galement des participants venant du Tarn, du Lot, du Gers et de la Haute-Garonne.","breadcrumb":{"@id":"https:\/\/abeille-tarnetgaronnaise.fr\/Atg82_new\/sos-abeille-association-abeille-tarn-et-garonnaise\/#breadcrumb"},"inLanguage":"fr-FR","potentialAction":[{"@type":"ReadAction","target":["https:\/\/abeille-tarnetgaronnaise.fr\/Atg82_new\/sos-abeille-association-abeille-tarn-et-garonnaise\/"]}]},{"@type":"ImageObject","inLanguage":"fr-FR","@id":"https:\/\/abeille-tarnetgaronnaise.fr\/Atg82_new\/sos-abeille-association-abeille-tarn-et-garonnaise\/#primaryimage","url":"https:\/\/abeille-tarnetgaronnaise.fr\/Atg82_new\/wp-content\/uploads\/2024\/11\/Sosbee2.png","contentUrl":"https:\/\/abeille-tarnetgaronnaise.fr\/Atg82_new\/wp-content\/uploads\/2024\/11\/Sosbee2.png","width":600,"height":606,"caption":"SOS abelleille"},{"@type":"BreadcrumbList","@id":"https:\/\/abeille-tarnetgaronnaise.fr\/Atg82_new\/sos-abeille-association-abeille-tarn-et-garonnaise\/#breadcrumb","itemListElement":[{"@type":"ListItem","position":1,"name":"Accueil","item":"https:\/\/abeille-tarnetgaronnaise.fr\/Atg82_new\/"},{"@type":"ListItem","position":2,"name":"SoS Abeilles"}]},{"@type":"WebSite","@id":"https:\/\/abeille-tarnetgaronnaise.fr\/Atg82_new\/#website","url":"https:\/\/abeille-tarnetgaronnaise.fr\/Atg82_new\/","name":"L'Abeille Tarn et Garonnaise","description":"Ensemble, prot\u00e9geons les abeilles !","publisher":{"@id":"https:\/\/abeille-tarnetgaronnaise.fr\/Atg82_new\/#organization"},"potentialAction":[{"@type":"SearchAction","target":{"@type":"EntryPoint","urlTemplate":"https:\/\/abeille-tarnetgaronnaise.fr\/Atg82_new\/?s={search_term_string}"},"query-input":{"@type":"PropertyValueSpecification","valueRequired":true,"valueName":"search_term_string"}}],"inLanguage":"fr-FR"},{"@type":"Organization","@id":"https:\/\/abeille-tarnetgaronnaise.fr\/Atg82_new\/#organization","name":"L'abeille tarn et garonnaise","url":"https:\/\/abeille-tarnetgaronnaise.fr\/Atg82_new\/","logo":{"@type":"ImageObject","inLanguage":"fr-FR","@id":"https:\/\/abeille-tarnetgaronnaise.fr\/Atg82_new\/#\/schema\/logo\/image\/","url":"https:\/\/abeille-tarnetgaronnaise.fr\/Atg82_new\/wp-content\/uploads\/2025\/02\/logo_ATG.jpg","contentUrl":"https:\/\/abeille-tarnetgaronnaise.fr\/Atg82_new\/wp-content\/uploads\/2025\/02\/logo_ATG.jpg","width":200,"height":100,"caption":"L'abeille tarn et garonnaise"},"image":{"@id":"https:\/\/abeille-tarnetgaronnaise.fr\/Atg82_new\/#\/schema\/logo\/image\/"}}]}},"_links":{"self":[{"href":"https:\/\/abeille-tarnetgaronnaise.fr\/Atg82_new\/wp-json\/wp\/v2\/pages\/67","targetHints":{"allow":["GET"]}}],"collection":[{"href":"https:\/\/abeille-tarnetgaronnaise.fr\/Atg82_new\/wp-json\/wp\/v2\/pages"}],"about":[{"href":"https:\/\/abeille-tarnetgaronnaise.fr\/Atg82_new\/wp-json\/wp\/v2\/types\/page"}],"author":[{"embeddable":true,"href":"https:\/\/abeille-tarnetgaronnaise.fr\/Atg82_new\/wp-json\/wp\/v2\/users\/2"}],"replies":[{"embeddable":true,"href":"https:\/\/abeille-tarnetgaronnaise.fr\/Atg82_new\/wp-json\/wp\/v2\/comments?post=67"}],"version-history":[{"count":84,"href":"https:\/\/abeille-tarnetgaronnaise.fr\/Atg82_new\/wp-json\/wp\/v2\/pages\/67\/revisions"}],"predecessor-version":[{"id":5203,"href":"https:\/\/abeille-tarnetgaronnaise.fr\/Atg82_new\/wp-json\/wp\/v2\/pages\/67\/revisions\/5203"}],"wp:attachment":[{"href":"https:\/\/abeille-tarnetgaronnaise.fr\/Atg82_new\/wp-json\/wp\/v2\/media?parent=67"}],"curies":[{"name":"wp","href":"https:\/\/api.w.org\/{rel}","templated":true}]}}