{"id":45,"date":"2015-06-19T10:10:15","date_gmt":"2015-06-19T09:10:15","guid":{"rendered":"http:\/\/localhost\/monsite\/?page_id=45"},"modified":"2026-03-12T11:32:18","modified_gmt":"2026-03-12T10:32:18","slug":"galerie-photos-assoiciation-abeille-tarn-et-garonnaise","status":"publish","type":"page","link":"https:\/\/abeille-tarnetgaronnaise.fr\/Atg82_new\/galerie-photos-assoiciation-abeille-tarn-et-garonnaise\/","title":{"rendered":"Galerie Photos"},"content":{"rendered":"\t\t<div data-elementor-type=\"wp-page\" data-elementor-id=\"45\" class=\"elementor elementor-45\" data-elementor-post-type=\"page\">\n\t\t\t\t<div class=\"elementor-element elementor-element-d943640 e-flex e-con-boxed e-con e-parent\" data-id=\"d943640\" data-element_type=\"container\" data-e-type=\"container\">\n\t\t\t\t\t<div class=\"e-con-inner\">\n\t\t\t\t<div class=\"elementor-element elementor-element-5df954f elementor-widget elementor-widget-qi_addons_for_elementor_image_gallery\" data-id=\"5df954f\" data-element_type=\"widget\" data-e-type=\"widget\" data-widget_type=\"qi_addons_for_elementor_image_gallery.default\">\n\t\t\t\t<div class=\"elementor-widget-container\">\n\t\t\t\t\t<div class=\"qodef-shortcode qodef-m qodef-qi-image-gallery qodef-image--hover-move qodef-qi-grid qodef-layout--qi-columns qodef-col-num--3 qodef-responsive--predefined\">\n\t<div class=\"qodef-grid-inner\">\n\t\t<div class=\"qodef-e qodef-image-wrapper qodef-grid-item\">\n\t<div class=\"qodef-e-inner\">\n\t\t\t\t\t<img fetchpriority=\"high\" decoding=\"async\" width=\"650\" height=\"650\" src=\"https:\/\/abeille-tarnetgaronnaise.fr\/Atg82_new\/wp-content\/uploads\/2024\/11\/DSC08639-650x650.jpg\" class=\"attachment-qi_addons_for_elementor_image_size_square size-qi_addons_for_elementor_image_size_square\" alt=\"entr\u00e9e d&#039;une ruchette\" loading=\"eager\" srcset=\"https:\/\/abeille-tarnetgaronnaise.fr\/Atg82_new\/wp-content\/uploads\/2024\/11\/DSC08639-650x650.jpg 650w, https:\/\/abeille-tarnetgaronnaise.fr\/Atg82_new\/wp-content\/uploads\/2024\/11\/DSC08639-150x150.jpg 150w, https:\/\/abeille-tarnetgaronnaise.fr\/Atg82_new\/wp-content\/uploads\/2024\/11\/DSC08639-1300x1300.jpg 1300w\" sizes=\"(max-width: 650px) 100vw, 650px\" \/>\t\t\t<\/div>\n<\/div>\n<div class=\"qodef-e qodef-image-wrapper qodef-grid-item\">\n\t<div class=\"qodef-e-inner\">\n\t\t\t\t\t<img decoding=\"async\" width=\"650\" height=\"650\" src=\"https:\/\/abeille-tarnetgaronnaise.fr\/Atg82_new\/wp-content\/uploads\/2024\/11\/DSC08630-650x650.jpg\" class=\"attachment-qi_addons_for_elementor_image_size_square size-qi_addons_for_elementor_image_size_square\" alt=\"ruchette essaimage\" loading=\"eager\" srcset=\"https:\/\/abeille-tarnetgaronnaise.fr\/Atg82_new\/wp-content\/uploads\/2024\/11\/DSC08630-650x650.jpg 650w, https:\/\/abeille-tarnetgaronnaise.fr\/Atg82_new\/wp-content\/uploads\/2024\/11\/DSC08630-150x150.jpg 150w, https:\/\/abeille-tarnetgaronnaise.fr\/Atg82_new\/wp-content\/uploads\/2024\/11\/DSC08630-1300x1300.jpg 1300w\" sizes=\"(max-width: 650px) 100vw, 650px\" \/>\t\t\t<\/div>\n<\/div>\n<div class=\"qodef-e qodef-image-wrapper qodef-grid-item\">\n\t<div class=\"qodef-e-inner\">\n\t\t\t\t\t<img decoding=\"async\" width=\"650\" height=\"650\" src=\"https:\/\/abeille-tarnetgaronnaise.fr\/Atg82_new\/wp-content\/uploads\/2024\/11\/DSC08629-650x650.jpg\" class=\"attachment-qi_addons_for_elementor_image_size_square size-qi_addons_for_elementor_image_size_square\" alt=\"essaim dans arbre\" loading=\"eager\" srcset=\"https:\/\/abeille-tarnetgaronnaise.fr\/Atg82_new\/wp-content\/uploads\/2024\/11\/DSC08629-650x650.jpg 650w, https:\/\/abeille-tarnetgaronnaise.fr\/Atg82_new\/wp-content\/uploads\/2024\/11\/DSC08629-150x150.jpg 150w, https:\/\/abeille-tarnetgaronnaise.fr\/Atg82_new\/wp-content\/uploads\/2024\/11\/DSC08629-1300x1300.jpg 1300w\" sizes=\"(max-width: 650px) 100vw, 650px\" \/>\t\t\t<\/div>\n<\/div>\n<div class=\"qodef-e qodef-image-wrapper qodef-grid-item\">\n\t<div class=\"qodef-e-inner\">\n\t\t\t\t\t<img decoding=\"async\" width=\"650\" height=\"650\" src=\"https:\/\/abeille-tarnetgaronnaise.fr\/Atg82_new\/wp-content\/uploads\/2024\/11\/WP_20160719_18_41_03_Pro-650x650.jpg\" class=\"attachment-qi_addons_for_elementor_image_size_square size-qi_addons_for_elementor_image_size_square\" alt=\"essaim dans arbre\" loading=\"eager\" srcset=\"https:\/\/abeille-tarnetgaronnaise.fr\/Atg82_new\/wp-content\/uploads\/2024\/11\/WP_20160719_18_41_03_Pro-650x650.jpg 650w, https:\/\/abeille-tarnetgaronnaise.fr\/Atg82_new\/wp-content\/uploads\/2024\/11\/WP_20160719_18_41_03_Pro-150x150.jpg 150w, https:\/\/abeille-tarnetgaronnaise.fr\/Atg82_new\/wp-content\/uploads\/2024\/11\/WP_20160719_18_41_03_Pro-1300x1300.jpg 1300w\" sizes=\"(max-width: 650px) 100vw, 650px\" \/>\t\t\t<\/div>\n<\/div>\n<div class=\"qodef-e qodef-image-wrapper qodef-grid-item\">\n\t<div class=\"qodef-e-inner\">\n\t\t\t\t\t<img decoding=\"async\" width=\"650\" height=\"650\" src=\"https:\/\/abeille-tarnetgaronnaise.fr\/Atg82_new\/wp-content\/uploads\/2024\/11\/WP_20160620_19_10_45_Pro-650x650.jpg\" class=\"attachment-qi_addons_for_elementor_image_size_square size-qi_addons_for_elementor_image_size_square\" alt=\"essaim\" loading=\"eager\" srcset=\"https:\/\/abeille-tarnetgaronnaise.fr\/Atg82_new\/wp-content\/uploads\/2024\/11\/WP_20160620_19_10_45_Pro-650x650.jpg 650w, https:\/\/abeille-tarnetgaronnaise.fr\/Atg82_new\/wp-content\/uploads\/2024\/11\/WP_20160620_19_10_45_Pro-150x150.jpg 150w, https:\/\/abeille-tarnetgaronnaise.fr\/Atg82_new\/wp-content\/uploads\/2024\/11\/WP_20160620_19_10_45_Pro-1300x1300.jpg 1300w\" sizes=\"(max-width: 650px) 100vw, 650px\" \/>\t\t\t<\/div>\n<\/div>\n<div class=\"qodef-e qodef-image-wrapper qodef-grid-item\">\n\t<div class=\"qodef-e-inner\">\n\t\t\t\t\t<img decoding=\"async\" width=\"650\" height=\"650\" src=\"https:\/\/abeille-tarnetgaronnaise.fr\/Atg82_new\/wp-content\/uploads\/2024\/11\/WP_20160719_18_40_43_Pro-650x650.jpg\" class=\"attachment-qi_addons_for_elementor_image_size_square size-qi_addons_for_elementor_image_size_square\" alt=\"essaim dans arbre\" loading=\"eager\" srcset=\"https:\/\/abeille-tarnetgaronnaise.fr\/Atg82_new\/wp-content\/uploads\/2024\/11\/WP_20160719_18_40_43_Pro-650x650.jpg 650w, https:\/\/abeille-tarnetgaronnaise.fr\/Atg82_new\/wp-content\/uploads\/2024\/11\/WP_20160719_18_40_43_Pro-150x150.jpg 150w, https:\/\/abeille-tarnetgaronnaise.fr\/Atg82_new\/wp-content\/uploads\/2024\/11\/WP_20160719_18_40_43_Pro-1300x1300.jpg 1300w\" sizes=\"(max-width: 650px) 100vw, 650px\" \/>\t\t\t<\/div>\n<\/div>\n<div class=\"qodef-e qodef-image-wrapper qodef-grid-item\">\n\t<div class=\"qodef-e-inner\">\n\t\t\t\t\t<img decoding=\"async\" width=\"650\" height=\"650\" src=\"https:\/\/abeille-tarnetgaronnaise.fr\/Atg82_new\/wp-content\/uploads\/2024\/11\/SAM_4045-650x650.jpg\" class=\"attachment-qi_addons_for_elementor_image_size_square size-qi_addons_for_elementor_image_size_square\" alt=\"\" loading=\"eager\" srcset=\"https:\/\/abeille-tarnetgaronnaise.fr\/Atg82_new\/wp-content\/uploads\/2024\/11\/SAM_4045-650x650.jpg 650w, https:\/\/abeille-tarnetgaronnaise.fr\/Atg82_new\/wp-content\/uploads\/2024\/11\/SAM_4045-150x150.jpg 150w, https:\/\/abeille-tarnetgaronnaise.fr\/Atg82_new\/wp-content\/uploads\/2024\/11\/SAM_4045-1300x1300.jpg 1300w\" sizes=\"(max-width: 650px) 100vw, 650px\" \/>\t\t\t<\/div>\n<\/div>\n<div class=\"qodef-e qodef-image-wrapper qodef-grid-item\">\n\t<div class=\"qodef-e-inner\">\n\t\t\t\t\t<img decoding=\"async\" width=\"650\" height=\"650\" src=\"https:\/\/abeille-tarnetgaronnaise.fr\/Atg82_new\/wp-content\/uploads\/2016\/05\/SAM_1874-650x650.jpg\" class=\"attachment-qi_addons_for_elementor_image_size_square size-qi_addons_for_elementor_image_size_square\" alt=\"\" loading=\"eager\" srcset=\"https:\/\/abeille-tarnetgaronnaise.fr\/Atg82_new\/wp-content\/uploads\/2016\/05\/SAM_1874-650x650.jpg 650w, https:\/\/abeille-tarnetgaronnaise.fr\/Atg82_new\/wp-content\/uploads\/2016\/05\/SAM_1874-150x150.jpg 150w, https:\/\/abeille-tarnetgaronnaise.fr\/Atg82_new\/wp-content\/uploads\/2016\/05\/SAM_1874-1300x1300.jpg 1300w\" sizes=\"(max-width: 650px) 100vw, 650px\" \/>\t\t\t<\/div>\n<\/div>\n<div class=\"qodef-e qodef-image-wrapper qodef-grid-item\">\n\t<div class=\"qodef-e-inner\">\n\t\t\t\t\t<img decoding=\"async\" width=\"650\" height=\"650\" src=\"https:\/\/abeille-tarnetgaronnaise.fr\/Atg82_new\/wp-content\/uploads\/2016\/05\/SAM_1871-650x650.jpg\" class=\"attachment-qi_addons_for_elementor_image_size_square size-qi_addons_for_elementor_image_size_square\" alt=\"\" loading=\"eager\" srcset=\"https:\/\/abeille-tarnetgaronnaise.fr\/Atg82_new\/wp-content\/uploads\/2016\/05\/SAM_1871-650x650.jpg 650w, https:\/\/abeille-tarnetgaronnaise.fr\/Atg82_new\/wp-content\/uploads\/2016\/05\/SAM_1871-150x150.jpg 150w, https:\/\/abeille-tarnetgaronnaise.fr\/Atg82_new\/wp-content\/uploads\/2016\/05\/SAM_1871-1300x1300.jpg 1300w\" sizes=\"(max-width: 650px) 100vw, 650px\" \/>\t\t\t<\/div>\n<\/div>\n<div class=\"qodef-e qodef-image-wrapper qodef-grid-item\">\n\t<div class=\"qodef-e-inner\">\n\t\t\t\t\t<img decoding=\"async\" width=\"650\" height=\"650\" src=\"https:\/\/abeille-tarnetgaronnaise.fr\/Atg82_new\/wp-content\/uploads\/2016\/05\/SAM_1858-650x650.jpg\" class=\"attachment-qi_addons_for_elementor_image_size_square size-qi_addons_for_elementor_image_size_square\" alt=\"\" loading=\"eager\" srcset=\"https:\/\/abeille-tarnetgaronnaise.fr\/Atg82_new\/wp-content\/uploads\/2016\/05\/SAM_1858-650x650.jpg 650w, https:\/\/abeille-tarnetgaronnaise.fr\/Atg82_new\/wp-content\/uploads\/2016\/05\/SAM_1858-150x150.jpg 150w, https:\/\/abeille-tarnetgaronnaise.fr\/Atg82_new\/wp-content\/uploads\/2016\/05\/SAM_1858-1300x1300.jpg 1300w\" sizes=\"(max-width: 650px) 100vw, 650px\" \/>\t\t\t<\/div>\n<\/div>\n<div class=\"qodef-e qodef-image-wrapper qodef-grid-item\">\n\t<div class=\"qodef-e-inner\">\n\t\t\t\t\t<img decoding=\"async\" width=\"650\" height=\"650\" src=\"https:\/\/abeille-tarnetgaronnaise.fr\/Atg82_new\/wp-content\/uploads\/2015\/06\/V__DBD8-650x650.jpg\" class=\"attachment-qi_addons_for_elementor_image_size_square size-qi_addons_for_elementor_image_size_square\" alt=\"\" loading=\"eager\" srcset=\"https:\/\/abeille-tarnetgaronnaise.fr\/Atg82_new\/wp-content\/uploads\/2015\/06\/V__DBD8-650x650.jpg 650w, https:\/\/abeille-tarnetgaronnaise.fr\/Atg82_new\/wp-content\/uploads\/2015\/06\/V__DBD8-150x150.jpg 150w\" sizes=\"(max-width: 650px) 100vw, 650px\" \/>\t\t\t<\/div>\n<\/div>\n<div class=\"qodef-e qodef-image-wrapper qodef-grid-item\">\n\t<div class=\"qodef-e-inner\">\n\t\t\t\t\t<img decoding=\"async\" width=\"650\" height=\"530\" src=\"https:\/\/abeille-tarnetgaronnaise.fr\/Atg82_new\/wp-content\/uploads\/2015\/11\/castres-18-10-15_8-650x530.jpg\" class=\"attachment-qi_addons_for_elementor_image_size_square size-qi_addons_for_elementor_image_size_square\" alt=\"\" loading=\"eager\" \/>\t\t\t<\/div>\n<\/div>\n<div class=\"qodef-e qodef-image-wrapper qodef-grid-item\">\n\t<div class=\"qodef-e-inner\">\n\t\t\t\t\t<img decoding=\"async\" width=\"650\" height=\"532\" src=\"https:\/\/abeille-tarnetgaronnaise.fr\/Atg82_new\/wp-content\/uploads\/2015\/10\/conf-12092015_8-650x532.jpg\" class=\"attachment-qi_addons_for_elementor_image_size_square size-qi_addons_for_elementor_image_size_square\" alt=\"\" loading=\"eager\" \/>\t\t\t<\/div>\n<\/div>\n<div class=\"qodef-e qodef-image-wrapper qodef-grid-item\">\n\t<div class=\"qodef-e-inner\">\n\t\t\t\t\t<img decoding=\"async\" width=\"532\" height=\"650\" src=\"https:\/\/abeille-tarnetgaronnaise.fr\/Atg82_new\/wp-content\/uploads\/2015\/10\/conf-12092015_10-532x650.jpg\" class=\"attachment-qi_addons_for_elementor_image_size_square size-qi_addons_for_elementor_image_size_square\" alt=\"\" loading=\"eager\" \/>\t\t\t<\/div>\n<\/div>\n<div class=\"qodef-e qodef-image-wrapper qodef-grid-item\">\n\t<div class=\"qodef-e-inner\">\n\t\t\t\t\t<img decoding=\"async\" width=\"650\" height=\"650\" src=\"https:\/\/abeille-tarnetgaronnaise.fr\/Atg82_new\/wp-content\/uploads\/2015\/10\/conf-12092015_9-650x650.jpg\" class=\"attachment-qi_addons_for_elementor_image_size_square size-qi_addons_for_elementor_image_size_square\" alt=\"\" loading=\"eager\" srcset=\"https:\/\/abeille-tarnetgaronnaise.fr\/Atg82_new\/wp-content\/uploads\/2015\/10\/conf-12092015_9-650x650.jpg 650w, https:\/\/abeille-tarnetgaronnaise.fr\/Atg82_new\/wp-content\/uploads\/2015\/10\/conf-12092015_9-300x300.jpg 300w, https:\/\/abeille-tarnetgaronnaise.fr\/Atg82_new\/wp-content\/uploads\/2015\/10\/conf-12092015_9-150x150.jpg 150w, https:\/\/abeille-tarnetgaronnaise.fr\/Atg82_new\/wp-content\/uploads\/2015\/10\/conf-12092015_9-768x768.jpg 768w, https:\/\/abeille-tarnetgaronnaise.fr\/Atg82_new\/wp-content\/uploads\/2015\/10\/conf-12092015_9.jpg 800w\" sizes=\"(max-width: 650px) 100vw, 650px\" \/>\t\t\t<\/div>\n<\/div>\n<div class=\"qodef-e qodef-image-wrapper qodef-grid-item\">\n\t<div class=\"qodef-e-inner\">\n\t\t\t\t\t<img decoding=\"async\" width=\"650\" height=\"650\" src=\"https:\/\/abeille-tarnetgaronnaise.fr\/Atg82_new\/wp-content\/uploads\/2015\/09\/DSCN5827_1-650x650.jpg\" class=\"attachment-qi_addons_for_elementor_image_size_square size-qi_addons_for_elementor_image_size_square\" alt=\"\" loading=\"eager\" srcset=\"https:\/\/abeille-tarnetgaronnaise.fr\/Atg82_new\/wp-content\/uploads\/2015\/09\/DSCN5827_1-650x650.jpg 650w, https:\/\/abeille-tarnetgaronnaise.fr\/Atg82_new\/wp-content\/uploads\/2015\/09\/DSCN5827_1-150x150.jpg 150w\" sizes=\"(max-width: 650px) 100vw, 650px\" \/>\t\t\t<\/div>\n<\/div>\n<div class=\"qodef-e qodef-image-wrapper qodef-grid-item\">\n\t<div class=\"qodef-e-inner\">\n\t\t\t\t\t<img decoding=\"async\" width=\"650\" height=\"650\" src=\"https:\/\/abeille-tarnetgaronnaise.fr\/Atg82_new\/wp-content\/uploads\/2015\/08\/DSC03062-650x650.jpg\" class=\"attachment-qi_addons_for_elementor_image_size_square size-qi_addons_for_elementor_image_size_square\" alt=\"\" loading=\"eager\" srcset=\"https:\/\/abeille-tarnetgaronnaise.fr\/Atg82_new\/wp-content\/uploads\/2015\/08\/DSC03062-650x650.jpg 650w, https:\/\/abeille-tarnetgaronnaise.fr\/Atg82_new\/wp-content\/uploads\/2015\/08\/DSC03062-150x150.jpg 150w\" sizes=\"(max-width: 650px) 100vw, 650px\" \/>\t\t\t<\/div>\n<\/div>\n<div class=\"qodef-e qodef-image-wrapper qodef-grid-item\">\n\t<div class=\"qodef-e-inner\">\n\t\t\t\t\t<img decoding=\"async\" width=\"600\" height=\"399\" src=\"https:\/\/abeille-tarnetgaronnaise.fr\/Atg82_new\/wp-content\/uploads\/2015\/08\/DSC02889.jpg\" class=\"attachment-qi_addons_for_elementor_image_size_square size-qi_addons_for_elementor_image_size_square\" alt=\"\" loading=\"eager\" srcset=\"https:\/\/abeille-tarnetgaronnaise.fr\/Atg82_new\/wp-content\/uploads\/2015\/08\/DSC02889.jpg 600w, https:\/\/abeille-tarnetgaronnaise.fr\/Atg82_new\/wp-content\/uploads\/2015\/08\/DSC02889-300x200.jpg 300w\" sizes=\"(max-width: 600px) 100vw, 600px\" \/>\t\t\t<\/div>\n<\/div>\n<div class=\"qodef-e qodef-image-wrapper qodef-grid-item\">\n\t<div class=\"qodef-e-inner\">\n\t\t\t\t\t<img decoding=\"async\" width=\"600\" height=\"399\" src=\"https:\/\/abeille-tarnetgaronnaise.fr\/Atg82_new\/wp-content\/uploads\/2015\/06\/DSC028521.jpg\" class=\"attachment-qi_addons_for_elementor_image_size_square size-qi_addons_for_elementor_image_size_square\" alt=\"\" loading=\"eager\" srcset=\"https:\/\/abeille-tarnetgaronnaise.fr\/Atg82_new\/wp-content\/uploads\/2015\/06\/DSC028521.jpg 600w, https:\/\/abeille-tarnetgaronnaise.fr\/Atg82_new\/wp-content\/uploads\/2015\/06\/DSC028521-300x200.jpg 300w\" sizes=\"(max-width: 600px) 100vw, 600px\" \/>\t\t\t<\/div>\n<\/div>\n<div class=\"qodef-e qodef-image-wrapper qodef-grid-item\">\n\t<div class=\"qodef-e-inner\">\n\t\t\t\t\t<img decoding=\"async\" width=\"650\" height=\"650\" src=\"https:\/\/abeille-tarnetgaronnaise.fr\/Atg82_new\/wp-content\/uploads\/2015\/06\/ruchre-ecole1-650x650.jpg\" class=\"attachment-qi_addons_for_elementor_image_size_square size-qi_addons_for_elementor_image_size_square\" alt=\"\" loading=\"eager\" srcset=\"https:\/\/abeille-tarnetgaronnaise.fr\/Atg82_new\/wp-content\/uploads\/2015\/06\/ruchre-ecole1-650x650.jpg 650w, https:\/\/abeille-tarnetgaronnaise.fr\/Atg82_new\/wp-content\/uploads\/2015\/06\/ruchre-ecole1-150x150.jpg 150w\" sizes=\"(max-width: 650px) 100vw, 650px\" \/>\t\t\t<\/div>\n<\/div>\n\t<\/div>\n<\/div>\n\t\t\t\t<\/div>\n\t\t\t\t<\/div>\n\t\t\t\t\t<\/div>\n\t\t\t\t<\/div>\n\t\t\t\t<\/div>\n\t\t","protected":false},"excerpt":{"rendered":"","protected":false},"author":2,"featured_media":0,"parent":0,"menu_order":0,"comment_status":"closed","ping_status":"closed","template":"","meta":{"footnotes":""},"class_list":["post-45","page","type-page","status-publish","hentry"],"yoast_head":"<!-- This site is optimized with the Yoast SEO plugin v27.4 - https:\/\/yoast.com\/product\/yoast-seo-wordpress\/ -->\n<title>Galerie Photos - L&#039;abeille tarn et garonnaise<\/title>\n<meta name=\"description\" content=\"L\u2019association d\u2019apiculture L\u2019Abeille Tarn et Garonnaise propose des formations et un rucher \u00e9cole pour tous ceux qui souhaitent d\u00e9couvrir l\u2019apiculture et devenir apiculteur amateur dans le Tarn-et-Garonne.Nos cours s\u2019adressent aux d\u00e9butants comme aux apiculteurs souhaitant approfondir leurs connaissances. Le rucher \u00e9cole situ\u00e9 pr\u00e8s de Montauban accueille \u00e9galement des participants venant du Tarn, du Lot, du Gers et de la Haute-Garonne.\" \/>\n<meta name=\"robots\" content=\"index, follow, max-snippet:-1, max-image-preview:large, max-video-preview:-1\" \/>\n<link rel=\"canonical\" href=\"https:\/\/abeille-tarnetgaronnaise.fr\/Atg82_new\/galerie-photos-assoiciation-abeille-tarn-et-garonnaise\/\" \/>\n<meta property=\"og:locale\" content=\"fr_FR\" \/>\n<meta property=\"og:type\" content=\"article\" \/>\n<meta property=\"og:title\" content=\"Galerie Photos - L&#039;abeille tarn et garonnaise\" \/>\n<meta property=\"og:description\" content=\"L\u2019association d\u2019apiculture L\u2019Abeille Tarn et Garonnaise propose des formations et un rucher \u00e9cole pour tous ceux qui souhaitent d\u00e9couvrir l\u2019apiculture et devenir apiculteur amateur dans le Tarn-et-Garonne.Nos cours s\u2019adressent aux d\u00e9butants comme aux apiculteurs souhaitant approfondir leurs connaissances. Le rucher \u00e9cole situ\u00e9 pr\u00e8s de Montauban accueille \u00e9galement des participants venant du Tarn, du Lot, du Gers et de la Haute-Garonne.\" \/>\n<meta property=\"og:url\" content=\"https:\/\/abeille-tarnetgaronnaise.fr\/Atg82_new\/galerie-photos-assoiciation-abeille-tarn-et-garonnaise\/\" \/>\n<meta property=\"og:site_name\" content=\"L&#039;abeille tarn et garonnaise\" \/>\n<meta property=\"article:modified_time\" content=\"2026-03-12T10:32:18+00:00\" \/>\n<meta property=\"og:image\" content=\"https:\/\/abeille-tarnetgaronnaise.fr\/Atg82_new\/wp-content\/uploads\/2024\/11\/DSC08639-650x650.jpg\" \/>\n<meta name=\"twitter:card\" content=\"summary_large_image\" \/>\n<meta name=\"twitter:label1\" content=\"Dur\u00e9e de lecture estim\u00e9e\" \/>\n\t<meta name=\"twitter:data1\" content=\"4 minutes\" \/>\n<script type=\"application\/ld+json\" class=\"yoast-schema-graph\">{\"@context\":\"https:\\\/\\\/schema.org\",\"@graph\":[{\"@type\":\"WebPage\",\"@id\":\"https:\\\/\\\/abeille-tarnetgaronnaise.fr\\\/Atg82_new\\\/galerie-photos-assoiciation-abeille-tarn-et-garonnaise\\\/\",\"url\":\"https:\\\/\\\/abeille-tarnetgaronnaise.fr\\\/Atg82_new\\\/galerie-photos-assoiciation-abeille-tarn-et-garonnaise\\\/\",\"name\":\"Galerie Photos - L&#039;abeille tarn et garonnaise\",\"isPartOf\":{\"@id\":\"https:\\\/\\\/abeille-tarnetgaronnaise.fr\\\/Atg82_new\\\/#website\"},\"primaryImageOfPage\":{\"@id\":\"https:\\\/\\\/abeille-tarnetgaronnaise.fr\\\/Atg82_new\\\/galerie-photos-assoiciation-abeille-tarn-et-garonnaise\\\/#primaryimage\"},\"image\":{\"@id\":\"https:\\\/\\\/abeille-tarnetgaronnaise.fr\\\/Atg82_new\\\/galerie-photos-assoiciation-abeille-tarn-et-garonnaise\\\/#primaryimage\"},\"thumbnailUrl\":\"https:\\\/\\\/abeille-tarnetgaronnaise.fr\\\/Atg82_new\\\/wp-content\\\/uploads\\\/2024\\\/11\\\/DSC08639-650x650.jpg\",\"datePublished\":\"2015-06-19T09:10:15+00:00\",\"dateModified\":\"2026-03-12T10:32:18+00:00\",\"description\":\"L\u2019association d\u2019apiculture L\u2019Abeille Tarn et Garonnaise propose des formations et un rucher \u00e9cole pour tous ceux qui souhaitent d\u00e9couvrir l\u2019apiculture et devenir apiculteur amateur dans le Tarn-et-Garonne.Nos cours s\u2019adressent aux d\u00e9butants comme aux apiculteurs souhaitant approfondir leurs connaissances. Le rucher \u00e9cole situ\u00e9 pr\u00e8s de Montauban accueille \u00e9galement des participants venant du Tarn, du Lot, du Gers et de la Haute-Garonne.\",\"breadcrumb\":{\"@id\":\"https:\\\/\\\/abeille-tarnetgaronnaise.fr\\\/Atg82_new\\\/galerie-photos-assoiciation-abeille-tarn-et-garonnaise\\\/#breadcrumb\"},\"inLanguage\":\"fr-FR\",\"potentialAction\":[{\"@type\":\"ReadAction\",\"target\":[\"https:\\\/\\\/abeille-tarnetgaronnaise.fr\\\/Atg82_new\\\/galerie-photos-assoiciation-abeille-tarn-et-garonnaise\\\/\"]}]},{\"@type\":\"ImageObject\",\"inLanguage\":\"fr-FR\",\"@id\":\"https:\\\/\\\/abeille-tarnetgaronnaise.fr\\\/Atg82_new\\\/galerie-photos-assoiciation-abeille-tarn-et-garonnaise\\\/#primaryimage\",\"url\":\"https:\\\/\\\/abeille-tarnetgaronnaise.fr\\\/Atg82_new\\\/wp-content\\\/uploads\\\/2024\\\/11\\\/DSC08639-scaled.jpg\",\"contentUrl\":\"https:\\\/\\\/abeille-tarnetgaronnaise.fr\\\/Atg82_new\\\/wp-content\\\/uploads\\\/2024\\\/11\\\/DSC08639-scaled.jpg\",\"width\":2560,\"height\":1701,\"caption\":\"entr\u00e9e d'une ruchette\"},{\"@type\":\"BreadcrumbList\",\"@id\":\"https:\\\/\\\/abeille-tarnetgaronnaise.fr\\\/Atg82_new\\\/galerie-photos-assoiciation-abeille-tarn-et-garonnaise\\\/#breadcrumb\",\"itemListElement\":[{\"@type\":\"ListItem\",\"position\":1,\"name\":\"Accueil\",\"item\":\"https:\\\/\\\/abeille-tarnetgaronnaise.fr\\\/Atg82_new\\\/\"},{\"@type\":\"ListItem\",\"position\":2,\"name\":\"Galerie Photos\"}]},{\"@type\":\"WebSite\",\"@id\":\"https:\\\/\\\/abeille-tarnetgaronnaise.fr\\\/Atg82_new\\\/#website\",\"url\":\"https:\\\/\\\/abeille-tarnetgaronnaise.fr\\\/Atg82_new\\\/\",\"name\":\"L'Abeille Tarn et Garonnaise\",\"description\":\"Ensemble, prot\u00e9geons les abeilles !\",\"publisher\":{\"@id\":\"https:\\\/\\\/abeille-tarnetgaronnaise.fr\\\/Atg82_new\\\/#organization\"},\"potentialAction\":[{\"@type\":\"SearchAction\",\"target\":{\"@type\":\"EntryPoint\",\"urlTemplate\":\"https:\\\/\\\/abeille-tarnetgaronnaise.fr\\\/Atg82_new\\\/?s={search_term_string}\"},\"query-input\":{\"@type\":\"PropertyValueSpecification\",\"valueRequired\":true,\"valueName\":\"search_term_string\"}}],\"inLanguage\":\"fr-FR\"},{\"@type\":\"Organization\",\"@id\":\"https:\\\/\\\/abeille-tarnetgaronnaise.fr\\\/Atg82_new\\\/#organization\",\"name\":\"L'abeille tarn et garonnaise\",\"url\":\"https:\\\/\\\/abeille-tarnetgaronnaise.fr\\\/Atg82_new\\\/\",\"logo\":{\"@type\":\"ImageObject\",\"inLanguage\":\"fr-FR\",\"@id\":\"https:\\\/\\\/abeille-tarnetgaronnaise.fr\\\/Atg82_new\\\/#\\\/schema\\\/logo\\\/image\\\/\",\"url\":\"https:\\\/\\\/abeille-tarnetgaronnaise.fr\\\/Atg82_new\\\/wp-content\\\/uploads\\\/2025\\\/02\\\/logo_ATG.jpg\",\"contentUrl\":\"https:\\\/\\\/abeille-tarnetgaronnaise.fr\\\/Atg82_new\\\/wp-content\\\/uploads\\\/2025\\\/02\\\/logo_ATG.jpg\",\"width\":200,\"height\":100,\"caption\":\"L'abeille tarn et garonnaise\"},\"image\":{\"@id\":\"https:\\\/\\\/abeille-tarnetgaronnaise.fr\\\/Atg82_new\\\/#\\\/schema\\\/logo\\\/image\\\/\"}}]}<\/script>\n<!-- \/ Yoast SEO plugin. -->","yoast_head_json":{"title":"Galerie Photos - L&#039;abeille tarn et garonnaise","description":"L\u2019association d\u2019apiculture L\u2019Abeille Tarn et Garonnaise propose des formations et un rucher \u00e9cole pour tous ceux qui souhaitent d\u00e9couvrir l\u2019apiculture et devenir apiculteur amateur dans le Tarn-et-Garonne.Nos cours s\u2019adressent aux d\u00e9butants comme aux apiculteurs souhaitant approfondir leurs connaissances. Le rucher \u00e9cole situ\u00e9 pr\u00e8s de Montauban accueille \u00e9galement des participants venant du Tarn, du Lot, du Gers et de la Haute-Garonne.","robots":{"index":"index","follow":"follow","max-snippet":"max-snippet:-1","max-image-preview":"max-image-preview:large","max-video-preview":"max-video-preview:-1"},"canonical":"https:\/\/abeille-tarnetgaronnaise.fr\/Atg82_new\/galerie-photos-assoiciation-abeille-tarn-et-garonnaise\/","og_locale":"fr_FR","og_type":"article","og_title":"Galerie Photos - L&#039;abeille tarn et garonnaise","og_description":"L\u2019association d\u2019apiculture L\u2019Abeille Tarn et Garonnaise propose des formations et un rucher \u00e9cole pour tous ceux qui souhaitent d\u00e9couvrir l\u2019apiculture et devenir apiculteur amateur dans le Tarn-et-Garonne.Nos cours s\u2019adressent aux d\u00e9butants comme aux apiculteurs souhaitant approfondir leurs connaissances. Le rucher \u00e9cole situ\u00e9 pr\u00e8s de Montauban accueille \u00e9galement des participants venant du Tarn, du Lot, du Gers et de la Haute-Garonne.","og_url":"https:\/\/abeille-tarnetgaronnaise.fr\/Atg82_new\/galerie-photos-assoiciation-abeille-tarn-et-garonnaise\/","og_site_name":"L&#039;abeille tarn et garonnaise","article_modified_time":"2026-03-12T10:32:18+00:00","og_image":[{"url":"https:\/\/abeille-tarnetgaronnaise.fr\/Atg82_new\/wp-content\/uploads\/2024\/11\/DSC08639-650x650.jpg","type":"","width":"","height":""}],"twitter_card":"summary_large_image","twitter_misc":{"Dur\u00e9e de lecture estim\u00e9e":"4 minutes"},"schema":{"@context":"https:\/\/schema.org","@graph":[{"@type":"WebPage","@id":"https:\/\/abeille-tarnetgaronnaise.fr\/Atg82_new\/galerie-photos-assoiciation-abeille-tarn-et-garonnaise\/","url":"https:\/\/abeille-tarnetgaronnaise.fr\/Atg82_new\/galerie-photos-assoiciation-abeille-tarn-et-garonnaise\/","name":"Galerie Photos - L&#039;abeille tarn et garonnaise","isPartOf":{"@id":"https:\/\/abeille-tarnetgaronnaise.fr\/Atg82_new\/#website"},"primaryImageOfPage":{"@id":"https:\/\/abeille-tarnetgaronnaise.fr\/Atg82_new\/galerie-photos-assoiciation-abeille-tarn-et-garonnaise\/#primaryimage"},"image":{"@id":"https:\/\/abeille-tarnetgaronnaise.fr\/Atg82_new\/galerie-photos-assoiciation-abeille-tarn-et-garonnaise\/#primaryimage"},"thumbnailUrl":"https:\/\/abeille-tarnetgaronnaise.fr\/Atg82_new\/wp-content\/uploads\/2024\/11\/DSC08639-650x650.jpg","datePublished":"2015-06-19T09:10:15+00:00","dateModified":"2026-03-12T10:32:18+00:00","description":"L\u2019association d\u2019apiculture L\u2019Abeille Tarn et Garonnaise propose des formations et un rucher \u00e9cole pour tous ceux qui souhaitent d\u00e9couvrir l\u2019apiculture et devenir apiculteur amateur dans le Tarn-et-Garonne.Nos cours s\u2019adressent aux d\u00e9butants comme aux apiculteurs souhaitant approfondir leurs connaissances. Le rucher \u00e9cole situ\u00e9 pr\u00e8s de Montauban accueille \u00e9galement des participants venant du Tarn, du Lot, du Gers et de la Haute-Garonne.","breadcrumb":{"@id":"https:\/\/abeille-tarnetgaronnaise.fr\/Atg82_new\/galerie-photos-assoiciation-abeille-tarn-et-garonnaise\/#breadcrumb"},"inLanguage":"fr-FR","potentialAction":[{"@type":"ReadAction","target":["https:\/\/abeille-tarnetgaronnaise.fr\/Atg82_new\/galerie-photos-assoiciation-abeille-tarn-et-garonnaise\/"]}]},{"@type":"ImageObject","inLanguage":"fr-FR","@id":"https:\/\/abeille-tarnetgaronnaise.fr\/Atg82_new\/galerie-photos-assoiciation-abeille-tarn-et-garonnaise\/#primaryimage","url":"https:\/\/abeille-tarnetgaronnaise.fr\/Atg82_new\/wp-content\/uploads\/2024\/11\/DSC08639-scaled.jpg","contentUrl":"https:\/\/abeille-tarnetgaronnaise.fr\/Atg82_new\/wp-content\/uploads\/2024\/11\/DSC08639-scaled.jpg","width":2560,"height":1701,"caption":"entr\u00e9e d'une ruchette"},{"@type":"BreadcrumbList","@id":"https:\/\/abeille-tarnetgaronnaise.fr\/Atg82_new\/galerie-photos-assoiciation-abeille-tarn-et-garonnaise\/#breadcrumb","itemListElement":[{"@type":"ListItem","position":1,"name":"Accueil","item":"https:\/\/abeille-tarnetgaronnaise.fr\/Atg82_new\/"},{"@type":"ListItem","position":2,"name":"Galerie Photos"}]},{"@type":"WebSite","@id":"https:\/\/abeille-tarnetgaronnaise.fr\/Atg82_new\/#website","url":"https:\/\/abeille-tarnetgaronnaise.fr\/Atg82_new\/","name":"L'Abeille Tarn et Garonnaise","description":"Ensemble, prot\u00e9geons les abeilles !","publisher":{"@id":"https:\/\/abeille-tarnetgaronnaise.fr\/Atg82_new\/#organization"},"potentialAction":[{"@type":"SearchAction","target":{"@type":"EntryPoint","urlTemplate":"https:\/\/abeille-tarnetgaronnaise.fr\/Atg82_new\/?s={search_term_string}"},"query-input":{"@type":"PropertyValueSpecification","valueRequired":true,"valueName":"search_term_string"}}],"inLanguage":"fr-FR"},{"@type":"Organization","@id":"https:\/\/abeille-tarnetgaronnaise.fr\/Atg82_new\/#organization","name":"L'abeille tarn et garonnaise","url":"https:\/\/abeille-tarnetgaronnaise.fr\/Atg82_new\/","logo":{"@type":"ImageObject","inLanguage":"fr-FR","@id":"https:\/\/abeille-tarnetgaronnaise.fr\/Atg82_new\/#\/schema\/logo\/image\/","url":"https:\/\/abeille-tarnetgaronnaise.fr\/Atg82_new\/wp-content\/uploads\/2025\/02\/logo_ATG.jpg","contentUrl":"https:\/\/abeille-tarnetgaronnaise.fr\/Atg82_new\/wp-content\/uploads\/2025\/02\/logo_ATG.jpg","width":200,"height":100,"caption":"L'abeille tarn et garonnaise"},"image":{"@id":"https:\/\/abeille-tarnetgaronnaise.fr\/Atg82_new\/#\/schema\/logo\/image\/"}}]}},"_links":{"self":[{"href":"https:\/\/abeille-tarnetgaronnaise.fr\/Atg82_new\/wp-json\/wp\/v2\/pages\/45","targetHints":{"allow":["GET"]}}],"collection":[{"href":"https:\/\/abeille-tarnetgaronnaise.fr\/Atg82_new\/wp-json\/wp\/v2\/pages"}],"about":[{"href":"https:\/\/abeille-tarnetgaronnaise.fr\/Atg82_new\/wp-json\/wp\/v2\/types\/page"}],"author":[{"embeddable":true,"href":"https:\/\/abeille-tarnetgaronnaise.fr\/Atg82_new\/wp-json\/wp\/v2\/users\/2"}],"replies":[{"embeddable":true,"href":"https:\/\/abeille-tarnetgaronnaise.fr\/Atg82_new\/wp-json\/wp\/v2\/comments?post=45"}],"version-history":[{"count":108,"href":"https:\/\/abeille-tarnetgaronnaise.fr\/Atg82_new\/wp-json\/wp\/v2\/pages\/45\/revisions"}],"predecessor-version":[{"id":5310,"href":"https:\/\/abeille-tarnetgaronnaise.fr\/Atg82_new\/wp-json\/wp\/v2\/pages\/45\/revisions\/5310"}],"wp:attachment":[{"href":"https:\/\/abeille-tarnetgaronnaise.fr\/Atg82_new\/wp-json\/wp\/v2\/media?parent=45"}],"curies":[{"name":"wp","href":"https:\/\/api.w.org\/{rel}","templated":true}]}}