{"id":41,"date":"2015-06-19T10:09:42","date_gmt":"2015-06-19T09:09:42","guid":{"rendered":"http:\/\/localhost\/monsite\/?page_id=41"},"modified":"2026-04-23T06:21:13","modified_gmt":"2026-04-23T04:21:13","slug":"agenda-des-cours-association-labeille-tarn-et-garonnaise","status":"publish","type":"page","link":"https:\/\/abeille-tarnetgaronnaise.fr\/Atg82_new\/agenda-des-cours-association-labeille-tarn-et-garonnaise\/","title":{"rendered":"Agenda des cours"},"content":{"rendered":"<h2>Agenda des cours 2026<\/h2>\n<p>Tous les cours ont lieu au rucher \u00e9cole, de 14h \u00e0 17h au P\u00f4le Nature, 1164 Rte du Canal 82700 Montbartier.<br \/>Une combinaison et des gants sont obligatoires. Le cours se fait avec le mat\u00e9riel du rucher \u00e9cole.<\/p>\n<p><em><strong>NB:<\/strong> Les dates des cours seront maintenues, mais les activit\u00e9s pr\u00e9vues peuvent \u00eatre modifi\u00e9es en fonction de la m\u00e9t\u00e9o.<\/em><\/p>\n<p>\t\t\t\t\t\t\t\t<a href=\"https:\/\/abeille-tarnetgaronnaise.fr\/Atg82_new\/wp-content\/uploads\/2026\/04\/ATG-Rucher-ecole-Calendrier-2026_v2.pdf\" target=\"_blank\"><br \/>\n\t\t\t\t\t\t\t\t\tT\u00e9l\u00e9charger le calendrier<br \/>\n\t\t\t\t\t<\/a><br \/>\n\t\t\t\t\t\t\t\t\t\t\t\t\t\t\t\t\t\t\t<img fetchpriority=\"high\" decoding=\"async\" width=\"1024\" height=\"768\" src=\"https:\/\/abeille-tarnetgaronnaise.fr\/Atg82_new\/wp-content\/uploads\/2024\/11\/SAM_4045-1024x768.jpg\" alt=\"\" srcset=\"https:\/\/abeille-tarnetgaronnaise.fr\/Atg82_new\/wp-content\/uploads\/2024\/11\/SAM_4045-1024x768.jpg 1024w, https:\/\/abeille-tarnetgaronnaise.fr\/Atg82_new\/wp-content\/uploads\/2024\/11\/SAM_4045-300x225.jpg 300w, https:\/\/abeille-tarnetgaronnaise.fr\/Atg82_new\/wp-content\/uploads\/2024\/11\/SAM_4045-768x576.jpg 768w, https:\/\/abeille-tarnetgaronnaise.fr\/Atg82_new\/wp-content\/uploads\/2024\/11\/SAM_4045-1536x1152.jpg 1536w, https:\/\/abeille-tarnetgaronnaise.fr\/Atg82_new\/wp-content\/uploads\/2024\/11\/SAM_4045-2048x1536.jpg 2048w\" sizes=\"(max-width: 1024px) 100vw, 1024px\" \/>\t\t\t\t\t\t\t\t\t\t\t\t\t\t\t\t\t\t\t\t\t\t\t\t\t\t<img decoding=\"async\" src=\"https:\/\/abeille-tarnetgaronnaise.fr\/Atg82_new\/wp-content\/uploads\/2024\/12\/beedroite.svg\" title=\"beedroite\" alt=\"beedroite\" loading=\"lazy\" \/>\t\t\t\t\t\t\t\t\t\t\t\t\t\t\t\t\t\t\t\t\t\t\t\t\t\t<img decoding=\"async\" src=\"https:\/\/abeille-tarnetgaronnaise.fr\/Atg82_new\/wp-content\/uploads\/elementor\/thumbs\/icone-qx1nvcljyld2bil7c683687vy2c92ljol2etsurr50.png\" title=\"icone\" alt=\"icone\" loading=\"lazy\" \/>\t\t\t\t\t\t\t\t\t\t\t\t\t<\/p>\n<p><strong>Coordonn\u00e9es des Intervenants :<\/strong><br \/>VERDIE Alain : 06.74.22.57.50<\/p>\n<p>BECK-DUBOIS Marie : 06.77.87.71.75<\/p>\n<p>CILLEROS Serge : 06.14.07.36.98<\/p>\n<figure>\n<table style=\"height: 100%;\" border=\"1\" width=\"100%\" cellspacing=\"0\">\n<tbody>\n<tr style=\"height: 65px;\">\n<th style=\"width: 7.61905%; height: 65px;\" scope=\"col\"><strong>Date<\/strong><\/th>\n<th style=\"width: 60.2381%; height: 65px;\" scope=\"col\" data-align=\"left\"><strong>Contenu<\/strong><\/th>\n<th style=\"width: 15.3571%; height: 65px;\" scope=\"col\"><strong>Site Montbartier<\/strong><\/th>\n<th style=\"width: 16.6667%; height: 65px;\" scope=\"col\" align=\"center\" width=\"140\"><strong>Horaire<\/strong><\/th>\n<\/tr>\n<tr style=\"height: 65px;\">\n<td style=\"width: 7.61905%; height: 65px;\">10\/01<\/td>\n<td style=\"width: 60.2381%; height: 65px;\" data-align=\"left\">Cours pratique 1 : Traitement Acide Oxalique<\/td>\n<td style=\"width: 15.3571%; height: 65px;\" align=\"center\">Rucher \u00e9cole<\/td>\n<td style=\"width: 16.6667%; height: 65px;\" align=\"center\">14h00 &#8211; 17h00<\/td>\n<\/tr>\n<tr style=\"height: 65px;\">\n<td style=\"width: 7.61905%; height: 65px;\">17\/01<\/td>\n<td style=\"width: 60.2381%; height: 65px;\" data-align=\"left\">Cours th\u00e9orique 1 : L\u2019abeille \u2013 biologie &#8211; Les acteurs de la colonie Pr\u00e9paration du rucher<\/td>\n<td style=\"width: 15.3571%; height: 65px;\" align=\"center\">Rucher \u00e9cole<\/td>\n<td style=\"width: 16.6667%; height: 65px;\" align=\"center\">14h00 &#8211; 17h00<\/td>\n<\/tr>\n<tr style=\"height: 65px;\">\n<td style=\"width: 7.61905%; height: 65px;\">24\/01<\/td>\n<td style=\"width: 60.2381%; height: 65px;\" data-align=\"left\">Cours th\u00e9orique 2 : Comment installer son rucher ? &#8211; La l\u00e9gislation Pose des pi\u00e8ges \u00e0 frelons<\/td>\n<td style=\"width: 15.3571%; height: 65px;\" align=\"center\">Rucher \u00e9cole<\/td>\n<td style=\"width: 16.6667%; height: 65px;\" align=\"center\">14h00 &#8211; 17h00<\/td>\n<\/tr>\n<tr style=\"height: 65px;\">\n<td style=\"width: 7.61905%; height: 65px;\">31\/01<\/td>\n<td style=\"width: 60.2381%; height: 65px;\" data-align=\"left\">Cours th\u00e9orique 3 : Les maladies et pr\u00e9dateurs &#8211; L\u2019\u00e9levage de reines<\/td>\n<td style=\"width: 15.3571%; height: 65px;\" align=\"center\">Rucher \u00e9cole<\/td>\n<td style=\"width: 16.6667%; height: 65px;\" align=\"center\">14h00 &#8211; 17h00<\/td>\n<\/tr>\n<tr style=\"height: 65px;\">\n<td style=\"width: 7.61905%; height: 65px;\">21\/02<\/td>\n<td style=\"width: 60.2381%; height: 65px;\" data-align=\"left\">Cours pratique : Pose cupularves<\/td>\n<td style=\"width: 15.3571%; height: 65px;\" align=\"center\">Rucher \u00e9cole<\/td>\n<td style=\"width: 16.6667%; height: 65px;\" align=\"center\">14h00 &#8211; 17h00<\/td>\n<\/tr>\n<tr style=\"height: 65px;\">\n<td style=\"width: 7.61905%; height: 65px;\">22\/02<\/td>\n<td style=\"width: 60.2381%; height: 65px;\" data-align=\"left\">Cours pratique<\/td>\n<td style=\"width: 15.3571%; height: 65px;\" align=\"center\">Rucher \u00e9cole<\/td>\n<td style=\"width: 16.6667%; height: 65px;\" align=\"center\">14h00 &#8211; 17h00<\/td>\n<\/tr>\n<tr style=\"height: 65px;\">\n<td style=\"width: 7.61905%; height: 65px;\">07\/03<\/td>\n<td style=\"width: 60.2381%; height: 65px;\" data-align=\"left\">Cours pratique<\/td>\n<td style=\"width: 15.3571%; height: 65px;\" align=\"center\">Rucher \u00e9cole<\/td>\n<td style=\"width: 16.6667%; height: 65px;\" align=\"center\">14h00 &#8211; 17h00<\/td>\n<\/tr>\n<tr style=\"height: 65px;\">\n<td style=\"width: 7.61905%; height: 65px;\">21\/03<\/td>\n<td style=\"width: 60.2381%; height: 65px;\" data-align=\"left\">Cours pratique<\/td>\n<td style=\"width: 15.3571%; height: 65px;\" align=\"center\">Rucher \u00e9cole<\/td>\n<td style=\"width: 16.6667%; height: 65px;\" align=\"center\">14h00 &#8211; 17h00<\/td>\n<\/tr>\n<tr style=\"height: 65px;\">\n<td style=\"width: 7.61905%; height: 65px;\">11\/04<\/td>\n<td style=\"width: 60.2381%; height: 65px;\" data-align=\"left\">Cours pratique<\/td>\n<td style=\"width: 15.3571%; height: 65px;\" align=\"center\">Rucher \u00e9cole<\/td>\n<td style=\"width: 16.6667%; height: 65px;\" align=\"center\">14h00 &#8211; 17h00<\/td>\n<\/tr>\n<tr style=\"height: 65px;\">\n<td style=\"width: 7.61905%; height: 65px;\">25\/04<\/td>\n<td style=\"width: 60.2381%; height: 65px;\" data-align=\"left\">Cours pratique<\/td>\n<td style=\"width: 15.3571%; height: 65px;\" align=\"center\">Rucher \u00e9cole<\/td>\n<td style=\"width: 16.6667%; height: 65px;\" align=\"center\">14h00 &#8211; 17h00<\/td>\n<\/tr>\n<tr style=\"height: 65px;\">\n<td style=\"width: 7.61905%; height: 65px;\">09\/05<\/td>\n<td style=\"width: 60.2381%; height: 65px;\" data-align=\"left\">Cours pratique<\/td>\n<td style=\"width: 15.3571%; height: 65px;\" align=\"center\">Rucher \u00e9cole<\/td>\n<td style=\"width: 16.6667%; height: 65px;\" align=\"center\">14h00 &#8211; 17h00<\/td>\n<\/tr>\n<tr style=\"height: 65px;\">\n<td style=\"width: 7.61905%; height: 65px;\">23\/05<\/td>\n<td style=\"width: 60.2381%; height: 65px;\" data-align=\"left\">Cours pratique<\/td>\n<td style=\"width: 15.3571%; height: 65px;\" align=\"center\">Rucher \u00e9cole<\/td>\n<td style=\"width: 16.6667%; height: 65px;\" align=\"center\">14h00 &#8211; 17h00<\/td>\n<\/tr>\n<tr style=\"height: 65px;\">\n<td style=\"width: 7.61905%; height: 65px;\">06\/06<\/td>\n<td style=\"width: 60.2381%; height: 65px;\" data-align=\"left\">Cours pratique &#8211; Pique-nique partag\u00e9<\/td>\n<td style=\"width: 15.3571%; height: 65px;\" align=\"center\">Rucher \u00e9cole<\/td>\n<td style=\"width: 16.6667%; height: 65px;\" align=\"center\">14h00 &#8211; 17h00<\/td>\n<\/tr>\n<tr style=\"height: 65px;\">\n<td style=\"width: 7.61905%; height: 65px;\">20\/06<\/td>\n<td style=\"width: 60.2381%; height: 65px;\" data-align=\"left\">Cours pratique<\/td>\n<td style=\"width: 15.3571%; height: 65px;\" align=\"center\">Rucher \u00e9cole<\/td>\n<td style=\"width: 16.6667%; height: 65px;\" align=\"center\">14h00 &#8211; 17h00<\/td>\n<\/tr>\n<tr style=\"height: 65px;\">\n<td style=\"width: 7.61905%; height: 65px;\">29\/08<\/td>\n<td style=\"width: 60.2381%; height: 65px;\" data-align=\"left\">Cours pratique<\/td>\n<td style=\"width: 15.3571%; height: 65px;\" align=\"center\">Rucher \u00e9cole<\/td>\n<td style=\"width: 16.6667%; height: 65px;\" align=\"center\">14h00 &#8211; 17h00<\/td>\n<\/tr>\n<tr style=\"height: 65px;\">\n<td style=\"width: 7.61905%; height: 65px;\">05\/09<\/td>\n<td style=\"width: 60.2381%; height: 65px;\" data-align=\"left\">Forum des Association de Montbartier<\/td>\n<td style=\"width: 15.3571%; height: 65px;\" align=\"center\">Rucher \u00e9cole<\/td>\n<td style=\"width: 16.6667%; height: 65px;\" align=\"center\">14h00 &#8211; 17h00<\/td>\n<\/tr>\n<tr style=\"height: 65px;\">\n<td style=\"width: 7.61905%; height: 65px;\">12\/09<\/td>\n<td style=\"width: 60.2381%; height: 65px;\" data-align=\"left\">Cours pratique : Traitement varroa<\/td>\n<td style=\"width: 15.3571%; height: 65px;\" align=\"center\">Rucher \u00e9cole<\/td>\n<td style=\"width: 16.6667%; height: 65px;\" align=\"center\">14h00 &#8211; 17h00<\/td>\n<\/tr>\n<tr style=\"height: 65px;\">\n<td style=\"width: 7.61905%; height: 65px;\">26\/09<\/td>\n<td style=\"width: 60.2381%; height: 65px;\" data-align=\"left\">Cours Pratique<\/td>\n<td style=\"width: 15.3571%; height: 65px;\" align=\"center\">Rucher \u00e9cole<\/td>\n<td style=\"width: 16.6667%; height: 65px;\" align=\"center\">14h00 &#8211; 17h00<\/td>\n<\/tr>\n<tr style=\"height: 65px;\">\n<td style=\"width: 7.61905%; height: 65px;\">10\/10<\/td>\n<td style=\"width: 60.2381%; height: 65px;\" data-align=\"left\">Cours Pratique<\/td>\n<td style=\"width: 15.3571%; height: 65px;\" align=\"center\">Rucher \u00e9cole<\/td>\n<td style=\"width: 16.6667%; height: 65px;\" align=\"center\">14h00 &#8211; 17h00<\/td>\n<\/tr>\n<tr style=\"height: 65px;\">\n<td style=\"width: 7.61905%; height: 65px;\">15\/11<\/td>\n<td style=\"width: 60.2381%; height: 65px;\" data-align=\"left\">Assembl\u00e9e g\u00e9n\u00e9rale<\/td>\n<td style=\"width: 15.3571%; height: 65px;\" align=\"center\">Salle des f\u00eates de Montbartbier<\/td>\n<td style=\"width: 16.6667%; height: 65px;\" align=\"center\">10h00<\/td>\n<\/tr>\n<\/tbody>\n<\/table>\n<\/figure>\n","protected":false},"excerpt":{"rendered":"<p>Agenda des cours 2026 Tous les cours ont lieu au rucher \u00e9cole, de 14h \u00e0 17h au P\u00f4le Nature, 1164 Rte du Canal 82700 Montbartier.Une combinaison et des gants sont [&hellip;]<\/p>\n","protected":false},"author":2,"featured_media":0,"parent":0,"menu_order":0,"comment_status":"closed","ping_status":"closed","template":"page-full-width.php","meta":{"footnotes":""},"class_list":["post-41","page","type-page","status-publish","hentry"],"yoast_head":"<!-- This site is optimized with the Yoast SEO plugin v27.4 - https:\/\/yoast.com\/product\/yoast-seo-wordpress\/ -->\n<title>Agenda des cours - L&#039;abeille tarn et garonnaise<\/title>\n<meta name=\"description\" content=\"L\u2019association d\u2019apiculture L\u2019Abeille Tarn et Garonnaise propose des formations et un rucher \u00e9cole pour tous ceux qui souhaitent d\u00e9couvrir l\u2019apiculture et devenir apiculteur amateur dans le Tarn-et-Garonne.Nos cours s\u2019adressent aux d\u00e9butants comme aux apiculteurs souhaitant approfondir leurs connaissances. Le rucher \u00e9cole situ\u00e9 pr\u00e8s de Montauban accueille \u00e9galement des participants venant du Tarn, du Lot, du Gers et de la Haute-Garonne.\" \/>\n<meta name=\"robots\" content=\"index, follow, max-snippet:-1, max-image-preview:large, max-video-preview:-1\" \/>\n<link rel=\"canonical\" href=\"https:\/\/abeille-tarnetgaronnaise.fr\/Atg82_new\/agenda-des-cours-association-labeille-tarn-et-garonnaise\/\" \/>\n<meta property=\"og:locale\" content=\"fr_FR\" \/>\n<meta property=\"og:type\" content=\"article\" \/>\n<meta property=\"og:title\" content=\"Agenda des cours - L&#039;abeille tarn et garonnaise\" \/>\n<meta property=\"og:description\" content=\"L\u2019association d\u2019apiculture L\u2019Abeille Tarn et Garonnaise propose des formations et un rucher \u00e9cole pour tous ceux qui souhaitent d\u00e9couvrir l\u2019apiculture et devenir apiculteur amateur dans le Tarn-et-Garonne.Nos cours s\u2019adressent aux d\u00e9butants comme aux apiculteurs souhaitant approfondir leurs connaissances. Le rucher \u00e9cole situ\u00e9 pr\u00e8s de Montauban accueille \u00e9galement des participants venant du Tarn, du Lot, du Gers et de la Haute-Garonne.\" \/>\n<meta property=\"og:url\" content=\"https:\/\/abeille-tarnetgaronnaise.fr\/Atg82_new\/agenda-des-cours-association-labeille-tarn-et-garonnaise\/\" \/>\n<meta property=\"og:site_name\" content=\"L&#039;abeille tarn et garonnaise\" \/>\n<meta property=\"article:modified_time\" content=\"2026-04-23T04:21:13+00:00\" \/>\n<meta property=\"og:image\" content=\"https:\/\/abeille-tarnetgaronnaise.fr\/Atg82_new\/wp-content\/uploads\/2024\/11\/SAM_4045-1024x768.jpg\" \/>\n<meta name=\"twitter:card\" content=\"summary_large_image\" \/>\n<meta name=\"twitter:label1\" content=\"Dur\u00e9e de lecture estim\u00e9e\" \/>\n\t<meta name=\"twitter:data1\" content=\"2 minutes\" \/>\n<script type=\"application\/ld+json\" class=\"yoast-schema-graph\">{\"@context\":\"https:\\\/\\\/schema.org\",\"@graph\":[{\"@type\":\"WebPage\",\"@id\":\"https:\\\/\\\/abeille-tarnetgaronnaise.fr\\\/Atg82_new\\\/agenda-des-cours-association-labeille-tarn-et-garonnaise\\\/\",\"url\":\"https:\\\/\\\/abeille-tarnetgaronnaise.fr\\\/Atg82_new\\\/agenda-des-cours-association-labeille-tarn-et-garonnaise\\\/\",\"name\":\"Agenda des cours - L&#039;abeille tarn et garonnaise\",\"isPartOf\":{\"@id\":\"https:\\\/\\\/abeille-tarnetgaronnaise.fr\\\/Atg82_new\\\/#website\"},\"primaryImageOfPage\":{\"@id\":\"https:\\\/\\\/abeille-tarnetgaronnaise.fr\\\/Atg82_new\\\/agenda-des-cours-association-labeille-tarn-et-garonnaise\\\/#primaryimage\"},\"image\":{\"@id\":\"https:\\\/\\\/abeille-tarnetgaronnaise.fr\\\/Atg82_new\\\/agenda-des-cours-association-labeille-tarn-et-garonnaise\\\/#primaryimage\"},\"thumbnailUrl\":\"https:\\\/\\\/abeille-tarnetgaronnaise.fr\\\/Atg82_new\\\/wp-content\\\/uploads\\\/2024\\\/11\\\/SAM_4045-1024x768.jpg\",\"datePublished\":\"2015-06-19T09:09:42+00:00\",\"dateModified\":\"2026-04-23T04:21:13+00:00\",\"description\":\"L\u2019association d\u2019apiculture L\u2019Abeille Tarn et Garonnaise propose des formations et un rucher \u00e9cole pour tous ceux qui souhaitent d\u00e9couvrir l\u2019apiculture et devenir apiculteur amateur dans le Tarn-et-Garonne.Nos cours s\u2019adressent aux d\u00e9butants comme aux apiculteurs souhaitant approfondir leurs connaissances. Le rucher \u00e9cole situ\u00e9 pr\u00e8s de Montauban accueille \u00e9galement des participants venant du Tarn, du Lot, du Gers et de la Haute-Garonne.\",\"breadcrumb\":{\"@id\":\"https:\\\/\\\/abeille-tarnetgaronnaise.fr\\\/Atg82_new\\\/agenda-des-cours-association-labeille-tarn-et-garonnaise\\\/#breadcrumb\"},\"inLanguage\":\"fr-FR\",\"potentialAction\":[{\"@type\":\"ReadAction\",\"target\":[\"https:\\\/\\\/abeille-tarnetgaronnaise.fr\\\/Atg82_new\\\/agenda-des-cours-association-labeille-tarn-et-garonnaise\\\/\"]}]},{\"@type\":\"ImageObject\",\"inLanguage\":\"fr-FR\",\"@id\":\"https:\\\/\\\/abeille-tarnetgaronnaise.fr\\\/Atg82_new\\\/agenda-des-cours-association-labeille-tarn-et-garonnaise\\\/#primaryimage\",\"url\":\"https:\\\/\\\/abeille-tarnetgaronnaise.fr\\\/Atg82_new\\\/wp-content\\\/uploads\\\/2024\\\/11\\\/SAM_4045-scaled.jpg\",\"contentUrl\":\"https:\\\/\\\/abeille-tarnetgaronnaise.fr\\\/Atg82_new\\\/wp-content\\\/uploads\\\/2024\\\/11\\\/SAM_4045-scaled.jpg\",\"width\":2560,\"height\":1920,\"caption\":\"SAMSUNG CAMERA PICTURES\"},{\"@type\":\"BreadcrumbList\",\"@id\":\"https:\\\/\\\/abeille-tarnetgaronnaise.fr\\\/Atg82_new\\\/agenda-des-cours-association-labeille-tarn-et-garonnaise\\\/#breadcrumb\",\"itemListElement\":[{\"@type\":\"ListItem\",\"position\":1,\"name\":\"Accueil\",\"item\":\"https:\\\/\\\/abeille-tarnetgaronnaise.fr\\\/Atg82_new\\\/\"},{\"@type\":\"ListItem\",\"position\":2,\"name\":\"Agenda des cours\"}]},{\"@type\":\"WebSite\",\"@id\":\"https:\\\/\\\/abeille-tarnetgaronnaise.fr\\\/Atg82_new\\\/#website\",\"url\":\"https:\\\/\\\/abeille-tarnetgaronnaise.fr\\\/Atg82_new\\\/\",\"name\":\"L'Abeille Tarn et Garonnaise\",\"description\":\"Ensemble, prot\u00e9geons les abeilles !\",\"publisher\":{\"@id\":\"https:\\\/\\\/abeille-tarnetgaronnaise.fr\\\/Atg82_new\\\/#organization\"},\"potentialAction\":[{\"@type\":\"SearchAction\",\"target\":{\"@type\":\"EntryPoint\",\"urlTemplate\":\"https:\\\/\\\/abeille-tarnetgaronnaise.fr\\\/Atg82_new\\\/?s={search_term_string}\"},\"query-input\":{\"@type\":\"PropertyValueSpecification\",\"valueRequired\":true,\"valueName\":\"search_term_string\"}}],\"inLanguage\":\"fr-FR\"},{\"@type\":\"Organization\",\"@id\":\"https:\\\/\\\/abeille-tarnetgaronnaise.fr\\\/Atg82_new\\\/#organization\",\"name\":\"L'abeille tarn et garonnaise\",\"url\":\"https:\\\/\\\/abeille-tarnetgaronnaise.fr\\\/Atg82_new\\\/\",\"logo\":{\"@type\":\"ImageObject\",\"inLanguage\":\"fr-FR\",\"@id\":\"https:\\\/\\\/abeille-tarnetgaronnaise.fr\\\/Atg82_new\\\/#\\\/schema\\\/logo\\\/image\\\/\",\"url\":\"https:\\\/\\\/abeille-tarnetgaronnaise.fr\\\/Atg82_new\\\/wp-content\\\/uploads\\\/2025\\\/02\\\/logo_ATG.jpg\",\"contentUrl\":\"https:\\\/\\\/abeille-tarnetgaronnaise.fr\\\/Atg82_new\\\/wp-content\\\/uploads\\\/2025\\\/02\\\/logo_ATG.jpg\",\"width\":200,\"height\":100,\"caption\":\"L'abeille tarn et garonnaise\"},\"image\":{\"@id\":\"https:\\\/\\\/abeille-tarnetgaronnaise.fr\\\/Atg82_new\\\/#\\\/schema\\\/logo\\\/image\\\/\"}}]}<\/script>\n<!-- \/ Yoast SEO plugin. -->","yoast_head_json":{"title":"Agenda des cours - L&#039;abeille tarn et garonnaise","description":"L\u2019association d\u2019apiculture L\u2019Abeille Tarn et Garonnaise propose des formations et un rucher \u00e9cole pour tous ceux qui souhaitent d\u00e9couvrir l\u2019apiculture et devenir apiculteur amateur dans le Tarn-et-Garonne.Nos cours s\u2019adressent aux d\u00e9butants comme aux apiculteurs souhaitant approfondir leurs connaissances. Le rucher \u00e9cole situ\u00e9 pr\u00e8s de Montauban accueille \u00e9galement des participants venant du Tarn, du Lot, du Gers et de la Haute-Garonne.","robots":{"index":"index","follow":"follow","max-snippet":"max-snippet:-1","max-image-preview":"max-image-preview:large","max-video-preview":"max-video-preview:-1"},"canonical":"https:\/\/abeille-tarnetgaronnaise.fr\/Atg82_new\/agenda-des-cours-association-labeille-tarn-et-garonnaise\/","og_locale":"fr_FR","og_type":"article","og_title":"Agenda des cours - L&#039;abeille tarn et garonnaise","og_description":"L\u2019association d\u2019apiculture L\u2019Abeille Tarn et Garonnaise propose des formations et un rucher \u00e9cole pour tous ceux qui souhaitent d\u00e9couvrir l\u2019apiculture et devenir apiculteur amateur dans le Tarn-et-Garonne.Nos cours s\u2019adressent aux d\u00e9butants comme aux apiculteurs souhaitant approfondir leurs connaissances. Le rucher \u00e9cole situ\u00e9 pr\u00e8s de Montauban accueille \u00e9galement des participants venant du Tarn, du Lot, du Gers et de la Haute-Garonne.","og_url":"https:\/\/abeille-tarnetgaronnaise.fr\/Atg82_new\/agenda-des-cours-association-labeille-tarn-et-garonnaise\/","og_site_name":"L&#039;abeille tarn et garonnaise","article_modified_time":"2026-04-23T04:21:13+00:00","og_image":[{"url":"https:\/\/abeille-tarnetgaronnaise.fr\/Atg82_new\/wp-content\/uploads\/2024\/11\/SAM_4045-1024x768.jpg","type":"","width":"","height":""}],"twitter_card":"summary_large_image","twitter_misc":{"Dur\u00e9e de lecture estim\u00e9e":"2 minutes"},"schema":{"@context":"https:\/\/schema.org","@graph":[{"@type":"WebPage","@id":"https:\/\/abeille-tarnetgaronnaise.fr\/Atg82_new\/agenda-des-cours-association-labeille-tarn-et-garonnaise\/","url":"https:\/\/abeille-tarnetgaronnaise.fr\/Atg82_new\/agenda-des-cours-association-labeille-tarn-et-garonnaise\/","name":"Agenda des cours - L&#039;abeille tarn et garonnaise","isPartOf":{"@id":"https:\/\/abeille-tarnetgaronnaise.fr\/Atg82_new\/#website"},"primaryImageOfPage":{"@id":"https:\/\/abeille-tarnetgaronnaise.fr\/Atg82_new\/agenda-des-cours-association-labeille-tarn-et-garonnaise\/#primaryimage"},"image":{"@id":"https:\/\/abeille-tarnetgaronnaise.fr\/Atg82_new\/agenda-des-cours-association-labeille-tarn-et-garonnaise\/#primaryimage"},"thumbnailUrl":"https:\/\/abeille-tarnetgaronnaise.fr\/Atg82_new\/wp-content\/uploads\/2024\/11\/SAM_4045-1024x768.jpg","datePublished":"2015-06-19T09:09:42+00:00","dateModified":"2026-04-23T04:21:13+00:00","description":"L\u2019association d\u2019apiculture L\u2019Abeille Tarn et Garonnaise propose des formations et un rucher \u00e9cole pour tous ceux qui souhaitent d\u00e9couvrir l\u2019apiculture et devenir apiculteur amateur dans le Tarn-et-Garonne.Nos cours s\u2019adressent aux d\u00e9butants comme aux apiculteurs souhaitant approfondir leurs connaissances. Le rucher \u00e9cole situ\u00e9 pr\u00e8s de Montauban accueille \u00e9galement des participants venant du Tarn, du Lot, du Gers et de la Haute-Garonne.","breadcrumb":{"@id":"https:\/\/abeille-tarnetgaronnaise.fr\/Atg82_new\/agenda-des-cours-association-labeille-tarn-et-garonnaise\/#breadcrumb"},"inLanguage":"fr-FR","potentialAction":[{"@type":"ReadAction","target":["https:\/\/abeille-tarnetgaronnaise.fr\/Atg82_new\/agenda-des-cours-association-labeille-tarn-et-garonnaise\/"]}]},{"@type":"ImageObject","inLanguage":"fr-FR","@id":"https:\/\/abeille-tarnetgaronnaise.fr\/Atg82_new\/agenda-des-cours-association-labeille-tarn-et-garonnaise\/#primaryimage","url":"https:\/\/abeille-tarnetgaronnaise.fr\/Atg82_new\/wp-content\/uploads\/2024\/11\/SAM_4045-scaled.jpg","contentUrl":"https:\/\/abeille-tarnetgaronnaise.fr\/Atg82_new\/wp-content\/uploads\/2024\/11\/SAM_4045-scaled.jpg","width":2560,"height":1920,"caption":"SAMSUNG CAMERA PICTURES"},{"@type":"BreadcrumbList","@id":"https:\/\/abeille-tarnetgaronnaise.fr\/Atg82_new\/agenda-des-cours-association-labeille-tarn-et-garonnaise\/#breadcrumb","itemListElement":[{"@type":"ListItem","position":1,"name":"Accueil","item":"https:\/\/abeille-tarnetgaronnaise.fr\/Atg82_new\/"},{"@type":"ListItem","position":2,"name":"Agenda des cours"}]},{"@type":"WebSite","@id":"https:\/\/abeille-tarnetgaronnaise.fr\/Atg82_new\/#website","url":"https:\/\/abeille-tarnetgaronnaise.fr\/Atg82_new\/","name":"L'Abeille Tarn et Garonnaise","description":"Ensemble, prot\u00e9geons les abeilles !","publisher":{"@id":"https:\/\/abeille-tarnetgaronnaise.fr\/Atg82_new\/#organization"},"potentialAction":[{"@type":"SearchAction","target":{"@type":"EntryPoint","urlTemplate":"https:\/\/abeille-tarnetgaronnaise.fr\/Atg82_new\/?s={search_term_string}"},"query-input":{"@type":"PropertyValueSpecification","valueRequired":true,"valueName":"search_term_string"}}],"inLanguage":"fr-FR"},{"@type":"Organization","@id":"https:\/\/abeille-tarnetgaronnaise.fr\/Atg82_new\/#organization","name":"L'abeille tarn et garonnaise","url":"https:\/\/abeille-tarnetgaronnaise.fr\/Atg82_new\/","logo":{"@type":"ImageObject","inLanguage":"fr-FR","@id":"https:\/\/abeille-tarnetgaronnaise.fr\/Atg82_new\/#\/schema\/logo\/image\/","url":"https:\/\/abeille-tarnetgaronnaise.fr\/Atg82_new\/wp-content\/uploads\/2025\/02\/logo_ATG.jpg","contentUrl":"https:\/\/abeille-tarnetgaronnaise.fr\/Atg82_new\/wp-content\/uploads\/2025\/02\/logo_ATG.jpg","width":200,"height":100,"caption":"L'abeille tarn et garonnaise"},"image":{"@id":"https:\/\/abeille-tarnetgaronnaise.fr\/Atg82_new\/#\/schema\/logo\/image\/"}}]}},"_links":{"self":[{"href":"https:\/\/abeille-tarnetgaronnaise.fr\/Atg82_new\/wp-json\/wp\/v2\/pages\/41","targetHints":{"allow":["GET"]}}],"collection":[{"href":"https:\/\/abeille-tarnetgaronnaise.fr\/Atg82_new\/wp-json\/wp\/v2\/pages"}],"about":[{"href":"https:\/\/abeille-tarnetgaronnaise.fr\/Atg82_new\/wp-json\/wp\/v2\/types\/page"}],"author":[{"embeddable":true,"href":"https:\/\/abeille-tarnetgaronnaise.fr\/Atg82_new\/wp-json\/wp\/v2\/users\/2"}],"replies":[{"embeddable":true,"href":"https:\/\/abeille-tarnetgaronnaise.fr\/Atg82_new\/wp-json\/wp\/v2\/comments?post=41"}],"version-history":[{"count":54,"href":"https:\/\/abeille-tarnetgaronnaise.fr\/Atg82_new\/wp-json\/wp\/v2\/pages\/41\/revisions"}],"predecessor-version":[{"id":5633,"href":"https:\/\/abeille-tarnetgaronnaise.fr\/Atg82_new\/wp-json\/wp\/v2\/pages\/41\/revisions\/5633"}],"wp:attachment":[{"href":"https:\/\/abeille-tarnetgaronnaise.fr\/Atg82_new\/wp-json\/wp\/v2\/media?parent=41"}],"curies":[{"name":"wp","href":"https:\/\/api.w.org\/{rel}","templated":true}]}}