{"id":39,"date":"2015-06-19T10:09:25","date_gmt":"2015-06-19T09:09:25","guid":{"rendered":"http:\/\/localhost\/monsite\/?page_id=39"},"modified":"2025-02-14T14:59:53","modified_gmt":"2025-02-14T13:59:53","slug":"le-rucher-ecole","status":"publish","type":"page","link":"https:\/\/abeille-tarnetgaronnaise.fr\/Atg82_new\/le-rucher-ecole\/","title":{"rendered":"Le Rucher \u00c9cole"},"content":{"rendered":"\t\t<div data-elementor-type=\"wp-page\" data-elementor-id=\"39\" class=\"elementor elementor-39\" data-elementor-post-type=\"page\">\n\t\t\t\t<div class=\"elementor-element elementor-element-7bd2dc4a e-flex e-con-boxed e-con e-parent\" data-id=\"7bd2dc4a\" data-element_type=\"container\" data-e-type=\"container\">\n\t\t\t\t\t<div class=\"e-con-inner\">\n\t\t<div class=\"elementor-element elementor-element-1d54b153 e-con-full e-flex e-con e-child\" data-id=\"1d54b153\" data-element_type=\"container\" data-e-type=\"container\">\n\t\t\t\t<div class=\"elementor-element elementor-element-a88cdb5 elementor-widget elementor-widget-heading\" data-id=\"a88cdb5\" data-element_type=\"widget\" data-e-type=\"widget\" data-widget_type=\"heading.default\">\n\t\t\t\t\t<h2 class=\"elementor-heading-title elementor-size-default\">De la th\u00e9orie <span style=\"color: #d3a863\"><br><strong>\u00e0 la pratique<\/strong><\/h2>\t\t\t\t<\/div>\n\t\t\t\t<div class=\"elementor-element elementor-element-30cda685 elementor-widget elementor-widget-heading\" data-id=\"30cda685\" data-element_type=\"widget\" data-e-type=\"widget\" data-widget_type=\"heading.default\">\n\t\t\t\t\t<h4 class=\"elementor-heading-title elementor-size-default\">dans un cadre respectueux de l'environnement<\/h4>\t\t\t\t<\/div>\n\t\t\t\t<div class=\"elementor-element elementor-element-62a1467 elementor-widget elementor-widget-image\" data-id=\"62a1467\" data-element_type=\"widget\" data-e-type=\"widget\" data-widget_type=\"image.default\">\n\t\t\t\t\t\t\t\t\t\t\t\t\t\t\t<img decoding=\"async\" src=\"https:\/\/abeille-tarnetgaronnaise.fr\/Atg82_new\/wp-content\/uploads\/2024\/12\/bee_bottom.svg\" class=\"attachment-full size-full wp-image-3380\" alt=\"\" \/>\t\t\t\t\t\t\t\t\t\t\t\t\t\t\t<\/div>\n\t\t\t\t<div class=\"elementor-element elementor-element-5277833 elementor-widget elementor-widget-qi_addons_for_elementor_blockquote\" data-id=\"5277833\" data-element_type=\"widget\" data-e-type=\"widget\" data-widget_type=\"qi_addons_for_elementor_blockquote.default\">\n\t\t\t\t<div class=\"elementor-widget-container\">\n\t\t\t\t\t<div class=\"qodef-shortcode qodef-m qodef-qi-blockquote qodef-layout--top qodef--icon-pack\">\n\t\t\t<div class=\"qodef-m-icon\">\n\t\t\t<svg aria-hidden=\"true\" class=\"e-font-icon-svg e-fas-quote-right\" viewBox=\"0 0 512 512\" xmlns=\"http:\/\/www.w3.org\/2000\/svg\"><path d=\"M464 32H336c-26.5 0-48 21.5-48 48v128c0 26.5 21.5 48 48 48h80v64c0 35.3-28.7 64-64 64h-8c-13.3 0-24 10.7-24 24v48c0 13.3 10.7 24 24 24h8c88.4 0 160-71.6 160-160V80c0-26.5-21.5-48-48-48zm-288 0H48C21.5 32 0 53.5 0 80v128c0 26.5 21.5 48 48 48h80v64c0 35.3-28.7 64-64 64h-8c-13.3 0-24 10.7-24 24v48c0 13.3 10.7 24 24 24h8c88.4 0 160-71.6 160-160V80c0-26.5-21.5-48-48-48z\"><\/path><\/svg>\t\t<\/div>\n\t\t\t\t<h6 class=\"qodef-m-text\">\n\t\t\tL\u2019abeille intervient comme sentinelle et donne\nl\u2019alerte pour les atteintes \u00e0 l\u2019environnement et la biodiversit\u00e9.\t\t<\/h6>\n\t<\/div>\n\t\t\t\t<\/div>\n\t\t\t\t<\/div>\n\t\t\t\t<div class=\"elementor-element elementor-element-83bffae elementor-widget elementor-widget-image\" data-id=\"83bffae\" data-element_type=\"widget\" data-e-type=\"widget\" data-widget_type=\"image.default\">\n\t\t\t\t\t\t\t\t\t\t\t\t\t\t\t<img decoding=\"async\" src=\"https:\/\/abeille-tarnetgaronnaise.fr\/Atg82_new\/wp-content\/uploads\/2024\/12\/bee2.svg\" title=\"bee2\" alt=\"bee2\" loading=\"lazy\" \/>\t\t\t\t\t\t\t\t\t\t\t\t\t\t\t<\/div>\n\t\t\t\t<div class=\"elementor-element elementor-element-c5321e8 elementor-widget elementor-widget-image\" data-id=\"c5321e8\" data-element_type=\"widget\" data-e-type=\"widget\" data-widget_type=\"image.default\">\n\t\t\t\t\t\t\t\t\t\t\t\t\t\t\t<img fetchpriority=\"high\" decoding=\"async\" width=\"2560\" height=\"1435\" src=\"https:\/\/abeille-tarnetgaronnaise.fr\/Atg82_new\/wp-content\/uploads\/2025\/01\/beekeeper-working-bee-farm1-scaled.jpg\" class=\"attachment-full size-full wp-image-3898\" alt=\"apicilteur\" srcset=\"https:\/\/abeille-tarnetgaronnaise.fr\/Atg82_new\/wp-content\/uploads\/2025\/01\/beekeeper-working-bee-farm1-scaled.jpg 2560w, https:\/\/abeille-tarnetgaronnaise.fr\/Atg82_new\/wp-content\/uploads\/2025\/01\/beekeeper-working-bee-farm1-300x168.jpg 300w, https:\/\/abeille-tarnetgaronnaise.fr\/Atg82_new\/wp-content\/uploads\/2025\/01\/beekeeper-working-bee-farm1-1024x574.jpg 1024w, https:\/\/abeille-tarnetgaronnaise.fr\/Atg82_new\/wp-content\/uploads\/2025\/01\/beekeeper-working-bee-farm1-768x430.jpg 768w, https:\/\/abeille-tarnetgaronnaise.fr\/Atg82_new\/wp-content\/uploads\/2025\/01\/beekeeper-working-bee-farm1-1536x861.jpg 1536w, https:\/\/abeille-tarnetgaronnaise.fr\/Atg82_new\/wp-content\/uploads\/2025\/01\/beekeeper-working-bee-farm1-2048x1148.jpg 2048w\" sizes=\"(max-width: 2560px) 100vw, 2560px\" \/>\t\t\t\t\t\t\t\t\t\t\t\t\t\t\t<\/div>\n\t\t\t\t<\/div>\n\t\t<div class=\"elementor-element elementor-element-7c84ac5c e-con-full e-flex e-con e-child\" data-id=\"7c84ac5c\" data-element_type=\"container\" data-e-type=\"container\">\n\t\t\t\t<div class=\"elementor-element elementor-element-751f2c79 elementor-widget elementor-widget-text-editor\" data-id=\"751f2c79\" data-element_type=\"widget\" data-e-type=\"widget\" data-widget_type=\"text-editor.default\">\n\t\t\t\t\t\t\t\t\t<p>L\u2019association d\u00e9partementale apicole, L\u2019Abeille Tarn et Garonnaise propose \u00e0 tous ses adh\u00e9rents des cours gratuits, pratiques et th\u00e9oriques d\u2019initiation \u00e0 l\u2019apiculture.<\/p><p>L\u2019association compte \u00e0 ce jour <strong>115 adh\u00e9rents<\/strong> d\u00e9tenant 1500 ruches sur tout le d\u00e9partement du Tarn et Garonne et d\u00e9partements voisins. Nos adh\u00e9rents sont principalement des amateurs mais aussi des professionnels.<\/p>\t\t\t\t\t\t\t\t<\/div>\n\t\t<div class=\"elementor-element elementor-element-35c2f414 e-grid e-con-full e-con e-child\" data-id=\"35c2f414\" data-element_type=\"container\" data-e-type=\"container\">\n\t\t\t\t<div class=\"elementor-element elementor-element-77e30dda elementor-widget elementor-widget-image\" data-id=\"77e30dda\" data-element_type=\"widget\" data-e-type=\"widget\" data-widget_type=\"image.default\">\n\t\t\t\t\t\t\t\t\t\t\t\t\t\t\t<img decoding=\"async\" width=\"1024\" height=\"680\" src=\"https:\/\/abeille-tarnetgaronnaise.fr\/Atg82_new\/wp-content\/uploads\/2024\/12\/ruchre-ecole.jpg\" class=\"attachment-large size-large wp-image-3446\" alt=\"ruchre-ecole ATG 82\" srcset=\"https:\/\/abeille-tarnetgaronnaise.fr\/Atg82_new\/wp-content\/uploads\/2024\/12\/ruchre-ecole.jpg 1024w, https:\/\/abeille-tarnetgaronnaise.fr\/Atg82_new\/wp-content\/uploads\/2024\/12\/ruchre-ecole-300x199.jpg 300w, https:\/\/abeille-tarnetgaronnaise.fr\/Atg82_new\/wp-content\/uploads\/2024\/12\/ruchre-ecole-768x510.jpg 768w\" sizes=\"(max-width: 1024px) 100vw, 1024px\" \/>\t\t\t\t\t\t\t\t\t\t\t\t\t\t\t<\/div>\n\t\t\t\t<\/div>\n\t\t\t\t<div class=\"elementor-element elementor-element-1566c969 elementor-widget elementor-widget-heading\" data-id=\"1566c969\" data-element_type=\"widget\" data-e-type=\"widget\" data-widget_type=\"heading.default\">\n\t\t\t\t\t<h3 class=\"elementor-heading-title elementor-size-default\">Notre vocation<\/h3>\t\t\t\t<\/div>\n\t\t\t\t<div class=\"elementor-element elementor-element-58905116 elementor-widget elementor-widget-text-editor\" data-id=\"58905116\" data-element_type=\"widget\" data-e-type=\"widget\" data-widget_type=\"text-editor.default\">\n\t\t\t\t\t\t\t\t\t<p><strong>Le rucher \u00e9cole<\/strong> a pour vocation de vous donner les connaissances pour d\u00e9marrer avec une ruche ou bien compl\u00e9ter votre savoir-faire dans l\u2019apiculture.<\/p><p>Ouvert \u00e0 tous, Il est anim\u00e9 par des formateurs b\u00e9n\u00e9voles qui sauront vous donner des conseils dans nos locaux mis \u00e0 disposition par la mairie de Montbartier au p\u00f4le nature.<\/p><p>Nos cours s\u2019adressent aussi bien \u00e0 des novices qu\u2019\u00e0 des amateurs d\u00e9butants ou confirm\u00e9s. De la th\u00e9orie \u00e0 la pratique, vous d\u00e9couvrirez tout au long de la saison apicole de janvier \u00e0 octobre la biologie de l\u2019abeille, les diff\u00e9rents cycles de vie d\u2019une colonie et son environnement.<\/p><p>Vous serez initi\u00e9 \u00e0 la pratique des gestes et techniques apicoles dans un cadre chaleureux et bienveillant.<\/p>\t\t\t\t\t\t\t\t<\/div>\n\t\t\t\t<\/div>\n\t\t\t\t\t<\/div>\n\t\t\t\t<\/div>\n\t\t<div class=\"elementor-element elementor-element-c08f509 e-con-full e-flex e-con e-parent\" data-id=\"c08f509\" data-element_type=\"container\" data-e-type=\"container\" data-settings=\"{&quot;background_background&quot;:&quot;classic&quot;}\">\n\t\t\t\t<div class=\"elementor-element elementor-element-73cd4c8 elementor-widget elementor-widget-heading\" data-id=\"73cd4c8\" data-element_type=\"widget\" data-e-type=\"widget\" data-widget_type=\"heading.default\">\n\t\t\t\t\t<h2 class=\"elementor-heading-title elementor-size-default\">Rejoignez notre Association !<\/h2>\t\t\t\t<\/div>\n\t\t\t\t<div class=\"elementor-element elementor-element-6303d05 elementor-widget elementor-widget-text-editor\" data-id=\"6303d05\" data-element_type=\"widget\" data-e-type=\"widget\" data-widget_type=\"text-editor.default\">\n\t\t\t\t\t\t\t\t\t<p>Vous souhaitez jouer un r\u00f4le dans notre association et participez \u00e0 pr\u00e9servation de la biodiversit\u00e9 ?<\/p>\t\t\t\t\t\t\t\t<\/div>\n\t\t\t\t<div class=\"elementor-element elementor-element-b484219 elementor-mobile-align-center elementor-align-center elementor-widget elementor-widget-button\" data-id=\"b484219\" data-element_type=\"widget\" data-e-type=\"widget\" data-widget_type=\"button.default\">\n\t\t\t\t\t\t\t\t\t\t<a class=\"elementor-button elementor-button-link elementor-size-sm\" href=\"https:\/\/abeille-tarnetgaronnaise.fr\/Atg82_new\/adherer-a-lassociation\/\" rel=\"nofollow\">\n\t\t\t\t\t\t<span class=\"elementor-button-content-wrapper\">\n\t\t\t\t\t\t\t\t\t<span class=\"elementor-button-text\">Adh\u00e9rer<\/span>\n\t\t\t\t\t<\/span>\n\t\t\t\t\t<\/a>\n\t\t\t\t\t\t\t\t<\/div>\n\t\t\t\t<\/div>\n\t\t<div class=\"elementor-element elementor-element-39e9c98b e-flex e-con-boxed e-con e-parent\" data-id=\"39e9c98b\" data-element_type=\"container\" data-e-type=\"container\" data-settings=\"{&quot;background_background&quot;:&quot;classic&quot;,&quot;shape_divider_top&quot;:&quot;opacity-tilt&quot;}\">\n\t\t\t\t\t<div class=\"e-con-inner\">\n\t\t\t\t<div class=\"elementor-shape elementor-shape-top\" aria-hidden=\"true\" data-negative=\"false\">\n\t\t\t<svg xmlns=\"http:\/\/www.w3.org\/2000\/svg\" viewBox=\"0 0 2600 131.1\" preserveAspectRatio=\"none\">\n\t<path class=\"elementor-shape-fill\" d=\"M0 0L2600 0 2600 69.1 0 0z\"\/>\n\t<path class=\"elementor-shape-fill\" style=\"opacity:0.5\" d=\"M0 0L2600 0 2600 69.1 0 69.1z\"\/>\n\t<path class=\"elementor-shape-fill\" style=\"opacity:0.25\" d=\"M2600 0L0 0 0 130.1 2600 69.1z\"\/>\n<\/svg>\t\t<\/div>\n\t\t\t\t\t<\/div>\n\t\t\t\t<\/div>\n\t\t\t\t<\/div>\n\t\t","protected":false},"excerpt":{"rendered":"<p>De la th\u00e9orie \u00e0 la pratique dans un cadre respectueux de l&rsquo;environnement L\u2019abeille intervient comme sentinelle et donne l\u2019alerte pour les atteintes \u00e0 l\u2019environnement et la biodiversit\u00e9. L\u2019association d\u00e9partementale apicole, [&hellip;]<\/p>\n","protected":false},"author":2,"featured_media":264,"parent":0,"menu_order":0,"comment_status":"closed","ping_status":"closed","template":"page-full-width.php","meta":{"footnotes":""},"class_list":["post-39","page","type-page","status-publish","has-post-thumbnail","hentry"],"yoast_head":"<!-- This site is optimized with the Yoast SEO plugin v27.4 - https:\/\/yoast.com\/product\/yoast-seo-wordpress\/ -->\n<title>Le Rucher \u00c9cole - L&#039;abeille tarn et garonnaise<\/title>\n<meta name=\"robots\" content=\"index, follow, max-snippet:-1, max-image-preview:large, max-video-preview:-1\" \/>\n<link rel=\"canonical\" href=\"https:\/\/abeille-tarnetgaronnaise.fr\/Atg82_new\/le-rucher-ecole\/\" \/>\n<meta property=\"og:locale\" content=\"fr_FR\" \/>\n<meta property=\"og:type\" content=\"article\" \/>\n<meta property=\"og:title\" content=\"Le Rucher \u00c9cole - L&#039;abeille tarn et garonnaise\" \/>\n<meta property=\"og:description\" content=\"De la th\u00e9orie \u00e0 la pratique dans un cadre respectueux de l&rsquo;environnement L\u2019abeille intervient comme sentinelle et donne l\u2019alerte pour les atteintes \u00e0 l\u2019environnement et la biodiversit\u00e9. L\u2019association d\u00e9partementale apicole, [&hellip;]\" \/>\n<meta property=\"og:url\" content=\"https:\/\/abeille-tarnetgaronnaise.fr\/Atg82_new\/le-rucher-ecole\/\" \/>\n<meta property=\"og:site_name\" content=\"L&#039;abeille tarn et garonnaise\" \/>\n<meta property=\"article:modified_time\" content=\"2025-02-14T13:59:53+00:00\" \/>\n<meta name=\"twitter:card\" content=\"summary_large_image\" \/>\n<meta name=\"twitter:label1\" content=\"Dur\u00e9e de lecture estim\u00e9e\" \/>\n\t<meta name=\"twitter:data1\" content=\"1 minute\" \/>\n<script type=\"application\/ld+json\" class=\"yoast-schema-graph\">{\"@context\":\"https:\\\/\\\/schema.org\",\"@graph\":[{\"@type\":\"WebPage\",\"@id\":\"https:\\\/\\\/abeille-tarnetgaronnaise.fr\\\/Atg82_new\\\/le-rucher-ecole\\\/\",\"url\":\"https:\\\/\\\/abeille-tarnetgaronnaise.fr\\\/Atg82_new\\\/le-rucher-ecole\\\/\",\"name\":\"Le Rucher \u00c9cole - L&#039;abeille tarn et garonnaise\",\"isPartOf\":{\"@id\":\"https:\\\/\\\/abeille-tarnetgaronnaise.fr\\\/Atg82_new\\\/#website\"},\"primaryImageOfPage\":{\"@id\":\"https:\\\/\\\/abeille-tarnetgaronnaise.fr\\\/Atg82_new\\\/le-rucher-ecole\\\/#primaryimage\"},\"image\":{\"@id\":\"https:\\\/\\\/abeille-tarnetgaronnaise.fr\\\/Atg82_new\\\/le-rucher-ecole\\\/#primaryimage\"},\"thumbnailUrl\":\"\",\"datePublished\":\"2015-06-19T09:09:25+00:00\",\"dateModified\":\"2025-02-14T13:59:53+00:00\",\"breadcrumb\":{\"@id\":\"https:\\\/\\\/abeille-tarnetgaronnaise.fr\\\/Atg82_new\\\/le-rucher-ecole\\\/#breadcrumb\"},\"inLanguage\":\"fr-FR\",\"potentialAction\":[{\"@type\":\"ReadAction\",\"target\":[\"https:\\\/\\\/abeille-tarnetgaronnaise.fr\\\/Atg82_new\\\/le-rucher-ecole\\\/\"]}]},{\"@type\":\"ImageObject\",\"inLanguage\":\"fr-FR\",\"@id\":\"https:\\\/\\\/abeille-tarnetgaronnaise.fr\\\/Atg82_new\\\/le-rucher-ecole\\\/#primaryimage\",\"url\":\"\",\"contentUrl\":\"\"},{\"@type\":\"BreadcrumbList\",\"@id\":\"https:\\\/\\\/abeille-tarnetgaronnaise.fr\\\/Atg82_new\\\/le-rucher-ecole\\\/#breadcrumb\",\"itemListElement\":[{\"@type\":\"ListItem\",\"position\":1,\"name\":\"Accueil\",\"item\":\"https:\\\/\\\/abeille-tarnetgaronnaise.fr\\\/Atg82_new\\\/\"},{\"@type\":\"ListItem\",\"position\":2,\"name\":\"Le Rucher \u00c9cole\"}]},{\"@type\":\"WebSite\",\"@id\":\"https:\\\/\\\/abeille-tarnetgaronnaise.fr\\\/Atg82_new\\\/#website\",\"url\":\"https:\\\/\\\/abeille-tarnetgaronnaise.fr\\\/Atg82_new\\\/\",\"name\":\"L'Abeille Tarn et Garonnaise\",\"description\":\"Ensemble, prot\u00e9geons les abeilles !\",\"publisher\":{\"@id\":\"https:\\\/\\\/abeille-tarnetgaronnaise.fr\\\/Atg82_new\\\/#organization\"},\"potentialAction\":[{\"@type\":\"SearchAction\",\"target\":{\"@type\":\"EntryPoint\",\"urlTemplate\":\"https:\\\/\\\/abeille-tarnetgaronnaise.fr\\\/Atg82_new\\\/?s={search_term_string}\"},\"query-input\":{\"@type\":\"PropertyValueSpecification\",\"valueRequired\":true,\"valueName\":\"search_term_string\"}}],\"inLanguage\":\"fr-FR\"},{\"@type\":\"Organization\",\"@id\":\"https:\\\/\\\/abeille-tarnetgaronnaise.fr\\\/Atg82_new\\\/#organization\",\"name\":\"L'abeille tarn et garonnaise\",\"url\":\"https:\\\/\\\/abeille-tarnetgaronnaise.fr\\\/Atg82_new\\\/\",\"logo\":{\"@type\":\"ImageObject\",\"inLanguage\":\"fr-FR\",\"@id\":\"https:\\\/\\\/abeille-tarnetgaronnaise.fr\\\/Atg82_new\\\/#\\\/schema\\\/logo\\\/image\\\/\",\"url\":\"https:\\\/\\\/abeille-tarnetgaronnaise.fr\\\/Atg82_new\\\/wp-content\\\/uploads\\\/2025\\\/02\\\/logo_ATG.jpg\",\"contentUrl\":\"https:\\\/\\\/abeille-tarnetgaronnaise.fr\\\/Atg82_new\\\/wp-content\\\/uploads\\\/2025\\\/02\\\/logo_ATG.jpg\",\"width\":200,\"height\":100,\"caption\":\"L'abeille tarn et garonnaise\"},\"image\":{\"@id\":\"https:\\\/\\\/abeille-tarnetgaronnaise.fr\\\/Atg82_new\\\/#\\\/schema\\\/logo\\\/image\\\/\"}}]}<\/script>\n<!-- \/ Yoast SEO plugin. -->","yoast_head_json":{"title":"Le Rucher \u00c9cole - L&#039;abeille tarn et garonnaise","robots":{"index":"index","follow":"follow","max-snippet":"max-snippet:-1","max-image-preview":"max-image-preview:large","max-video-preview":"max-video-preview:-1"},"canonical":"https:\/\/abeille-tarnetgaronnaise.fr\/Atg82_new\/le-rucher-ecole\/","og_locale":"fr_FR","og_type":"article","og_title":"Le Rucher \u00c9cole - L&#039;abeille tarn et garonnaise","og_description":"De la th\u00e9orie \u00e0 la pratique dans un cadre respectueux de l&rsquo;environnement L\u2019abeille intervient comme sentinelle et donne l\u2019alerte pour les atteintes \u00e0 l\u2019environnement et la biodiversit\u00e9. L\u2019association d\u00e9partementale apicole, [&hellip;]","og_url":"https:\/\/abeille-tarnetgaronnaise.fr\/Atg82_new\/le-rucher-ecole\/","og_site_name":"L&#039;abeille tarn et garonnaise","article_modified_time":"2025-02-14T13:59:53+00:00","twitter_card":"summary_large_image","twitter_misc":{"Dur\u00e9e de lecture estim\u00e9e":"1 minute"},"schema":{"@context":"https:\/\/schema.org","@graph":[{"@type":"WebPage","@id":"https:\/\/abeille-tarnetgaronnaise.fr\/Atg82_new\/le-rucher-ecole\/","url":"https:\/\/abeille-tarnetgaronnaise.fr\/Atg82_new\/le-rucher-ecole\/","name":"Le Rucher \u00c9cole - L&#039;abeille tarn et garonnaise","isPartOf":{"@id":"https:\/\/abeille-tarnetgaronnaise.fr\/Atg82_new\/#website"},"primaryImageOfPage":{"@id":"https:\/\/abeille-tarnetgaronnaise.fr\/Atg82_new\/le-rucher-ecole\/#primaryimage"},"image":{"@id":"https:\/\/abeille-tarnetgaronnaise.fr\/Atg82_new\/le-rucher-ecole\/#primaryimage"},"thumbnailUrl":"","datePublished":"2015-06-19T09:09:25+00:00","dateModified":"2025-02-14T13:59:53+00:00","breadcrumb":{"@id":"https:\/\/abeille-tarnetgaronnaise.fr\/Atg82_new\/le-rucher-ecole\/#breadcrumb"},"inLanguage":"fr-FR","potentialAction":[{"@type":"ReadAction","target":["https:\/\/abeille-tarnetgaronnaise.fr\/Atg82_new\/le-rucher-ecole\/"]}]},{"@type":"ImageObject","inLanguage":"fr-FR","@id":"https:\/\/abeille-tarnetgaronnaise.fr\/Atg82_new\/le-rucher-ecole\/#primaryimage","url":"","contentUrl":""},{"@type":"BreadcrumbList","@id":"https:\/\/abeille-tarnetgaronnaise.fr\/Atg82_new\/le-rucher-ecole\/#breadcrumb","itemListElement":[{"@type":"ListItem","position":1,"name":"Accueil","item":"https:\/\/abeille-tarnetgaronnaise.fr\/Atg82_new\/"},{"@type":"ListItem","position":2,"name":"Le Rucher \u00c9cole"}]},{"@type":"WebSite","@id":"https:\/\/abeille-tarnetgaronnaise.fr\/Atg82_new\/#website","url":"https:\/\/abeille-tarnetgaronnaise.fr\/Atg82_new\/","name":"L'Abeille Tarn et Garonnaise","description":"Ensemble, prot\u00e9geons les abeilles !","publisher":{"@id":"https:\/\/abeille-tarnetgaronnaise.fr\/Atg82_new\/#organization"},"potentialAction":[{"@type":"SearchAction","target":{"@type":"EntryPoint","urlTemplate":"https:\/\/abeille-tarnetgaronnaise.fr\/Atg82_new\/?s={search_term_string}"},"query-input":{"@type":"PropertyValueSpecification","valueRequired":true,"valueName":"search_term_string"}}],"inLanguage":"fr-FR"},{"@type":"Organization","@id":"https:\/\/abeille-tarnetgaronnaise.fr\/Atg82_new\/#organization","name":"L'abeille tarn et garonnaise","url":"https:\/\/abeille-tarnetgaronnaise.fr\/Atg82_new\/","logo":{"@type":"ImageObject","inLanguage":"fr-FR","@id":"https:\/\/abeille-tarnetgaronnaise.fr\/Atg82_new\/#\/schema\/logo\/image\/","url":"https:\/\/abeille-tarnetgaronnaise.fr\/Atg82_new\/wp-content\/uploads\/2025\/02\/logo_ATG.jpg","contentUrl":"https:\/\/abeille-tarnetgaronnaise.fr\/Atg82_new\/wp-content\/uploads\/2025\/02\/logo_ATG.jpg","width":200,"height":100,"caption":"L'abeille tarn et garonnaise"},"image":{"@id":"https:\/\/abeille-tarnetgaronnaise.fr\/Atg82_new\/#\/schema\/logo\/image\/"}}]}},"_links":{"self":[{"href":"https:\/\/abeille-tarnetgaronnaise.fr\/Atg82_new\/wp-json\/wp\/v2\/pages\/39","targetHints":{"allow":["GET"]}}],"collection":[{"href":"https:\/\/abeille-tarnetgaronnaise.fr\/Atg82_new\/wp-json\/wp\/v2\/pages"}],"about":[{"href":"https:\/\/abeille-tarnetgaronnaise.fr\/Atg82_new\/wp-json\/wp\/v2\/types\/page"}],"author":[{"embeddable":true,"href":"https:\/\/abeille-tarnetgaronnaise.fr\/Atg82_new\/wp-json\/wp\/v2\/users\/2"}],"replies":[{"embeddable":true,"href":"https:\/\/abeille-tarnetgaronnaise.fr\/Atg82_new\/wp-json\/wp\/v2\/comments?post=39"}],"version-history":[{"count":61,"href":"https:\/\/abeille-tarnetgaronnaise.fr\/Atg82_new\/wp-json\/wp\/v2\/pages\/39\/revisions"}],"predecessor-version":[{"id":5603,"href":"https:\/\/abeille-tarnetgaronnaise.fr\/Atg82_new\/wp-json\/wp\/v2\/pages\/39\/revisions\/5603"}],"wp:featuredmedia":[{"embeddable":true,"href":"https:\/\/abeille-tarnetgaronnaise.fr\/Atg82_new\/wp-json\/"}],"wp:attachment":[{"href":"https:\/\/abeille-tarnetgaronnaise.fr\/Atg82_new\/wp-json\/wp\/v2\/media?parent=39"}],"curies":[{"name":"wp","href":"https:\/\/api.w.org\/{rel}","templated":true}]}}