{"id":35,"date":"2015-06-19T10:08:38","date_gmt":"2015-06-19T09:08:38","guid":{"rendered":"http:\/\/localhost\/monsite\/?page_id=35"},"modified":"2026-03-12T11:25:57","modified_gmt":"2026-03-12T10:25:57","slug":"adherer-a-lassociation-association-labeille-tarn-et-garonnaise","status":"publish","type":"page","link":"https:\/\/abeille-tarnetgaronnaise.fr\/Atg82_new\/adherer-a-lassociation-association-labeille-tarn-et-garonnaise\/","title":{"rendered":"Adh\u00e9rer a l&rsquo;Association"},"content":{"rendered":"\t\t<div data-elementor-type=\"wp-page\" data-elementor-id=\"35\" class=\"elementor elementor-35\" data-elementor-post-type=\"page\">\n\t\t\t\t<div class=\"elementor-element elementor-element-7bb6fa11 e-flex e-con-boxed e-con e-parent\" data-id=\"7bb6fa11\" data-element_type=\"container\" data-e-type=\"container\" data-settings=\"{&quot;background_background&quot;:&quot;classic&quot;}\">\n\t\t\t\t\t<div class=\"e-con-inner\">\n\t\t<div class=\"elementor-element elementor-element-2fc5deab e-con-full e-flex e-con e-child\" data-id=\"2fc5deab\" data-element_type=\"container\" data-e-type=\"container\">\n\t\t\t\t<div class=\"elementor-element elementor-element-cebbec4 elementor-widget-tablet__width-initial elementor-widget elementor-widget-text-editor\" data-id=\"cebbec4\" data-element_type=\"widget\" data-e-type=\"widget\" data-widget_type=\"text-editor.default\">\n\t\t\t\t\t\t\t\t\t<h5><strong><span style=\"color: #2a323b; font-size: 18px;\">Vous souhaitez<br \/>adh\u00e9rer \u00e0 l\u2019association de<\/span><\/strong><\/h5>\t\t\t\t\t\t\t\t<\/div>\n\t\t\t\t<div class=\"elementor-element elementor-element-34285dd3 elementor-widget elementor-widget-heading\" data-id=\"34285dd3\" data-element_type=\"widget\" data-e-type=\"widget\" data-widget_type=\"heading.default\">\n\t\t\t\t\t<h2 class=\"elementor-heading-title elementor-size-default\">l\u2019Abeille Tarn et Garonnaise ?<\/h2>\t\t\t\t<\/div>\n\t\t\t\t<div class=\"elementor-element elementor-element-2c4af920 elementor-widget elementor-widget-text-editor\" data-id=\"2c4af920\" data-element_type=\"widget\" data-e-type=\"widget\" data-widget_type=\"text-editor.default\">\n\t\t\t\t\t\t\t\t\t<p>le bulletin d\u2019adh\u00e9sion de l&rsquo;association d\u00e9partementale d\u2019apiculture, L\u2019Abeille Tarn et Garonnaise est disponible ci-dessous.<\/p>\t\t\t\t\t\t\t\t<\/div>\n\t\t\t\t<div class=\"elementor-element elementor-element-dd782ab elementor-mobile-align-center elementor-widget elementor-widget-button\" data-id=\"dd782ab\" data-element_type=\"widget\" data-e-type=\"widget\" data-widget_type=\"button.default\">\n\t\t\t\t\t\t\t\t\t\t<a class=\"elementor-button elementor-button-link elementor-size-sm\" href=\"http:\/\/www.abeille-tarnetgaronnaise.fr\/Atg82_new\/wp-content\/uploads\/docs\/Bulletin%20adhesion%202026.pdf\" target=\"_blank\">\n\t\t\t\t\t\t<span class=\"elementor-button-content-wrapper\">\n\t\t\t\t\t\t\t\t\t<span class=\"elementor-button-text\">T\u00e9l\u00e9charger le bulletin<\/span>\n\t\t\t\t\t<\/span>\n\t\t\t\t\t<\/a>\n\t\t\t\t\t\t\t\t<\/div>\n\t\t<div class=\"elementor-element elementor-element-4a07f703 e-con-full e-flex e-con e-child\" data-id=\"4a07f703\" data-element_type=\"container\" data-e-type=\"container\">\n\t\t\t\t<div class=\"elementor-element elementor-element-1f10312 elementor-widget__width-initial elementor-widget elementor-widget-image\" data-id=\"1f10312\" data-element_type=\"widget\" data-e-type=\"widget\" data-widget_type=\"image.default\">\n\t\t\t\t\t\t\t\t\t\t\t\t\t\t\t<img decoding=\"async\" src=\"https:\/\/abeille-tarnetgaronnaise.fr\/Atg82_new\/wp-content\/uploads\/2024\/11\/bee1.svg\" title=\"bee1\" alt=\"bee1\" loading=\"lazy\" \/>\t\t\t\t\t\t\t\t\t\t\t\t\t\t\t<\/div>\n\t\t\t\t<\/div>\n\t\t\t\t<\/div>\n\t\t<div class=\"elementor-element elementor-element-c85163e e-con-full e-flex e-con e-child\" data-id=\"c85163e\" data-element_type=\"container\" data-e-type=\"container\">\n\t\t\t\t<div class=\"elementor-element elementor-element-56b07014 elementor-widget elementor-widget-image\" data-id=\"56b07014\" data-element_type=\"widget\" data-e-type=\"widget\" data-widget_type=\"image.default\">\n\t\t\t\t\t\t\t\t\t\t\t\t\t\t\t<img fetchpriority=\"high\" decoding=\"async\" width=\"1024\" height=\"768\" src=\"https:\/\/abeille-tarnetgaronnaise.fr\/Atg82_new\/wp-content\/uploads\/2024\/11\/SAM_4045-1024x768.jpg\" class=\"attachment-large size-large wp-image-2376\" alt=\"\" srcset=\"https:\/\/abeille-tarnetgaronnaise.fr\/Atg82_new\/wp-content\/uploads\/2024\/11\/SAM_4045-1024x768.jpg 1024w, https:\/\/abeille-tarnetgaronnaise.fr\/Atg82_new\/wp-content\/uploads\/2024\/11\/SAM_4045-300x225.jpg 300w, https:\/\/abeille-tarnetgaronnaise.fr\/Atg82_new\/wp-content\/uploads\/2024\/11\/SAM_4045-768x576.jpg 768w, https:\/\/abeille-tarnetgaronnaise.fr\/Atg82_new\/wp-content\/uploads\/2024\/11\/SAM_4045-1536x1152.jpg 1536w, https:\/\/abeille-tarnetgaronnaise.fr\/Atg82_new\/wp-content\/uploads\/2024\/11\/SAM_4045-2048x1536.jpg 2048w\" sizes=\"(max-width: 1024px) 100vw, 1024px\" \/>\t\t\t\t\t\t\t\t\t\t\t\t\t\t\t<\/div>\n\t\t\t\t<\/div>\n\t\t\t\t\t<\/div>\n\t\t\t\t<\/div>\n\t\t<div class=\"elementor-element elementor-element-38b5342a e-flex e-con-boxed e-con e-parent\" data-id=\"38b5342a\" data-element_type=\"container\" data-e-type=\"container\">\n\t\t\t\t\t<div class=\"e-con-inner\">\n\t\t<div class=\"elementor-element elementor-element-11bc7a03 e-con-full e-flex e-con e-child\" data-id=\"11bc7a03\" data-element_type=\"container\" data-e-type=\"container\">\n\t\t<div class=\"elementor-element elementor-element-2f2f3b4 e-con-full e-flex e-con e-child\" data-id=\"2f2f3b4\" data-element_type=\"container\" data-e-type=\"container\">\n\t\t\t\t<div class=\"elementor-element elementor-element-86a9e30 elementor-widget elementor-widget-image\" data-id=\"86a9e30\" data-element_type=\"widget\" data-e-type=\"widget\" data-widget_type=\"image.default\">\n\t\t\t\t\t\t\t\t\t\t\t\t\t\t\t<img decoding=\"async\" width=\"1024\" height=\"683\" src=\"https:\/\/abeille-tarnetgaronnaise.fr\/Atg82_new\/wp-content\/uploads\/2025\/01\/macro-shot-female-broad-faced-mining-bee-with-yellow-pollen-1024x683.jpg\" class=\"attachment-large size-large wp-image-3900\" alt=\"abeille avec pollen\" srcset=\"https:\/\/abeille-tarnetgaronnaise.fr\/Atg82_new\/wp-content\/uploads\/2025\/01\/macro-shot-female-broad-faced-mining-bee-with-yellow-pollen-1024x683.jpg 1024w, https:\/\/abeille-tarnetgaronnaise.fr\/Atg82_new\/wp-content\/uploads\/2025\/01\/macro-shot-female-broad-faced-mining-bee-with-yellow-pollen-300x200.jpg 300w, https:\/\/abeille-tarnetgaronnaise.fr\/Atg82_new\/wp-content\/uploads\/2025\/01\/macro-shot-female-broad-faced-mining-bee-with-yellow-pollen-768x512.jpg 768w, https:\/\/abeille-tarnetgaronnaise.fr\/Atg82_new\/wp-content\/uploads\/2025\/01\/macro-shot-female-broad-faced-mining-bee-with-yellow-pollen-1536x1024.jpg 1536w, https:\/\/abeille-tarnetgaronnaise.fr\/Atg82_new\/wp-content\/uploads\/2025\/01\/macro-shot-female-broad-faced-mining-bee-with-yellow-pollen-2048x1365.jpg 2048w\" sizes=\"(max-width: 1024px) 100vw, 1024px\" \/>\t\t\t\t\t\t\t\t\t\t\t\t\t\t\t<\/div>\n\t\t\t\t<div class=\"elementor-element elementor-element-24d14bec elementor-widget elementor-widget-image\" data-id=\"24d14bec\" data-element_type=\"widget\" data-e-type=\"widget\" data-widget_type=\"image.default\">\n\t\t\t\t\t\t\t\t\t\t\t\t\t\t\t<img decoding=\"async\" width=\"683\" height=\"1024\" src=\"https:\/\/abeille-tarnetgaronnaise.fr\/Atg82_new\/wp-content\/uploads\/2024\/11\/yellow-black-bee-683x1024.jpg\" class=\"attachment-large size-large wp-image-2947\" alt=\"gros plan d&#039;une abeille sur fleur\" srcset=\"https:\/\/abeille-tarnetgaronnaise.fr\/Atg82_new\/wp-content\/uploads\/2024\/11\/yellow-black-bee-683x1024.jpg 683w, https:\/\/abeille-tarnetgaronnaise.fr\/Atg82_new\/wp-content\/uploads\/2024\/11\/yellow-black-bee-200x300.jpg 200w, https:\/\/abeille-tarnetgaronnaise.fr\/Atg82_new\/wp-content\/uploads\/2024\/11\/yellow-black-bee-768x1152.jpg 768w, https:\/\/abeille-tarnetgaronnaise.fr\/Atg82_new\/wp-content\/uploads\/2024\/11\/yellow-black-bee-1024x1536.jpg 1024w, https:\/\/abeille-tarnetgaronnaise.fr\/Atg82_new\/wp-content\/uploads\/2024\/11\/yellow-black-bee-1365x2048.jpg 1365w, https:\/\/abeille-tarnetgaronnaise.fr\/Atg82_new\/wp-content\/uploads\/2024\/11\/yellow-black-bee-scaled.jpg 1707w\" sizes=\"(max-width: 683px) 100vw, 683px\" \/>\t\t\t\t\t\t\t\t\t\t\t\t\t\t\t<\/div>\n\t\t\t\t<\/div>\n\t\t<div class=\"elementor-element elementor-element-2da26d10 e-con-full e-flex e-con e-child\" data-id=\"2da26d10\" data-element_type=\"container\" data-e-type=\"container\">\n\t\t\t\t<div class=\"elementor-element elementor-element-3d36a55f elementor-widget elementor-widget-image\" data-id=\"3d36a55f\" data-element_type=\"widget\" data-e-type=\"widget\" data-widget_type=\"image.default\">\n\t\t\t\t\t\t\t\t\t\t\t\t\t\t\t<img loading=\"lazy\" decoding=\"async\" width=\"1024\" height=\"768\" src=\"https:\/\/abeille-tarnetgaronnaise.fr\/Atg82_new\/wp-content\/uploads\/2016\/05\/SAM_1874-1024x768.jpg\" class=\"attachment-large size-large wp-image-854\" alt=\"\" srcset=\"https:\/\/abeille-tarnetgaronnaise.fr\/Atg82_new\/wp-content\/uploads\/2016\/05\/SAM_1874-1024x768.jpg 1024w, https:\/\/abeille-tarnetgaronnaise.fr\/Atg82_new\/wp-content\/uploads\/2016\/05\/SAM_1874-300x225.jpg 300w, https:\/\/abeille-tarnetgaronnaise.fr\/Atg82_new\/wp-content\/uploads\/2016\/05\/SAM_1874-768x576.jpg 768w, https:\/\/abeille-tarnetgaronnaise.fr\/Atg82_new\/wp-content\/uploads\/2016\/05\/SAM_1874-1536x1152.jpg 1536w, https:\/\/abeille-tarnetgaronnaise.fr\/Atg82_new\/wp-content\/uploads\/2016\/05\/SAM_1874-2048x1536.jpg 2048w\" sizes=\"(max-width: 1024px) 100vw, 1024px\" \/>\t\t\t\t\t\t\t\t\t\t\t\t\t\t\t<\/div>\n\t\t\t\t<div class=\"elementor-element elementor-element-65ffc079 elementor-widget elementor-widget-image\" data-id=\"65ffc079\" data-element_type=\"widget\" data-e-type=\"widget\" data-widget_type=\"image.default\">\n\t\t\t\t\t\t\t\t\t\t\t\t\t\t\t<img decoding=\"async\" src=\"https:\/\/abeille-tarnetgaronnaise.fr\/Atg82_new\/wp-content\/uploads\/2024\/11\/DSC08630-scaled.jpg\" title=\"DSC08630\" alt=\"ruchette essaimage\" loading=\"lazy\" \/>\t\t\t\t\t\t\t\t\t\t\t\t\t\t\t<\/div>\n\t\t\t\t<\/div>\n\t\t\t\t<\/div>\n\t\t<div class=\"elementor-element elementor-element-203c08ef e-con-full e-flex e-con e-child\" data-id=\"203c08ef\" data-element_type=\"container\" data-e-type=\"container\">\n\t\t\t\t<div class=\"elementor-element elementor-element-c8200b4 elementor-widget elementor-widget-image\" data-id=\"c8200b4\" data-element_type=\"widget\" data-e-type=\"widget\" data-widget_type=\"image.default\">\n\t\t\t\t\t\t\t\t\t\t\t\t\t\t\t<img decoding=\"async\" src=\"https:\/\/abeille-tarnetgaronnaise.fr\/Atg82_new\/wp-content\/uploads\/elementor\/thumbs\/icone-qx1nvcljyld2bil7c683687vy2c92ljol2etsurr50.png\" title=\"icone\" alt=\"icone\" loading=\"lazy\" \/>\t\t\t\t\t\t\t\t\t\t\t\t\t\t\t<\/div>\n\t\t\t\t<div class=\"elementor-element elementor-element-8f5b5aa elementor-widget elementor-widget-heading\" data-id=\"8f5b5aa\" data-element_type=\"widget\" data-e-type=\"widget\" data-widget_type=\"heading.default\">\n\t\t\t\t\t<h4 class=\"elementor-heading-title elementor-size-default\">8 bonnes raisons d'adh\u00e9rer.<\/h4>\t\t\t\t<\/div>\n\t\t\t\t<div class=\"elementor-element elementor-element-708a15a elementor-widget elementor-widget-text-editor\" data-id=\"708a15a\" data-element_type=\"widget\" data-e-type=\"widget\" data-widget_type=\"text-editor.default\">\n\t\t\t\t\t\t\t\t\t<p><strong>L&rsquo;adh\u00e9sion \u00e0 l&rsquo;Abeille Tarn et Garonnaise<\/strong> s&rsquo;\u00e9tend du 1er janvier (ou de votre date de 1\u00e8re inscription) au 31 d\u00e9cembre de l&rsquo;ann\u00e9e en cours.<\/p><p><strong>Elle vous permet, \u00e0 prix avantageux :<\/strong><\/p><p>&#8211; de participer aux Formations,<\/p><p>&#8211; de venir aux Ateliers du rucher \u00e9cole,<\/p><p>&#8211; d&rsquo;acc\u00e9der au groupe whatsapp,<\/p><p>&#8211; de b\u00e9n\u00e9ficier de tous les conseils<\/p><p>&#8211; d&rsquo;utiliser le mat\u00e9riel de l&rsquo;association et b\u00e9n\u00e9ficier de prix avantageux,<\/p><p>&#8211; d&rsquo;avoir acc\u00e8s au groupement de commande et de b\u00e9n\u00e9ficier de prix avantageux chez notre partenaire Icko,<\/p><p>&#8211; de s&rsquo;abonner \u00e0 la revue apicole<\/p><p>&#8211; de participer aux foires aux miels organis\u00e9es par l&rsquo;Abeille Tarn et Garonnaise,<\/p>\t\t\t\t\t\t\t\t<\/div>\n\t\t<div class=\"elementor-element elementor-element-bd56c50 e-grid e-con-full e-con e-child\" data-id=\"bd56c50\" data-element_type=\"container\" data-e-type=\"container\">\n\t\t\t\t<div class=\"elementor-element elementor-element-13b46635 elementor-mobile-align-center elementor-widget elementor-widget-button\" data-id=\"13b46635\" data-element_type=\"widget\" data-e-type=\"widget\" data-widget_type=\"button.default\">\n\t\t\t\t\t\t\t\t\t\t<a class=\"elementor-button elementor-button-link elementor-size-sm\" href=\"http:\/\/www.abeille-tarnetgaronnaise.fr\/Atg82_new\/wp-content\/uploads\/docs\/Bulletin%20adhesion%202026.pdf\" target=\"_blank\">\n\t\t\t\t\t\t<span class=\"elementor-button-content-wrapper\">\n\t\t\t\t\t\t\t\t\t<span class=\"elementor-button-text\">T\u00e9l\u00e9charger le bulletin<\/span>\n\t\t\t\t\t<\/span>\n\t\t\t\t\t<\/a>\n\t\t\t\t\t\t\t\t<\/div>\n\t\t\t\t<\/div>\n\t\t\t\t<\/div>\n\t\t\t\t\t<\/div>\n\t\t\t\t<\/div>\n\t\t<div class=\"elementor-element elementor-element-c3fd363 e-flex e-con-boxed e-con e-parent\" data-id=\"c3fd363\" data-element_type=\"container\" data-e-type=\"container\">\n\t\t\t\t\t<div class=\"e-con-inner\">\n\t\t\t\t<div class=\"elementor-element elementor-element-4ce1d46 elementor-widget elementor-widget-qi_addons_for_elementor_separator\" data-id=\"4ce1d46\" data-element_type=\"widget\" data-e-type=\"widget\" data-widget_type=\"qi_addons_for_elementor_separator.default\">\n\t\t\t\t<div class=\"elementor-widget-container\">\n\t\t\t\t\t<div class=\"qodef-shortcode qodef-m qodef-qi-separator qodef-qi-clear qodef-separator--with-icon qodef-position--center\">\n\t<div class=\"qodef-m-line\">\n\t\t<div class=\"qodef-m-inner-line\"><\/div>\n\t\t\t<span class=\"qodef-m-separator-icon\">\n\t\t<svg xmlns=\"http:\/\/www.w3.org\/2000\/svg\" viewBox=\"0 0 43.1 35.1\"><defs><style>      .cls-1 {        fill: #fff;      }    <\/style><\/defs><g><g id=\"Calque_1\"><g><path class=\"cls-1\" d=\"M20,22c-6.2,3-12.3,3-13.8,0-1.4-3,2.4-7.8,8.6-10.7,6.2-3,12.3-3,13.8,0,1.4,3-2.4,7.8-8.6,10.7Z\"><\/path><path d=\"M11.3,25.1c-2.9,0-5-.9-5.8-2.7-1.7-3.4,2.3-8.6,9-11.9,6.7-3.2,13.2-3.1,14.9.3.8,1.7.3,4-1.5,6.2-1.7,2.1-4.3,4.1-7.4,5.6-3.1,1.5-6.3,2.3-9,2.3h0ZM23.6,9.8c-2.3,0-5.2.7-8.3,2.2-6.2,3-9.3,7.4-8.2,9.6.5,1.1,2.1,1.7,4.3,1.7,2.5,0,5.4-.8,8.3-2.2h0c2.9-1.4,5.3-3.2,6.9-5.2,1.4-1.7,1.9-3.4,1.3-4.5-.5-1.1-2.1-1.7-4.3-1.7Z\"><\/path><\/g><path d=\"M5.7,22.9c-1,0-2.1-.2-2.5-.8-.2-.3-.2-.7,0-.9s.6-.4.9-.3c.4,0,.9.1,1.1,0,.2-.3.4-.4.7-.4.3,0,.6.2.7.5l.4.8c.1.3.1.5,0,.8-.1.2-.4.4-.7.4-.2,0-.4,0-.6,0Z\"><\/path><g><path d=\"M21,9.3s1.2,5.8,5,8.4l-2.3,2.1s-5.2-4.8-5.4-9.5l2.7-1Z\"><\/path><path d=\"M23.7,20.2l-.2-.2c-.2-.2-5.2-4.9-5.5-9.7v-.2s3.2-1.2,3.2-1.2v.3c0,0,1.3,5.7,5,8.3l.3.2-2.8,2.5ZM18.5,10.5c.4,4,4.3,8.1,5.2,9l1.9-1.7c-3.2-2.4-4.5-6.9-4.8-8.1l-2.3.8Z\"><\/path><\/g><g><path d=\"M10.2,14.6s.3,6.2,5.1,9l-3.9.3s-4.4-3.9-3.4-7.4c0,0,1.5-1.6,2.1-1.9Z\"><\/path><path d=\"M11.3,24.2h0c-.2-.2-4.6-4.1-3.4-7.7h0c0,0,0-.1,0-.1.2-.2,1.6-1.7,2.2-2l.3-.2v.4c0,0,.4,6.1,5,8.7l.7.4-4.8.4ZM8.3,16.7c-.9,3,2.6,6.5,3.2,7l3-.3c-3.6-2.5-4.4-6.9-4.5-8.3-.5.4-1.2,1.1-1.7,1.6Z\"><\/path><\/g><g><path d=\"M15.5,11.4s.8,7.3,6.5,9.3l-3.1,1.7s-4.7-2.3-6.2-9.8l2.9-1.2Z\"><\/path><path d=\"M18.9,22.7h-.1c-.2-.2-4.8-2.5-6.4-10v-.2s3.3-1.4,3.3-1.4v.3c0,0,.9,7.2,6.3,9.1l.6.2-3.8,2ZM12.9,12.7c1.4,6.5,5.2,8.9,5.9,9.3l2.5-1.3c-4.6-2-5.8-7.6-6.1-9l-2.3,1Z\"><\/path><\/g><g><path class=\"cls-1\" d=\"M27.3,11.6S13.5-4.6,8.1,3c-5.4,7.6,14.3,10.3,19.2,8.6Z\"><\/path><path d=\"M9.2,9.7c-.8-.5-1.5-1.1-2-1.8-.9-1.1-1.5-3,.2-5.4C8.5,1,9.9.2,11.6.1c6.6-.3,16,10.5,16.3,10.9l.8.9-1.2.4c-3.5,1.2-13.5.3-18.4-2.7ZM17.2,3.7c-1.9-1.2-3.8-2-5.5-1.9-1.2,0-2.2.6-2.9,1.7-1.2,1.7-.7,2.8-.2,3.5,2.5,3.4,12.6,4.8,17.2,4.2-1.6-1.7-5.1-5.2-8.6-7.4Z\"><\/path><\/g><g><path class=\"cls-1\" d=\"M26.7,12.3s-14.2,15.9-6,20.2c8.2,4.3,8.3-15.5,6-20.2Z\"><\/path><path d=\"M25.1,33.3c-1.1.7-2.6,1.1-4.8,0-1.6-.8-2.6-2.1-2.9-3.8-1.2-6.5,8.2-17.2,8.6-17.7l.8-.9.6,1.1c2,3.9,2.3,16.9-1.7,20.8-.2.2-.4.4-.6.5ZM26.4,14c-2.3,2.8-8.2,10.5-7.3,15.2.2,1.2.9,2.1,2,2.7,1.9,1,2.9.3,3.5-.2,3-3,3.1-13.1,1.8-17.6Z\"><\/path><\/g><path d=\"M32.1,8.2c-.2,0-.4,0-.6-.2-.3-.3-.3-.9,0-1.2,1.8-1.8,3.1-3.9,2.9-4.3-.4-.2-.6-.8-.3-1.2.2-.4.7-.5,1.1-.3.5.3.8.7.9,1.3.2,1.9-2.5,4.8-3.4,5.7-.2.2-.4.2-.6.2Z\"><\/path><path d=\"M40.2,13.9c-.1,0-.2,0-.4,0-.3-.1-.5-.5-.5-.8-.7-.3-3.1-.6-5.5-.5,0,0,0,0,0,0-.5,0-.8-.4-.8-.8,0-.5.4-.8.8-.9,2.8,0,6.3.1,7,1.3.2.4.3.8,0,1.3-.1.3-.4.5-.8.5Z\"><\/path><g><path class=\"cls-1\" d=\"M32,15.5c-2,1.1-4.7-.2-6.1-2.9-1.4-2.6-1-5.6,1-6.7,2-1.1,4.7.2,6.1,2.9,1.4,2.6,1,5.6-1,6.7Z\"><\/path><path d=\"M30.5,16.7c-2,0-4.1-1.4-5.4-3.7-.8-1.4-1.1-3-.9-4.5.2-1.5,1-2.7,2.2-3.4,1.2-.6,2.6-.6,4,0,1.3.6,2.5,1.7,3.2,3.2.8,1.4,1.1,3,.9,4.5-.2,1.5-1,2.7-2.2,3.4-.6.3-1.2.5-1.9.5ZM28.3,6.4c-.4,0-.8,0-1.1.3-.7.4-1.2,1.1-1.3,2.1-.2,1.1,0,2.3.7,3.4,1.2,2.2,3.4,3.4,5,2.5.7-.4,1.2-1.1,1.3-2.1.2-1.1,0-2.3-.7-3.4-.6-1.1-1.5-2-2.5-2.5-.5-.2-1-.3-1.4-.3Z\"><\/path><\/g><\/g><\/g><\/svg>\t<\/span>\n\t\t\t<div class=\"qodef-m-inner-line\"><\/div>\n\t<\/div>\n<\/div>\n\t\t\t\t<\/div>\n\t\t\t\t<\/div>\n\t\t\t\t<div class=\"elementor-element elementor-element-3da070d elementor-widget elementor-widget-text-editor\" data-id=\"3da070d\" data-element_type=\"widget\" data-e-type=\"widget\" data-widget_type=\"text-editor.default\">\n\t\t\t\t\t\t\t\t\t<p><strong>L&rsquo;adh\u00e9sion au GDSA<\/strong> (groupement de d\u00e9fense sanitaire apicole) vous permet d&rsquo;obtenir :<\/p><p>&#8211; la commande et l&rsquo;achat des traitements conventionnels ou biologiques de lutte contre le varroa,<\/p><p>&#8211; des visites sanitaires gratuites en cas de probl\u00e8mes,<\/p><p>&#8211; des conseils sanitaires,<\/p><p>&#8211; de joindre la plateforme de signalement des frelons asiatiques pour destruction des nids.<\/p><p><a href=\"https:\/\/abeille-tarnetgaronnaise.fr\/Atg82_new\/adresses-contact\/\">En savoir +<\/a><\/p>\t\t\t\t\t\t\t\t<\/div>\n\t\t\t\t\t<\/div>\n\t\t\t\t<\/div>\n\t\t<div class=\"elementor-element elementor-element-4ef77aa e-grid e-con-boxed e-con e-parent\" data-id=\"4ef77aa\" data-element_type=\"container\" data-e-type=\"container\" data-settings=\"{&quot;background_background&quot;:&quot;classic&quot;}\">\n\t\t\t\t\t<div class=\"e-con-inner\">\n\t\t\t\t\t<\/div>\n\t\t\t\t<\/div>\n\t\t<div class=\"elementor-element elementor-element-a2caf8c e-flex e-con-boxed e-con e-parent\" data-id=\"a2caf8c\" data-element_type=\"container\" data-e-type=\"container\">\n\t\t\t\t\t<div class=\"e-con-inner\">\n\t\t\t\t<div class=\"elementor-element elementor-element-93df154 elementor-widget elementor-widget-heading\" data-id=\"93df154\" data-element_type=\"widget\" data-e-type=\"widget\" data-widget_type=\"heading.default\">\n\t\t\t\t\t<h2 class=\"elementor-heading-title elementor-size-default\">Assurez vos ruches !<\/h2>\t\t\t\t<\/div>\n\t\t\t\t<div class=\"elementor-element elementor-element-79f0b69 elementor-widget elementor-widget-text-editor\" data-id=\"79f0b69\" data-element_type=\"widget\" data-e-type=\"widget\" data-widget_type=\"text-editor.default\">\n\t\t\t\t\t\t\t\t\t<p><strong>Il est vivement conseill\u00e9 d\u2019assurer ses ruches<\/strong> car au regard de la loi, chaque apiculteur est pleinement responsable des d\u00e9g\u00e2ts \u00e9ventuels caus\u00e9s par ses abeilles.<br class=\"autobr\" \/>L\u2019article 1385 du Code civil stipule\u00a0: <i>Le propri\u00e9taire d\u2019un animal ou celui qui s\u2019en sert, pendant qu\u2019il est sous son usage, est responsable du dommage que l\u2019animal a caus\u00e9, soit que l\u2019animal fut sous sa garde, soit qu\u2019il fut \u00e9gar\u00e9 ou \u00e9chapp\u00e9.<\/i><\/p><p>voir texte https:\/\/laplateformedumiel.fr\/assurance-apiculteur-amateur\/<\/p>\t\t\t\t\t\t\t\t<\/div>\n\t\t\t\t<div class=\"elementor-element elementor-element-928d8f9 elementor-widget elementor-widget-heading\" data-id=\"928d8f9\" data-element_type=\"widget\" data-e-type=\"widget\" data-widget_type=\"heading.default\">\n\t\t\t\t\t<h4 class=\"elementor-heading-title elementor-size-default\">3 fa\u00e7ons de s'assurer :<\/h4>\t\t\t\t<\/div>\n\t\t\t\t<div class=\"elementor-element elementor-element-ed84fe0 elementor-widget elementor-widget-qi_addons_for_elementor_tabs_vertical\" data-id=\"ed84fe0\" data-element_type=\"widget\" data-e-type=\"widget\" data-widget_type=\"qi_addons_for_elementor_tabs_vertical.default\">\n\t\t\t\t<div class=\"elementor-widget-container\">\n\t\t\t\t\t<div class=\"qodef-shortcode qodef-m qodef-qi-tabs-vertical qodef-qi-clear qodef-layout--simple qodef-responsive--680 qodef-title-hover--sideline-draw qodef-title-sideline-from-top\">\n\t<ul class=\"qodef-tabs-vertical-navigation\">\n\t\t<li>\n\t<h5 class=\"qodef-tab-title\" role=\"tab\">\n\t\t<a href=\"#qodef-tab-0be3e4b\">\n\t\t\t<span class=\"q-text\">\n\t\t\t\t1. votre Assurance d&#039;habitation\t\t\t<\/span>\n\t\t<\/a>\n\t<\/h5>\n<\/li>\n<li>\n\t<h5 class=\"qodef-tab-title\" role=\"tab\">\n\t\t<a href=\"#qodef-tab-212a663\">\n\t\t\t<span class=\"q-text\">\n\t\t\t\t2. l&#039;UNAF\t\t\t<\/span>\n\t\t<\/a>\n\t<\/h5>\n<\/li>\n<li>\n\t<h5 class=\"qodef-tab-title\" role=\"tab\">\n\t\t<a href=\"#qodef-tab-c165556\">\n\t\t\t<span class=\"q-text\">\n\t\t\t\t3. Graoupama Tarn et Garonne\t\t\t<\/span>\n\t\t<\/a>\n\t<\/h5>\n<\/li>\n\t<\/ul>\n\t<div class=\"qodef-tabs-vertical-content\" id=\"qodef-tab-0be3e4b\">\n\t<p>Si vous installez une seule ruche dans votre jardin, votre responsabilit\u00e9 civile suffira pour vous assurer en cas d\u2019accident. Mais, <strong>\u00ab\u00a0au-del\u00e0 de\u00a010\u00a0ruches, vous avez l\u2019obligation de prendre une assurance sp\u00e9cifique pour la d\u00e9tention de ruches\u00a0\u00bb<\/strong>.<\/p><p>Veillez aussi \u00e0 ce que personne ne soit allergique aux abeilles au sein de votre foyer. Enfin, n\u2019h\u00e9sitez pas \u00e0 bien vous entourer et vous tourner vers un syndicat d\u2019apiculteurs avant d\u2019installer votre ruche \u00e0 domicile pour votre consommation personnelle.<\/p><\/div>\n<div class=\"qodef-tabs-vertical-content\" id=\"qodef-tab-212a663\">\n\t<p>L'UNAF propose 3 formules d\u2019assurance. La souscription \u00e0 l\u2019une de ces formules est conditionn\u00e9e par l\u2019abonnement \u00e0 notre revue Abeilles et Fleurs et l\u2019adh\u00e9sion \u00e0 l\u2019UNAF.<\/p><p><strong>Plusieurs \u00ab niveaux \u00bb d\u2019assurance sont propos\u00e9s :<\/strong><\/p><p>\u2022 R.C. (Responsabilit\u00e9 Civile)<br \/>\u2022 R.C. + d\u00e9fense recours, incendie, temp\u00eate<br \/>\u2022 Extension de garantie pour l\u2019activit\u00e9 de vente et le risque d\u2019intoxication alimentaire.<br \/>\u2022 assurance multirisque (sauf maladie)<\/p><\/div>\n<div class=\"qodef-tabs-vertical-content\" id=\"qodef-tab-c165556\">\n\t<p>Renseignez-vous aupr\u00e8s de <strong>Groupama du Tarn et Garonne<\/strong>\u00a0 pour b\u00e9n\u00e9ficier des diff\u00e9rentes formules de protection.<\/p><\/div>\n<\/div>\n\t\t\t\t<\/div>\n\t\t\t\t<\/div>\n\t\t\t\t\t<\/div>\n\t\t\t\t<\/div>\n\t\t<div class=\"elementor-element elementor-element-f5d65d8 e-con-full e-flex e-con e-parent\" data-id=\"f5d65d8\" data-element_type=\"container\" data-e-type=\"container\">\n\t\t<div class=\"elementor-element elementor-element-210c60c e-con-full e-flex e-con e-child\" data-id=\"210c60c\" data-element_type=\"container\" data-e-type=\"container\" data-settings=\"{&quot;background_background&quot;:&quot;classic&quot;}\">\n\t\t\t\t<div class=\"elementor-element elementor-element-d40ad8d elementor-widget elementor-widget-heading\" data-id=\"d40ad8d\" data-element_type=\"widget\" data-e-type=\"widget\" data-widget_type=\"heading.default\">\n\t\t\t\t\t<h2 class=\"elementor-heading-title elementor-size-default\">Toute fois, il existe d'autres assurances qui proposent contrats pour la possession de ruche.<\/h2>\t\t\t\t<\/div>\n\t\t\t\t<div class=\"elementor-element elementor-element-f776eb1 elementor-widget elementor-widget-heading\" data-id=\"f776eb1\" data-element_type=\"widget\" data-e-type=\"widget\" data-widget_type=\"heading.default\">\n\t\t\t\t\t<h2 class=\"elementor-heading-title elementor-size-default\">Renseignez-vous aupr\u00e8s d'eux.<\/h2>\t\t\t\t<\/div>\n\t\t\t\t<\/div>\n\t\t\t\t<\/div>\n\t\t<div class=\"elementor-element elementor-element-8be6fbf e-grid e-con-boxed e-con e-parent\" data-id=\"8be6fbf\" data-element_type=\"container\" data-e-type=\"container\" data-settings=\"{&quot;background_background&quot;:&quot;classic&quot;}\">\n\t\t\t\t\t<div class=\"e-con-inner\">\n\t\t\t\t\t<\/div>\n\t\t\t\t<\/div>\n\t\t<div class=\"elementor-element elementor-element-331e1324 e-con-full e-flex e-con e-parent\" data-id=\"331e1324\" data-element_type=\"container\" data-e-type=\"container\" data-settings=\"{&quot;background_background&quot;:&quot;classic&quot;,&quot;shape_divider_top&quot;:&quot;opacity-tilt&quot;}\">\n\t\t\t\t<div class=\"elementor-shape elementor-shape-top\" aria-hidden=\"true\" data-negative=\"false\">\n\t\t\t<svg xmlns=\"http:\/\/www.w3.org\/2000\/svg\" viewBox=\"0 0 2600 131.1\" preserveAspectRatio=\"none\">\n\t<path class=\"elementor-shape-fill\" d=\"M0 0L2600 0 2600 69.1 0 0z\"\/>\n\t<path class=\"elementor-shape-fill\" style=\"opacity:0.5\" d=\"M0 0L2600 0 2600 69.1 0 69.1z\"\/>\n\t<path class=\"elementor-shape-fill\" style=\"opacity:0.25\" d=\"M2600 0L0 0 0 130.1 2600 69.1z\"\/>\n<\/svg>\t\t<\/div>\n\t\t\t\t<\/div>\n\t\t\t\t<\/div>\n\t\t","protected":false},"excerpt":{"rendered":"<p>Vous souhaitezadh\u00e9rer \u00e0 l\u2019association de l\u2019Abeille Tarn et Garonnaise ? le bulletin d\u2019adh\u00e9sion de l&rsquo;association d\u00e9partementale d\u2019apiculture, L\u2019Abeille Tarn et Garonnaise est disponible ci-dessous. T\u00e9l\u00e9charger le bulletin 8 bonnes raisons [&hellip;]<\/p>\n","protected":false},"author":2,"featured_media":0,"parent":0,"menu_order":0,"comment_status":"closed","ping_status":"closed","template":"page-full-width.php","meta":{"footnotes":""},"class_list":["post-35","page","type-page","status-publish","hentry"],"yoast_head":"<!-- This site is optimized with the Yoast SEO plugin v27.4 - https:\/\/yoast.com\/product\/yoast-seo-wordpress\/ -->\n<title>Adh\u00e9rer a l&#039;Association - L&#039;abeille tarn et garonnaise<\/title>\n<meta name=\"description\" content=\"L\u2019association d\u2019apiculture L\u2019Abeille Tarn et Garonnaise propose des formations et un rucher \u00e9cole pour tous ceux qui souhaitent d\u00e9couvrir l\u2019apiculture et devenir apiculteur amateur dans le Tarn-et-Garonne.Nos cours s\u2019adressent aux d\u00e9butants comme aux apiculteurs souhaitant approfondir leurs connaissances. Le rucher \u00e9cole situ\u00e9 pr\u00e8s de Montauban accueille \u00e9galement des participants venant du Tarn, du Lot, du Gers et de la Haute-Garonne.\" \/>\n<meta name=\"robots\" content=\"index, follow, max-snippet:-1, max-image-preview:large, max-video-preview:-1\" \/>\n<link rel=\"canonical\" href=\"https:\/\/abeille-tarnetgaronnaise.fr\/Atg82_new\/adherer-a-lassociation-association-labeille-tarn-et-garonnaise\/\" \/>\n<meta property=\"og:locale\" content=\"fr_FR\" \/>\n<meta property=\"og:type\" content=\"article\" \/>\n<meta property=\"og:title\" content=\"Adh\u00e9rer a l&#039;Association - L&#039;abeille tarn et garonnaise\" \/>\n<meta property=\"og:description\" content=\"L\u2019association d\u2019apiculture L\u2019Abeille Tarn et Garonnaise propose des formations et un rucher \u00e9cole pour tous ceux qui souhaitent d\u00e9couvrir l\u2019apiculture et devenir apiculteur amateur dans le Tarn-et-Garonne.Nos cours s\u2019adressent aux d\u00e9butants comme aux apiculteurs souhaitant approfondir leurs connaissances. Le rucher \u00e9cole situ\u00e9 pr\u00e8s de Montauban accueille \u00e9galement des participants venant du Tarn, du Lot, du Gers et de la Haute-Garonne.\" \/>\n<meta property=\"og:url\" content=\"https:\/\/abeille-tarnetgaronnaise.fr\/Atg82_new\/adherer-a-lassociation-association-labeille-tarn-et-garonnaise\/\" \/>\n<meta property=\"og:site_name\" content=\"L&#039;abeille tarn et garonnaise\" \/>\n<meta property=\"article:modified_time\" content=\"2026-03-12T10:25:57+00:00\" \/>\n<meta property=\"og:image\" content=\"https:\/\/abeille-tarnetgaronnaise.fr\/Atg82_new\/wp-content\/uploads\/2024\/11\/bee1.svg\" \/>\n<meta name=\"twitter:card\" content=\"summary_large_image\" \/>\n<meta name=\"twitter:label1\" content=\"Dur\u00e9e de lecture estim\u00e9e\" \/>\n\t<meta name=\"twitter:data1\" content=\"4 minutes\" \/>\n<script type=\"application\/ld+json\" class=\"yoast-schema-graph\">{\"@context\":\"https:\\\/\\\/schema.org\",\"@graph\":[{\"@type\":\"WebPage\",\"@id\":\"https:\\\/\\\/abeille-tarnetgaronnaise.fr\\\/Atg82_new\\\/adherer-a-lassociation-association-labeille-tarn-et-garonnaise\\\/\",\"url\":\"https:\\\/\\\/abeille-tarnetgaronnaise.fr\\\/Atg82_new\\\/adherer-a-lassociation-association-labeille-tarn-et-garonnaise\\\/\",\"name\":\"Adh\u00e9rer a l'Association - L&#039;abeille tarn et garonnaise\",\"isPartOf\":{\"@id\":\"https:\\\/\\\/abeille-tarnetgaronnaise.fr\\\/Atg82_new\\\/#website\"},\"primaryImageOfPage\":{\"@id\":\"https:\\\/\\\/abeille-tarnetgaronnaise.fr\\\/Atg82_new\\\/adherer-a-lassociation-association-labeille-tarn-et-garonnaise\\\/#primaryimage\"},\"image\":{\"@id\":\"https:\\\/\\\/abeille-tarnetgaronnaise.fr\\\/Atg82_new\\\/adherer-a-lassociation-association-labeille-tarn-et-garonnaise\\\/#primaryimage\"},\"thumbnailUrl\":\"https:\\\/\\\/abeille-tarnetgaronnaise.fr\\\/Atg82_new\\\/wp-content\\\/uploads\\\/2024\\\/11\\\/bee1.svg\",\"datePublished\":\"2015-06-19T09:08:38+00:00\",\"dateModified\":\"2026-03-12T10:25:57+00:00\",\"description\":\"L\u2019association d\u2019apiculture L\u2019Abeille Tarn et Garonnaise propose des formations et un rucher \u00e9cole pour tous ceux qui souhaitent d\u00e9couvrir l\u2019apiculture et devenir apiculteur amateur dans le Tarn-et-Garonne.Nos cours s\u2019adressent aux d\u00e9butants comme aux apiculteurs souhaitant approfondir leurs connaissances. Le rucher \u00e9cole situ\u00e9 pr\u00e8s de Montauban accueille \u00e9galement des participants venant du Tarn, du Lot, du Gers et de la Haute-Garonne.\",\"breadcrumb\":{\"@id\":\"https:\\\/\\\/abeille-tarnetgaronnaise.fr\\\/Atg82_new\\\/adherer-a-lassociation-association-labeille-tarn-et-garonnaise\\\/#breadcrumb\"},\"inLanguage\":\"fr-FR\",\"potentialAction\":[{\"@type\":\"ReadAction\",\"target\":[\"https:\\\/\\\/abeille-tarnetgaronnaise.fr\\\/Atg82_new\\\/adherer-a-lassociation-association-labeille-tarn-et-garonnaise\\\/\"]}]},{\"@type\":\"ImageObject\",\"inLanguage\":\"fr-FR\",\"@id\":\"https:\\\/\\\/abeille-tarnetgaronnaise.fr\\\/Atg82_new\\\/adherer-a-lassociation-association-labeille-tarn-et-garonnaise\\\/#primaryimage\",\"url\":\"https:\\\/\\\/abeille-tarnetgaronnaise.fr\\\/Atg82_new\\\/wp-content\\\/uploads\\\/2024\\\/11\\\/bee1.svg\",\"contentUrl\":\"https:\\\/\\\/abeille-tarnetgaronnaise.fr\\\/Atg82_new\\\/wp-content\\\/uploads\\\/2024\\\/11\\\/bee1.svg\"},{\"@type\":\"BreadcrumbList\",\"@id\":\"https:\\\/\\\/abeille-tarnetgaronnaise.fr\\\/Atg82_new\\\/adherer-a-lassociation-association-labeille-tarn-et-garonnaise\\\/#breadcrumb\",\"itemListElement\":[{\"@type\":\"ListItem\",\"position\":1,\"name\":\"Accueil\",\"item\":\"https:\\\/\\\/abeille-tarnetgaronnaise.fr\\\/Atg82_new\\\/\"},{\"@type\":\"ListItem\",\"position\":2,\"name\":\"Adh\u00e9rer a l&rsquo;Association\"}]},{\"@type\":\"WebSite\",\"@id\":\"https:\\\/\\\/abeille-tarnetgaronnaise.fr\\\/Atg82_new\\\/#website\",\"url\":\"https:\\\/\\\/abeille-tarnetgaronnaise.fr\\\/Atg82_new\\\/\",\"name\":\"L'Abeille Tarn et Garonnaise\",\"description\":\"Ensemble, prot\u00e9geons les abeilles !\",\"publisher\":{\"@id\":\"https:\\\/\\\/abeille-tarnetgaronnaise.fr\\\/Atg82_new\\\/#organization\"},\"potentialAction\":[{\"@type\":\"SearchAction\",\"target\":{\"@type\":\"EntryPoint\",\"urlTemplate\":\"https:\\\/\\\/abeille-tarnetgaronnaise.fr\\\/Atg82_new\\\/?s={search_term_string}\"},\"query-input\":{\"@type\":\"PropertyValueSpecification\",\"valueRequired\":true,\"valueName\":\"search_term_string\"}}],\"inLanguage\":\"fr-FR\"},{\"@type\":\"Organization\",\"@id\":\"https:\\\/\\\/abeille-tarnetgaronnaise.fr\\\/Atg82_new\\\/#organization\",\"name\":\"L'abeille tarn et garonnaise\",\"url\":\"https:\\\/\\\/abeille-tarnetgaronnaise.fr\\\/Atg82_new\\\/\",\"logo\":{\"@type\":\"ImageObject\",\"inLanguage\":\"fr-FR\",\"@id\":\"https:\\\/\\\/abeille-tarnetgaronnaise.fr\\\/Atg82_new\\\/#\\\/schema\\\/logo\\\/image\\\/\",\"url\":\"https:\\\/\\\/abeille-tarnetgaronnaise.fr\\\/Atg82_new\\\/wp-content\\\/uploads\\\/2025\\\/02\\\/logo_ATG.jpg\",\"contentUrl\":\"https:\\\/\\\/abeille-tarnetgaronnaise.fr\\\/Atg82_new\\\/wp-content\\\/uploads\\\/2025\\\/02\\\/logo_ATG.jpg\",\"width\":200,\"height\":100,\"caption\":\"L'abeille tarn et garonnaise\"},\"image\":{\"@id\":\"https:\\\/\\\/abeille-tarnetgaronnaise.fr\\\/Atg82_new\\\/#\\\/schema\\\/logo\\\/image\\\/\"}}]}<\/script>\n<!-- \/ Yoast SEO plugin. -->","yoast_head_json":{"title":"Adh\u00e9rer a l'Association - L&#039;abeille tarn et garonnaise","description":"L\u2019association d\u2019apiculture L\u2019Abeille Tarn et Garonnaise propose des formations et un rucher \u00e9cole pour tous ceux qui souhaitent d\u00e9couvrir l\u2019apiculture et devenir apiculteur amateur dans le Tarn-et-Garonne.Nos cours s\u2019adressent aux d\u00e9butants comme aux apiculteurs souhaitant approfondir leurs connaissances. Le rucher \u00e9cole situ\u00e9 pr\u00e8s de Montauban accueille \u00e9galement des participants venant du Tarn, du Lot, du Gers et de la Haute-Garonne.","robots":{"index":"index","follow":"follow","max-snippet":"max-snippet:-1","max-image-preview":"max-image-preview:large","max-video-preview":"max-video-preview:-1"},"canonical":"https:\/\/abeille-tarnetgaronnaise.fr\/Atg82_new\/adherer-a-lassociation-association-labeille-tarn-et-garonnaise\/","og_locale":"fr_FR","og_type":"article","og_title":"Adh\u00e9rer a l'Association - L&#039;abeille tarn et garonnaise","og_description":"L\u2019association d\u2019apiculture L\u2019Abeille Tarn et Garonnaise propose des formations et un rucher \u00e9cole pour tous ceux qui souhaitent d\u00e9couvrir l\u2019apiculture et devenir apiculteur amateur dans le Tarn-et-Garonne.Nos cours s\u2019adressent aux d\u00e9butants comme aux apiculteurs souhaitant approfondir leurs connaissances. Le rucher \u00e9cole situ\u00e9 pr\u00e8s de Montauban accueille \u00e9galement des participants venant du Tarn, du Lot, du Gers et de la Haute-Garonne.","og_url":"https:\/\/abeille-tarnetgaronnaise.fr\/Atg82_new\/adherer-a-lassociation-association-labeille-tarn-et-garonnaise\/","og_site_name":"L&#039;abeille tarn et garonnaise","article_modified_time":"2026-03-12T10:25:57+00:00","og_image":[{"url":"https:\/\/abeille-tarnetgaronnaise.fr\/Atg82_new\/wp-content\/uploads\/2024\/11\/bee1.svg","type":"","width":"","height":""}],"twitter_card":"summary_large_image","twitter_misc":{"Dur\u00e9e de lecture estim\u00e9e":"4 minutes"},"schema":{"@context":"https:\/\/schema.org","@graph":[{"@type":"WebPage","@id":"https:\/\/abeille-tarnetgaronnaise.fr\/Atg82_new\/adherer-a-lassociation-association-labeille-tarn-et-garonnaise\/","url":"https:\/\/abeille-tarnetgaronnaise.fr\/Atg82_new\/adherer-a-lassociation-association-labeille-tarn-et-garonnaise\/","name":"Adh\u00e9rer a l'Association - L&#039;abeille tarn et garonnaise","isPartOf":{"@id":"https:\/\/abeille-tarnetgaronnaise.fr\/Atg82_new\/#website"},"primaryImageOfPage":{"@id":"https:\/\/abeille-tarnetgaronnaise.fr\/Atg82_new\/adherer-a-lassociation-association-labeille-tarn-et-garonnaise\/#primaryimage"},"image":{"@id":"https:\/\/abeille-tarnetgaronnaise.fr\/Atg82_new\/adherer-a-lassociation-association-labeille-tarn-et-garonnaise\/#primaryimage"},"thumbnailUrl":"https:\/\/abeille-tarnetgaronnaise.fr\/Atg82_new\/wp-content\/uploads\/2024\/11\/bee1.svg","datePublished":"2015-06-19T09:08:38+00:00","dateModified":"2026-03-12T10:25:57+00:00","description":"L\u2019association d\u2019apiculture L\u2019Abeille Tarn et Garonnaise propose des formations et un rucher \u00e9cole pour tous ceux qui souhaitent d\u00e9couvrir l\u2019apiculture et devenir apiculteur amateur dans le Tarn-et-Garonne.Nos cours s\u2019adressent aux d\u00e9butants comme aux apiculteurs souhaitant approfondir leurs connaissances. Le rucher \u00e9cole situ\u00e9 pr\u00e8s de Montauban accueille \u00e9galement des participants venant du Tarn, du Lot, du Gers et de la Haute-Garonne.","breadcrumb":{"@id":"https:\/\/abeille-tarnetgaronnaise.fr\/Atg82_new\/adherer-a-lassociation-association-labeille-tarn-et-garonnaise\/#breadcrumb"},"inLanguage":"fr-FR","potentialAction":[{"@type":"ReadAction","target":["https:\/\/abeille-tarnetgaronnaise.fr\/Atg82_new\/adherer-a-lassociation-association-labeille-tarn-et-garonnaise\/"]}]},{"@type":"ImageObject","inLanguage":"fr-FR","@id":"https:\/\/abeille-tarnetgaronnaise.fr\/Atg82_new\/adherer-a-lassociation-association-labeille-tarn-et-garonnaise\/#primaryimage","url":"https:\/\/abeille-tarnetgaronnaise.fr\/Atg82_new\/wp-content\/uploads\/2024\/11\/bee1.svg","contentUrl":"https:\/\/abeille-tarnetgaronnaise.fr\/Atg82_new\/wp-content\/uploads\/2024\/11\/bee1.svg"},{"@type":"BreadcrumbList","@id":"https:\/\/abeille-tarnetgaronnaise.fr\/Atg82_new\/adherer-a-lassociation-association-labeille-tarn-et-garonnaise\/#breadcrumb","itemListElement":[{"@type":"ListItem","position":1,"name":"Accueil","item":"https:\/\/abeille-tarnetgaronnaise.fr\/Atg82_new\/"},{"@type":"ListItem","position":2,"name":"Adh\u00e9rer a l&rsquo;Association"}]},{"@type":"WebSite","@id":"https:\/\/abeille-tarnetgaronnaise.fr\/Atg82_new\/#website","url":"https:\/\/abeille-tarnetgaronnaise.fr\/Atg82_new\/","name":"L'Abeille Tarn et Garonnaise","description":"Ensemble, prot\u00e9geons les abeilles !","publisher":{"@id":"https:\/\/abeille-tarnetgaronnaise.fr\/Atg82_new\/#organization"},"potentialAction":[{"@type":"SearchAction","target":{"@type":"EntryPoint","urlTemplate":"https:\/\/abeille-tarnetgaronnaise.fr\/Atg82_new\/?s={search_term_string}"},"query-input":{"@type":"PropertyValueSpecification","valueRequired":true,"valueName":"search_term_string"}}],"inLanguage":"fr-FR"},{"@type":"Organization","@id":"https:\/\/abeille-tarnetgaronnaise.fr\/Atg82_new\/#organization","name":"L'abeille tarn et garonnaise","url":"https:\/\/abeille-tarnetgaronnaise.fr\/Atg82_new\/","logo":{"@type":"ImageObject","inLanguage":"fr-FR","@id":"https:\/\/abeille-tarnetgaronnaise.fr\/Atg82_new\/#\/schema\/logo\/image\/","url":"https:\/\/abeille-tarnetgaronnaise.fr\/Atg82_new\/wp-content\/uploads\/2025\/02\/logo_ATG.jpg","contentUrl":"https:\/\/abeille-tarnetgaronnaise.fr\/Atg82_new\/wp-content\/uploads\/2025\/02\/logo_ATG.jpg","width":200,"height":100,"caption":"L'abeille tarn et garonnaise"},"image":{"@id":"https:\/\/abeille-tarnetgaronnaise.fr\/Atg82_new\/#\/schema\/logo\/image\/"}}]}},"_links":{"self":[{"href":"https:\/\/abeille-tarnetgaronnaise.fr\/Atg82_new\/wp-json\/wp\/v2\/pages\/35","targetHints":{"allow":["GET"]}}],"collection":[{"href":"https:\/\/abeille-tarnetgaronnaise.fr\/Atg82_new\/wp-json\/wp\/v2\/pages"}],"about":[{"href":"https:\/\/abeille-tarnetgaronnaise.fr\/Atg82_new\/wp-json\/wp\/v2\/types\/page"}],"author":[{"embeddable":true,"href":"https:\/\/abeille-tarnetgaronnaise.fr\/Atg82_new\/wp-json\/wp\/v2\/users\/2"}],"replies":[{"embeddable":true,"href":"https:\/\/abeille-tarnetgaronnaise.fr\/Atg82_new\/wp-json\/wp\/v2\/comments?post=35"}],"version-history":[{"count":284,"href":"https:\/\/abeille-tarnetgaronnaise.fr\/Atg82_new\/wp-json\/wp\/v2\/pages\/35\/revisions"}],"predecessor-version":[{"id":5588,"href":"https:\/\/abeille-tarnetgaronnaise.fr\/Atg82_new\/wp-json\/wp\/v2\/pages\/35\/revisions\/5588"}],"wp:attachment":[{"href":"https:\/\/abeille-tarnetgaronnaise.fr\/Atg82_new\/wp-json\/wp\/v2\/media?parent=35"}],"curies":[{"name":"wp","href":"https:\/\/api.w.org\/{rel}","templated":true}]}}