{"id":3097,"date":"2024-11-25T16:08:22","date_gmt":"2024-11-25T15:08:22","guid":{"rendered":"https:\/\/abeille-tarnetgaronnaise.fr\/Atg82_new\/?page_id=3097"},"modified":"2026-03-19T15:59:21","modified_gmt":"2026-03-19T14:59:21","slug":"le-mecenat-association-abeille-tarn-et-garonnaise","status":"publish","type":"page","link":"https:\/\/abeille-tarnetgaronnaise.fr\/Atg82_new\/le-mecenat-association-abeille-tarn-et-garonnaise\/","title":{"rendered":"M\u00e9c\u00e9nat"},"content":{"rendered":"\t\t<div data-elementor-type=\"wp-page\" data-elementor-id=\"3097\" class=\"elementor elementor-3097\" data-elementor-post-type=\"page\">\n\t\t\t\t<div class=\"elementor-element elementor-element-54adcf10 e-flex e-con-boxed e-con e-parent\" data-id=\"54adcf10\" data-element_type=\"container\" data-e-type=\"container\" data-settings=\"{&quot;background_background&quot;:&quot;classic&quot;}\">\n\t\t\t\t\t<div class=\"e-con-inner\">\n\t\t<div class=\"elementor-element elementor-element-4d648d4a e-con-full e-flex e-con e-child\" data-id=\"4d648d4a\" data-element_type=\"container\" data-e-type=\"container\">\n\t\t\t\t<div class=\"elementor-element elementor-element-122115c7 elementor-widget elementor-widget-text-editor\" data-id=\"122115c7\" data-element_type=\"widget\" data-e-type=\"widget\" data-widget_type=\"text-editor.default\">\n\t\t\t\t\t\t\t\t\t<h5><strong><span style=\"color: #2a323b; font-size: 18px;\">Appel aux dons et au m\u00e9c\u00e9nat !<\/span><\/strong><\/h5>\t\t\t\t\t\t\t\t<\/div>\n\t\t\t\t<div class=\"elementor-element elementor-element-5f005cd1 elementor-widget elementor-widget-heading\" data-id=\"5f005cd1\" data-element_type=\"widget\" data-e-type=\"widget\" data-widget_type=\"heading.default\">\n\t\t\t\t\t<h2 class=\"elementor-heading-title elementor-size-default\">Nous avons besoin de votre aide et faisons appel \u00e0 votre g\u00e9n\u00e9rosit\u00e9 !<\/h2>\t\t\t\t<\/div>\n\t\t\t\t<div class=\"elementor-element elementor-element-668eb96a elementor-widget elementor-widget-text-editor\" data-id=\"668eb96a\" data-element_type=\"widget\" data-e-type=\"widget\" data-widget_type=\"text-editor.default\">\n\t\t\t\t\t\t\t\t\t<p><strong>Notre projet :<\/strong> renforcer la biodiversit\u00e9, la pollinisation et sauvegarder les abeilles<\/p>\t\t\t\t\t\t\t\t<\/div>\n\t\t<div class=\"elementor-element elementor-element-766c5e77 e-grid e-con-full e-con e-child\" data-id=\"766c5e77\" data-element_type=\"container\" data-e-type=\"container\">\n\t\t\t\t<div class=\"elementor-element elementor-element-ecdaece elementor-mobile-align-center elementor-widget elementor-widget-button\" data-id=\"ecdaece\" data-element_type=\"widget\" data-e-type=\"widget\" data-widget_type=\"button.default\">\n\t\t\t\t\t\t\t\t\t\t<a class=\"elementor-button elementor-button-link elementor-size-sm\" href=\"https:\/\/www.abeille-tarnetgaronnaise.fr\/Atg82_new\/wp-content\/uploads\/docs\/Appel%20aux%20dons.pdf\" target=\"_blank\">\n\t\t\t\t\t\t<span class=\"elementor-button-content-wrapper\">\n\t\t\t\t\t\t\t\t\t<span class=\"elementor-button-text\">T\u00e9l\u00e9charger<\/span>\n\t\t\t\t\t<\/span>\n\t\t\t\t\t<\/a>\n\t\t\t\t\t\t\t\t<\/div>\n\t\t\t\t<\/div>\n\t\t\t\t<\/div>\n\t\t<div class=\"elementor-element elementor-element-1a218ad e-con-full e-flex e-con e-child\" data-id=\"1a218ad\" data-element_type=\"container\" data-e-type=\"container\">\n\t\t\t\t<div class=\"elementor-element elementor-element-3dd66d6e elementor-widget elementor-widget-image\" data-id=\"3dd66d6e\" data-element_type=\"widget\" data-e-type=\"widget\" data-widget_type=\"image.default\">\n\t\t\t\t\t\t\t\t\t\t\t\t\t\t\t<img fetchpriority=\"high\" decoding=\"async\" width=\"1024\" height=\"768\" src=\"https:\/\/abeille-tarnetgaronnaise.fr\/Atg82_new\/wp-content\/uploads\/2024\/11\/SAM_4045-1024x768.jpg\" class=\"attachment-large size-large wp-image-2376\" alt=\"\" srcset=\"https:\/\/abeille-tarnetgaronnaise.fr\/Atg82_new\/wp-content\/uploads\/2024\/11\/SAM_4045-1024x768.jpg 1024w, https:\/\/abeille-tarnetgaronnaise.fr\/Atg82_new\/wp-content\/uploads\/2024\/11\/SAM_4045-300x225.jpg 300w, https:\/\/abeille-tarnetgaronnaise.fr\/Atg82_new\/wp-content\/uploads\/2024\/11\/SAM_4045-768x576.jpg 768w, https:\/\/abeille-tarnetgaronnaise.fr\/Atg82_new\/wp-content\/uploads\/2024\/11\/SAM_4045-1536x1152.jpg 1536w, https:\/\/abeille-tarnetgaronnaise.fr\/Atg82_new\/wp-content\/uploads\/2024\/11\/SAM_4045-2048x1536.jpg 2048w\" sizes=\"(max-width: 1024px) 100vw, 1024px\" \/>\t\t\t\t\t\t\t\t\t\t\t\t\t\t\t<\/div>\n\t\t\t\t<\/div>\n\t\t\t\t\t<\/div>\n\t\t\t\t<\/div>\n\t\t<div class=\"elementor-element elementor-element-bcbc74c e-flex e-con-boxed e-con e-parent\" data-id=\"bcbc74c\" data-element_type=\"container\" data-e-type=\"container\">\n\t\t\t\t\t<div class=\"e-con-inner\">\n\t\t<div class=\"elementor-element elementor-element-2e88226d e-con-full e-flex e-con e-child\" data-id=\"2e88226d\" data-element_type=\"container\" data-e-type=\"container\">\n\t\t<div class=\"elementor-element elementor-element-4fdfd8df e-con-full e-flex e-con e-child\" data-id=\"4fdfd8df\" data-element_type=\"container\" data-e-type=\"container\">\n\t\t\t\t<div class=\"elementor-element elementor-element-79d0d92f elementor-widget elementor-widget-image\" data-id=\"79d0d92f\" data-element_type=\"widget\" data-e-type=\"widget\" data-widget_type=\"image.default\">\n\t\t\t\t\t\t\t\t\t\t\t\t\t\t\t<img decoding=\"async\" width=\"355\" height=\"252\" src=\"https:\/\/abeille-tarnetgaronnaise.fr\/Atg82_new\/wp-content\/uploads\/2016\/03\/apismelliferacarnica.jpg\" class=\"attachment-large size-large wp-image-779\" alt=\"\" srcset=\"https:\/\/abeille-tarnetgaronnaise.fr\/Atg82_new\/wp-content\/uploads\/2016\/03\/apismelliferacarnica.jpg 355w, https:\/\/abeille-tarnetgaronnaise.fr\/Atg82_new\/wp-content\/uploads\/2016\/03\/apismelliferacarnica-300x213.jpg 300w\" sizes=\"(max-width: 355px) 100vw, 355px\" \/>\t\t\t\t\t\t\t\t\t\t\t\t\t\t\t<\/div>\n\t\t\t\t<div class=\"elementor-element elementor-element-410da61a elementor-widget elementor-widget-image\" data-id=\"410da61a\" data-element_type=\"widget\" data-e-type=\"widget\" data-widget_type=\"image.default\">\n\t\t\t\t\t\t\t\t\t\t\t\t\t\t\t<img decoding=\"async\" width=\"1024\" height=\"768\" src=\"https:\/\/abeille-tarnetgaronnaise.fr\/Atg82_new\/wp-content\/uploads\/2016\/05\/SAM_1871-1024x768.jpg\" class=\"attachment-large size-large wp-image-853\" alt=\"\" srcset=\"https:\/\/abeille-tarnetgaronnaise.fr\/Atg82_new\/wp-content\/uploads\/2016\/05\/SAM_1871-1024x768.jpg 1024w, https:\/\/abeille-tarnetgaronnaise.fr\/Atg82_new\/wp-content\/uploads\/2016\/05\/SAM_1871-300x225.jpg 300w, https:\/\/abeille-tarnetgaronnaise.fr\/Atg82_new\/wp-content\/uploads\/2016\/05\/SAM_1871-768x576.jpg 768w, https:\/\/abeille-tarnetgaronnaise.fr\/Atg82_new\/wp-content\/uploads\/2016\/05\/SAM_1871-1536x1152.jpg 1536w, https:\/\/abeille-tarnetgaronnaise.fr\/Atg82_new\/wp-content\/uploads\/2016\/05\/SAM_1871-2048x1536.jpg 2048w\" sizes=\"(max-width: 1024px) 100vw, 1024px\" \/>\t\t\t\t\t\t\t\t\t\t\t\t\t\t\t<\/div>\n\t\t\t\t<\/div>\n\t\t<div class=\"elementor-element elementor-element-56430eac e-con-full e-flex e-con e-child\" data-id=\"56430eac\" data-element_type=\"container\" data-e-type=\"container\">\n\t\t\t\t<div class=\"elementor-element elementor-element-4c873fc5 elementor-widget elementor-widget-image\" data-id=\"4c873fc5\" data-element_type=\"widget\" data-e-type=\"widget\" data-widget_type=\"image.default\">\n\t\t\t\t\t\t\t\t\t\t\t\t\t\t\t<img loading=\"lazy\" decoding=\"async\" width=\"1024\" height=\"768\" src=\"https:\/\/abeille-tarnetgaronnaise.fr\/Atg82_new\/wp-content\/uploads\/2016\/05\/SAM_1874-1024x768.jpg\" class=\"attachment-large size-large wp-image-854\" alt=\"\" srcset=\"https:\/\/abeille-tarnetgaronnaise.fr\/Atg82_new\/wp-content\/uploads\/2016\/05\/SAM_1874-1024x768.jpg 1024w, https:\/\/abeille-tarnetgaronnaise.fr\/Atg82_new\/wp-content\/uploads\/2016\/05\/SAM_1874-300x225.jpg 300w, https:\/\/abeille-tarnetgaronnaise.fr\/Atg82_new\/wp-content\/uploads\/2016\/05\/SAM_1874-768x576.jpg 768w, https:\/\/abeille-tarnetgaronnaise.fr\/Atg82_new\/wp-content\/uploads\/2016\/05\/SAM_1874-1536x1152.jpg 1536w, https:\/\/abeille-tarnetgaronnaise.fr\/Atg82_new\/wp-content\/uploads\/2016\/05\/SAM_1874-2048x1536.jpg 2048w\" sizes=\"(max-width: 1024px) 100vw, 1024px\" \/>\t\t\t\t\t\t\t\t\t\t\t\t\t\t\t<\/div>\n\t\t\t\t<div class=\"elementor-element elementor-element-7784e1d0 elementor-widget elementor-widget-image\" data-id=\"7784e1d0\" data-element_type=\"widget\" data-e-type=\"widget\" data-widget_type=\"image.default\">\n\t\t\t\t\t\t\t\t\t\t\t\t\t\t\t<img decoding=\"async\" src=\"https:\/\/abeille-tarnetgaronnaise.fr\/Atg82_new\/wp-content\/uploads\/2024\/11\/SAM_4045-scaled.jpg\" title=\"SAMSUNG CAMERA PICTURES\" alt=\"SAMSUNG CAMERA PICTURES\" loading=\"lazy\" \/>\t\t\t\t\t\t\t\t\t\t\t\t\t\t\t<\/div>\n\t\t\t\t<\/div>\n\t\t\t\t<\/div>\n\t\t<div class=\"elementor-element elementor-element-1a58c3e5 e-con-full e-flex e-con e-child\" data-id=\"1a58c3e5\" data-element_type=\"container\" data-e-type=\"container\">\n\t\t\t\t<div class=\"elementor-element elementor-element-7f51113c elementor-widget elementor-widget-image\" data-id=\"7f51113c\" data-element_type=\"widget\" data-e-type=\"widget\" data-widget_type=\"image.default\">\n\t\t\t\t\t\t\t\t\t\t\t\t\t\t\t<img decoding=\"async\" src=\"https:\/\/abeille-tarnetgaronnaise.fr\/Atg82_new\/wp-content\/uploads\/elementor\/thumbs\/icone-qx1nvcljyld2bil7c683687vy2c92ljol2etsurr50.png\" title=\"icone\" alt=\"icone\" loading=\"lazy\" \/>\t\t\t\t\t\t\t\t\t\t\t\t\t\t\t<\/div>\n\t\t\t\t<div class=\"elementor-element elementor-element-160a3721 elementor-widget elementor-widget-heading\" data-id=\"160a3721\" data-element_type=\"widget\" data-e-type=\"widget\" data-widget_type=\"heading.default\">\n\t\t\t\t\t<h4 class=\"elementor-heading-title elementor-size-default\">Comment ?<\/h4>\t\t\t\t<\/div>\n\t\t\t\t<div class=\"elementor-element elementor-element-7660e8fe elementor-widget elementor-widget-text-editor\" data-id=\"7660e8fe\" data-element_type=\"widget\" data-e-type=\"widget\" data-widget_type=\"text-editor.default\">\n\t\t\t\t\t\t\t\t\t<p>Au moyen de l\u2019ins\u00e9mination artificielle afin de multiplier plus facilement les essaims<\/p>\t\t\t\t\t\t\t\t<\/div>\n\t\t\t\t<div class=\"elementor-element elementor-element-0911eca elementor-widget elementor-widget-qi_addons_for_elementor_blockquote\" data-id=\"0911eca\" data-element_type=\"widget\" data-e-type=\"widget\" data-widget_type=\"qi_addons_for_elementor_blockquote.default\">\n\t\t\t\t<div class=\"elementor-widget-container\">\n\t\t\t\t\t<div class=\"qodef-shortcode qodef-m qodef-qi-blockquote qodef-layout--top qodef--icon-pack\">\n\t\t\t<div class=\"qodef-m-icon\">\n\t\t\t<svg aria-hidden=\"true\" class=\"e-font-icon-svg e-fas-quote-right\" viewBox=\"0 0 512 512\" xmlns=\"http:\/\/www.w3.org\/2000\/svg\"><path d=\"M464 32H336c-26.5 0-48 21.5-48 48v128c0 26.5 21.5 48 48 48h80v64c0 35.3-28.7 64-64 64h-8c-13.3 0-24 10.7-24 24v48c0 13.3 10.7 24 24 24h8c88.4 0 160-71.6 160-160V80c0-26.5-21.5-48-48-48zm-288 0H48C21.5 32 0 53.5 0 80v128c0 26.5 21.5 48 48 48h80v64c0 35.3-28.7 64-64 64h-8c-13.3 0-24 10.7-24 24v48c0 13.3 10.7 24 24 24h8c88.4 0 160-71.6 160-160V80c0-26.5-21.5-48-48-48z\"><\/path><\/svg>\t\t<\/div>\n\t\t\t\t<h6 class=\"qodef-m-text\">\n\t\t\t\u00ab Pr\u00e8s de 80 % des reines ne reviennent pas \u00e0 la ruche quand elles sortent se faire f\u00e9conder. En vol, elles sont tr\u00e8s vuln\u00e9rables et sont une proie facile pour les frelons asiatiques et les autres pr\u00e9dateurs. \u00bb\t\t<\/h6>\n\t<\/div>\n\t\t\t\t<\/div>\n\t\t\t\t<\/div>\n\t\t\t\t<\/div>\n\t\t\t\t\t<\/div>\n\t\t\t\t<\/div>\n\t\t<div class=\"elementor-element elementor-element-5d09854c e-flex e-con-boxed e-con e-parent\" data-id=\"5d09854c\" data-element_type=\"container\" data-e-type=\"container\">\n\t\t\t\t\t<div class=\"e-con-inner\">\n\t\t\t\t<div class=\"elementor-element elementor-element-d266d2f elementor-widget elementor-widget-qi_addons_for_elementor_separator\" data-id=\"d266d2f\" data-element_type=\"widget\" data-e-type=\"widget\" data-widget_type=\"qi_addons_for_elementor_separator.default\">\n\t\t\t\t<div class=\"elementor-widget-container\">\n\t\t\t\t\t<div class=\"qodef-shortcode qodef-m qodef-qi-separator qodef-qi-clear qodef-separator--with-icon qodef-position--center\">\n\t<div class=\"qodef-m-line\">\n\t\t<div class=\"qodef-m-inner-line\"><\/div>\n\t\t\t<span class=\"qodef-m-separator-icon\">\n\t\t<svg xmlns=\"http:\/\/www.w3.org\/2000\/svg\" viewBox=\"0 0 43.1 35.1\"><defs><style>      .cls-1 {        fill: #fff;      }    <\/style><\/defs><g><g id=\"Calque_1\"><g><path class=\"cls-1\" d=\"M20,22c-6.2,3-12.3,3-13.8,0-1.4-3,2.4-7.8,8.6-10.7,6.2-3,12.3-3,13.8,0,1.4,3-2.4,7.8-8.6,10.7Z\"><\/path><path d=\"M11.3,25.1c-2.9,0-5-.9-5.8-2.7-1.7-3.4,2.3-8.6,9-11.9,6.7-3.2,13.2-3.1,14.9.3.8,1.7.3,4-1.5,6.2-1.7,2.1-4.3,4.1-7.4,5.6-3.1,1.5-6.3,2.3-9,2.3h0ZM23.6,9.8c-2.3,0-5.2.7-8.3,2.2-6.2,3-9.3,7.4-8.2,9.6.5,1.1,2.1,1.7,4.3,1.7,2.5,0,5.4-.8,8.3-2.2h0c2.9-1.4,5.3-3.2,6.9-5.2,1.4-1.7,1.9-3.4,1.3-4.5-.5-1.1-2.1-1.7-4.3-1.7Z\"><\/path><\/g><path d=\"M5.7,22.9c-1,0-2.1-.2-2.5-.8-.2-.3-.2-.7,0-.9s.6-.4.9-.3c.4,0,.9.1,1.1,0,.2-.3.4-.4.7-.4.3,0,.6.2.7.5l.4.8c.1.3.1.5,0,.8-.1.2-.4.4-.7.4-.2,0-.4,0-.6,0Z\"><\/path><g><path d=\"M21,9.3s1.2,5.8,5,8.4l-2.3,2.1s-5.2-4.8-5.4-9.5l2.7-1Z\"><\/path><path d=\"M23.7,20.2l-.2-.2c-.2-.2-5.2-4.9-5.5-9.7v-.2s3.2-1.2,3.2-1.2v.3c0,0,1.3,5.7,5,8.3l.3.2-2.8,2.5ZM18.5,10.5c.4,4,4.3,8.1,5.2,9l1.9-1.7c-3.2-2.4-4.5-6.9-4.8-8.1l-2.3.8Z\"><\/path><\/g><g><path d=\"M10.2,14.6s.3,6.2,5.1,9l-3.9.3s-4.4-3.9-3.4-7.4c0,0,1.5-1.6,2.1-1.9Z\"><\/path><path d=\"M11.3,24.2h0c-.2-.2-4.6-4.1-3.4-7.7h0c0,0,0-.1,0-.1.2-.2,1.6-1.7,2.2-2l.3-.2v.4c0,0,.4,6.1,5,8.7l.7.4-4.8.4ZM8.3,16.7c-.9,3,2.6,6.5,3.2,7l3-.3c-3.6-2.5-4.4-6.9-4.5-8.3-.5.4-1.2,1.1-1.7,1.6Z\"><\/path><\/g><g><path d=\"M15.5,11.4s.8,7.3,6.5,9.3l-3.1,1.7s-4.7-2.3-6.2-9.8l2.9-1.2Z\"><\/path><path d=\"M18.9,22.7h-.1c-.2-.2-4.8-2.5-6.4-10v-.2s3.3-1.4,3.3-1.4v.3c0,0,.9,7.2,6.3,9.1l.6.2-3.8,2ZM12.9,12.7c1.4,6.5,5.2,8.9,5.9,9.3l2.5-1.3c-4.6-2-5.8-7.6-6.1-9l-2.3,1Z\"><\/path><\/g><g><path class=\"cls-1\" d=\"M27.3,11.6S13.5-4.6,8.1,3c-5.4,7.6,14.3,10.3,19.2,8.6Z\"><\/path><path d=\"M9.2,9.7c-.8-.5-1.5-1.1-2-1.8-.9-1.1-1.5-3,.2-5.4C8.5,1,9.9.2,11.6.1c6.6-.3,16,10.5,16.3,10.9l.8.9-1.2.4c-3.5,1.2-13.5.3-18.4-2.7ZM17.2,3.7c-1.9-1.2-3.8-2-5.5-1.9-1.2,0-2.2.6-2.9,1.7-1.2,1.7-.7,2.8-.2,3.5,2.5,3.4,12.6,4.8,17.2,4.2-1.6-1.7-5.1-5.2-8.6-7.4Z\"><\/path><\/g><g><path class=\"cls-1\" d=\"M26.7,12.3s-14.2,15.9-6,20.2c8.2,4.3,8.3-15.5,6-20.2Z\"><\/path><path d=\"M25.1,33.3c-1.1.7-2.6,1.1-4.8,0-1.6-.8-2.6-2.1-2.9-3.8-1.2-6.5,8.2-17.2,8.6-17.7l.8-.9.6,1.1c2,3.9,2.3,16.9-1.7,20.8-.2.2-.4.4-.6.5ZM26.4,14c-2.3,2.8-8.2,10.5-7.3,15.2.2,1.2.9,2.1,2,2.7,1.9,1,2.9.3,3.5-.2,3-3,3.1-13.1,1.8-17.6Z\"><\/path><\/g><path d=\"M32.1,8.2c-.2,0-.4,0-.6-.2-.3-.3-.3-.9,0-1.2,1.8-1.8,3.1-3.9,2.9-4.3-.4-.2-.6-.8-.3-1.2.2-.4.7-.5,1.1-.3.5.3.8.7.9,1.3.2,1.9-2.5,4.8-3.4,5.7-.2.2-.4.2-.6.2Z\"><\/path><path d=\"M40.2,13.9c-.1,0-.2,0-.4,0-.3-.1-.5-.5-.5-.8-.7-.3-3.1-.6-5.5-.5,0,0,0,0,0,0-.5,0-.8-.4-.8-.8,0-.5.4-.8.8-.9,2.8,0,6.3.1,7,1.3.2.4.3.8,0,1.3-.1.3-.4.5-.8.5Z\"><\/path><g><path class=\"cls-1\" d=\"M32,15.5c-2,1.1-4.7-.2-6.1-2.9-1.4-2.6-1-5.6,1-6.7,2-1.1,4.7.2,6.1,2.9,1.4,2.6,1,5.6-1,6.7Z\"><\/path><path d=\"M30.5,16.7c-2,0-4.1-1.4-5.4-3.7-.8-1.4-1.1-3-.9-4.5.2-1.5,1-2.7,2.2-3.4,1.2-.6,2.6-.6,4,0,1.3.6,2.5,1.7,3.2,3.2.8,1.4,1.1,3,.9,4.5-.2,1.5-1,2.7-2.2,3.4-.6.3-1.2.5-1.9.5ZM28.3,6.4c-.4,0-.8,0-1.1.3-.7.4-1.2,1.1-1.3,2.1-.2,1.1,0,2.3.7,3.4,1.2,2.2,3.4,3.4,5,2.5.7-.4,1.2-1.1,1.3-2.1.2-1.1,0-2.3-.7-3.4-.6-1.1-1.5-2-2.5-2.5-.5-.2-1-.3-1.4-.3Z\"><\/path><\/g><\/g><\/g><\/svg>\t<\/span>\n\t\t\t<div class=\"qodef-m-inner-line\"><\/div>\n\t<\/div>\n<\/div>\n\t\t\t\t<\/div>\n\t\t\t\t<\/div>\n\t\t\t\t<div class=\"elementor-element elementor-element-42f65b0f elementor-widget elementor-widget-text-editor\" data-id=\"42f65b0f\" data-element_type=\"widget\" data-e-type=\"widget\" data-widget_type=\"text-editor.default\">\n\t\t\t\t\t\t\t\t\t<p>C\u2019est le constat alarmant que nous faisons et auquel nous souhaitons rem\u00e9dier en misant sur la technique de l\u2019ins\u00e9mination artificielle des reines, afin d\u2019assurer la bonne reproduction de ces \u00e9l\u00e9ments primordiaux dans la vie d\u2019une ruche et la sauvegarde de la biodiversit\u00e9.<br \/><strong>Notre association, l\u2019Abeille Tarn et Garonnaise<\/strong>, f\u00e9d\u00e8re aujourd\u2019hui 115 adh\u00e9rents, 1500 ruches et 80 millions d\u2019abeilles, souhaite instruire des apiculteurs et des associations pour cr\u00e9er des cellules royales et permettre de multiplier des ruches fortes.<\/p><p>\u00ab Il faut compter 7 500 euros pour un microscope et 1 000 euros pour une formation compl\u00e8te. Un grand \u00e9cran est aussi n\u00e9cessaire pour pr\u00e9senter facilement le travail qui est fait, ainsi que du mat\u00e9riel compl\u00e9mentaire pour \u00e9lever les reines.<br \/>La technique est d\u00e9sormais bien connue, nous avons pour ambition d\u2019en faire b\u00e9n\u00e9ficier le plus grand nombre \u00e0 travers notre association.<\/p>\t\t\t\t\t\t\t\t<\/div>\n\t\t\t\t\t<\/div>\n\t\t\t\t<\/div>\n\t\t<div class=\"elementor-element elementor-element-9e31185 e-grid e-con-boxed e-con e-parent\" data-id=\"9e31185\" data-element_type=\"container\" data-e-type=\"container\">\n\t\t\t\t\t<div class=\"e-con-inner\">\n\t\t\t\t<div class=\"elementor-element elementor-element-089d713 elementor-widget elementor-widget-image\" data-id=\"089d713\" data-element_type=\"widget\" data-e-type=\"widget\" data-widget_type=\"image.default\">\n\t\t\t\t\t\t\t\t\t\t\t\t\t\t\t<img loading=\"lazy\" decoding=\"async\" width=\"1024\" height=\"683\" src=\"https:\/\/abeille-tarnetgaronnaise.fr\/Atg82_new\/wp-content\/uploads\/2025\/01\/bee-4093883_1920-1024x683.jpg\" class=\"attachment-large size-large wp-image-3827\" alt=\"abeille sur fleur\" srcset=\"https:\/\/abeille-tarnetgaronnaise.fr\/Atg82_new\/wp-content\/uploads\/2025\/01\/bee-4093883_1920-1024x683.jpg 1024w, https:\/\/abeille-tarnetgaronnaise.fr\/Atg82_new\/wp-content\/uploads\/2025\/01\/bee-4093883_1920-300x200.jpg 300w, https:\/\/abeille-tarnetgaronnaise.fr\/Atg82_new\/wp-content\/uploads\/2025\/01\/bee-4093883_1920-768x512.jpg 768w, https:\/\/abeille-tarnetgaronnaise.fr\/Atg82_new\/wp-content\/uploads\/2025\/01\/bee-4093883_1920-1536x1024.jpg 1536w, https:\/\/abeille-tarnetgaronnaise.fr\/Atg82_new\/wp-content\/uploads\/2025\/01\/bee-4093883_1920.jpg 1920w\" sizes=\"(max-width: 1024px) 100vw, 1024px\" \/>\t\t\t\t\t\t\t\t\t\t\t\t\t\t\t<\/div>\n\t\t\t\t<div class=\"elementor-element elementor-element-6e86cda elementor-widget elementor-widget-text-editor\" data-id=\"6e86cda\" data-element_type=\"widget\" data-e-type=\"widget\" data-widget_type=\"text-editor.default\">\n\t\t\t\t\t\t\t\t\t<p>Pour cela nous avons<strong> besoin de votre aide<\/strong> et<strong> faisons appel \u00e0 votre g\u00e9n\u00e9rosit\u00e9<\/strong>. Votre don est d\u00e9ductible des imp\u00f4ts.<\/p><p><strong>&#8211; En tant que particulier<\/strong>, c\u2019est 66 % de votre don est d\u00e9ductible de votre imp\u00f4t sur le revenu et ce dans la limite de 20 % de votre revenu imposable.<br \/>Par exemple, un don de 150 \u20ac, ne vous co\u00fbtera que 50 \u20ac apr\u00e8s r\u00e9duction fiscale.<\/p><p><strong>&#8211; En tant qu\u2019entreprise<\/strong>, c\u2019est 60% de votre don qui est d\u00e9ductible de votre imp\u00f4t sur les soci\u00e9t\u00e9s (jusqu\u2019\u00e0 20 000 euros, et ce dans la limite de 0,5 % de leur chiffre d\u2019affaires)<\/p>\t\t\t\t\t\t\t\t<\/div>\n\t\t\t\t\t<\/div>\n\t\t\t\t<\/div>\n\t\t<div class=\"elementor-element elementor-element-4601f43c e-con-full e-flex e-con e-parent\" data-id=\"4601f43c\" data-element_type=\"container\" data-e-type=\"container\" data-settings=\"{&quot;background_background&quot;:&quot;classic&quot;}\">\n\t\t\t\t<div class=\"elementor-element elementor-element-6f6d75bb elementor-widget elementor-widget-heading\" data-id=\"6f6d75bb\" data-element_type=\"widget\" data-e-type=\"widget\" data-widget_type=\"heading.default\">\n\t\t\t\t\t<h2 class=\"elementor-heading-title elementor-size-default\">Pour envoyer votre don \u00e0 l\u2019association ou pour r\u00e9pondre \u00e0 toutes vos questions,<\/h2>\t\t\t\t<\/div>\n\t\t\t\t<div class=\"elementor-element elementor-element-52724da0 elementor-widget elementor-widget-heading\" data-id=\"52724da0\" data-element_type=\"widget\" data-e-type=\"widget\" data-widget_type=\"heading.default\">\n\t\t\t\t\t<h2 class=\"elementor-heading-title elementor-size-default\"> nous sommes \u00e0 votre disposition :<\/h2>\t\t\t\t<\/div>\n\t\t\t\t<div class=\"elementor-element elementor-element-33c7b1c elementor-mobile-align-center elementor-align-center e-transform e-transform elementor-widget elementor-widget-button\" data-id=\"33c7b1c\" data-element_type=\"widget\" data-e-type=\"widget\" data-settings=\"{&quot;_transform_scale_effect&quot;:{&quot;unit&quot;:&quot;px&quot;,&quot;size&quot;:1,&quot;sizes&quot;:[]},&quot;_transform_scale_effect_hover&quot;:{&quot;unit&quot;:&quot;px&quot;,&quot;size&quot;:1.1,&quot;sizes&quot;:[]},&quot;_transform_scale_effect_tablet&quot;:{&quot;unit&quot;:&quot;px&quot;,&quot;size&quot;:&quot;&quot;,&quot;sizes&quot;:[]},&quot;_transform_scale_effect_mobile&quot;:{&quot;unit&quot;:&quot;px&quot;,&quot;size&quot;:&quot;&quot;,&quot;sizes&quot;:[]},&quot;_transform_scale_effect_hover_tablet&quot;:{&quot;unit&quot;:&quot;px&quot;,&quot;size&quot;:&quot;&quot;,&quot;sizes&quot;:[]},&quot;_transform_scale_effect_hover_mobile&quot;:{&quot;unit&quot;:&quot;px&quot;,&quot;size&quot;:&quot;&quot;,&quot;sizes&quot;:[]}}\" data-widget_type=\"button.default\">\n\t\t\t\t\t\t\t\t\t\t<a class=\"elementor-button elementor-button-link elementor-size-sm\" href=\"mailto:alain.verdie602@orange.fr\" rel=\"nofollow\">\n\t\t\t\t\t\t<span class=\"elementor-button-content-wrapper\">\n\t\t\t\t\t\t\t\t\t<span class=\"elementor-button-text\">Contactez-nous<\/span>\n\t\t\t\t\t<\/span>\n\t\t\t\t\t<\/a>\n\t\t\t\t\t\t\t\t<\/div>\n\t\t\t\t<div class=\"elementor-element elementor-element-8a6336e elementor-widget elementor-widget-text-editor\" data-id=\"8a6336e\" data-element_type=\"widget\" data-e-type=\"widget\" data-widget_type=\"text-editor.default\">\n\t\t\t\t\t\t\t\t\t<p>ou<\/p>\t\t\t\t\t\t\t\t<\/div>\n\t\t\t\t<div class=\"elementor-element elementor-element-586c720 elementor-widget elementor-widget-qi_addons_for_elementor_animated_text\" data-id=\"586c720\" data-element_type=\"widget\" data-e-type=\"widget\" data-widget_type=\"qi_addons_for_elementor_animated_text.default\">\n\t\t\t\t<div class=\"elementor-widget-container\">\n\t\t\t\t\t<div class=\"qodef-shortcode qodef-m qodef-qi-animated-text qodef--alignment-center qodef-qi--has-appear qodef--appear-from-bottom\" data-appear-delay=\"random\">\n\t\t<h1 class=\"qodef-m-title\">\n\t\t06.74.22.57.50\t<\/h1>\n<\/div>\n\t\t\t\t<\/div>\n\t\t\t\t<\/div>\n\t\t\t\t<\/div>\n\t\t<div class=\"elementor-element elementor-element-25dbb9f e-con-full e-flex e-con e-parent\" data-id=\"25dbb9f\" data-element_type=\"container\" data-e-type=\"container\" data-settings=\"{&quot;background_background&quot;:&quot;classic&quot;}\">\n\t\t\t\t<div class=\"elementor-element elementor-element-b698f75 elementor-widget elementor-widget-heading\" data-id=\"b698f75\" data-element_type=\"widget\" data-e-type=\"widget\" data-widget_type=\"heading.default\">\n\t\t\t\t\t<h2 class=\"elementor-heading-title elementor-size-default\">Rejoignez notre Association !<\/h2>\t\t\t\t<\/div>\n\t\t\t\t<div class=\"elementor-element elementor-element-90eeaed elementor-widget elementor-widget-text-editor\" data-id=\"90eeaed\" data-element_type=\"widget\" data-e-type=\"widget\" data-widget_type=\"text-editor.default\">\n\t\t\t\t\t\t\t\t\t<p>Vous souhaitez jouer un r\u00f4le dans notre association et participez \u00e0 pr\u00e9servation de la biodiversit\u00e9 ?<\/p>\t\t\t\t\t\t\t\t<\/div>\n\t\t\t\t<div class=\"elementor-element elementor-element-0aed38e elementor-mobile-align-center elementor-align-center elementor-widget elementor-widget-button\" data-id=\"0aed38e\" data-element_type=\"widget\" data-e-type=\"widget\" data-widget_type=\"button.default\">\n\t\t\t\t\t\t\t\t\t\t<a class=\"elementor-button elementor-button-link elementor-size-sm\" href=\"https:\/\/abeille-tarnetgaronnaise.fr\/Atg82_new\/adherer-a-lassociation\/\" rel=\"nofollow\">\n\t\t\t\t\t\t<span class=\"elementor-button-content-wrapper\">\n\t\t\t\t\t\t\t\t\t<span class=\"elementor-button-text\">Adh\u00e9rer<\/span>\n\t\t\t\t\t<\/span>\n\t\t\t\t\t<\/a>\n\t\t\t\t\t\t\t\t<\/div>\n\t\t\t\t<\/div>\n\t\t<div class=\"elementor-element elementor-element-325758a1 e-flex e-con-boxed e-con e-parent\" data-id=\"325758a1\" data-element_type=\"container\" data-e-type=\"container\" data-settings=\"{&quot;background_background&quot;:&quot;classic&quot;,&quot;shape_divider_top&quot;:&quot;opacity-tilt&quot;}\">\n\t\t\t\t\t<div class=\"e-con-inner\">\n\t\t\t\t<div class=\"elementor-shape elementor-shape-top\" aria-hidden=\"true\" data-negative=\"false\">\n\t\t\t<svg xmlns=\"http:\/\/www.w3.org\/2000\/svg\" viewBox=\"0 0 2600 131.1\" preserveAspectRatio=\"none\">\n\t<path class=\"elementor-shape-fill\" d=\"M0 0L2600 0 2600 69.1 0 0z\"\/>\n\t<path class=\"elementor-shape-fill\" style=\"opacity:0.5\" d=\"M0 0L2600 0 2600 69.1 0 69.1z\"\/>\n\t<path class=\"elementor-shape-fill\" style=\"opacity:0.25\" d=\"M2600 0L0 0 0 130.1 2600 69.1z\"\/>\n<\/svg>\t\t<\/div>\n\t\t\t\t\t<\/div>\n\t\t\t\t<\/div>\n\t\t\t\t<\/div>\n\t\t","protected":false},"excerpt":{"rendered":"<p>Appel aux dons et au m\u00e9c\u00e9nat ! Nous avons besoin de votre aide et faisons appel \u00e0 votre g\u00e9n\u00e9rosit\u00e9 ! Notre projet : renforcer la biodiversit\u00e9, la pollinisation et sauvegarder [&hellip;]<\/p>\n","protected":false},"author":1,"featured_media":0,"parent":0,"menu_order":0,"comment_status":"closed","ping_status":"closed","template":"page-full-width.php","meta":{"footnotes":""},"class_list":["post-3097","page","type-page","status-publish","hentry"],"yoast_head":"<!-- This site is optimized with the Yoast SEO plugin v27.4 - https:\/\/yoast.com\/product\/yoast-seo-wordpress\/ -->\n<title>M\u00e9c\u00e9nat - L&#039;abeille tarn et garonnaise<\/title>\n<meta name=\"description\" content=\"L\u2019association d\u2019apiculture L\u2019Abeille Tarn et Garonnaise propose des formations et un rucher \u00e9cole pour tous ceux qui souhaitent d\u00e9couvrir l\u2019apiculture et devenir apiculteur amateur dans le Tarn-et-Garonne.Nos cours s\u2019adressent aux d\u00e9butants comme aux apiculteurs souhaitant approfondir leurs connaissances. Le rucher \u00e9cole situ\u00e9 pr\u00e8s de Montauban accueille \u00e9galement des participants venant du Tarn, du Lot, du Gers et de la Haute-Garonne.\" \/>\n<meta name=\"robots\" content=\"index, follow, max-snippet:-1, max-image-preview:large, max-video-preview:-1\" \/>\n<link rel=\"canonical\" href=\"https:\/\/abeille-tarnetgaronnaise.fr\/Atg82_new\/le-mecenat-association-abeille-tarn-et-garonnaise\/\" \/>\n<meta property=\"og:locale\" content=\"fr_FR\" \/>\n<meta property=\"og:type\" content=\"article\" \/>\n<meta property=\"og:title\" content=\"M\u00e9c\u00e9nat - L&#039;abeille tarn et garonnaise\" \/>\n<meta property=\"og:description\" content=\"L\u2019association d\u2019apiculture L\u2019Abeille Tarn et Garonnaise propose des formations et un rucher \u00e9cole pour tous ceux qui souhaitent d\u00e9couvrir l\u2019apiculture et devenir apiculteur amateur dans le Tarn-et-Garonne.Nos cours s\u2019adressent aux d\u00e9butants comme aux apiculteurs souhaitant approfondir leurs connaissances. Le rucher \u00e9cole situ\u00e9 pr\u00e8s de Montauban accueille \u00e9galement des participants venant du Tarn, du Lot, du Gers et de la Haute-Garonne.\" \/>\n<meta property=\"og:url\" content=\"https:\/\/abeille-tarnetgaronnaise.fr\/Atg82_new\/le-mecenat-association-abeille-tarn-et-garonnaise\/\" \/>\n<meta property=\"og:site_name\" content=\"L&#039;abeille tarn et garonnaise\" \/>\n<meta property=\"article:modified_time\" content=\"2026-03-19T14:59:21+00:00\" \/>\n<meta property=\"og:image\" content=\"https:\/\/abeille-tarnetgaronnaise.fr\/Atg82_new\/wp-content\/uploads\/2024\/11\/SAM_4045-1024x768.jpg\" \/>\n<meta name=\"twitter:card\" content=\"summary_large_image\" \/>\n<meta name=\"twitter:label1\" content=\"Dur\u00e9e de lecture estim\u00e9e\" \/>\n\t<meta name=\"twitter:data1\" content=\"4 minutes\" \/>\n<script type=\"application\/ld+json\" class=\"yoast-schema-graph\">{\"@context\":\"https:\\\/\\\/schema.org\",\"@graph\":[{\"@type\":\"WebPage\",\"@id\":\"https:\\\/\\\/abeille-tarnetgaronnaise.fr\\\/Atg82_new\\\/le-mecenat-association-abeille-tarn-et-garonnaise\\\/\",\"url\":\"https:\\\/\\\/abeille-tarnetgaronnaise.fr\\\/Atg82_new\\\/le-mecenat-association-abeille-tarn-et-garonnaise\\\/\",\"name\":\"M\u00e9c\u00e9nat - L&#039;abeille tarn et garonnaise\",\"isPartOf\":{\"@id\":\"https:\\\/\\\/abeille-tarnetgaronnaise.fr\\\/Atg82_new\\\/#website\"},\"primaryImageOfPage\":{\"@id\":\"https:\\\/\\\/abeille-tarnetgaronnaise.fr\\\/Atg82_new\\\/le-mecenat-association-abeille-tarn-et-garonnaise\\\/#primaryimage\"},\"image\":{\"@id\":\"https:\\\/\\\/abeille-tarnetgaronnaise.fr\\\/Atg82_new\\\/le-mecenat-association-abeille-tarn-et-garonnaise\\\/#primaryimage\"},\"thumbnailUrl\":\"https:\\\/\\\/abeille-tarnetgaronnaise.fr\\\/Atg82_new\\\/wp-content\\\/uploads\\\/2024\\\/11\\\/SAM_4045-1024x768.jpg\",\"datePublished\":\"2024-11-25T15:08:22+00:00\",\"dateModified\":\"2026-03-19T14:59:21+00:00\",\"description\":\"L\u2019association d\u2019apiculture L\u2019Abeille Tarn et Garonnaise propose des formations et un rucher \u00e9cole pour tous ceux qui souhaitent d\u00e9couvrir l\u2019apiculture et devenir apiculteur amateur dans le Tarn-et-Garonne.Nos cours s\u2019adressent aux d\u00e9butants comme aux apiculteurs souhaitant approfondir leurs connaissances. Le rucher \u00e9cole situ\u00e9 pr\u00e8s de Montauban accueille \u00e9galement des participants venant du Tarn, du Lot, du Gers et de la Haute-Garonne.\",\"breadcrumb\":{\"@id\":\"https:\\\/\\\/abeille-tarnetgaronnaise.fr\\\/Atg82_new\\\/le-mecenat-association-abeille-tarn-et-garonnaise\\\/#breadcrumb\"},\"inLanguage\":\"fr-FR\",\"potentialAction\":[{\"@type\":\"ReadAction\",\"target\":[\"https:\\\/\\\/abeille-tarnetgaronnaise.fr\\\/Atg82_new\\\/le-mecenat-association-abeille-tarn-et-garonnaise\\\/\"]}]},{\"@type\":\"ImageObject\",\"inLanguage\":\"fr-FR\",\"@id\":\"https:\\\/\\\/abeille-tarnetgaronnaise.fr\\\/Atg82_new\\\/le-mecenat-association-abeille-tarn-et-garonnaise\\\/#primaryimage\",\"url\":\"https:\\\/\\\/abeille-tarnetgaronnaise.fr\\\/Atg82_new\\\/wp-content\\\/uploads\\\/2024\\\/11\\\/SAM_4045-scaled.jpg\",\"contentUrl\":\"https:\\\/\\\/abeille-tarnetgaronnaise.fr\\\/Atg82_new\\\/wp-content\\\/uploads\\\/2024\\\/11\\\/SAM_4045-scaled.jpg\",\"width\":2560,\"height\":1920,\"caption\":\"SAMSUNG CAMERA PICTURES\"},{\"@type\":\"BreadcrumbList\",\"@id\":\"https:\\\/\\\/abeille-tarnetgaronnaise.fr\\\/Atg82_new\\\/le-mecenat-association-abeille-tarn-et-garonnaise\\\/#breadcrumb\",\"itemListElement\":[{\"@type\":\"ListItem\",\"position\":1,\"name\":\"Accueil\",\"item\":\"https:\\\/\\\/abeille-tarnetgaronnaise.fr\\\/Atg82_new\\\/\"},{\"@type\":\"ListItem\",\"position\":2,\"name\":\"M\u00e9c\u00e9nat\"}]},{\"@type\":\"WebSite\",\"@id\":\"https:\\\/\\\/abeille-tarnetgaronnaise.fr\\\/Atg82_new\\\/#website\",\"url\":\"https:\\\/\\\/abeille-tarnetgaronnaise.fr\\\/Atg82_new\\\/\",\"name\":\"L'Abeille Tarn et Garonnaise\",\"description\":\"Ensemble, prot\u00e9geons les abeilles !\",\"publisher\":{\"@id\":\"https:\\\/\\\/abeille-tarnetgaronnaise.fr\\\/Atg82_new\\\/#organization\"},\"potentialAction\":[{\"@type\":\"SearchAction\",\"target\":{\"@type\":\"EntryPoint\",\"urlTemplate\":\"https:\\\/\\\/abeille-tarnetgaronnaise.fr\\\/Atg82_new\\\/?s={search_term_string}\"},\"query-input\":{\"@type\":\"PropertyValueSpecification\",\"valueRequired\":true,\"valueName\":\"search_term_string\"}}],\"inLanguage\":\"fr-FR\"},{\"@type\":\"Organization\",\"@id\":\"https:\\\/\\\/abeille-tarnetgaronnaise.fr\\\/Atg82_new\\\/#organization\",\"name\":\"L'abeille tarn et garonnaise\",\"url\":\"https:\\\/\\\/abeille-tarnetgaronnaise.fr\\\/Atg82_new\\\/\",\"logo\":{\"@type\":\"ImageObject\",\"inLanguage\":\"fr-FR\",\"@id\":\"https:\\\/\\\/abeille-tarnetgaronnaise.fr\\\/Atg82_new\\\/#\\\/schema\\\/logo\\\/image\\\/\",\"url\":\"https:\\\/\\\/abeille-tarnetgaronnaise.fr\\\/Atg82_new\\\/wp-content\\\/uploads\\\/2025\\\/02\\\/logo_ATG.jpg\",\"contentUrl\":\"https:\\\/\\\/abeille-tarnetgaronnaise.fr\\\/Atg82_new\\\/wp-content\\\/uploads\\\/2025\\\/02\\\/logo_ATG.jpg\",\"width\":200,\"height\":100,\"caption\":\"L'abeille tarn et garonnaise\"},\"image\":{\"@id\":\"https:\\\/\\\/abeille-tarnetgaronnaise.fr\\\/Atg82_new\\\/#\\\/schema\\\/logo\\\/image\\\/\"}}]}<\/script>\n<!-- \/ Yoast SEO plugin. -->","yoast_head_json":{"title":"M\u00e9c\u00e9nat - L&#039;abeille tarn et garonnaise","description":"L\u2019association d\u2019apiculture L\u2019Abeille Tarn et Garonnaise propose des formations et un rucher \u00e9cole pour tous ceux qui souhaitent d\u00e9couvrir l\u2019apiculture et devenir apiculteur amateur dans le Tarn-et-Garonne.Nos cours s\u2019adressent aux d\u00e9butants comme aux apiculteurs souhaitant approfondir leurs connaissances. Le rucher \u00e9cole situ\u00e9 pr\u00e8s de Montauban accueille \u00e9galement des participants venant du Tarn, du Lot, du Gers et de la Haute-Garonne.","robots":{"index":"index","follow":"follow","max-snippet":"max-snippet:-1","max-image-preview":"max-image-preview:large","max-video-preview":"max-video-preview:-1"},"canonical":"https:\/\/abeille-tarnetgaronnaise.fr\/Atg82_new\/le-mecenat-association-abeille-tarn-et-garonnaise\/","og_locale":"fr_FR","og_type":"article","og_title":"M\u00e9c\u00e9nat - L&#039;abeille tarn et garonnaise","og_description":"L\u2019association d\u2019apiculture L\u2019Abeille Tarn et Garonnaise propose des formations et un rucher \u00e9cole pour tous ceux qui souhaitent d\u00e9couvrir l\u2019apiculture et devenir apiculteur amateur dans le Tarn-et-Garonne.Nos cours s\u2019adressent aux d\u00e9butants comme aux apiculteurs souhaitant approfondir leurs connaissances. Le rucher \u00e9cole situ\u00e9 pr\u00e8s de Montauban accueille \u00e9galement des participants venant du Tarn, du Lot, du Gers et de la Haute-Garonne.","og_url":"https:\/\/abeille-tarnetgaronnaise.fr\/Atg82_new\/le-mecenat-association-abeille-tarn-et-garonnaise\/","og_site_name":"L&#039;abeille tarn et garonnaise","article_modified_time":"2026-03-19T14:59:21+00:00","og_image":[{"url":"https:\/\/abeille-tarnetgaronnaise.fr\/Atg82_new\/wp-content\/uploads\/2024\/11\/SAM_4045-1024x768.jpg","type":"","width":"","height":""}],"twitter_card":"summary_large_image","twitter_misc":{"Dur\u00e9e de lecture estim\u00e9e":"4 minutes"},"schema":{"@context":"https:\/\/schema.org","@graph":[{"@type":"WebPage","@id":"https:\/\/abeille-tarnetgaronnaise.fr\/Atg82_new\/le-mecenat-association-abeille-tarn-et-garonnaise\/","url":"https:\/\/abeille-tarnetgaronnaise.fr\/Atg82_new\/le-mecenat-association-abeille-tarn-et-garonnaise\/","name":"M\u00e9c\u00e9nat - L&#039;abeille tarn et garonnaise","isPartOf":{"@id":"https:\/\/abeille-tarnetgaronnaise.fr\/Atg82_new\/#website"},"primaryImageOfPage":{"@id":"https:\/\/abeille-tarnetgaronnaise.fr\/Atg82_new\/le-mecenat-association-abeille-tarn-et-garonnaise\/#primaryimage"},"image":{"@id":"https:\/\/abeille-tarnetgaronnaise.fr\/Atg82_new\/le-mecenat-association-abeille-tarn-et-garonnaise\/#primaryimage"},"thumbnailUrl":"https:\/\/abeille-tarnetgaronnaise.fr\/Atg82_new\/wp-content\/uploads\/2024\/11\/SAM_4045-1024x768.jpg","datePublished":"2024-11-25T15:08:22+00:00","dateModified":"2026-03-19T14:59:21+00:00","description":"L\u2019association d\u2019apiculture L\u2019Abeille Tarn et Garonnaise propose des formations et un rucher \u00e9cole pour tous ceux qui souhaitent d\u00e9couvrir l\u2019apiculture et devenir apiculteur amateur dans le Tarn-et-Garonne.Nos cours s\u2019adressent aux d\u00e9butants comme aux apiculteurs souhaitant approfondir leurs connaissances. Le rucher \u00e9cole situ\u00e9 pr\u00e8s de Montauban accueille \u00e9galement des participants venant du Tarn, du Lot, du Gers et de la Haute-Garonne.","breadcrumb":{"@id":"https:\/\/abeille-tarnetgaronnaise.fr\/Atg82_new\/le-mecenat-association-abeille-tarn-et-garonnaise\/#breadcrumb"},"inLanguage":"fr-FR","potentialAction":[{"@type":"ReadAction","target":["https:\/\/abeille-tarnetgaronnaise.fr\/Atg82_new\/le-mecenat-association-abeille-tarn-et-garonnaise\/"]}]},{"@type":"ImageObject","inLanguage":"fr-FR","@id":"https:\/\/abeille-tarnetgaronnaise.fr\/Atg82_new\/le-mecenat-association-abeille-tarn-et-garonnaise\/#primaryimage","url":"https:\/\/abeille-tarnetgaronnaise.fr\/Atg82_new\/wp-content\/uploads\/2024\/11\/SAM_4045-scaled.jpg","contentUrl":"https:\/\/abeille-tarnetgaronnaise.fr\/Atg82_new\/wp-content\/uploads\/2024\/11\/SAM_4045-scaled.jpg","width":2560,"height":1920,"caption":"SAMSUNG CAMERA PICTURES"},{"@type":"BreadcrumbList","@id":"https:\/\/abeille-tarnetgaronnaise.fr\/Atg82_new\/le-mecenat-association-abeille-tarn-et-garonnaise\/#breadcrumb","itemListElement":[{"@type":"ListItem","position":1,"name":"Accueil","item":"https:\/\/abeille-tarnetgaronnaise.fr\/Atg82_new\/"},{"@type":"ListItem","position":2,"name":"M\u00e9c\u00e9nat"}]},{"@type":"WebSite","@id":"https:\/\/abeille-tarnetgaronnaise.fr\/Atg82_new\/#website","url":"https:\/\/abeille-tarnetgaronnaise.fr\/Atg82_new\/","name":"L'Abeille Tarn et Garonnaise","description":"Ensemble, prot\u00e9geons les abeilles !","publisher":{"@id":"https:\/\/abeille-tarnetgaronnaise.fr\/Atg82_new\/#organization"},"potentialAction":[{"@type":"SearchAction","target":{"@type":"EntryPoint","urlTemplate":"https:\/\/abeille-tarnetgaronnaise.fr\/Atg82_new\/?s={search_term_string}"},"query-input":{"@type":"PropertyValueSpecification","valueRequired":true,"valueName":"search_term_string"}}],"inLanguage":"fr-FR"},{"@type":"Organization","@id":"https:\/\/abeille-tarnetgaronnaise.fr\/Atg82_new\/#organization","name":"L'abeille tarn et garonnaise","url":"https:\/\/abeille-tarnetgaronnaise.fr\/Atg82_new\/","logo":{"@type":"ImageObject","inLanguage":"fr-FR","@id":"https:\/\/abeille-tarnetgaronnaise.fr\/Atg82_new\/#\/schema\/logo\/image\/","url":"https:\/\/abeille-tarnetgaronnaise.fr\/Atg82_new\/wp-content\/uploads\/2025\/02\/logo_ATG.jpg","contentUrl":"https:\/\/abeille-tarnetgaronnaise.fr\/Atg82_new\/wp-content\/uploads\/2025\/02\/logo_ATG.jpg","width":200,"height":100,"caption":"L'abeille tarn et garonnaise"},"image":{"@id":"https:\/\/abeille-tarnetgaronnaise.fr\/Atg82_new\/#\/schema\/logo\/image\/"}}]}},"_links":{"self":[{"href":"https:\/\/abeille-tarnetgaronnaise.fr\/Atg82_new\/wp-json\/wp\/v2\/pages\/3097","targetHints":{"allow":["GET"]}}],"collection":[{"href":"https:\/\/abeille-tarnetgaronnaise.fr\/Atg82_new\/wp-json\/wp\/v2\/pages"}],"about":[{"href":"https:\/\/abeille-tarnetgaronnaise.fr\/Atg82_new\/wp-json\/wp\/v2\/types\/page"}],"author":[{"embeddable":true,"href":"https:\/\/abeille-tarnetgaronnaise.fr\/Atg82_new\/wp-json\/wp\/v2\/users\/1"}],"replies":[{"embeddable":true,"href":"https:\/\/abeille-tarnetgaronnaise.fr\/Atg82_new\/wp-json\/wp\/v2\/comments?post=3097"}],"version-history":[{"count":107,"href":"https:\/\/abeille-tarnetgaronnaise.fr\/Atg82_new\/wp-json\/wp\/v2\/pages\/3097\/revisions"}],"predecessor-version":[{"id":5250,"href":"https:\/\/abeille-tarnetgaronnaise.fr\/Atg82_new\/wp-json\/wp\/v2\/pages\/3097\/revisions\/5250"}],"wp:attachment":[{"href":"https:\/\/abeille-tarnetgaronnaise.fr\/Atg82_new\/wp-json\/wp\/v2\/media?parent=3097"}],"curies":[{"name":"wp","href":"https:\/\/api.w.org\/{rel}","templated":true}]}}