{"id":27,"date":"2015-06-19T10:07:19","date_gmt":"2015-06-19T09:07:19","guid":{"rendered":"http:\/\/localhost\/monsite\/?page_id=27"},"modified":"2026-01-06T13:39:34","modified_gmt":"2026-01-06T12:39:34","slug":"l-association","status":"publish","type":"page","link":"https:\/\/abeille-tarnetgaronnaise.fr\/Atg82_new\/l-association\/","title":{"rendered":"L&rsquo; Association"},"content":{"rendered":"\t\t<div data-elementor-type=\"wp-page\" data-elementor-id=\"27\" class=\"elementor elementor-27\" data-elementor-post-type=\"page\">\n\t\t\t\t<div class=\"elementor-element elementor-element-561d07cc e-flex e-con-boxed e-con e-parent\" data-id=\"561d07cc\" data-element_type=\"container\" data-e-type=\"container\">\n\t\t\t\t\t<div class=\"e-con-inner\">\n\t\t<div class=\"elementor-element elementor-element-7d3986bc e-con-full e-flex e-con e-child\" data-id=\"7d3986bc\" data-element_type=\"container\" data-e-type=\"container\">\n\t\t\t\t<div class=\"elementor-element elementor-element-409a4c09 elementor-widget elementor-widget-heading\" data-id=\"409a4c09\" data-element_type=\"widget\" data-e-type=\"widget\" data-widget_type=\"heading.default\">\n\t\t\t\t\t<h5 class=\"elementor-heading-title elementor-size-default\">L'abeille Tarn et Garonnaise<\/h5>\t\t\t\t<\/div>\n\t\t\t\t<div class=\"elementor-element elementor-element-3ccdbaa7 elementor-widget elementor-widget-heading\" data-id=\"3ccdbaa7\" data-element_type=\"widget\" data-e-type=\"widget\" data-widget_type=\"heading.default\">\n\t\t\t\t\t<h2 class=\"elementor-heading-title elementor-size-default\">Ensemble,<br><span style=\"color: #d3a863\"><strong>prot\u00e9geons les abeilles, prot\u00e9geons la biodiversit\u00e9 !<\/strong><\/h2>\t\t\t\t<\/div>\n\t\t\t\t<\/div>\n\t\t<div class=\"elementor-element elementor-element-3bd92f36 e-con-full e-flex e-con e-child\" data-id=\"3bd92f36\" data-element_type=\"container\" data-e-type=\"container\">\n\t\t\t\t<div class=\"elementor-element elementor-element-a8459c3 elementor-widget elementor-widget-heading\" data-id=\"a8459c3\" data-element_type=\"widget\" data-e-type=\"widget\" data-widget_type=\"heading.default\">\n\t\t\t\t\t<h3 class=\"elementor-heading-title elementor-size-default\">Notre histoire<\/h3>\t\t\t\t<\/div>\n\t\t<div class=\"elementor-element elementor-element-306703e8 e-grid e-con-full e-con e-child\" data-id=\"306703e8\" data-element_type=\"container\" data-e-type=\"container\">\n\t\t\t\t<div class=\"elementor-element elementor-element-439c10b9 elementor-widget elementor-widget-image\" data-id=\"439c10b9\" data-element_type=\"widget\" data-e-type=\"widget\" data-widget_type=\"image.default\">\n\t\t\t\t\t\t\t\t\t\t\t\t\t\t\t<img fetchpriority=\"high\" decoding=\"async\" width=\"1024\" height=\"512\" src=\"https:\/\/abeille-tarnetgaronnaise.fr\/Atg82_new\/wp-content\/uploads\/2024\/11\/logo_ATG-2-1024x512.png\" class=\"attachment-large size-large wp-image-2633\" alt=\"logo Association AbeilleTarn et Garonnaise\" srcset=\"https:\/\/abeille-tarnetgaronnaise.fr\/Atg82_new\/wp-content\/uploads\/2024\/11\/logo_ATG-2-1024x512.png 1024w, https:\/\/abeille-tarnetgaronnaise.fr\/Atg82_new\/wp-content\/uploads\/2024\/11\/logo_ATG-2-300x150.png 300w, https:\/\/abeille-tarnetgaronnaise.fr\/Atg82_new\/wp-content\/uploads\/2024\/11\/logo_ATG-2-768x384.png 768w, https:\/\/abeille-tarnetgaronnaise.fr\/Atg82_new\/wp-content\/uploads\/2024\/11\/logo_ATG-2.png 1240w\" sizes=\"(max-width: 1024px) 100vw, 1024px\" \/>\t\t\t\t\t\t\t\t\t\t\t\t\t\t\t<\/div>\n\t\t\t\t<div class=\"elementor-element elementor-element-13045cce elementor-widget elementor-widget-image\" data-id=\"13045cce\" data-element_type=\"widget\" data-e-type=\"widget\" data-widget_type=\"image.default\">\n\t\t\t\t\t\t\t\t\t\t\t\t\t\t\t<img decoding=\"async\" width=\"1024\" height=\"437\" src=\"https:\/\/abeille-tarnetgaronnaise.fr\/Atg82_new\/wp-content\/uploads\/2024\/11\/polenature-1024x437.png\" class=\"attachment-large size-large wp-image-2634\" alt=\"Pole Nature | rucher \u00e9cole Montbartier\" srcset=\"https:\/\/abeille-tarnetgaronnaise.fr\/Atg82_new\/wp-content\/uploads\/2024\/11\/polenature-1024x437.png 1024w, https:\/\/abeille-tarnetgaronnaise.fr\/Atg82_new\/wp-content\/uploads\/2024\/11\/polenature-300x128.png 300w, https:\/\/abeille-tarnetgaronnaise.fr\/Atg82_new\/wp-content\/uploads\/2024\/11\/polenature-768x328.png 768w, https:\/\/abeille-tarnetgaronnaise.fr\/Atg82_new\/wp-content\/uploads\/2024\/11\/polenature-1536x656.png 1536w, https:\/\/abeille-tarnetgaronnaise.fr\/Atg82_new\/wp-content\/uploads\/2024\/11\/polenature-2048x875.png 2048w\" sizes=\"(max-width: 1024px) 100vw, 1024px\" \/>\t\t\t\t\t\t\t\t\t\t\t\t\t\t\t<\/div>\n\t\t\t\t<\/div>\n\t\t\t\t<div class=\"elementor-element elementor-element-03ceeb6 elementor-widget elementor-widget-text-editor\" data-id=\"03ceeb6\" data-element_type=\"widget\" data-e-type=\"widget\" data-widget_type=\"text-editor.default\">\n\t\t\t\t\t\t\t\t\t<div class=\"elementor-element elementor-element-6f97452 elementor-widget elementor-widget-wp-widget-text\" data-id=\"6f97452\" data-element_type=\"widget\" data-widget_type=\"wp-widget-text.default\"><div class=\"elementor-widget-container\"><div class=\"textwidget\"><p>Le 16 Novembre 2000, dans la commune de CANALS, sous la pr\u00e9sidence de Monsieur Georges BONNAYS, le syndicat MAYA 2000, r\u00e9gi par la loi du 21 Mars 1884 a vu le jour.<\/p><p>Le 1er Janvier 2010 Maya 2000 devient l\u2019Abeille Tarn et Garonnaise, syndicat d\u00e9partemental d\u2019apiculture en Tarn et Garonne.<\/p><\/div><\/div><\/div>\t\t\t\t\t\t\t\t<\/div>\n\t\t\t\t<div class=\"elementor-element elementor-element-b8fdc60 elementor-widget elementor-widget-heading\" data-id=\"b8fdc60\" data-element_type=\"widget\" data-e-type=\"widget\" data-widget_type=\"heading.default\">\n\t\t\t\t\t<h6 class=\"elementor-heading-title elementor-size-default\">2023, une ann\u00e9e riche en \u00e9v\u00e9nements !<\/h6>\t\t\t\t<\/div>\n\t\t\t\t<div class=\"elementor-element elementor-element-44af9aba elementor-widget elementor-widget-text-editor\" data-id=\"44af9aba\" data-element_type=\"widget\" data-e-type=\"widget\" data-widget_type=\"text-editor.default\">\n\t\t\t\t\t\t\t\t\t<div class=\"elementor-element elementor-element-6f97452 elementor-widget elementor-widget-wp-widget-text\" data-id=\"6f97452\" data-element_type=\"widget\" data-widget_type=\"wp-widget-text.default\"><div class=\"elementor-widget-container\"><div class=\"textwidget\"><p>Depuis le 3 septembre 2023, l\u2019Abeille Tarn et Garonnaise a chang\u00e9 de nature en devenant une association de loi 1901. Pour autant les statuts sont inchang\u00e9s : ses buts et r\u00e8gles de fonctionnement sont identiques.<\/p><p>L\u2019association a d\u00e9m\u00e9nag\u00e9 au <strong>P\u00f4le Nature de Montbartier<\/strong>, dans un local \u00e9quip\u00e9 mis \u00e0 disposition par la mairie. M. Verdi\u00e9 remercie chaleureusement M. Raynal et la municipalit\u00e9 de Montbartier pour avoir rendu cela possible.<br \/><strong>L\u2019ensemble des cours s\u2019y d\u00e9roulera dor\u00e9navant<\/strong>.<br \/>Un terrain attenant a \u00e9t\u00e9 mis \u00e0 disposition par la soci\u00e9t\u00e9 <strong>Maisagri<\/strong>, gr\u00e2ce \u00e0 un partenariat \u00e9tabli avec l\u2019association, et permet d\u2019accueillir notre rucher \u00e9cole.<\/p><p>Elle est constitu\u00e9e d\u2019apiculteurs amateurs et professionnels.<\/p><p>L\u2019Abeille Tarn et Garonnaise adh\u00e8re \u00e0 l&rsquo;Union Nationale de l\u2019Apiculture Fran\u00e7aise.<\/p><\/div><\/div><\/div>\t\t\t\t\t\t\t\t<\/div>\n\t\t\t\t<\/div>\n\t\t\t\t\t<\/div>\n\t\t\t\t<\/div>\n\t\t<div class=\"elementor-element elementor-element-68a74c9 e-flex e-con-boxed e-con e-parent\" data-id=\"68a74c9\" data-element_type=\"container\" data-e-type=\"container\" data-settings=\"{&quot;background_background&quot;:&quot;classic&quot;}\">\n\t\t\t\t\t<div class=\"e-con-inner\">\n\t\t\t\t<div class=\"elementor-element elementor-element-dddb2d5 elementor-widget elementor-widget-heading\" data-id=\"dddb2d5\" data-element_type=\"widget\" data-e-type=\"widget\" data-widget_type=\"heading.default\">\n\t\t\t\t\t<h3 class=\"elementor-heading-title elementor-size-default\">Notre association,<\/h3>\t\t\t\t<\/div>\n\t\t\t\t<div class=\"elementor-element elementor-element-ff5fdae elementor-widget elementor-widget-text-editor\" data-id=\"ff5fdae\" data-element_type=\"widget\" data-e-type=\"widget\" data-widget_type=\"text-editor.default\">\n\t\t\t\t\t\t\t\t\t<p>Vous initie \u00e0 l\u2019apiculture en proposant : <br \/>des <strong>cours th\u00e9oriques<\/strong>, des <strong>cours pratiques<\/strong> au rucher \u00e9cole, un <strong>partage d\u2019exp\u00e9riences<\/strong>, la <strong>pr\u00e9sence<\/strong> et le <strong>conseil<\/strong> d\u2019amateurs et de professionnels.<\/p>\t\t\t\t\t\t\t\t<\/div>\n\t\t<div class=\"elementor-element elementor-element-e7fa6f3 e-con-full e-flex e-con e-child\" data-id=\"e7fa6f3\" data-element_type=\"container\" data-e-type=\"container\">\n\t\t\t\t<div class=\"elementor-element elementor-element-4c54e7c elementor-widget elementor-widget-heading\" data-id=\"4c54e7c\" data-element_type=\"widget\" data-e-type=\"widget\" data-widget_type=\"heading.default\">\n\t\t\t\t\t<h3 class=\"elementor-heading-title elementor-size-default\">Nous menons des actions p\u00e9dagogiques<\/h3>\t\t\t\t<\/div>\n\t\t\t\t<div class=\"elementor-element elementor-element-e9dd2ed elementor-widget elementor-widget-text-editor\" data-id=\"e9dd2ed\" data-element_type=\"widget\" data-e-type=\"widget\" data-widget_type=\"text-editor.default\">\n\t\t\t\t\t\t\t\t\t<p><strong>Intervention <\/strong>dans les \u00e9coles, les m\u00e9diath\u00e8ques, les associations.<\/p><p><strong>Nous participations \u00e0 diverses manifestations publiques.<\/strong><\/p>\t\t\t\t\t\t\t\t<\/div>\n\t\t\t\t<\/div>\n\t\t\t\t<div class=\"elementor-element elementor-element-184f4f2 elementor-widget elementor-widget-qi_addons_for_elementor_separator\" data-id=\"184f4f2\" data-element_type=\"widget\" data-e-type=\"widget\" data-widget_type=\"qi_addons_for_elementor_separator.default\">\n\t\t\t\t<div class=\"elementor-widget-container\">\n\t\t\t\t\t<div class=\"qodef-shortcode qodef-m qodef-qi-separator qodef-qi-clear qodef-separator--with-icon qodef-position--center\">\n\t<div class=\"qodef-m-line\">\n\t\t<div class=\"qodef-m-inner-line\"><\/div>\n\t\t\t<span class=\"qodef-m-separator-icon\">\n\t\t<svg xmlns=\"http:\/\/www.w3.org\/2000\/svg\" viewBox=\"0 0 43.1 35.1\"><defs><style>      .cls-1 {        fill: #fff;      }    <\/style><\/defs><g><g id=\"Calque_1\"><g><path class=\"cls-1\" d=\"M20,22c-6.2,3-12.3,3-13.8,0-1.4-3,2.4-7.8,8.6-10.7,6.2-3,12.3-3,13.8,0,1.4,3-2.4,7.8-8.6,10.7Z\"><\/path><path d=\"M11.3,25.1c-2.9,0-5-.9-5.8-2.7-1.7-3.4,2.3-8.6,9-11.9,6.7-3.2,13.2-3.1,14.9.3.8,1.7.3,4-1.5,6.2-1.7,2.1-4.3,4.1-7.4,5.6-3.1,1.5-6.3,2.3-9,2.3h0ZM23.6,9.8c-2.3,0-5.2.7-8.3,2.2-6.2,3-9.3,7.4-8.2,9.6.5,1.1,2.1,1.7,4.3,1.7,2.5,0,5.4-.8,8.3-2.2h0c2.9-1.4,5.3-3.2,6.9-5.2,1.4-1.7,1.9-3.4,1.3-4.5-.5-1.1-2.1-1.7-4.3-1.7Z\"><\/path><\/g><path d=\"M5.7,22.9c-1,0-2.1-.2-2.5-.8-.2-.3-.2-.7,0-.9s.6-.4.9-.3c.4,0,.9.1,1.1,0,.2-.3.4-.4.7-.4.3,0,.6.2.7.5l.4.8c.1.3.1.5,0,.8-.1.2-.4.4-.7.4-.2,0-.4,0-.6,0Z\"><\/path><g><path d=\"M21,9.3s1.2,5.8,5,8.4l-2.3,2.1s-5.2-4.8-5.4-9.5l2.7-1Z\"><\/path><path d=\"M23.7,20.2l-.2-.2c-.2-.2-5.2-4.9-5.5-9.7v-.2s3.2-1.2,3.2-1.2v.3c0,0,1.3,5.7,5,8.3l.3.2-2.8,2.5ZM18.5,10.5c.4,4,4.3,8.1,5.2,9l1.9-1.7c-3.2-2.4-4.5-6.9-4.8-8.1l-2.3.8Z\"><\/path><\/g><g><path d=\"M10.2,14.6s.3,6.2,5.1,9l-3.9.3s-4.4-3.9-3.4-7.4c0,0,1.5-1.6,2.1-1.9Z\"><\/path><path d=\"M11.3,24.2h0c-.2-.2-4.6-4.1-3.4-7.7h0c0,0,0-.1,0-.1.2-.2,1.6-1.7,2.2-2l.3-.2v.4c0,0,.4,6.1,5,8.7l.7.4-4.8.4ZM8.3,16.7c-.9,3,2.6,6.5,3.2,7l3-.3c-3.6-2.5-4.4-6.9-4.5-8.3-.5.4-1.2,1.1-1.7,1.6Z\"><\/path><\/g><g><path d=\"M15.5,11.4s.8,7.3,6.5,9.3l-3.1,1.7s-4.7-2.3-6.2-9.8l2.9-1.2Z\"><\/path><path d=\"M18.9,22.7h-.1c-.2-.2-4.8-2.5-6.4-10v-.2s3.3-1.4,3.3-1.4v.3c0,0,.9,7.2,6.3,9.1l.6.2-3.8,2ZM12.9,12.7c1.4,6.5,5.2,8.9,5.9,9.3l2.5-1.3c-4.6-2-5.8-7.6-6.1-9l-2.3,1Z\"><\/path><\/g><g><path class=\"cls-1\" d=\"M27.3,11.6S13.5-4.6,8.1,3c-5.4,7.6,14.3,10.3,19.2,8.6Z\"><\/path><path d=\"M9.2,9.7c-.8-.5-1.5-1.1-2-1.8-.9-1.1-1.5-3,.2-5.4C8.5,1,9.9.2,11.6.1c6.6-.3,16,10.5,16.3,10.9l.8.9-1.2.4c-3.5,1.2-13.5.3-18.4-2.7ZM17.2,3.7c-1.9-1.2-3.8-2-5.5-1.9-1.2,0-2.2.6-2.9,1.7-1.2,1.7-.7,2.8-.2,3.5,2.5,3.4,12.6,4.8,17.2,4.2-1.6-1.7-5.1-5.2-8.6-7.4Z\"><\/path><\/g><g><path class=\"cls-1\" d=\"M26.7,12.3s-14.2,15.9-6,20.2c8.2,4.3,8.3-15.5,6-20.2Z\"><\/path><path d=\"M25.1,33.3c-1.1.7-2.6,1.1-4.8,0-1.6-.8-2.6-2.1-2.9-3.8-1.2-6.5,8.2-17.2,8.6-17.7l.8-.9.6,1.1c2,3.9,2.3,16.9-1.7,20.8-.2.2-.4.4-.6.5ZM26.4,14c-2.3,2.8-8.2,10.5-7.3,15.2.2,1.2.9,2.1,2,2.7,1.9,1,2.9.3,3.5-.2,3-3,3.1-13.1,1.8-17.6Z\"><\/path><\/g><path d=\"M32.1,8.2c-.2,0-.4,0-.6-.2-.3-.3-.3-.9,0-1.2,1.8-1.8,3.1-3.9,2.9-4.3-.4-.2-.6-.8-.3-1.2.2-.4.7-.5,1.1-.3.5.3.8.7.9,1.3.2,1.9-2.5,4.8-3.4,5.7-.2.2-.4.2-.6.2Z\"><\/path><path d=\"M40.2,13.9c-.1,0-.2,0-.4,0-.3-.1-.5-.5-.5-.8-.7-.3-3.1-.6-5.5-.5,0,0,0,0,0,0-.5,0-.8-.4-.8-.8,0-.5.4-.8.8-.9,2.8,0,6.3.1,7,1.3.2.4.3.8,0,1.3-.1.3-.4.5-.8.5Z\"><\/path><g><path class=\"cls-1\" d=\"M32,15.5c-2,1.1-4.7-.2-6.1-2.9-1.4-2.6-1-5.6,1-6.7,2-1.1,4.7.2,6.1,2.9,1.4,2.6,1,5.6-1,6.7Z\"><\/path><path d=\"M30.5,16.7c-2,0-4.1-1.4-5.4-3.7-.8-1.4-1.1-3-.9-4.5.2-1.5,1-2.7,2.2-3.4,1.2-.6,2.6-.6,4,0,1.3.6,2.5,1.7,3.2,3.2.8,1.4,1.1,3,.9,4.5-.2,1.5-1,2.7-2.2,3.4-.6.3-1.2.5-1.9.5ZM28.3,6.4c-.4,0-.8,0-1.1.3-.7.4-1.2,1.1-1.3,2.1-.2,1.1,0,2.3.7,3.4,1.2,2.2,3.4,3.4,5,2.5.7-.4,1.2-1.1,1.3-2.1.2-1.1,0-2.3-.7-3.4-.6-1.1-1.5-2-2.5-2.5-.5-.2-1-.3-1.4-.3Z\"><\/path><\/g><\/g><\/g><\/svg>\t<\/span>\n\t\t\t<div class=\"qodef-m-inner-line\"><\/div>\n\t<\/div>\n<\/div>\n\t\t\t\t<\/div>\n\t\t\t\t<\/div>\n\t\t\t\t\t<\/div>\n\t\t\t\t<\/div>\n\t\t<div class=\"elementor-element elementor-element-2cd1236e e-flex e-con-boxed e-con e-parent\" data-id=\"2cd1236e\" data-element_type=\"container\" data-e-type=\"container\" data-settings=\"{&quot;background_background&quot;:&quot;classic&quot;}\">\n\t\t\t\t\t<div class=\"e-con-inner\">\n\t\t<div class=\"elementor-element elementor-element-1f5bdfca e-con-full e-flex e-con e-child\" data-id=\"1f5bdfca\" data-element_type=\"container\" data-e-type=\"container\">\n\t\t\t\t<div class=\"elementor-element elementor-element-5e88224 elementor-widget elementor-widget-heading\" data-id=\"5e88224\" data-element_type=\"widget\" data-e-type=\"widget\" data-widget_type=\"heading.default\">\n\t\t\t\t\t<h3 class=\"elementor-heading-title elementor-size-default\">Les r\u00e8gles d'or<\/h3>\t\t\t\t<\/div>\n\t\t\t\t<div class=\"elementor-element elementor-element-ff74025 elementor-widget elementor-widget-text-editor\" data-id=\"ff74025\" data-element_type=\"widget\" data-e-type=\"widget\" data-widget_type=\"text-editor.default\">\n\t\t\t\t\t\t\t\t\t<p>&#8211; Prot\u00e9ger et d\u00e9fendre les abeilles.<\/p><p>&#8211; Respecter l\u2019environnement et la biodiversit\u00e9.<\/p><p>&#8211; G\u00e9rer et animer toutes les activit\u00e9s apicoles.<\/p><p>&#8211; Favoriser la formation et le perfectionnement des connaissances, par des cours pratiques et th\u00e9oriques au rucher \u00e9cole.<\/p><p>&#8211; Diffuser les informations int\u00e9ressant l\u2019apiculture.<\/p><p>&#8211; D\u00e9velopper la promotion des produits de la ruche en particulier le miel du Tarn &amp; Garonne.<\/p><p>&#8211; Organiser la d\u00e9fense sanitaire de l\u2019abeille.<\/p>\t\t\t\t\t\t\t\t<\/div>\n\t\t\t\t<\/div>\n\t\t<div class=\"elementor-element elementor-element-3b0f1a9c e-con-full e-flex e-con e-child\" data-id=\"3b0f1a9c\" data-element_type=\"container\" data-e-type=\"container\">\n\t\t\t\t<div class=\"elementor-element elementor-element-5be97669 elementor-widget elementor-widget-image\" data-id=\"5be97669\" data-element_type=\"widget\" data-e-type=\"widget\" data-widget_type=\"image.default\">\n\t\t\t\t\t\t\t\t\t\t\t\t\t\t\t<img decoding=\"async\" width=\"1024\" height=\"768\" src=\"https:\/\/abeille-tarnetgaronnaise.fr\/Atg82_new\/wp-content\/uploads\/2024\/11\/SAM_4045-1024x768.jpg\" class=\"attachment-large size-large wp-image-2376\" alt=\"\" srcset=\"https:\/\/abeille-tarnetgaronnaise.fr\/Atg82_new\/wp-content\/uploads\/2024\/11\/SAM_4045-1024x768.jpg 1024w, https:\/\/abeille-tarnetgaronnaise.fr\/Atg82_new\/wp-content\/uploads\/2024\/11\/SAM_4045-300x225.jpg 300w, https:\/\/abeille-tarnetgaronnaise.fr\/Atg82_new\/wp-content\/uploads\/2024\/11\/SAM_4045-768x576.jpg 768w, https:\/\/abeille-tarnetgaronnaise.fr\/Atg82_new\/wp-content\/uploads\/2024\/11\/SAM_4045-1536x1152.jpg 1536w, https:\/\/abeille-tarnetgaronnaise.fr\/Atg82_new\/wp-content\/uploads\/2024\/11\/SAM_4045-2048x1536.jpg 2048w\" sizes=\"(max-width: 1024px) 100vw, 1024px\" \/>\t\t\t\t\t\t\t\t\t\t\t\t\t\t\t<\/div>\n\t\t\t\t<\/div>\n\t\t\t\t\t<\/div>\n\t\t\t\t<\/div>\n\t\t<div class=\"elementor-element elementor-element-206586c e-flex e-con-boxed e-con e-parent\" data-id=\"206586c\" data-element_type=\"container\" data-e-type=\"container\" data-settings=\"{&quot;background_background&quot;:&quot;classic&quot;}\">\n\t\t\t\t\t<div class=\"e-con-inner\">\n\t\t<div class=\"elementor-element elementor-element-c151315 e-con-full e-flex e-con e-child\" data-id=\"c151315\" data-element_type=\"container\" data-e-type=\"container\">\n\t\t\t\t<div class=\"elementor-element elementor-element-b874039 elementor-widget elementor-widget-image\" data-id=\"b874039\" data-element_type=\"widget\" data-e-type=\"widget\" data-widget_type=\"image.default\">\n\t\t\t\t\t\t\t\t\t\t\t\t\t\t\t<img loading=\"lazy\" decoding=\"async\" width=\"1024\" height=\"683\" src=\"https:\/\/abeille-tarnetgaronnaise.fr\/Atg82_new\/wp-content\/uploads\/2024\/11\/honey-bees-walking-2-1024x683.jpg\" class=\"attachment-large size-large wp-image-2647\" alt=\"abeille autour de la reine\" srcset=\"https:\/\/abeille-tarnetgaronnaise.fr\/Atg82_new\/wp-content\/uploads\/2024\/11\/honey-bees-walking-2-1024x683.jpg 1024w, https:\/\/abeille-tarnetgaronnaise.fr\/Atg82_new\/wp-content\/uploads\/2024\/11\/honey-bees-walking-2-300x200.jpg 300w, https:\/\/abeille-tarnetgaronnaise.fr\/Atg82_new\/wp-content\/uploads\/2024\/11\/honey-bees-walking-2-768x512.jpg 768w, https:\/\/abeille-tarnetgaronnaise.fr\/Atg82_new\/wp-content\/uploads\/2024\/11\/honey-bees-walking-2-1536x1024.jpg 1536w, https:\/\/abeille-tarnetgaronnaise.fr\/Atg82_new\/wp-content\/uploads\/2024\/11\/honey-bees-walking-2.jpg 1920w\" sizes=\"(max-width: 1024px) 100vw, 1024px\" \/>\t\t\t\t\t\t\t\t\t\t\t\t\t\t\t<\/div>\n\t\t\t\t<\/div>\n\t\t<div class=\"elementor-element elementor-element-c947479 e-con-full e-flex e-con e-child\" data-id=\"c947479\" data-element_type=\"container\" data-e-type=\"container\">\n\t\t\t\t<div class=\"elementor-element elementor-element-442a198 elementor-widget elementor-widget-heading\" data-id=\"442a198\" data-element_type=\"widget\" data-e-type=\"widget\" data-widget_type=\"heading.default\">\n\t\t\t\t\t<h3 class=\"elementor-heading-title elementor-size-default\">La Charte<\/h3>\t\t\t\t<\/div>\n\t\t\t\t<div class=\"elementor-element elementor-element-29dbcbb elementor-widget elementor-widget-text-editor\" data-id=\"29dbcbb\" data-element_type=\"widget\" data-e-type=\"widget\" data-widget_type=\"text-editor.default\">\n\t\t\t\t\t\t\t\t\t<p>Apparue avec les plantes \u00e0 fleurs, l\u2019abeille existe sur notre plan\u00e8te depuis plus de 80 millions d\u2019ann\u00e9es.<\/p><p>Aujourd\u2019hui, plus de 80% de notre environnement v\u00e9g\u00e9tal est f\u00e9cond\u00e9 par les insectes pollinisateurs dont les abeilles.<\/p><p>Le miel, le pollen, la gel\u00e9e royale, le venin, la propolis demeurent des produits naturels appr\u00e9ci\u00e9s par les consommateurs et font l\u2019objet de nombreuses recherches de par le monde pour leurs qualit\u00e9s di\u00e9t\u00e9tiques et th\u00e9rapeutiques.<\/p><p>Depuis 1995, pr\u00e8s de 30% des colonies d\u2019abeilles disparaissent chaque ann\u00e9e. En 10 ans, 15 000 apiculteurs ont cess\u00e9 leur activit\u00e9.<\/p><p>De 1995 \u00e0 2005, la production nationale a chut\u00e9 de 30% et les importations ont tripl\u00e9.<\/p><p>Afin d\u2019alerter le grand public <a href=\"http:\/\/www.unaf-apiculture.info\/\" target=\"_blank\" rel=\"noopener\"><strong>l\u2019 U N A F<\/strong><\/a> lance en 2005 l\u2019action \u00abl\u2019abeille sentinelle de l\u2019environnement\u00bb<\/p>\t\t\t\t\t\t\t\t<\/div>\n\t\t\t\t<\/div>\n\t\t\t\t\t<\/div>\n\t\t\t\t<\/div>\n\t\t<div class=\"elementor-element elementor-element-e61f779 e-con-full e-flex e-con e-parent\" data-id=\"e61f779\" data-element_type=\"container\" data-e-type=\"container\" data-settings=\"{&quot;background_background&quot;:&quot;classic&quot;}\">\n\t\t<div class=\"elementor-element elementor-element-6b6dcb5b e-flex e-con-boxed e-con e-child\" data-id=\"6b6dcb5b\" data-element_type=\"container\" data-e-type=\"container\">\n\t\t\t\t\t<div class=\"e-con-inner\">\n\t\t\t\t<div class=\"elementor-element elementor-element-b736cca elementor-widget elementor-widget-heading\" data-id=\"b736cca\" data-element_type=\"widget\" data-e-type=\"widget\" data-widget_type=\"heading.default\">\n\t\t\t\t\t<h2 class=\"elementor-heading-title elementor-size-default\">Le Bureau<\/h2>\t\t\t\t<\/div>\n\t\t\t\t<div class=\"elementor-element elementor-element-3aec4539 elementor-widget elementor-widget-text-editor\" data-id=\"3aec4539\" data-element_type=\"widget\" data-e-type=\"widget\" data-widget_type=\"text-editor.default\">\n\t\t\t\t\t\t\t\t\t<p>L\u2019Abeille Tarn et Garonne est g\u00e9r\u00e9e par un Conseil d\u2019Administration comptant au plus 10 membres, \u00e9lus par tiers chaque ann\u00e9e lors de l\u2019assembl\u00e9e g\u00e9n\u00e9rale de novembre. Ce CA nomme un bureau, guid\u00e9 par un pr\u00e9sident \u00e9ligible 3 ans, ou deux copr\u00e9sidents \u00e9ligibles 4 ans, et ce, afin de permettre un renouvellement r\u00e9gulier de la gouvernance.<\/p>\t\t\t\t\t\t\t\t<\/div>\n\t\t\t\t\t<\/div>\n\t\t\t\t<\/div>\n\t\t<div class=\"elementor-element elementor-element-19b1e8f e-con-full e-flex e-con e-child\" data-id=\"19b1e8f\" data-element_type=\"container\" data-e-type=\"container\">\n\t\t<div class=\"elementor-element elementor-element-1e41a5e e-flex e-con-boxed e-con e-child\" data-id=\"1e41a5e\" data-element_type=\"container\" data-e-type=\"container\">\n\t\t\t\t\t<div class=\"e-con-inner\">\n\t\t\t\t<div class=\"elementor-element elementor-element-bc89a5f elementor-view-default elementor-position-block-start elementor-mobile-position-block-start elementor-widget elementor-widget-icon-box\" data-id=\"bc89a5f\" data-element_type=\"widget\" data-e-type=\"widget\" data-widget_type=\"icon-box.default\">\n\t\t\t\t\t\t\t<div class=\"elementor-icon-box-wrapper\">\n\n\t\t\t\t\t\t<div class=\"elementor-icon-box-icon\">\n\t\t\t\t<span  class=\"elementor-icon elementor-animation-shrink\">\n\t\t\t\t<svg aria-hidden=\"true\" class=\"e-font-icon-svg e-fas-crown\" viewBox=\"0 0 640 512\" xmlns=\"http:\/\/www.w3.org\/2000\/svg\"><path d=\"M528 448H112c-8.8 0-16 7.2-16 16v32c0 8.8 7.2 16 16 16h416c8.8 0 16-7.2 16-16v-32c0-8.8-7.2-16-16-16zm64-320c-26.5 0-48 21.5-48 48 0 7.1 1.6 13.7 4.4 19.8L476 239.2c-15.4 9.2-35.3 4-44.2-11.6L350.3 85C361 76.2 368 63 368 48c0-26.5-21.5-48-48-48s-48 21.5-48 48c0 15 7 28.2 17.7 37l-81.5 142.6c-8.9 15.6-28.9 20.8-44.2 11.6l-72.3-43.4c2.7-6 4.4-12.7 4.4-19.8 0-26.5-21.5-48-48-48S0 149.5 0 176s21.5 48 48 48c2.6 0 5.2-.4 7.7-.8L128 416h384l72.3-192.8c2.5.4 5.1.8 7.7.8 26.5 0 48-21.5 48-48s-21.5-48-48-48z\"><\/path><\/svg>\t\t\t\t<\/span>\n\t\t\t<\/div>\n\t\t\t\n\t\t\t\t\t\t<div class=\"elementor-icon-box-content\">\n\n\t\t\t\t\t\t\t\t\t<h3 class=\"elementor-icon-box-title\">\n\t\t\t\t\t\t<span  >\n\t\t\t\t\t\t\tPr\u00e9sident\t\t\t\t\t\t<\/span>\n\t\t\t\t\t<\/h3>\n\t\t\t\t\n\t\t\t\t\t\t\t\t\t<p class=\"elementor-icon-box-description\">\n\t\t\t\t\t\tAlain Verdi\u00e9\t\t\t\t\t<\/p>\n\t\t\t\t\n\t\t\t<\/div>\n\t\t\t\n\t\t<\/div>\n\t\t\t\t\t\t<\/div>\n\t\t\t\t\t<\/div>\n\t\t\t\t<\/div>\n\t\t<div class=\"elementor-element elementor-element-600bd75 e-flex e-con-boxed e-con e-child\" data-id=\"600bd75\" data-element_type=\"container\" data-e-type=\"container\">\n\t\t\t\t\t<div class=\"e-con-inner\">\n\t\t\t\t<div class=\"elementor-element elementor-element-9acac87 elementor-view-stacked elementor-shape-square elementor-widget__width-initial elementor-position-block-start elementor-mobile-position-block-start elementor-widget elementor-widget-icon-box\" data-id=\"9acac87\" data-element_type=\"widget\" data-e-type=\"widget\" data-widget_type=\"icon-box.default\">\n\t\t\t\t\t\t\t<div class=\"elementor-icon-box-wrapper\">\n\n\t\t\t\t\t\t<div class=\"elementor-icon-box-icon\">\n\t\t\t\t<span  class=\"elementor-icon elementor-animation-shrink\">\n\t\t\t\t<svg aria-hidden=\"true\" class=\"e-font-icon-svg e-fas-crown\" viewBox=\"0 0 640 512\" xmlns=\"http:\/\/www.w3.org\/2000\/svg\"><path d=\"M528 448H112c-8.8 0-16 7.2-16 16v32c0 8.8 7.2 16 16 16h416c8.8 0 16-7.2 16-16v-32c0-8.8-7.2-16-16-16zm64-320c-26.5 0-48 21.5-48 48 0 7.1 1.6 13.7 4.4 19.8L476 239.2c-15.4 9.2-35.3 4-44.2-11.6L350.3 85C361 76.2 368 63 368 48c0-26.5-21.5-48-48-48s-48 21.5-48 48c0 15 7 28.2 17.7 37l-81.5 142.6c-8.9 15.6-28.9 20.8-44.2 11.6l-72.3-43.4c2.7-6 4.4-12.7 4.4-19.8 0-26.5-21.5-48-48-48S0 149.5 0 176s21.5 48 48 48c2.6 0 5.2-.4 7.7-.8L128 416h384l72.3-192.8c2.5.4 5.1.8 7.7.8 26.5 0 48-21.5 48-48s-21.5-48-48-48z\"><\/path><\/svg>\t\t\t\t<\/span>\n\t\t\t<\/div>\n\t\t\t\n\t\t\t\t\t\t<div class=\"elementor-icon-box-content\">\n\n\t\t\t\t\t\t\t\t\t<h4 class=\"elementor-icon-box-title\">\n\t\t\t\t\t\t<span  >\n\t\t\t\t\t\t\tVice-pr\u00e9sidente\t\t\t\t\t\t<\/span>\n\t\t\t\t\t<\/h4>\n\t\t\t\t\n\t\t\t\t\t\t\t\t\t<p class=\"elementor-icon-box-description\">\n\t\t\t\t\t\tMarie Beck-Dublois\t\t\t\t\t<\/p>\n\t\t\t\t\n\t\t\t<\/div>\n\t\t\t\n\t\t<\/div>\n\t\t\t\t\t\t<\/div>\n\t\t\t\t<div class=\"elementor-element elementor-element-10c9c31 elementor-view-stacked elementor-shape-square elementor-widget__width-initial elementor-position-block-start elementor-mobile-position-block-start elementor-widget elementor-widget-icon-box\" data-id=\"10c9c31\" data-element_type=\"widget\" data-e-type=\"widget\" data-settings=\"{&quot;_animation&quot;:&quot;none&quot;}\" data-widget_type=\"icon-box.default\">\n\t\t\t\t\t\t\t<div class=\"elementor-icon-box-wrapper\">\n\n\t\t\t\t\t\t<div class=\"elementor-icon-box-icon\">\n\t\t\t\t<span  class=\"elementor-icon elementor-animation-shrink\">\n\t\t\t\t<svg aria-hidden=\"true\" class=\"e-font-icon-svg e-fas-user-tie\" viewBox=\"0 0 448 512\" xmlns=\"http:\/\/www.w3.org\/2000\/svg\"><path d=\"M224 256c70.7 0 128-57.3 128-128S294.7 0 224 0 96 57.3 96 128s57.3 128 128 128zm95.8 32.6L272 480l-32-136 32-56h-96l32 56-32 136-47.8-191.4C56.9 292 0 350.3 0 422.4V464c0 26.5 21.5 48 48 48h352c26.5 0 48-21.5 48-48v-41.6c0-72.1-56.9-130.4-128.2-133.8z\"><\/path><\/svg>\t\t\t\t<\/span>\n\t\t\t<\/div>\n\t\t\t\n\t\t\t\t\t\t<div class=\"elementor-icon-box-content\">\n\n\t\t\t\t\t\t\t\t\t<h4 class=\"elementor-icon-box-title\">\n\t\t\t\t\t\t<span  >\n\t\t\t\t\t\t\tTr\u00e9sorier\t\t\t\t\t\t<\/span>\n\t\t\t\t\t<\/h4>\n\t\t\t\t\n\t\t\t\t\t\t\t\t\t<p class=\"elementor-icon-box-description\">\n\t\t\t\t\t\tJean-Marie GOUJON\t\t\t\t\t<\/p>\n\t\t\t\t\n\t\t\t<\/div>\n\t\t\t\n\t\t<\/div>\n\t\t\t\t\t\t<\/div>\n\t\t\t\t<div class=\"elementor-element elementor-element-3570170 elementor-view-stacked elementor-shape-square elementor-widget__width-initial elementor-position-block-start elementor-mobile-position-block-start elementor-widget elementor-widget-icon-box\" data-id=\"3570170\" data-element_type=\"widget\" data-e-type=\"widget\" data-widget_type=\"icon-box.default\">\n\t\t\t\t\t\t\t<div class=\"elementor-icon-box-wrapper\">\n\n\t\t\t\t\t\t<div class=\"elementor-icon-box-icon\">\n\t\t\t\t<span  class=\"elementor-icon elementor-animation-shrink\">\n\t\t\t\t<svg aria-hidden=\"true\" class=\"e-font-icon-svg e-fas-user-edit\" viewBox=\"0 0 640 512\" xmlns=\"http:\/\/www.w3.org\/2000\/svg\"><path d=\"M224 256c70.7 0 128-57.3 128-128S294.7 0 224 0 96 57.3 96 128s57.3 128 128 128zm89.6 32h-16.7c-22.2 10.2-46.9 16-72.9 16s-50.6-5.8-72.9-16h-16.7C60.2 288 0 348.2 0 422.4V464c0 26.5 21.5 48 48 48h274.9c-2.4-6.8-3.4-14-2.6-21.3l6.8-60.9 1.2-11.1 7.9-7.9 77.3-77.3c-24.5-27.7-60-45.5-99.9-45.5zm45.3 145.3l-6.8 61c-1.1 10.2 7.5 18.8 17.6 17.6l60.9-6.8 137.9-137.9-71.7-71.7-137.9 137.8zM633 268.9L595.1 231c-9.3-9.3-24.5-9.3-33.8 0l-37.8 37.8-4.1 4.1 71.8 71.7 41.8-41.8c9.3-9.4 9.3-24.5 0-33.9z\"><\/path><\/svg>\t\t\t\t<\/span>\n\t\t\t<\/div>\n\t\t\t\n\t\t\t\t\t\t<div class=\"elementor-icon-box-content\">\n\n\t\t\t\t\t\t\t\t\t<h4 class=\"elementor-icon-box-title\">\n\t\t\t\t\t\t<span  >\n\t\t\t\t\t\t\tSecr\u00e9taire\t\t\t\t\t\t<\/span>\n\t\t\t\t\t<\/h4>\n\t\t\t\t\n\t\t\t\t\t\t\t\t\t<p class=\"elementor-icon-box-description\">\n\t\t\t\t\t\tNicolas BOUSSUGE\t\t\t\t\t<\/p>\n\t\t\t\t\n\t\t\t<\/div>\n\t\t\t\n\t\t<\/div>\n\t\t\t\t\t\t<\/div>\n\t\t\t\t<div class=\"elementor-element elementor-element-ab7e3b1 elementor-view-stacked elementor-shape-square elementor-widget__width-initial elementor-position-block-start elementor-mobile-position-block-start elementor-widget elementor-widget-icon-box\" data-id=\"ab7e3b1\" data-element_type=\"widget\" data-e-type=\"widget\" data-widget_type=\"icon-box.default\">\n\t\t\t\t\t\t\t<div class=\"elementor-icon-box-wrapper\">\n\n\t\t\t\t\t\t<div class=\"elementor-icon-box-icon\">\n\t\t\t\t<span  class=\"elementor-icon elementor-animation-shrink\">\n\t\t\t\t<svg aria-hidden=\"true\" class=\"e-font-icon-svg e-fas-users\" viewBox=\"0 0 640 512\" xmlns=\"http:\/\/www.w3.org\/2000\/svg\"><path d=\"M96 224c35.3 0 64-28.7 64-64s-28.7-64-64-64-64 28.7-64 64 28.7 64 64 64zm448 0c35.3 0 64-28.7 64-64s-28.7-64-64-64-64 28.7-64 64 28.7 64 64 64zm32 32h-64c-17.6 0-33.5 7.1-45.1 18.6 40.3 22.1 68.9 62 75.1 109.4h66c17.7 0 32-14.3 32-32v-32c0-35.3-28.7-64-64-64zm-256 0c61.9 0 112-50.1 112-112S381.9 32 320 32 208 82.1 208 144s50.1 112 112 112zm76.8 32h-8.3c-20.8 10-43.9 16-68.5 16s-47.6-6-68.5-16h-8.3C179.6 288 128 339.6 128 403.2V432c0 26.5 21.5 48 48 48h288c26.5 0 48-21.5 48-48v-28.8c0-63.6-51.6-115.2-115.2-115.2zm-223.7-13.4C161.5 263.1 145.6 256 128 256H64c-35.3 0-64 28.7-64 64v32c0 17.7 14.3 32 32 32h65.9c6.3-47.4 34.9-87.3 75.2-109.4z\"><\/path><\/svg>\t\t\t\t<\/span>\n\t\t\t<\/div>\n\t\t\t\n\t\t\t\t\t\t<div class=\"elementor-icon-box-content\">\n\n\t\t\t\t\t\t\t\t\t<h4 class=\"elementor-icon-box-title\">\n\t\t\t\t\t\t<span  >\n\t\t\t\t\t\t\tMembres\t\t\t\t\t\t<\/span>\n\t\t\t\t\t<\/h4>\n\t\t\t\t\n\t\t\t\t\t\t\t\t\t<p class=\"elementor-icon-box-description\">\n\t\t\t\t\t\tChristian AUGUSTIN<br>\nSerge CASSAN<br>\nSerge CILLEROS<br> <i>(Responsable rucher \u00e9cole)<\/i><br>\nJean-Michel HALLIDAY<br>\nFrancis Larue<br>\nMarc MONTIEL<br>\nPhilippe Chapot<br>\nSophie VIGUIER<br> <i>(Responsable site internet)<\/i>\t\t\t\t\t<\/p>\n\t\t\t\t\n\t\t\t<\/div>\n\t\t\t\n\t\t<\/div>\n\t\t\t\t\t\t<\/div>\n\t\t\t\t\t<\/div>\n\t\t\t\t<\/div>\n\t\t\t\t<\/div>\n\t\t<div class=\"elementor-element elementor-element-b19faa9 e-flex e-con-boxed e-con e-child\" data-id=\"b19faa9\" data-element_type=\"container\" data-e-type=\"container\">\n\t\t\t\t\t<div class=\"e-con-inner\">\n\t\t\t\t\t<\/div>\n\t\t\t\t<\/div>\n\t\t\t\t<\/div>\n\t\t<div class=\"elementor-element elementor-element-14dd314b e-flex e-con-boxed e-con e-parent\" data-id=\"14dd314b\" data-element_type=\"container\" data-e-type=\"container\">\n\t\t\t\t\t<div class=\"e-con-inner\">\n\t\t<div class=\"elementor-element elementor-element-3ec88025 e-con-full e-flex e-con e-child\" data-id=\"3ec88025\" data-element_type=\"container\" data-e-type=\"container\">\n\t\t\t\t<div class=\"elementor-element elementor-element-692112e6 elementor-view-default elementor-widget elementor-widget-icon\" data-id=\"692112e6\" data-element_type=\"widget\" data-e-type=\"widget\" data-widget_type=\"icon.default\">\n\t\t\t\t\t\t\t<div class=\"elementor-icon-wrapper\">\n\t\t\t<div class=\"elementor-icon\">\n\t\t\t<svg xmlns=\"http:\/\/www.w3.org\/2000\/svg\" id=\"a\" width=\"82\" height=\"67\" viewBox=\"0 0 82 67\"><path d=\"M20.3643,32.1382c0-5.8103,1.0861-10.0772,3.2583-12.8008,2.3532-2.9052,5.883-4.3577,10.5894-4.3577V0C22.989,0,14.4812,3.3591,8.6887,10.0772,2.8962,16.6138,0,25.6924,0,37.313c0,9.4417,1.5386,19.3374,4.6159,29.687h31.4967v-29.9594h-15.7483v-4.9024Z\"><\/path><path d=\"M66.2517,37.0406v-4.9024c0-5.8103,1.0861-10.0772,3.2583-12.8008,2.3532-2.9052,5.883-4.3577,10.5894-4.3577V0c-11.2229,0-19.7307,3.3591-25.5231,10.0772-5.7925,6.5366-8.6889,15.6152-8.6889,27.2358,0,9.4417,1.5387,19.3374,4.6159,29.687h31.4967v-29.9594h-15.7483Z\"><\/path><\/svg>\t\t\t<\/div>\n\t\t<\/div>\n\t\t\t\t\t\t<\/div>\n\t\t\t\t<div class=\"elementor-element elementor-element-140479b2 elementor-blockquote--skin-clean elementor-widget__width-inherit elementor-widget elementor-widget-blockquote\" data-id=\"140479b2\" data-element_type=\"widget\" data-e-type=\"widget\" data-widget_type=\"blockquote.default\">\n\t\t\t\t\t\t\t<blockquote class=\"elementor-blockquote\">\n\t\t\t<p class=\"elementor-blockquote__content\">\n\t\t\t\tLa fleur ne r\u00eave pas de l'abeille. Elle fleurit et l'abeille vient \u00e0 elle.\t\t\t<\/p>\n\t\t\t\t\t\t\t<div class=\"e-q-footer\">\n\t\t\t\t\t\t\t\t\t\t\t<cite class=\"elementor-blockquote__author\">Mark Nepo<\/cite>\n\t\t\t\t\t\t\t\t\t\t\t\t\t\t<\/div>\n\t\t\t\t\t<\/blockquote>\n\t\t\t\t\t\t<\/div>\n\t\t\t\t<\/div>\n\t\t<div class=\"elementor-element elementor-element-6cdb6f5a e-con-full e-flex e-con e-child\" data-id=\"6cdb6f5a\" data-element_type=\"container\" data-e-type=\"container\">\n\t\t\t\t<div class=\"elementor-element elementor-element-5e8cbee elementor-widget__width-inherit e-transform elementor-widget elementor-widget-image\" data-id=\"5e8cbee\" data-element_type=\"widget\" data-e-type=\"widget\" data-settings=\"{&quot;_transform_scale_effect&quot;:{&quot;unit&quot;:&quot;px&quot;,&quot;size&quot;:&quot;&quot;,&quot;sizes&quot;:[]},&quot;_transform_scale_effect_tablet&quot;:{&quot;unit&quot;:&quot;px&quot;,&quot;size&quot;:&quot;&quot;,&quot;sizes&quot;:[]},&quot;_transform_scale_effect_mobile&quot;:{&quot;unit&quot;:&quot;px&quot;,&quot;size&quot;:&quot;&quot;,&quot;sizes&quot;:[]}}\" data-widget_type=\"image.default\">\n\t\t\t\t\t\t\t\t\t\t\t\t\t\t\t<img loading=\"lazy\" decoding=\"async\" width=\"2560\" height=\"1707\" src=\"https:\/\/abeille-tarnetgaronnaise.fr\/Atg82_new\/wp-content\/uploads\/2024\/11\/frontal-closeup-male-jersey-mason-bee-osmia-niveata-scaled.jpg\" class=\"attachment-full size-full wp-image-2678\" alt=\"gros pla abeille vue de face\" srcset=\"https:\/\/abeille-tarnetgaronnaise.fr\/Atg82_new\/wp-content\/uploads\/2024\/11\/frontal-closeup-male-jersey-mason-bee-osmia-niveata-scaled.jpg 2560w, https:\/\/abeille-tarnetgaronnaise.fr\/Atg82_new\/wp-content\/uploads\/2024\/11\/frontal-closeup-male-jersey-mason-bee-osmia-niveata-300x200.jpg 300w, https:\/\/abeille-tarnetgaronnaise.fr\/Atg82_new\/wp-content\/uploads\/2024\/11\/frontal-closeup-male-jersey-mason-bee-osmia-niveata-1024x683.jpg 1024w, https:\/\/abeille-tarnetgaronnaise.fr\/Atg82_new\/wp-content\/uploads\/2024\/11\/frontal-closeup-male-jersey-mason-bee-osmia-niveata-768x512.jpg 768w, https:\/\/abeille-tarnetgaronnaise.fr\/Atg82_new\/wp-content\/uploads\/2024\/11\/frontal-closeup-male-jersey-mason-bee-osmia-niveata-1536x1024.jpg 1536w, https:\/\/abeille-tarnetgaronnaise.fr\/Atg82_new\/wp-content\/uploads\/2024\/11\/frontal-closeup-male-jersey-mason-bee-osmia-niveata-2048x1365.jpg 2048w\" sizes=\"(max-width: 2560px) 100vw, 2560px\" \/>\t\t\t\t\t\t\t\t\t\t\t\t\t\t\t<\/div>\n\t\t\t\t<\/div>\n\t\t\t\t\t<\/div>\n\t\t\t\t<\/div>\n\t\t<div class=\"elementor-element elementor-element-1dc75bdc e-con-full e-flex e-con e-parent\" data-id=\"1dc75bdc\" data-element_type=\"container\" data-e-type=\"container\" data-settings=\"{&quot;background_background&quot;:&quot;classic&quot;}\">\n\t\t<div class=\"elementor-element elementor-element-4829c790 e-flex e-con-boxed e-con e-child\" data-id=\"4829c790\" data-element_type=\"container\" data-e-type=\"container\">\n\t\t\t\t\t<div class=\"e-con-inner\">\n\t\t\t\t<div class=\"elementor-element elementor-element-6a5fdb37 elementor-widget elementor-widget-heading\" data-id=\"6a5fdb37\" data-element_type=\"widget\" data-e-type=\"widget\" data-widget_type=\"heading.default\">\n\t\t\t\t\t<h2 class=\"elementor-heading-title elementor-size-default\">Nos Partenaires<\/h2>\t\t\t\t<\/div>\n\t\t\t\t<div class=\"elementor-element elementor-element-40ff1854 elementor-widget elementor-widget-text-editor\" data-id=\"40ff1854\" data-element_type=\"widget\" data-e-type=\"widget\" data-widget_type=\"text-editor.default\">\n\t\t\t\t\t\t\t\t\t<p>Nous remercions nos partenaires pour leur soutien<\/p>\t\t\t\t\t\t\t\t<\/div>\n\t\t\t\t\t<\/div>\n\t\t\t\t<\/div>\n\t\t<div class=\"elementor-element elementor-element-72c16e1 e-flex e-con-boxed e-con e-child\" data-id=\"72c16e1\" data-element_type=\"container\" data-e-type=\"container\">\n\t\t\t\t\t<div class=\"e-con-inner\">\n\t\t<div class=\"elementor-element elementor-element-3f77862 e-grid e-con-full e-con e-child\" data-id=\"3f77862\" data-element_type=\"container\" data-e-type=\"container\">\n\t\t\t\t<div class=\"elementor-element elementor-element-c68fb7a elementor-widget elementor-widget-image\" data-id=\"c68fb7a\" data-element_type=\"widget\" data-e-type=\"widget\" data-widget_type=\"image.default\">\n\t\t\t\t\t\t\t\t\t\t\t\t\t\t\t\t<a href=\"http:\/\/www.mairie-montbartier.fr\">\n\t\t\t\t\t\t\t<img loading=\"lazy\" decoding=\"async\" width=\"150\" height=\"150\" src=\"https:\/\/abeille-tarnetgaronnaise.fr\/Atg82_new\/wp-content\/uploads\/2024\/11\/logo_Montbartier-2-150x150.png\" class=\"elementor-animation-float attachment-thumbnail size-thumbnail wp-image-2668\" alt=\"logo mairie de Montbartier\" \/>\t\t\t\t\t\t\t\t<\/a>\n\t\t\t\t\t\t\t\t\t\t\t\t\t\t\t<\/div>\n\t\t\t\t<div class=\"elementor-element elementor-element-a2aeee7 elementor-widget elementor-widget-image\" data-id=\"a2aeee7\" data-element_type=\"widget\" data-e-type=\"widget\" data-widget_type=\"image.default\">\n\t\t\t\t\t\t\t\t\t\t\t\t\t\t\t\t<a href=\"https:\/\/www.maisagri.fr\">\n\t\t\t\t\t\t\t<img loading=\"lazy\" decoding=\"async\" width=\"607\" height=\"177\" src=\"https:\/\/abeille-tarnetgaronnaise.fr\/Atg82_new\/wp-content\/uploads\/2024\/11\/logo_maisagri.png\" class=\"elementor-animation-float attachment-full size-full wp-image-2653\" alt=\"Logo Maisagri\" srcset=\"https:\/\/abeille-tarnetgaronnaise.fr\/Atg82_new\/wp-content\/uploads\/2024\/11\/logo_maisagri.png 607w, https:\/\/abeille-tarnetgaronnaise.fr\/Atg82_new\/wp-content\/uploads\/2024\/11\/logo_maisagri-300x87.png 300w\" sizes=\"(max-width: 607px) 100vw, 607px\" \/>\t\t\t\t\t\t\t\t<\/a>\n\t\t\t\t\t\t\t\t\t\t\t\t\t\t\t<\/div>\n\t\t\t\t<div class=\"elementor-element elementor-element-7dfa5bb elementor-widget elementor-widget-image\" data-id=\"7dfa5bb\" data-element_type=\"widget\" data-e-type=\"widget\" data-widget_type=\"image.default\">\n\t\t\t\t\t\t\t\t\t\t\t\t\t\t\t\t<a href=\"http:\/\/miel@ickowicz.com\">\n\t\t\t\t\t\t\t<img loading=\"lazy\" decoding=\"async\" width=\"600\" height=\"180\" src=\"https:\/\/abeille-tarnetgaronnaise.fr\/Atg82_new\/wp-content\/uploads\/2024\/11\/logo_icko.png\" class=\"elementor-animation-float attachment-full size-full wp-image-2670\" alt=\"logo Icko\" srcset=\"https:\/\/abeille-tarnetgaronnaise.fr\/Atg82_new\/wp-content\/uploads\/2024\/11\/logo_icko.png 600w, https:\/\/abeille-tarnetgaronnaise.fr\/Atg82_new\/wp-content\/uploads\/2024\/11\/logo_icko-300x90.png 300w\" sizes=\"(max-width: 600px) 100vw, 600px\" \/>\t\t\t\t\t\t\t\t<\/a>\n\t\t\t\t\t\t\t\t\t\t\t\t\t\t\t<\/div>\n\t\t\t\t<div class=\"elementor-element elementor-element-a101827 elementor-widget elementor-widget-image\" data-id=\"a101827\" data-element_type=\"widget\" data-e-type=\"widget\" data-widget_type=\"image.default\">\n\t\t\t\t\t\t\t\t\t\t\t\t\t\t\t\t<a href=\"http:\/\/www.unaf-apiculture.info\">\n\t\t\t\t\t\t\t<img loading=\"lazy\" decoding=\"async\" width=\"150\" height=\"150\" src=\"https:\/\/abeille-tarnetgaronnaise.fr\/Atg82_new\/wp-content\/uploads\/2024\/11\/Unaf_apiculture_logo-150x150.png\" class=\"elementor-animation-float attachment-thumbnail size-thumbnail wp-image-2669\" alt=\"logo UNAF\" srcset=\"https:\/\/abeille-tarnetgaronnaise.fr\/Atg82_new\/wp-content\/uploads\/2024\/11\/Unaf_apiculture_logo-150x150.png 150w, https:\/\/abeille-tarnetgaronnaise.fr\/Atg82_new\/wp-content\/uploads\/2024\/11\/Unaf_apiculture_logo-300x300.png 300w, https:\/\/abeille-tarnetgaronnaise.fr\/Atg82_new\/wp-content\/uploads\/2024\/11\/Unaf_apiculture_logo-768x768.png 768w, https:\/\/abeille-tarnetgaronnaise.fr\/Atg82_new\/wp-content\/uploads\/2024\/11\/Unaf_apiculture_logo-650x650.png 650w, https:\/\/abeille-tarnetgaronnaise.fr\/Atg82_new\/wp-content\/uploads\/2024\/11\/Unaf_apiculture_logo.png 900w\" sizes=\"(max-width: 150px) 100vw, 150px\" \/>\t\t\t\t\t\t\t\t<\/a>\n\t\t\t\t\t\t\t\t\t\t\t\t\t\t\t<\/div>\n\t\t\t\t<div class=\"elementor-element elementor-element-0694a78 elementor-widget elementor-widget-image\" data-id=\"0694a78\" data-element_type=\"widget\" data-e-type=\"widget\" data-widget_type=\"image.default\">\n\t\t\t\t\t\t\t\t\t\t\t\t\t\t\t\t<a href=\"https:\/\/deratit.fr\/\">\n\t\t\t\t\t\t\t<img loading=\"lazy\" decoding=\"async\" width=\"150\" height=\"150\" src=\"https:\/\/abeille-tarnetgaronnaise.fr\/Atg82_new\/wp-content\/uploads\/2025\/03\/logo_deratit-150x150.png\" class=\"attachment-thumbnail size-thumbnail wp-image-5413\" alt=\"Logo Dera&#039;tit\" \/>\t\t\t\t\t\t\t\t<\/a>\n\t\t\t\t\t\t\t\t\t\t\t\t\t\t\t<\/div>\n\t\t\t\t<\/div>\n\t\t\t\t\t<\/div>\n\t\t\t\t<\/div>\n\t\t\t\t<\/div>\n\t\t<div class=\"elementor-element elementor-element-5a7a4b33 e-flex e-con-boxed e-con e-parent\" data-id=\"5a7a4b33\" data-element_type=\"container\" data-e-type=\"container\">\n\t\t\t\t\t<div class=\"e-con-inner\">\n\t\t\t\t<div class=\"elementor-element elementor-element-5881b716 elementor-widget elementor-widget-text-editor\" data-id=\"5881b716\" data-element_type=\"widget\" data-e-type=\"widget\" data-widget_type=\"text-editor.default\">\n\t\t\t\t\t\t\t\t\t<p>Nos amis apicoles<\/p>\t\t\t\t\t\t\t\t<\/div>\n\t\t<div class=\"elementor-element elementor-element-1374bcf4 e-grid e-con-boxed e-con e-child\" data-id=\"1374bcf4\" data-element_type=\"container\" data-e-type=\"container\">\n\t\t\t\t\t<div class=\"e-con-inner\">\n\t\t\t\t<div class=\"elementor-element elementor-element-65cdf28b elementor-widget elementor-widget-image\" data-id=\"65cdf28b\" data-element_type=\"widget\" data-e-type=\"widget\" data-widget_type=\"image.default\">\n\t\t\t\t\t\t\t\t\t\t\t\t\t\t\t\t<a href=\"http:\/\/www.api82.com\">\n\t\t\t\t\t\t\t<img loading=\"lazy\" decoding=\"async\" width=\"100\" height=\"75\" src=\"https:\/\/abeille-tarnetgaronnaise.fr\/Atg82_new\/wp-content\/uploads\/2024\/11\/SDADA82.jpg\" class=\"elementor-animation-float attachment-thumbnail size-thumbnail wp-image-2655\" alt=\"SDAD 82\" \/>\t\t\t\t\t\t\t\t<\/a>\n\t\t\t\t\t\t\t\t\t\t\t\t\t\t\t<\/div>\n\t\t\t\t<div class=\"elementor-element elementor-element-4009cc22 elementor-widget elementor-widget-image\" data-id=\"4009cc22\" data-element_type=\"widget\" data-e-type=\"widget\" data-widget_type=\"image.default\">\n\t\t\t\t\t\t\t\t\t\t\t\t\t\t\t\t<a href=\"http:\/\/www.apiculture31.com\">\n\t\t\t\t\t\t\t<img decoding=\"async\" src=\"https:\/\/abeille-tarnetgaronnaise.fr\/Atg82_new\/wp-content\/uploads\/elementor\/thumbs\/logo-seul--qxa77g9az27djj0d63vr2h0re46kk0httx5q574xz4.png\" title=\"logo-seul-\" alt=\"Syndicat d&#039;Apiculture Meridionale (SAM)\" class=\"elementor-animation-float\" loading=\"lazy\" \/>\t\t\t\t\t\t\t\t<\/a>\n\t\t\t\t\t\t\t\t\t\t\t\t\t\t\t<\/div>\n\t\t\t\t<div class=\"elementor-element elementor-element-28331330 elementor-widget elementor-widget-image\" data-id=\"28331330\" data-element_type=\"widget\" data-e-type=\"widget\" data-widget_type=\"image.default\">\n\t\t\t\t\t\t\t\t\t\t\t\t\t\t\t\t<a href=\"https:\/\/www.abeille-tarnaise.fr\">\n\t\t\t\t\t\t\t<img decoding=\"async\" src=\"https:\/\/abeille-tarnetgaronnaise.fr\/Atg82_new\/wp-content\/uploads\/elementor\/thumbs\/logo_abeille-tarnaise-qxa77z22rqx3zq924c0agc9z9tlwtykgki7fqqd2io.jpg\" title=\"logo_abeille-tarnaise\" alt=\"Syndicat D\u00e9partemental d&#039;Apiculture l&#039;Abeille Tarnaise\" class=\"elementor-animation-float\" loading=\"lazy\" \/>\t\t\t\t\t\t\t\t<\/a>\n\t\t\t\t\t\t\t\t\t\t\t\t\t\t\t<\/div>\n\t\t\t\t\t<\/div>\n\t\t\t\t<\/div>\n\t\t\t\t\t<\/div>\n\t\t\t\t<\/div>\n\t\t<div class=\"elementor-element elementor-element-fe481a6 e-con-full e-flex e-con e-parent\" data-id=\"fe481a6\" data-element_type=\"container\" data-e-type=\"container\" data-settings=\"{&quot;background_background&quot;:&quot;classic&quot;,&quot;shape_divider_top&quot;:&quot;opacity-tilt&quot;}\">\n\t\t\t\t<div class=\"elementor-shape elementor-shape-top\" aria-hidden=\"true\" data-negative=\"false\">\n\t\t\t<svg xmlns=\"http:\/\/www.w3.org\/2000\/svg\" viewBox=\"0 0 2600 131.1\" preserveAspectRatio=\"none\">\n\t<path class=\"elementor-shape-fill\" d=\"M0 0L2600 0 2600 69.1 0 0z\"\/>\n\t<path class=\"elementor-shape-fill\" style=\"opacity:0.5\" d=\"M0 0L2600 0 2600 69.1 0 69.1z\"\/>\n\t<path class=\"elementor-shape-fill\" style=\"opacity:0.25\" d=\"M2600 0L0 0 0 130.1 2600 69.1z\"\/>\n<\/svg>\t\t<\/div>\n\t\t\t\t<\/div>\n\t\t\t\t<\/div>\n\t\t","protected":false},"excerpt":{"rendered":"<p>L&rsquo;abeille Tarn et Garonnaise Ensemble,prot\u00e9geons les abeilles, prot\u00e9geons la biodiversit\u00e9 ! Notre histoire Le 16 Novembre 2000, dans la commune de CANALS, sous la pr\u00e9sidence de Monsieur Georges BONNAYS, le [&hellip;]<\/p>\n","protected":false},"author":2,"featured_media":0,"parent":0,"menu_order":0,"comment_status":"closed","ping_status":"closed","template":"page-full-width.php","meta":{"footnotes":""},"class_list":["post-27","page","type-page","status-publish","hentry"],"yoast_head":"<!-- This site is optimized with the Yoast SEO plugin v27.4 - https:\/\/yoast.com\/product\/yoast-seo-wordpress\/ -->\n<title>L&#039; Association - L&#039;abeille tarn et garonnaise<\/title>\n<meta name=\"robots\" content=\"index, follow, max-snippet:-1, max-image-preview:large, max-video-preview:-1\" \/>\n<link rel=\"canonical\" href=\"https:\/\/abeille-tarnetgaronnaise.fr\/Atg82_new\/l-association\/\" \/>\n<meta property=\"og:locale\" content=\"fr_FR\" \/>\n<meta property=\"og:type\" content=\"article\" \/>\n<meta property=\"og:title\" content=\"L&#039; Association - L&#039;abeille tarn et garonnaise\" \/>\n<meta property=\"og:description\" content=\"L&rsquo;abeille Tarn et Garonnaise Ensemble,prot\u00e9geons les abeilles, prot\u00e9geons la biodiversit\u00e9 ! Notre histoire Le 16 Novembre 2000, dans la commune de CANALS, sous la pr\u00e9sidence de Monsieur Georges BONNAYS, le [&hellip;]\" \/>\n<meta property=\"og:url\" content=\"https:\/\/abeille-tarnetgaronnaise.fr\/Atg82_new\/l-association\/\" \/>\n<meta property=\"og:site_name\" content=\"L&#039;abeille tarn et garonnaise\" \/>\n<meta property=\"article:modified_time\" content=\"2026-01-06T12:39:34+00:00\" \/>\n<meta property=\"og:image\" content=\"https:\/\/abeille-tarnetgaronnaise.fr\/Atg82_new\/wp-content\/uploads\/2024\/11\/logo_ATG-2.png\" \/>\n\t<meta property=\"og:image:width\" content=\"1240\" \/>\n\t<meta property=\"og:image:height\" content=\"620\" \/>\n\t<meta property=\"og:image:type\" content=\"image\/png\" \/>\n<meta name=\"twitter:card\" content=\"summary_large_image\" \/>\n<meta name=\"twitter:label1\" content=\"Dur\u00e9e de lecture estim\u00e9e\" \/>\n\t<meta name=\"twitter:data1\" content=\"1 minute\" \/>\n<script type=\"application\/ld+json\" class=\"yoast-schema-graph\">{\"@context\":\"https:\\\/\\\/schema.org\",\"@graph\":[{\"@type\":\"WebPage\",\"@id\":\"https:\\\/\\\/abeille-tarnetgaronnaise.fr\\\/Atg82_new\\\/l-association\\\/\",\"url\":\"https:\\\/\\\/abeille-tarnetgaronnaise.fr\\\/Atg82_new\\\/l-association\\\/\",\"name\":\"L' Association - L&#039;abeille tarn et garonnaise\",\"isPartOf\":{\"@id\":\"https:\\\/\\\/abeille-tarnetgaronnaise.fr\\\/Atg82_new\\\/#website\"},\"primaryImageOfPage\":{\"@id\":\"https:\\\/\\\/abeille-tarnetgaronnaise.fr\\\/Atg82_new\\\/l-association\\\/#primaryimage\"},\"image\":{\"@id\":\"https:\\\/\\\/abeille-tarnetgaronnaise.fr\\\/Atg82_new\\\/l-association\\\/#primaryimage\"},\"thumbnailUrl\":\"https:\\\/\\\/abeille-tarnetgaronnaise.fr\\\/Atg82_new\\\/wp-content\\\/uploads\\\/2024\\\/11\\\/logo_ATG-2-1024x512.png\",\"datePublished\":\"2015-06-19T09:07:19+00:00\",\"dateModified\":\"2026-01-06T12:39:34+00:00\",\"breadcrumb\":{\"@id\":\"https:\\\/\\\/abeille-tarnetgaronnaise.fr\\\/Atg82_new\\\/l-association\\\/#breadcrumb\"},\"inLanguage\":\"fr-FR\",\"potentialAction\":[{\"@type\":\"ReadAction\",\"target\":[\"https:\\\/\\\/abeille-tarnetgaronnaise.fr\\\/Atg82_new\\\/l-association\\\/\"]}]},{\"@type\":\"ImageObject\",\"inLanguage\":\"fr-FR\",\"@id\":\"https:\\\/\\\/abeille-tarnetgaronnaise.fr\\\/Atg82_new\\\/l-association\\\/#primaryimage\",\"url\":\"https:\\\/\\\/abeille-tarnetgaronnaise.fr\\\/Atg82_new\\\/wp-content\\\/uploads\\\/2024\\\/11\\\/logo_ATG-2.png\",\"contentUrl\":\"https:\\\/\\\/abeille-tarnetgaronnaise.fr\\\/Atg82_new\\\/wp-content\\\/uploads\\\/2024\\\/11\\\/logo_ATG-2.png\",\"width\":1240,\"height\":620,\"caption\":\"logo Association AbeilleTarn et Garonnaise\"},{\"@type\":\"BreadcrumbList\",\"@id\":\"https:\\\/\\\/abeille-tarnetgaronnaise.fr\\\/Atg82_new\\\/l-association\\\/#breadcrumb\",\"itemListElement\":[{\"@type\":\"ListItem\",\"position\":1,\"name\":\"Accueil\",\"item\":\"https:\\\/\\\/abeille-tarnetgaronnaise.fr\\\/Atg82_new\\\/\"},{\"@type\":\"ListItem\",\"position\":2,\"name\":\"L&rsquo; Association\"}]},{\"@type\":\"WebSite\",\"@id\":\"https:\\\/\\\/abeille-tarnetgaronnaise.fr\\\/Atg82_new\\\/#website\",\"url\":\"https:\\\/\\\/abeille-tarnetgaronnaise.fr\\\/Atg82_new\\\/\",\"name\":\"L'Abeille Tarn et Garonnaise\",\"description\":\"Ensemble, prot\u00e9geons les abeilles !\",\"publisher\":{\"@id\":\"https:\\\/\\\/abeille-tarnetgaronnaise.fr\\\/Atg82_new\\\/#organization\"},\"potentialAction\":[{\"@type\":\"SearchAction\",\"target\":{\"@type\":\"EntryPoint\",\"urlTemplate\":\"https:\\\/\\\/abeille-tarnetgaronnaise.fr\\\/Atg82_new\\\/?s={search_term_string}\"},\"query-input\":{\"@type\":\"PropertyValueSpecification\",\"valueRequired\":true,\"valueName\":\"search_term_string\"}}],\"inLanguage\":\"fr-FR\"},{\"@type\":\"Organization\",\"@id\":\"https:\\\/\\\/abeille-tarnetgaronnaise.fr\\\/Atg82_new\\\/#organization\",\"name\":\"L'abeille tarn et garonnaise\",\"url\":\"https:\\\/\\\/abeille-tarnetgaronnaise.fr\\\/Atg82_new\\\/\",\"logo\":{\"@type\":\"ImageObject\",\"inLanguage\":\"fr-FR\",\"@id\":\"https:\\\/\\\/abeille-tarnetgaronnaise.fr\\\/Atg82_new\\\/#\\\/schema\\\/logo\\\/image\\\/\",\"url\":\"https:\\\/\\\/abeille-tarnetgaronnaise.fr\\\/Atg82_new\\\/wp-content\\\/uploads\\\/2025\\\/02\\\/logo_ATG.jpg\",\"contentUrl\":\"https:\\\/\\\/abeille-tarnetgaronnaise.fr\\\/Atg82_new\\\/wp-content\\\/uploads\\\/2025\\\/02\\\/logo_ATG.jpg\",\"width\":200,\"height\":100,\"caption\":\"L'abeille tarn et garonnaise\"},\"image\":{\"@id\":\"https:\\\/\\\/abeille-tarnetgaronnaise.fr\\\/Atg82_new\\\/#\\\/schema\\\/logo\\\/image\\\/\"}}]}<\/script>\n<!-- \/ Yoast SEO plugin. -->","yoast_head_json":{"title":"L' Association - L&#039;abeille tarn et garonnaise","robots":{"index":"index","follow":"follow","max-snippet":"max-snippet:-1","max-image-preview":"max-image-preview:large","max-video-preview":"max-video-preview:-1"},"canonical":"https:\/\/abeille-tarnetgaronnaise.fr\/Atg82_new\/l-association\/","og_locale":"fr_FR","og_type":"article","og_title":"L' Association - L&#039;abeille tarn et garonnaise","og_description":"L&rsquo;abeille Tarn et Garonnaise Ensemble,prot\u00e9geons les abeilles, prot\u00e9geons la biodiversit\u00e9 ! Notre histoire Le 16 Novembre 2000, dans la commune de CANALS, sous la pr\u00e9sidence de Monsieur Georges BONNAYS, le [&hellip;]","og_url":"https:\/\/abeille-tarnetgaronnaise.fr\/Atg82_new\/l-association\/","og_site_name":"L&#039;abeille tarn et garonnaise","article_modified_time":"2026-01-06T12:39:34+00:00","og_image":[{"width":1240,"height":620,"url":"https:\/\/abeille-tarnetgaronnaise.fr\/Atg82_new\/wp-content\/uploads\/2024\/11\/logo_ATG-2.png","type":"image\/png"}],"twitter_card":"summary_large_image","twitter_misc":{"Dur\u00e9e de lecture estim\u00e9e":"1 minute"},"schema":{"@context":"https:\/\/schema.org","@graph":[{"@type":"WebPage","@id":"https:\/\/abeille-tarnetgaronnaise.fr\/Atg82_new\/l-association\/","url":"https:\/\/abeille-tarnetgaronnaise.fr\/Atg82_new\/l-association\/","name":"L' Association - L&#039;abeille tarn et garonnaise","isPartOf":{"@id":"https:\/\/abeille-tarnetgaronnaise.fr\/Atg82_new\/#website"},"primaryImageOfPage":{"@id":"https:\/\/abeille-tarnetgaronnaise.fr\/Atg82_new\/l-association\/#primaryimage"},"image":{"@id":"https:\/\/abeille-tarnetgaronnaise.fr\/Atg82_new\/l-association\/#primaryimage"},"thumbnailUrl":"https:\/\/abeille-tarnetgaronnaise.fr\/Atg82_new\/wp-content\/uploads\/2024\/11\/logo_ATG-2-1024x512.png","datePublished":"2015-06-19T09:07:19+00:00","dateModified":"2026-01-06T12:39:34+00:00","breadcrumb":{"@id":"https:\/\/abeille-tarnetgaronnaise.fr\/Atg82_new\/l-association\/#breadcrumb"},"inLanguage":"fr-FR","potentialAction":[{"@type":"ReadAction","target":["https:\/\/abeille-tarnetgaronnaise.fr\/Atg82_new\/l-association\/"]}]},{"@type":"ImageObject","inLanguage":"fr-FR","@id":"https:\/\/abeille-tarnetgaronnaise.fr\/Atg82_new\/l-association\/#primaryimage","url":"https:\/\/abeille-tarnetgaronnaise.fr\/Atg82_new\/wp-content\/uploads\/2024\/11\/logo_ATG-2.png","contentUrl":"https:\/\/abeille-tarnetgaronnaise.fr\/Atg82_new\/wp-content\/uploads\/2024\/11\/logo_ATG-2.png","width":1240,"height":620,"caption":"logo Association AbeilleTarn et Garonnaise"},{"@type":"BreadcrumbList","@id":"https:\/\/abeille-tarnetgaronnaise.fr\/Atg82_new\/l-association\/#breadcrumb","itemListElement":[{"@type":"ListItem","position":1,"name":"Accueil","item":"https:\/\/abeille-tarnetgaronnaise.fr\/Atg82_new\/"},{"@type":"ListItem","position":2,"name":"L&rsquo; Association"}]},{"@type":"WebSite","@id":"https:\/\/abeille-tarnetgaronnaise.fr\/Atg82_new\/#website","url":"https:\/\/abeille-tarnetgaronnaise.fr\/Atg82_new\/","name":"L'Abeille Tarn et Garonnaise","description":"Ensemble, prot\u00e9geons les abeilles !","publisher":{"@id":"https:\/\/abeille-tarnetgaronnaise.fr\/Atg82_new\/#organization"},"potentialAction":[{"@type":"SearchAction","target":{"@type":"EntryPoint","urlTemplate":"https:\/\/abeille-tarnetgaronnaise.fr\/Atg82_new\/?s={search_term_string}"},"query-input":{"@type":"PropertyValueSpecification","valueRequired":true,"valueName":"search_term_string"}}],"inLanguage":"fr-FR"},{"@type":"Organization","@id":"https:\/\/abeille-tarnetgaronnaise.fr\/Atg82_new\/#organization","name":"L'abeille tarn et garonnaise","url":"https:\/\/abeille-tarnetgaronnaise.fr\/Atg82_new\/","logo":{"@type":"ImageObject","inLanguage":"fr-FR","@id":"https:\/\/abeille-tarnetgaronnaise.fr\/Atg82_new\/#\/schema\/logo\/image\/","url":"https:\/\/abeille-tarnetgaronnaise.fr\/Atg82_new\/wp-content\/uploads\/2025\/02\/logo_ATG.jpg","contentUrl":"https:\/\/abeille-tarnetgaronnaise.fr\/Atg82_new\/wp-content\/uploads\/2025\/02\/logo_ATG.jpg","width":200,"height":100,"caption":"L'abeille tarn et garonnaise"},"image":{"@id":"https:\/\/abeille-tarnetgaronnaise.fr\/Atg82_new\/#\/schema\/logo\/image\/"}}]}},"_links":{"self":[{"href":"https:\/\/abeille-tarnetgaronnaise.fr\/Atg82_new\/wp-json\/wp\/v2\/pages\/27","targetHints":{"allow":["GET"]}}],"collection":[{"href":"https:\/\/abeille-tarnetgaronnaise.fr\/Atg82_new\/wp-json\/wp\/v2\/pages"}],"about":[{"href":"https:\/\/abeille-tarnetgaronnaise.fr\/Atg82_new\/wp-json\/wp\/v2\/types\/page"}],"author":[{"embeddable":true,"href":"https:\/\/abeille-tarnetgaronnaise.fr\/Atg82_new\/wp-json\/wp\/v2\/users\/2"}],"replies":[{"embeddable":true,"href":"https:\/\/abeille-tarnetgaronnaise.fr\/Atg82_new\/wp-json\/wp\/v2\/comments?post=27"}],"version-history":[{"count":165,"href":"https:\/\/abeille-tarnetgaronnaise.fr\/Atg82_new\/wp-json\/wp\/v2\/pages\/27\/revisions"}],"predecessor-version":[{"id":5579,"href":"https:\/\/abeille-tarnetgaronnaise.fr\/Atg82_new\/wp-json\/wp\/v2\/pages\/27\/revisions\/5579"}],"wp:attachment":[{"href":"https:\/\/abeille-tarnetgaronnaise.fr\/Atg82_new\/wp-json\/wp\/v2\/media?parent=27"}],"curies":[{"name":"wp","href":"https:\/\/api.w.org\/{rel}","templated":true}]}}