{"id":1710,"date":"2019-08-06T09:37:53","date_gmt":"2019-08-06T08:37:53","guid":{"rendered":"http:\/\/abeille-tarnetgaronnaise.fr\/Atg-V1\/?page_id=1710"},"modified":"2026-03-12T11:30:42","modified_gmt":"2026-03-12T10:30:42","slug":"contact-assoiciation-abeille-tarn-et-garonnaise","status":"publish","type":"page","link":"https:\/\/abeille-tarnetgaronnaise.fr\/Atg82_new\/contact-assoiciation-abeille-tarn-et-garonnaise\/","title":{"rendered":"Contact"},"content":{"rendered":"\t\t<div data-elementor-type=\"wp-page\" data-elementor-id=\"1710\" class=\"elementor elementor-1710\" data-elementor-post-type=\"page\">\n\t\t\t\t<div class=\"elementor-element elementor-element-418d55a7 e-con-full e-flex e-con e-parent\" data-id=\"418d55a7\" data-element_type=\"container\" data-e-type=\"container\">\n\t\t<div class=\"elementor-element elementor-element-b30cddc e-con-full e-flex e-con e-child\" data-id=\"b30cddc\" data-element_type=\"container\" data-e-type=\"container\" data-settings=\"{&quot;background_background&quot;:&quot;classic&quot;}\">\n\t\t<div class=\"elementor-element elementor-element-1df2a17 e-flex e-con-boxed e-con e-child\" data-id=\"1df2a17\" data-element_type=\"container\" data-e-type=\"container\">\n\t\t\t\t\t<div class=\"e-con-inner\">\n\t\t\t\t<div class=\"elementor-element elementor-element-fbbf682 elementor-widget elementor-widget-heading\" data-id=\"fbbf682\" data-element_type=\"widget\" data-e-type=\"widget\" data-widget_type=\"heading.default\">\n\t\t\t\t\t<h2 class=\"elementor-heading-title elementor-size-default\">Contactez-nous<\/h2>\t\t\t\t<\/div>\n\t\t\t\t<div class=\"elementor-element elementor-element-b331e67 elementor-widget__width-inherit elementor-widget elementor-widget-text-editor\" data-id=\"b331e67\" data-element_type=\"widget\" data-e-type=\"widget\" data-widget_type=\"text-editor.default\">\n\t\t\t\t\t\t\t\t\t<p>Les abeilles vivent de la mani\u00e8re dont les bienfaits profitent \u00e0 davantage de personnes. Notre objectif est de prot\u00e9ger la population d&rsquo;abeilles dans notre d\u00e9partement le Tarn et Garonne et de sensibiliser toute personne \u00e0 son environnement.<\/p><p>Nous esp\u00e9rons vous retrouver nombreux pour venir \u00e9changer et partager votre exp\u00e9rience dans une ambiance conviviale.<\/p>\t\t\t\t\t\t\t\t<\/div>\n\t\t\t\t\t<\/div>\n\t\t\t\t<\/div>\n\t\t<div class=\"elementor-element elementor-element-383c4dd e-flex e-con-boxed e-con e-child\" data-id=\"383c4dd\" data-element_type=\"container\" data-e-type=\"container\">\n\t\t\t\t\t<div class=\"e-con-inner\">\n\t\t<div class=\"elementor-element elementor-element-7bc5c0e2 e-flex e-con-boxed e-con e-child\" data-id=\"7bc5c0e2\" data-element_type=\"container\" data-e-type=\"container\">\n\t\t\t\t\t<div class=\"e-con-inner\">\n\t\t\t\t<div class=\"elementor-element elementor-element-2f953f3 elementor-widget elementor-widget-heading\" data-id=\"2f953f3\" data-element_type=\"widget\" data-e-type=\"widget\" data-widget_type=\"heading.default\">\n\t\t\t\t\t<h4 class=\"elementor-heading-title elementor-size-default\">Plus de renseignements ?<\/h4>\t\t\t\t<\/div>\n\t\t\t\t<div class=\"elementor-element elementor-element-20ad1fa elementor-widget elementor-widget-text-editor\" data-id=\"20ad1fa\" data-element_type=\"widget\" data-e-type=\"widget\" data-widget_type=\"text-editor.default\">\n\t\t\t\t\t\t\t\t\t<p>N&rsquo;h\u00e9sitez pas \u00e0 nous contacter nous saurons vous r\u00e9pondre :<\/p>\t\t\t\t\t\t\t\t<\/div>\n\t\t\t\t<div class=\"elementor-element elementor-element-565daf1 elementor-align-start elementor-icon-list--layout-traditional elementor-list-item-link-full_width elementor-widget elementor-widget-icon-list\" data-id=\"565daf1\" data-element_type=\"widget\" data-e-type=\"widget\" data-widget_type=\"icon-list.default\">\n\t\t\t\t\t\t\t<ul class=\"elementor-icon-list-items\">\n\t\t\t\t\t\t\t<li class=\"elementor-icon-list-item\">\n\t\t\t\t\t\t\t\t\t\t<span class=\"elementor-icon-list-text\">06.74.22.57.50<\/span>\n\t\t\t\t\t\t\t\t\t<\/li>\n\t\t\t\t\t\t\t\t<li class=\"elementor-icon-list-item\">\n\t\t\t\t\t\t\t\t\t\t\t<a href=\"mailto:abeilletg@gmail.com\">\n\n\t\t\t\t\t\t\t\t\t\t\t<span class=\"elementor-icon-list-text\">abeilletg@gmail.com<\/span>\n\t\t\t\t\t\t\t\t\t\t\t<\/a>\n\t\t\t\t\t\t\t\t\t<\/li>\n\t\t\t\t\t\t<\/ul>\n\t\t\t\t\t\t<\/div>\n\t\t\t\t<div class=\"elementor-element elementor-element-e2267de elementor-widget elementor-widget-qi_addons_for_elementor_separator\" data-id=\"e2267de\" data-element_type=\"widget\" data-e-type=\"widget\" data-widget_type=\"qi_addons_for_elementor_separator.default\">\n\t\t\t\t<div class=\"elementor-widget-container\">\n\t\t\t\t\t<div class=\"qodef-shortcode qodef-m qodef-qi-separator qodef-qi-clear qodef-separator--with-icon qodef-position--center\">\n\t<div class=\"qodef-m-line\">\n\t\t<div class=\"qodef-m-inner-line\"><\/div>\n\t\t\t<span class=\"qodef-m-separator-icon\">\n\t\t<svg xmlns=\"http:\/\/www.w3.org\/2000\/svg\" viewBox=\"0 0 43.1 35.1\"><defs><style>      .cls-1 {        fill: #fff;      }    <\/style><\/defs><g><g id=\"Calque_1\"><g><path class=\"cls-1\" d=\"M20,22c-6.2,3-12.3,3-13.8,0-1.4-3,2.4-7.8,8.6-10.7,6.2-3,12.3-3,13.8,0,1.4,3-2.4,7.8-8.6,10.7Z\"><\/path><path d=\"M11.3,25.1c-2.9,0-5-.9-5.8-2.7-1.7-3.4,2.3-8.6,9-11.9,6.7-3.2,13.2-3.1,14.9.3.8,1.7.3,4-1.5,6.2-1.7,2.1-4.3,4.1-7.4,5.6-3.1,1.5-6.3,2.3-9,2.3h0ZM23.6,9.8c-2.3,0-5.2.7-8.3,2.2-6.2,3-9.3,7.4-8.2,9.6.5,1.1,2.1,1.7,4.3,1.7,2.5,0,5.4-.8,8.3-2.2h0c2.9-1.4,5.3-3.2,6.9-5.2,1.4-1.7,1.9-3.4,1.3-4.5-.5-1.1-2.1-1.7-4.3-1.7Z\"><\/path><\/g><path d=\"M5.7,22.9c-1,0-2.1-.2-2.5-.8-.2-.3-.2-.7,0-.9s.6-.4.9-.3c.4,0,.9.1,1.1,0,.2-.3.4-.4.7-.4.3,0,.6.2.7.5l.4.8c.1.3.1.5,0,.8-.1.2-.4.4-.7.4-.2,0-.4,0-.6,0Z\"><\/path><g><path d=\"M21,9.3s1.2,5.8,5,8.4l-2.3,2.1s-5.2-4.8-5.4-9.5l2.7-1Z\"><\/path><path d=\"M23.7,20.2l-.2-.2c-.2-.2-5.2-4.9-5.5-9.7v-.2s3.2-1.2,3.2-1.2v.3c0,0,1.3,5.7,5,8.3l.3.2-2.8,2.5ZM18.5,10.5c.4,4,4.3,8.1,5.2,9l1.9-1.7c-3.2-2.4-4.5-6.9-4.8-8.1l-2.3.8Z\"><\/path><\/g><g><path d=\"M10.2,14.6s.3,6.2,5.1,9l-3.9.3s-4.4-3.9-3.4-7.4c0,0,1.5-1.6,2.1-1.9Z\"><\/path><path d=\"M11.3,24.2h0c-.2-.2-4.6-4.1-3.4-7.7h0c0,0,0-.1,0-.1.2-.2,1.6-1.7,2.2-2l.3-.2v.4c0,0,.4,6.1,5,8.7l.7.4-4.8.4ZM8.3,16.7c-.9,3,2.6,6.5,3.2,7l3-.3c-3.6-2.5-4.4-6.9-4.5-8.3-.5.4-1.2,1.1-1.7,1.6Z\"><\/path><\/g><g><path d=\"M15.5,11.4s.8,7.3,6.5,9.3l-3.1,1.7s-4.7-2.3-6.2-9.8l2.9-1.2Z\"><\/path><path d=\"M18.9,22.7h-.1c-.2-.2-4.8-2.5-6.4-10v-.2s3.3-1.4,3.3-1.4v.3c0,0,.9,7.2,6.3,9.1l.6.2-3.8,2ZM12.9,12.7c1.4,6.5,5.2,8.9,5.9,9.3l2.5-1.3c-4.6-2-5.8-7.6-6.1-9l-2.3,1Z\"><\/path><\/g><g><path class=\"cls-1\" d=\"M27.3,11.6S13.5-4.6,8.1,3c-5.4,7.6,14.3,10.3,19.2,8.6Z\"><\/path><path d=\"M9.2,9.7c-.8-.5-1.5-1.1-2-1.8-.9-1.1-1.5-3,.2-5.4C8.5,1,9.9.2,11.6.1c6.6-.3,16,10.5,16.3,10.9l.8.9-1.2.4c-3.5,1.2-13.5.3-18.4-2.7ZM17.2,3.7c-1.9-1.2-3.8-2-5.5-1.9-1.2,0-2.2.6-2.9,1.7-1.2,1.7-.7,2.8-.2,3.5,2.5,3.4,12.6,4.8,17.2,4.2-1.6-1.7-5.1-5.2-8.6-7.4Z\"><\/path><\/g><g><path class=\"cls-1\" d=\"M26.7,12.3s-14.2,15.9-6,20.2c8.2,4.3,8.3-15.5,6-20.2Z\"><\/path><path d=\"M25.1,33.3c-1.1.7-2.6,1.1-4.8,0-1.6-.8-2.6-2.1-2.9-3.8-1.2-6.5,8.2-17.2,8.6-17.7l.8-.9.6,1.1c2,3.9,2.3,16.9-1.7,20.8-.2.2-.4.4-.6.5ZM26.4,14c-2.3,2.8-8.2,10.5-7.3,15.2.2,1.2.9,2.1,2,2.7,1.9,1,2.9.3,3.5-.2,3-3,3.1-13.1,1.8-17.6Z\"><\/path><\/g><path d=\"M32.1,8.2c-.2,0-.4,0-.6-.2-.3-.3-.3-.9,0-1.2,1.8-1.8,3.1-3.9,2.9-4.3-.4-.2-.6-.8-.3-1.2.2-.4.7-.5,1.1-.3.5.3.8.7.9,1.3.2,1.9-2.5,4.8-3.4,5.7-.2.2-.4.2-.6.2Z\"><\/path><path d=\"M40.2,13.9c-.1,0-.2,0-.4,0-.3-.1-.5-.5-.5-.8-.7-.3-3.1-.6-5.5-.5,0,0,0,0,0,0-.5,0-.8-.4-.8-.8,0-.5.4-.8.8-.9,2.8,0,6.3.1,7,1.3.2.4.3.8,0,1.3-.1.3-.4.5-.8.5Z\"><\/path><g><path class=\"cls-1\" d=\"M32,15.5c-2,1.1-4.7-.2-6.1-2.9-1.4-2.6-1-5.6,1-6.7,2-1.1,4.7.2,6.1,2.9,1.4,2.6,1,5.6-1,6.7Z\"><\/path><path d=\"M30.5,16.7c-2,0-4.1-1.4-5.4-3.7-.8-1.4-1.1-3-.9-4.5.2-1.5,1-2.7,2.2-3.4,1.2-.6,2.6-.6,4,0,1.3.6,2.5,1.7,3.2,3.2.8,1.4,1.1,3,.9,4.5-.2,1.5-1,2.7-2.2,3.4-.6.3-1.2.5-1.9.5ZM28.3,6.4c-.4,0-.8,0-1.1.3-.7.4-1.2,1.1-1.3,2.1-.2,1.1,0,2.3.7,3.4,1.2,2.2,3.4,3.4,5,2.5.7-.4,1.2-1.1,1.3-2.1.2-1.1,0-2.3-.7-3.4-.6-1.1-1.5-2-2.5-2.5-.5-.2-1-.3-1.4-.3Z\"><\/path><\/g><\/g><\/g><\/svg>\t<\/span>\n\t\t\t<div class=\"qodef-m-inner-line\"><\/div>\n\t<\/div>\n<\/div>\n\t\t\t\t<\/div>\n\t\t\t\t<\/div>\n\t\t\t\t<div class=\"elementor-element elementor-element-4196e380 elementor-widget elementor-widget-icon-box\" data-id=\"4196e380\" data-element_type=\"widget\" data-e-type=\"widget\" data-widget_type=\"icon-box.default\">\n\t\t\t\t\t\t\t<div class=\"elementor-icon-box-wrapper\">\n\n\t\t\t\n\t\t\t\t\t\t<div class=\"elementor-icon-box-content\">\n\n\t\t\t\t\t\t\t\t\t<h6 class=\"elementor-icon-box-title\">\n\t\t\t\t\t\t<span  >\n\t\t\t\t\t\t\tAbeille Tarn et Garonnaise \t\t\t\t\t\t<\/span>\n\t\t\t\t\t<\/h6>\n\t\t\t\t\n\t\t\t\t\t\t\t\t\t<p class=\"elementor-icon-box-description\">\n\t\t\t\t\t\tPole Nature\n1164 Rte du Canal \n82700 Montbartier\t\t\t\t\t<\/p>\n\t\t\t\t\n\t\t\t<\/div>\n\t\t\t\n\t\t<\/div>\n\t\t\t\t\t\t<\/div>\n\t\t\t\t\t<\/div>\n\t\t\t\t<\/div>\n\t\t\t\t\t<\/div>\n\t\t\t\t<\/div>\n\t\t\t\t<\/div>\n\t\t<div class=\"elementor-element elementor-element-1bc2bcda e-con-full e-flex e-con e-child\" data-id=\"1bc2bcda\" data-element_type=\"container\" data-e-type=\"container\" data-settings=\"{&quot;background_background&quot;:&quot;classic&quot;}\">\n\t\t\t\t<div class=\"elementor-element elementor-element-43f08b9c elementor-widget elementor-widget-google_maps\" data-id=\"43f08b9c\" data-element_type=\"widget\" data-e-type=\"widget\" data-widget_type=\"google_maps.default\">\n\t\t\t\t\t\t\t<div class=\"elementor-custom-embed\">\n\t\t\t<iframe loading=\"lazy\"\n\t\t\t\t\tsrc=\"https:\/\/maps.google.com\/maps?q=1164%20rte%20du%20canal%2082700%20Montbartier&#038;t=m&#038;z=16&#038;output=embed&#038;iwloc=near\"\n\t\t\t\t\ttitle=\"1164 rte du canal 82700 Montbartier\"\n\t\t\t\t\taria-label=\"1164 rte du canal 82700 Montbartier\"\n\t\t\t><\/iframe>\n\t\t<\/div>\n\t\t\t\t\t\t<\/div>\n\t\t\t\t<\/div>\n\t\t\t\t<\/div>\n\t\t<div class=\"elementor-element elementor-element-4963ff6 e-flex e-con-boxed e-con e-parent\" data-id=\"4963ff6\" data-element_type=\"container\" data-e-type=\"container\">\n\t\t\t\t\t<div class=\"e-con-inner\">\n\t\t\t\t\t<\/div>\n\t\t\t\t<\/div>\n\t\t<div class=\"elementor-element elementor-element-04544d0 e-flex e-con-boxed e-con e-parent\" data-id=\"04544d0\" data-element_type=\"container\" data-e-type=\"container\">\n\t\t\t\t\t<div class=\"e-con-inner\">\n\t\t\t\t\t<\/div>\n\t\t\t\t<\/div>\n\t\t\t\t<\/div>\n\t\t","protected":false},"excerpt":{"rendered":"<p>Contactez-nous Les abeilles vivent de la mani\u00e8re dont les bienfaits profitent \u00e0 davantage de personnes. Notre objectif est de prot\u00e9ger la population d&rsquo;abeilles dans notre d\u00e9partement le Tarn et Garonne [&hellip;]<\/p>\n","protected":false},"author":2,"featured_media":0,"parent":0,"menu_order":0,"comment_status":"closed","ping_status":"closed","template":"","meta":{"footnotes":""},"class_list":["post-1710","page","type-page","status-publish","hentry"],"yoast_head":"<!-- This site is optimized with the Yoast SEO plugin v27.4 - https:\/\/yoast.com\/product\/yoast-seo-wordpress\/ -->\n<title>Contact - L&#039;abeille tarn et garonnaise<\/title>\n<meta name=\"description\" content=\"bricolage - Association abeille Tarnet Garonnaise\" \/>\n<meta name=\"robots\" content=\"index, follow, max-snippet:-1, max-image-preview:large, max-video-preview:-1\" \/>\n<link rel=\"canonical\" href=\"https:\/\/abeille-tarnetgaronnaise.fr\/Atg82_new\/contact-assoiciation-abeille-tarn-et-garonnaise\/\" \/>\n<meta property=\"og:locale\" content=\"fr_FR\" \/>\n<meta property=\"og:type\" content=\"article\" \/>\n<meta property=\"og:title\" content=\"Contact - L&#039;abeille tarn et garonnaise\" \/>\n<meta property=\"og:description\" content=\"bricolage - Association abeille Tarnet Garonnaise\" \/>\n<meta property=\"og:url\" content=\"https:\/\/abeille-tarnetgaronnaise.fr\/Atg82_new\/contact-assoiciation-abeille-tarn-et-garonnaise\/\" \/>\n<meta property=\"og:site_name\" content=\"L&#039;abeille tarn et garonnaise\" \/>\n<meta property=\"article:modified_time\" content=\"2026-03-12T10:30:42+00:00\" \/>\n<meta name=\"twitter:card\" content=\"summary_large_image\" \/>\n<meta name=\"twitter:label1\" content=\"Dur\u00e9e de lecture estim\u00e9e\" \/>\n\t<meta name=\"twitter:data1\" content=\"1 minute\" \/>\n<script type=\"application\/ld+json\" class=\"yoast-schema-graph\">{\"@context\":\"https:\\\/\\\/schema.org\",\"@graph\":[{\"@type\":\"WebPage\",\"@id\":\"https:\\\/\\\/abeille-tarnetgaronnaise.fr\\\/Atg82_new\\\/contact-assoiciation-abeille-tarn-et-garonnaise\\\/\",\"url\":\"https:\\\/\\\/abeille-tarnetgaronnaise.fr\\\/Atg82_new\\\/contact-assoiciation-abeille-tarn-et-garonnaise\\\/\",\"name\":\"Contact - L&#039;abeille tarn et garonnaise\",\"isPartOf\":{\"@id\":\"https:\\\/\\\/abeille-tarnetgaronnaise.fr\\\/Atg82_new\\\/#website\"},\"datePublished\":\"2019-08-06T08:37:53+00:00\",\"dateModified\":\"2026-03-12T10:30:42+00:00\",\"description\":\"bricolage - Association abeille Tarnet Garonnaise\",\"breadcrumb\":{\"@id\":\"https:\\\/\\\/abeille-tarnetgaronnaise.fr\\\/Atg82_new\\\/contact-assoiciation-abeille-tarn-et-garonnaise\\\/#breadcrumb\"},\"inLanguage\":\"fr-FR\",\"potentialAction\":[{\"@type\":\"ReadAction\",\"target\":[\"https:\\\/\\\/abeille-tarnetgaronnaise.fr\\\/Atg82_new\\\/contact-assoiciation-abeille-tarn-et-garonnaise\\\/\"]}]},{\"@type\":\"BreadcrumbList\",\"@id\":\"https:\\\/\\\/abeille-tarnetgaronnaise.fr\\\/Atg82_new\\\/contact-assoiciation-abeille-tarn-et-garonnaise\\\/#breadcrumb\",\"itemListElement\":[{\"@type\":\"ListItem\",\"position\":1,\"name\":\"Accueil\",\"item\":\"https:\\\/\\\/abeille-tarnetgaronnaise.fr\\\/Atg82_new\\\/\"},{\"@type\":\"ListItem\",\"position\":2,\"name\":\"Contact\"}]},{\"@type\":\"WebSite\",\"@id\":\"https:\\\/\\\/abeille-tarnetgaronnaise.fr\\\/Atg82_new\\\/#website\",\"url\":\"https:\\\/\\\/abeille-tarnetgaronnaise.fr\\\/Atg82_new\\\/\",\"name\":\"L'Abeille Tarn et Garonnaise\",\"description\":\"Ensemble, prot\u00e9geons les abeilles !\",\"publisher\":{\"@id\":\"https:\\\/\\\/abeille-tarnetgaronnaise.fr\\\/Atg82_new\\\/#organization\"},\"potentialAction\":[{\"@type\":\"SearchAction\",\"target\":{\"@type\":\"EntryPoint\",\"urlTemplate\":\"https:\\\/\\\/abeille-tarnetgaronnaise.fr\\\/Atg82_new\\\/?s={search_term_string}\"},\"query-input\":{\"@type\":\"PropertyValueSpecification\",\"valueRequired\":true,\"valueName\":\"search_term_string\"}}],\"inLanguage\":\"fr-FR\"},{\"@type\":\"Organization\",\"@id\":\"https:\\\/\\\/abeille-tarnetgaronnaise.fr\\\/Atg82_new\\\/#organization\",\"name\":\"L'abeille tarn et garonnaise\",\"url\":\"https:\\\/\\\/abeille-tarnetgaronnaise.fr\\\/Atg82_new\\\/\",\"logo\":{\"@type\":\"ImageObject\",\"inLanguage\":\"fr-FR\",\"@id\":\"https:\\\/\\\/abeille-tarnetgaronnaise.fr\\\/Atg82_new\\\/#\\\/schema\\\/logo\\\/image\\\/\",\"url\":\"https:\\\/\\\/abeille-tarnetgaronnaise.fr\\\/Atg82_new\\\/wp-content\\\/uploads\\\/2025\\\/02\\\/logo_ATG.jpg\",\"contentUrl\":\"https:\\\/\\\/abeille-tarnetgaronnaise.fr\\\/Atg82_new\\\/wp-content\\\/uploads\\\/2025\\\/02\\\/logo_ATG.jpg\",\"width\":200,\"height\":100,\"caption\":\"L'abeille tarn et garonnaise\"},\"image\":{\"@id\":\"https:\\\/\\\/abeille-tarnetgaronnaise.fr\\\/Atg82_new\\\/#\\\/schema\\\/logo\\\/image\\\/\"}}]}<\/script>\n<!-- \/ Yoast SEO plugin. -->","yoast_head_json":{"title":"Contact - L&#039;abeille tarn et garonnaise","description":"bricolage - Association abeille Tarnet Garonnaise","robots":{"index":"index","follow":"follow","max-snippet":"max-snippet:-1","max-image-preview":"max-image-preview:large","max-video-preview":"max-video-preview:-1"},"canonical":"https:\/\/abeille-tarnetgaronnaise.fr\/Atg82_new\/contact-assoiciation-abeille-tarn-et-garonnaise\/","og_locale":"fr_FR","og_type":"article","og_title":"Contact - L&#039;abeille tarn et garonnaise","og_description":"bricolage - Association abeille Tarnet Garonnaise","og_url":"https:\/\/abeille-tarnetgaronnaise.fr\/Atg82_new\/contact-assoiciation-abeille-tarn-et-garonnaise\/","og_site_name":"L&#039;abeille tarn et garonnaise","article_modified_time":"2026-03-12T10:30:42+00:00","twitter_card":"summary_large_image","twitter_misc":{"Dur\u00e9e de lecture estim\u00e9e":"1 minute"},"schema":{"@context":"https:\/\/schema.org","@graph":[{"@type":"WebPage","@id":"https:\/\/abeille-tarnetgaronnaise.fr\/Atg82_new\/contact-assoiciation-abeille-tarn-et-garonnaise\/","url":"https:\/\/abeille-tarnetgaronnaise.fr\/Atg82_new\/contact-assoiciation-abeille-tarn-et-garonnaise\/","name":"Contact - L&#039;abeille tarn et garonnaise","isPartOf":{"@id":"https:\/\/abeille-tarnetgaronnaise.fr\/Atg82_new\/#website"},"datePublished":"2019-08-06T08:37:53+00:00","dateModified":"2026-03-12T10:30:42+00:00","description":"bricolage - Association abeille Tarnet Garonnaise","breadcrumb":{"@id":"https:\/\/abeille-tarnetgaronnaise.fr\/Atg82_new\/contact-assoiciation-abeille-tarn-et-garonnaise\/#breadcrumb"},"inLanguage":"fr-FR","potentialAction":[{"@type":"ReadAction","target":["https:\/\/abeille-tarnetgaronnaise.fr\/Atg82_new\/contact-assoiciation-abeille-tarn-et-garonnaise\/"]}]},{"@type":"BreadcrumbList","@id":"https:\/\/abeille-tarnetgaronnaise.fr\/Atg82_new\/contact-assoiciation-abeille-tarn-et-garonnaise\/#breadcrumb","itemListElement":[{"@type":"ListItem","position":1,"name":"Accueil","item":"https:\/\/abeille-tarnetgaronnaise.fr\/Atg82_new\/"},{"@type":"ListItem","position":2,"name":"Contact"}]},{"@type":"WebSite","@id":"https:\/\/abeille-tarnetgaronnaise.fr\/Atg82_new\/#website","url":"https:\/\/abeille-tarnetgaronnaise.fr\/Atg82_new\/","name":"L'Abeille Tarn et Garonnaise","description":"Ensemble, prot\u00e9geons les abeilles !","publisher":{"@id":"https:\/\/abeille-tarnetgaronnaise.fr\/Atg82_new\/#organization"},"potentialAction":[{"@type":"SearchAction","target":{"@type":"EntryPoint","urlTemplate":"https:\/\/abeille-tarnetgaronnaise.fr\/Atg82_new\/?s={search_term_string}"},"query-input":{"@type":"PropertyValueSpecification","valueRequired":true,"valueName":"search_term_string"}}],"inLanguage":"fr-FR"},{"@type":"Organization","@id":"https:\/\/abeille-tarnetgaronnaise.fr\/Atg82_new\/#organization","name":"L'abeille tarn et garonnaise","url":"https:\/\/abeille-tarnetgaronnaise.fr\/Atg82_new\/","logo":{"@type":"ImageObject","inLanguage":"fr-FR","@id":"https:\/\/abeille-tarnetgaronnaise.fr\/Atg82_new\/#\/schema\/logo\/image\/","url":"https:\/\/abeille-tarnetgaronnaise.fr\/Atg82_new\/wp-content\/uploads\/2025\/02\/logo_ATG.jpg","contentUrl":"https:\/\/abeille-tarnetgaronnaise.fr\/Atg82_new\/wp-content\/uploads\/2025\/02\/logo_ATG.jpg","width":200,"height":100,"caption":"L'abeille tarn et garonnaise"},"image":{"@id":"https:\/\/abeille-tarnetgaronnaise.fr\/Atg82_new\/#\/schema\/logo\/image\/"}}]}},"_links":{"self":[{"href":"https:\/\/abeille-tarnetgaronnaise.fr\/Atg82_new\/wp-json\/wp\/v2\/pages\/1710","targetHints":{"allow":["GET"]}}],"collection":[{"href":"https:\/\/abeille-tarnetgaronnaise.fr\/Atg82_new\/wp-json\/wp\/v2\/pages"}],"about":[{"href":"https:\/\/abeille-tarnetgaronnaise.fr\/Atg82_new\/wp-json\/wp\/v2\/types\/page"}],"author":[{"embeddable":true,"href":"https:\/\/abeille-tarnetgaronnaise.fr\/Atg82_new\/wp-json\/wp\/v2\/users\/2"}],"replies":[{"embeddable":true,"href":"https:\/\/abeille-tarnetgaronnaise.fr\/Atg82_new\/wp-json\/wp\/v2\/comments?post=1710"}],"version-history":[{"count":51,"href":"https:\/\/abeille-tarnetgaronnaise.fr\/Atg82_new\/wp-json\/wp\/v2\/pages\/1710\/revisions"}],"predecessor-version":[{"id":5325,"href":"https:\/\/abeille-tarnetgaronnaise.fr\/Atg82_new\/wp-json\/wp\/v2\/pages\/1710\/revisions\/5325"}],"wp:attachment":[{"href":"https:\/\/abeille-tarnetgaronnaise.fr\/Atg82_new\/wp-json\/wp\/v2\/media?parent=1710"}],"curies":[{"name":"wp","href":"https:\/\/api.w.org\/{rel}","templated":true}]}}