{"id":134,"date":"2015-06-19T10:25:39","date_gmt":"2015-06-19T09:25:39","guid":{"rendered":"http:\/\/localhost\/monsite\/?page_id=134"},"modified":"2026-03-19T15:52:26","modified_gmt":"2026-03-19T14:52:26","slug":"la-reglementation-association-abeille-tarn-et-garonnaise","status":"publish","type":"page","link":"https:\/\/abeille-tarnetgaronnaise.fr\/Atg82_new\/la-reglementation-association-abeille-tarn-et-garonnaise\/","title":{"rendered":"La R\u00e8glementation"},"content":{"rendered":"\t\t<div data-elementor-type=\"wp-page\" data-elementor-id=\"134\" class=\"elementor elementor-134\" data-elementor-settings=\"{&quot;scroll_snap&quot;:&quot;yes&quot;}\" data-elementor-post-type=\"page\">\n\t\t\t\t<div class=\"elementor-element elementor-element-118a6fd8 e-flex e-con-boxed e-con e-parent\" data-id=\"118a6fd8\" data-element_type=\"container\" data-e-type=\"container\" data-settings=\"{&quot;background_background&quot;:&quot;classic&quot;}\">\n\t\t\t\t\t<div class=\"e-con-inner\">\n\t\t<div class=\"elementor-element elementor-element-4157fb92 e-con-full e-flex e-con e-child\" data-id=\"4157fb92\" data-element_type=\"container\" data-e-type=\"container\">\n\t\t\t\t<div class=\"elementor-element elementor-element-41c521f elementor-widget elementor-widget-image\" data-id=\"41c521f\" data-element_type=\"widget\" data-e-type=\"widget\" data-widget_type=\"image.default\">\n\t\t\t\t\t\t\t\t\t\t\t\t\t\t\t<img fetchpriority=\"high\" decoding=\"async\" width=\"1024\" height=\"816\" src=\"https:\/\/abeille-tarnetgaronnaise.fr\/Atg82_new\/wp-content\/uploads\/2024\/11\/ruche-1024x816.png\" class=\"attachment-large size-large wp-image-2608\" alt=\"ruche\" srcset=\"https:\/\/abeille-tarnetgaronnaise.fr\/Atg82_new\/wp-content\/uploads\/2024\/11\/ruche-1024x816.png 1024w, https:\/\/abeille-tarnetgaronnaise.fr\/Atg82_new\/wp-content\/uploads\/2024\/11\/ruche-300x239.png 300w, https:\/\/abeille-tarnetgaronnaise.fr\/Atg82_new\/wp-content\/uploads\/2024\/11\/ruche-768x612.png 768w, https:\/\/abeille-tarnetgaronnaise.fr\/Atg82_new\/wp-content\/uploads\/2024\/11\/ruche.png 1240w\" sizes=\"(max-width: 1024px) 100vw, 1024px\" \/>\t\t\t\t\t\t\t\t\t\t\t\t\t\t\t<\/div>\n\t\t\t\t<\/div>\n\t\t<div class=\"elementor-element elementor-element-39f49758 e-con-full e-flex e-con e-child\" data-id=\"39f49758\" data-element_type=\"container\" data-e-type=\"container\">\n\t\t\t\t<div class=\"elementor-element elementor-element-74eb99de elementor-widget elementor-widget-heading\" data-id=\"74eb99de\" data-element_type=\"widget\" data-e-type=\"widget\" data-widget_type=\"heading.default\">\n\t\t\t\t\t<h3 class=\"elementor-heading-title elementor-size-default\">Les Obligations de l'apiculteur<\/h3>\t\t\t\t<\/div>\n\t\t\t\t<div class=\"elementor-element elementor-element-4b08e6ab elementor-widget elementor-widget-text-editor\" data-id=\"4b08e6ab\" data-element_type=\"widget\" data-e-type=\"widget\" data-widget_type=\"text-editor.default\">\n\t\t\t\t\t\t\t\t\t<p>Certaines r\u00e8gles ont \u00e9t\u00e9 mises en place pour la protection :<\/p><ul><li>Des abeilles contre les maladies, les intoxications, les ravageurs,<\/li><li>Du public aux alentours des ruchers,<\/li><li>Des consommateurs des produits de la ruche.<\/li><\/ul>\t\t\t\t\t\t\t\t<\/div>\n\t\t\t\t<\/div>\n\t\t\t\t\t<\/div>\n\t\t\t\t<\/div>\n\t\t<div class=\"elementor-element elementor-element-162dcce e-flex e-con-boxed e-con e-parent\" data-id=\"162dcce\" data-element_type=\"container\" data-e-type=\"container\">\n\t\t\t\t\t<div class=\"e-con-inner\">\n\t\t\t\t<div class=\"elementor-element elementor-element-46fc719c elementor-widget__width-initial elementor-widget elementor-widget-text-editor\" data-id=\"46fc719c\" data-element_type=\"widget\" data-e-type=\"widget\" data-widget_type=\"text-editor.default\">\n\t\t\t\t\t\t\t\t\t<h6>La d\u00e9claration est obligatoire chaque ann\u00e9e.<\/h6>\t\t\t\t\t\t\t\t<\/div>\n\t\t\t\t<div class=\"elementor-element elementor-element-4675e135 elementor-widget elementor-widget-text-editor\" data-id=\"4675e135\" data-element_type=\"widget\" data-e-type=\"widget\" data-widget_type=\"text-editor.default\">\n\t\t\t\t\t\t\t\t\t<p>Le service de t\u00e9l\u00e9d\u00e9claration de d\u00e9tention et d\u2019emplacement des ruches pour la saison 2025 est en ligne , vous pouvez suivre ci-dessous la proc\u00e9dure de cr\u00e9ation ou de mise \u00e0 niveau de votre rucher. Pour vous connecter \u00e0 t\u00e9l\u00e9ruchers, vous devez cr\u00e9er votre mot de passe et suivre les \u00e9tapes suivantes.<\/p><ol><li>\u2013 Connexion sur le portail \u00e0 l\u2019adresse suivante : <a href=\"https:\/\/mesdemarches.agriculture.gouv.fr\/demarches\/particulier\/effectuer-une-declaration-55\/article\/declarer-des-ruches\">http:\/\/mesdemarches.agriculture.gouv.fr\/spip.php?article211<\/a><\/li><li>\u2013 Cliquer \u00e0 droite de l\u2019\u00e9cran dans la rubrique Service inscription et s\u00e9lectionner cr\u00e9er ou activ\u00e9 mon compte<\/li><li>\u2013 S\u00e9lectionner la rubrique qui correspond \u00e0 votre demande.<ul><li>a. Je ne me suis pas encore inscrit. J&rsquo;effectue une demande d&rsquo;inscription.<\/li><li>b. Je suis d\u00e9j\u00e0 inscrit. J&rsquo;ai re\u00e7u un code d&rsquo;activation Minist\u00e8re pour cr\u00e9er mon mot de passe<\/li><li>c. J&rsquo;ai oubli\u00e9 mon mot de passe ou bloqu\u00e9 mon compte<\/li><li>d. Je souhaite consulter mes informations personnelles<\/li><\/ul><\/li><li>\u2013 Renseigner votre num\u00e9ro Siret\/Siren ou votre NUMAGRIT\/NUMAGRIN et votre code d\u2019activation ( Votre identifiant SIRET ou NUMAGRIT est celui report\u00e9 sur votre r\u00e9c\u00e9piss\u00e9 de d\u00e9claration.<br \/>Le NUMAGRIT correspond aux 9 premiers caract\u00e8res de NUMAGRIT report\u00e9 sur votre r\u00e9c\u00e9piss\u00e9 de d\u00e9claration).<\/li><li>&#8211; Cr\u00e9er votre mot de passe. Votre inscription est termin\u00e9e, vous \u00eates en possession de toutes les informations de connexion pour acc\u00e9der aux services de la t\u00e9l\u00e9proc\u00e9dure.<\/li><li>\u2013 Contacts dans notre d\u00e9partement<br \/>NUMAGRIT : aupr\u00e8s de la Direction D\u00e9partementale de la Protection des populations (D.D.P.P.).<br \/>Responsable M.Pech : T\u00e9l\u00e9phone 05 63 21 18 48<\/li><\/ol>\t\t\t\t\t\t\t\t<\/div>\n\t\t\t\t<div class=\"elementor-element elementor-element-1deb4f6c elementor-widget elementor-widget-qi_addons_for_elementor_separator\" data-id=\"1deb4f6c\" data-element_type=\"widget\" data-e-type=\"widget\" data-widget_type=\"qi_addons_for_elementor_separator.default\">\n\t\t\t\t<div class=\"elementor-widget-container\">\n\t\t\t\t\t<div class=\"qodef-shortcode qodef-m qodef-qi-separator qodef-qi-clear qodef-separator--with-icon qodef-position--center\">\n\t<div class=\"qodef-m-line\">\n\t\t<div class=\"qodef-m-inner-line\"><\/div>\n\t\t\t<span class=\"qodef-m-separator-icon\">\n\t\t<svg xmlns=\"http:\/\/www.w3.org\/2000\/svg\" viewBox=\"0 0 43.1 35.1\"><defs><style>      .cls-1 {        fill: #fff;      }    <\/style><\/defs><g><g id=\"Calque_1\"><g><path class=\"cls-1\" d=\"M20,22c-6.2,3-12.3,3-13.8,0-1.4-3,2.4-7.8,8.6-10.7,6.2-3,12.3-3,13.8,0,1.4,3-2.4,7.8-8.6,10.7Z\"><\/path><path d=\"M11.3,25.1c-2.9,0-5-.9-5.8-2.7-1.7-3.4,2.3-8.6,9-11.9,6.7-3.2,13.2-3.1,14.9.3.8,1.7.3,4-1.5,6.2-1.7,2.1-4.3,4.1-7.4,5.6-3.1,1.5-6.3,2.3-9,2.3h0ZM23.6,9.8c-2.3,0-5.2.7-8.3,2.2-6.2,3-9.3,7.4-8.2,9.6.5,1.1,2.1,1.7,4.3,1.7,2.5,0,5.4-.8,8.3-2.2h0c2.9-1.4,5.3-3.2,6.9-5.2,1.4-1.7,1.9-3.4,1.3-4.5-.5-1.1-2.1-1.7-4.3-1.7Z\"><\/path><\/g><path d=\"M5.7,22.9c-1,0-2.1-.2-2.5-.8-.2-.3-.2-.7,0-.9s.6-.4.9-.3c.4,0,.9.1,1.1,0,.2-.3.4-.4.7-.4.3,0,.6.2.7.5l.4.8c.1.3.1.5,0,.8-.1.2-.4.4-.7.4-.2,0-.4,0-.6,0Z\"><\/path><g><path d=\"M21,9.3s1.2,5.8,5,8.4l-2.3,2.1s-5.2-4.8-5.4-9.5l2.7-1Z\"><\/path><path d=\"M23.7,20.2l-.2-.2c-.2-.2-5.2-4.9-5.5-9.7v-.2s3.2-1.2,3.2-1.2v.3c0,0,1.3,5.7,5,8.3l.3.2-2.8,2.5ZM18.5,10.5c.4,4,4.3,8.1,5.2,9l1.9-1.7c-3.2-2.4-4.5-6.9-4.8-8.1l-2.3.8Z\"><\/path><\/g><g><path d=\"M10.2,14.6s.3,6.2,5.1,9l-3.9.3s-4.4-3.9-3.4-7.4c0,0,1.5-1.6,2.1-1.9Z\"><\/path><path d=\"M11.3,24.2h0c-.2-.2-4.6-4.1-3.4-7.7h0c0,0,0-.1,0-.1.2-.2,1.6-1.7,2.2-2l.3-.2v.4c0,0,.4,6.1,5,8.7l.7.4-4.8.4ZM8.3,16.7c-.9,3,2.6,6.5,3.2,7l3-.3c-3.6-2.5-4.4-6.9-4.5-8.3-.5.4-1.2,1.1-1.7,1.6Z\"><\/path><\/g><g><path d=\"M15.5,11.4s.8,7.3,6.5,9.3l-3.1,1.7s-4.7-2.3-6.2-9.8l2.9-1.2Z\"><\/path><path d=\"M18.9,22.7h-.1c-.2-.2-4.8-2.5-6.4-10v-.2s3.3-1.4,3.3-1.4v.3c0,0,.9,7.2,6.3,9.1l.6.2-3.8,2ZM12.9,12.7c1.4,6.5,5.2,8.9,5.9,9.3l2.5-1.3c-4.6-2-5.8-7.6-6.1-9l-2.3,1Z\"><\/path><\/g><g><path class=\"cls-1\" d=\"M27.3,11.6S13.5-4.6,8.1,3c-5.4,7.6,14.3,10.3,19.2,8.6Z\"><\/path><path d=\"M9.2,9.7c-.8-.5-1.5-1.1-2-1.8-.9-1.1-1.5-3,.2-5.4C8.5,1,9.9.2,11.6.1c6.6-.3,16,10.5,16.3,10.9l.8.9-1.2.4c-3.5,1.2-13.5.3-18.4-2.7ZM17.2,3.7c-1.9-1.2-3.8-2-5.5-1.9-1.2,0-2.2.6-2.9,1.7-1.2,1.7-.7,2.8-.2,3.5,2.5,3.4,12.6,4.8,17.2,4.2-1.6-1.7-5.1-5.2-8.6-7.4Z\"><\/path><\/g><g><path class=\"cls-1\" d=\"M26.7,12.3s-14.2,15.9-6,20.2c8.2,4.3,8.3-15.5,6-20.2Z\"><\/path><path d=\"M25.1,33.3c-1.1.7-2.6,1.1-4.8,0-1.6-.8-2.6-2.1-2.9-3.8-1.2-6.5,8.2-17.2,8.6-17.7l.8-.9.6,1.1c2,3.9,2.3,16.9-1.7,20.8-.2.2-.4.4-.6.5ZM26.4,14c-2.3,2.8-8.2,10.5-7.3,15.2.2,1.2.9,2.1,2,2.7,1.9,1,2.9.3,3.5-.2,3-3,3.1-13.1,1.8-17.6Z\"><\/path><\/g><path d=\"M32.1,8.2c-.2,0-.4,0-.6-.2-.3-.3-.3-.9,0-1.2,1.8-1.8,3.1-3.9,2.9-4.3-.4-.2-.6-.8-.3-1.2.2-.4.7-.5,1.1-.3.5.3.8.7.9,1.3.2,1.9-2.5,4.8-3.4,5.7-.2.2-.4.2-.6.2Z\"><\/path><path d=\"M40.2,13.9c-.1,0-.2,0-.4,0-.3-.1-.5-.5-.5-.8-.7-.3-3.1-.6-5.5-.5,0,0,0,0,0,0-.5,0-.8-.4-.8-.8,0-.5.4-.8.8-.9,2.8,0,6.3.1,7,1.3.2.4.3.8,0,1.3-.1.3-.4.5-.8.5Z\"><\/path><g><path class=\"cls-1\" d=\"M32,15.5c-2,1.1-4.7-.2-6.1-2.9-1.4-2.6-1-5.6,1-6.7,2-1.1,4.7.2,6.1,2.9,1.4,2.6,1,5.6-1,6.7Z\"><\/path><path d=\"M30.5,16.7c-2,0-4.1-1.4-5.4-3.7-.8-1.4-1.1-3-.9-4.5.2-1.5,1-2.7,2.2-3.4,1.2-.6,2.6-.6,4,0,1.3.6,2.5,1.7,3.2,3.2.8,1.4,1.1,3,.9,4.5-.2,1.5-1,2.7-2.2,3.4-.6.3-1.2.5-1.9.5ZM28.3,6.4c-.4,0-.8,0-1.1.3-.7.4-1.2,1.1-1.3,2.1-.2,1.1,0,2.3.7,3.4,1.2,2.2,3.4,3.4,5,2.5.7-.4,1.2-1.1,1.3-2.1.2-1.1,0-2.3-.7-3.4-.6-1.1-1.5-2-2.5-2.5-.5-.2-1-.3-1.4-.3Z\"><\/path><\/g><\/g><\/g><\/svg>\t<\/span>\n\t\t\t<div class=\"qodef-m-inner-line\"><\/div>\n\t<\/div>\n<\/div>\n\t\t\t\t<\/div>\n\t\t\t\t<\/div>\n\t\t<div class=\"elementor-element elementor-element-9745e39 e-con-full e-flex e-con e-child\" data-id=\"9745e39\" data-element_type=\"container\" data-e-type=\"container\" data-settings=\"{&quot;background_background&quot;:&quot;classic&quot;}\">\n\t\t\t\t<div class=\"elementor-element elementor-element-59134b8 elementor-widget__width-initial elementor-widget-tablet__width-inherit elementor-widget elementor-widget-toggle\" data-id=\"59134b8\" data-element_type=\"widget\" data-e-type=\"widget\" data-widget_type=\"toggle.default\">\n\t\t\t\t\t\t\t<div class=\"elementor-toggle\">\n\t\t\t\t\t\t\t<div class=\"elementor-toggle-item\">\n\t\t\t\t\t<div id=\"elementor-tab-title-9341\" class=\"elementor-tab-title\" data-tab=\"1\" role=\"button\" aria-controls=\"elementor-tab-content-9341\" aria-expanded=\"false\">\n\t\t\t\t\t\t\t\t\t\t\t\t<span class=\"elementor-toggle-icon elementor-toggle-icon-right\" aria-hidden=\"true\">\n\t\t\t\t\t\t\t\t\t\t\t\t\t\t\t<span class=\"elementor-toggle-icon-closed\"><svg xmlns=\"http:\/\/www.w3.org\/2000\/svg\" id=\"b64b7500-205e-4b4c-b85b-719c6b9efefc\" data-name=\"Layer 1\" width=\"14.6802\" height=\"7.5488\" viewBox=\"0 0 14.6802 7.5488\"><polygon points=\"7.34 7.549 0 0.732 0.681 0 7.34 6.184 14 0 14.68 0.732 7.34 7.549\"><\/polygon><\/svg><\/span>\n\t\t\t\t\t\t\t\t<span class=\"elementor-toggle-icon-opened\"><svg xmlns=\"http:\/\/www.w3.org\/2000\/svg\" id=\"a9a06c65-5466-4dff-9af0-1537f84a1b5f\" data-name=\"Layer 1\" width=\"14.6802\" height=\"7.5488\" viewBox=\"0 0 14.6802 7.5488\"><polygon points=\"7.34 0 14.68 6.816 14 7.549 7.34 1.365 0.68 7.549 0 6.816 7.34 0\"><\/polygon><\/svg><\/span>\n\t\t\t\t\t\t\t\t\t\t\t\t\t<\/span>\n\t\t\t\t\t\t\t\t\t\t\t\t<a class=\"elementor-toggle-title\" tabindex=\"0\">D\u00e9placement des ruches<\/a>\n\t\t\t\t\t<\/div>\n\n\t\t\t\t\t<div id=\"elementor-tab-content-9341\" class=\"elementor-tab-content elementor-clearfix\" data-tab=\"1\" role=\"region\" aria-labelledby=\"elementor-tab-title-9341\"><p>En faire une simple d\u00e9claration aux services v\u00e9t\u00e9rinaires s&rsquo;il les d\u00e9place \u00e0 l&rsquo;int\u00e9rieur du d\u00e9partement, sauf, en principe, si les emplacements ont \u00e9t\u00e9 mentionn\u00e9s dans la derni\u00e8re d\u00e9claration.<br \/>En cas de d\u00e9placement \u00e0 l&rsquo;ext\u00e9rieur du d\u00e9partement, l&rsquo;apiculteur doit \u00eatre muni d&rsquo;un certificat sanitaire et de provenance \u00e9tabli moins de 15 jours avant le d\u00e9part, \u00e0 moins d&rsquo;\u00eatre d\u00e9tenteur d&rsquo;une carte d&rsquo;apiculteur pastoral d\u00e9livr\u00e9e par la DDPP.<br \/>Dans tous les cas, l&rsquo;apiculteur doit avoir sur soi ou le r\u00e9c\u00e9piss\u00e9 de d\u00e9claration ou la carte d&rsquo;apiculteur pastoral ou le certificat sanitaire afin de le pr\u00e9senter lors de tout contr\u00f4le.<br \/>L\u2019apiculteur, professionnel comme amateur, quel que soit le nombre de ruchers, doit respecter une distance de recul par rapport aux propri\u00e9t\u00e9s voisines, aux habitations et aux voies de communication y compris les chemins ruraux. Ces distances sont arr\u00eat\u00e9es par le pr\u00e9fet, \u00e0 d\u00e9faut par les maires qui doivent alors prescrire aux propri\u00e9taires de ruches, toutes les mesures qui peuvent assurer la s\u00e9curit\u00e9 des personnes, des animaux, et aussi la pr\u00e9servation des r\u00e9coltes et des fruits.<\/p><\/div>\n\t\t\t\t<\/div>\n\t\t\t\t\t\t\t<div class=\"elementor-toggle-item\">\n\t\t\t\t\t<div id=\"elementor-tab-title-9342\" class=\"elementor-tab-title\" data-tab=\"2\" role=\"button\" aria-controls=\"elementor-tab-content-9342\" aria-expanded=\"false\">\n\t\t\t\t\t\t\t\t\t\t\t\t<span class=\"elementor-toggle-icon elementor-toggle-icon-right\" aria-hidden=\"true\">\n\t\t\t\t\t\t\t\t\t\t\t\t\t\t\t<span class=\"elementor-toggle-icon-closed\"><svg xmlns=\"http:\/\/www.w3.org\/2000\/svg\" id=\"b64b7500-205e-4b4c-b85b-719c6b9efefc\" data-name=\"Layer 1\" width=\"14.6802\" height=\"7.5488\" viewBox=\"0 0 14.6802 7.5488\"><polygon points=\"7.34 7.549 0 0.732 0.681 0 7.34 6.184 14 0 14.68 0.732 7.34 7.549\"><\/polygon><\/svg><\/span>\n\t\t\t\t\t\t\t\t<span class=\"elementor-toggle-icon-opened\"><svg xmlns=\"http:\/\/www.w3.org\/2000\/svg\" id=\"a9a06c65-5466-4dff-9af0-1537f84a1b5f\" data-name=\"Layer 1\" width=\"14.6802\" height=\"7.5488\" viewBox=\"0 0 14.6802 7.5488\"><polygon points=\"7.34 0 14.68 6.816 14 7.549 7.34 1.365 0.68 7.549 0 6.816 7.34 0\"><\/polygon><\/svg><\/span>\n\t\t\t\t\t\t\t\t\t\t\t\t\t<\/span>\n\t\t\t\t\t\t\t\t\t\t\t\t<a class=\"elementor-toggle-title\" tabindex=\"0\">Implantation des ruchers<\/a>\n\t\t\t\t\t<\/div>\n\n\t\t\t\t\t<div id=\"elementor-tab-content-9342\" class=\"elementor-tab-content elementor-clearfix\" data-tab=\"2\" role=\"region\" aria-labelledby=\"elementor-tab-title-9342\"><p>La distance observ\u00e9e entre le rucher et la route ou les propri\u00e9t\u00e9s voisines varie d&rsquo;un d\u00e9partement \u00e0 un autre.<br \/>Cette r\u00e9glementation des ruches est \u00e9tablie par les pr\u00e9fets ou \u00e0 d\u00e9faut par les maires d&rsquo;apr\u00e8s les articles 206 et 207 du Code rural. Elle pr\u00e9voit un \u00e9cart suffisant entre la ruche et le voisinage pour mettre les personnes, les animaux ainsi que les r\u00e9coltes hors d&rsquo;atteinte des abeilles.<br \/>La distance est mesur\u00e9e \u00e0 partir de l&rsquo;ext\u00e9rieur de la ruche :<\/p><ul><li>et une propri\u00e9t\u00e9 priv\u00e9e ou des voies : de 3 \u00e0 50 m,<\/li><li>et un \u00e9tablissement collectif (caserne, \u00e9cole, h\u00f4pital, etc.) : 100 m en moyenne,<\/li><li>et certaines industries comme les confitureries et les sucreries.<\/li><\/ul><p>Pas d&rsquo;obligations dans certains cas : ruche isol\u00e9e, obstacles, etc.<\/p><p><strong>La r\u00e9glementation n&rsquo;est pas applicable si :<\/strong><\/p><p>le rucher est <strong>isol\u00e9<\/strong> : il peut dans ce cas \u00eatre install\u00e9 n&rsquo;importe o\u00f9,<br \/>la ruche est entour\u00e9e d&rsquo;une cl\u00f4ture : palissade en planches jointes, mur ou haie s\u00e8che ou vive.<\/p><p>Ces obstacles doivent cependant :<br \/>&#8211; \u00eatre hauts de 2 m au-dessus de la planche d&rsquo;envol la plus \u00e9lev\u00e9e,<br \/>&#8211; s&rsquo;\u00e9tendre au moins \u00e0 2 m de part et d\u2019autre de la ruche.<\/p><p><em>R\u00e9f\u00e9rences : articles L. 211-6, L. 211-7 (ancien article 207) et R. 211-2 du code rural.<\/em><\/p><\/div>\n\t\t\t\t<\/div>\n\t\t\t\t\t\t\t<div class=\"elementor-toggle-item\">\n\t\t\t\t\t<div id=\"elementor-tab-title-9343\" class=\"elementor-tab-title\" data-tab=\"3\" role=\"button\" aria-controls=\"elementor-tab-content-9343\" aria-expanded=\"false\">\n\t\t\t\t\t\t\t\t\t\t\t\t<span class=\"elementor-toggle-icon elementor-toggle-icon-right\" aria-hidden=\"true\">\n\t\t\t\t\t\t\t\t\t\t\t\t\t\t\t<span class=\"elementor-toggle-icon-closed\"><svg xmlns=\"http:\/\/www.w3.org\/2000\/svg\" id=\"b64b7500-205e-4b4c-b85b-719c6b9efefc\" data-name=\"Layer 1\" width=\"14.6802\" height=\"7.5488\" viewBox=\"0 0 14.6802 7.5488\"><polygon points=\"7.34 7.549 0 0.732 0.681 0 7.34 6.184 14 0 14.68 0.732 7.34 7.549\"><\/polygon><\/svg><\/span>\n\t\t\t\t\t\t\t\t<span class=\"elementor-toggle-icon-opened\"><svg xmlns=\"http:\/\/www.w3.org\/2000\/svg\" id=\"a9a06c65-5466-4dff-9af0-1537f84a1b5f\" data-name=\"Layer 1\" width=\"14.6802\" height=\"7.5488\" viewBox=\"0 0 14.6802 7.5488\"><polygon points=\"7.34 0 14.68 6.816 14 7.549 7.34 1.365 0.68 7.549 0 6.816 7.34 0\"><\/polygon><\/svg><\/span>\n\t\t\t\t\t\t\t\t\t\t\t\t\t<\/span>\n\t\t\t\t\t\t\t\t\t\t\t\t<a class=\"elementor-toggle-title\" tabindex=\"0\">Immatriculation des ruchers<\/a>\n\t\t\t\t\t<\/div>\n\n\t\t\t\t\t<div id=\"elementor-tab-content-9343\" class=\"elementor-tab-content elementor-clearfix\" data-tab=\"3\" role=\"region\" aria-labelledby=\"elementor-tab-title-9343\"><p>Chaque apiculteur, apr\u00e8s sa premi\u00e8re d\u00e9claration re\u00e7oit un num\u00e9ro d&rsquo;immatriculation ou \u00ab\u00a0num\u00e9ro d&rsquo;apiculteur\u00a0\u00bb. Il garde ce num\u00e9ro de fa\u00e7on permanente. Les ruchers doivent \u00eatre identifi\u00e9s de fa\u00e7on visible par ce N\u00b0 d&rsquo;immatriculation.<br \/>Il peut \u00eatre appos\u00e9 sur un panneau \u00e0 proximit\u00e9 du rucher ou directement sur toutes les ruches .<\/p><p>Les abeilles sont parfois sources de probl\u00e8mes de voisinage car un nombre non n\u00e9gligeable de personnes ont peur de nos amies, peur parfois justifi\u00e9e par une allergie ou simplement peur de la douleur.<br \/>Souvent, un peu de miel offert au(x) voisin(s) est la meilleure pr\u00e9vention contre ce genre de probl\u00e8me. Le bon sens doit aussi guider le comportement des apiculteurs : que penser d\u2019un apiculteur qui aurait 25 colonies sur un terrain de 500m2, clos d\u2019une haie de laurier-cerise de 2m de haut, au milieu d\u2019un lotissement ?<\/p><p>En cas de litige non r\u00e9solu \u00e0 l&rsquo;amiable, c&rsquo;est le Directeur des Services V\u00e9t\u00e9rinaires qui est charg\u00e9 de r\u00e9concilier les parties et, le cas \u00e9ch\u00e9ant, faire une proposition au Pr\u00e9fet.<\/p><\/div>\n\t\t\t\t<\/div>\n\t\t\t\t\t\t\t<div class=\"elementor-toggle-item\">\n\t\t\t\t\t<div id=\"elementor-tab-title-9344\" class=\"elementor-tab-title\" data-tab=\"4\" role=\"button\" aria-controls=\"elementor-tab-content-9344\" aria-expanded=\"false\">\n\t\t\t\t\t\t\t\t\t\t\t\t<span class=\"elementor-toggle-icon elementor-toggle-icon-right\" aria-hidden=\"true\">\n\t\t\t\t\t\t\t\t\t\t\t\t\t\t\t<span class=\"elementor-toggle-icon-closed\"><svg xmlns=\"http:\/\/www.w3.org\/2000\/svg\" id=\"b64b7500-205e-4b4c-b85b-719c6b9efefc\" data-name=\"Layer 1\" width=\"14.6802\" height=\"7.5488\" viewBox=\"0 0 14.6802 7.5488\"><polygon points=\"7.34 7.549 0 0.732 0.681 0 7.34 6.184 14 0 14.68 0.732 7.34 7.549\"><\/polygon><\/svg><\/span>\n\t\t\t\t\t\t\t\t<span class=\"elementor-toggle-icon-opened\"><svg xmlns=\"http:\/\/www.w3.org\/2000\/svg\" id=\"a9a06c65-5466-4dff-9af0-1537f84a1b5f\" data-name=\"Layer 1\" width=\"14.6802\" height=\"7.5488\" viewBox=\"0 0 14.6802 7.5488\"><polygon points=\"7.34 0 14.68 6.816 14 7.549 7.34 1.365 0.68 7.549 0 6.816 7.34 0\"><\/polygon><\/svg><\/span>\n\t\t\t\t\t\t\t\t\t\t\t\t\t<\/span>\n\t\t\t\t\t\t\t\t\t\t\t\t<a class=\"elementor-toggle-title\" tabindex=\"0\">Assurance<\/a>\n\t\t\t\t\t<\/div>\n\n\t\t\t\t\t<div id=\"elementor-tab-content-9344\" class=\"elementor-tab-content elementor-clearfix\" data-tab=\"4\" role=\"region\" aria-labelledby=\"elementor-tab-title-9344\"><p>Il est fortement conseill\u00e9 de s&rsquo;assurer pour ses ruches : article 1385 du code civil<br \/>\u00ab Le propri\u00e9taire d&rsquo;un animal ou celui qui s&rsquo;en sert, pendant qu&rsquo;il est sous son usage, est responsable du dommage que l&rsquo;animal a caus\u00e9, soit que l&rsquo;animal soit sous sa garde, soit qu&rsquo;il fut \u00e9gar\u00e9 ou \u00e9chapp\u00e9 \u00bb<\/p><p><strong>Plusieurs niveaux d&rsquo;assurance sont propos\u00e9s :<\/strong><\/p><ul><li>R.C (responsabilit\u00e9 civile)<\/li><li>R.C + d\u00e9fense recours, incendie, temp\u00eate.<\/li><li>Assurance multirisque sauf maladie<\/li><\/ul><\/div>\n\t\t\t\t<\/div>\n\t\t\t\t\t\t\t<div class=\"elementor-toggle-item\">\n\t\t\t\t\t<div id=\"elementor-tab-title-9345\" class=\"elementor-tab-title\" data-tab=\"5\" role=\"button\" aria-controls=\"elementor-tab-content-9345\" aria-expanded=\"false\">\n\t\t\t\t\t\t\t\t\t\t\t\t<span class=\"elementor-toggle-icon elementor-toggle-icon-right\" aria-hidden=\"true\">\n\t\t\t\t\t\t\t\t\t\t\t\t\t\t\t<span class=\"elementor-toggle-icon-closed\"><svg xmlns=\"http:\/\/www.w3.org\/2000\/svg\" id=\"b64b7500-205e-4b4c-b85b-719c6b9efefc\" data-name=\"Layer 1\" width=\"14.6802\" height=\"7.5488\" viewBox=\"0 0 14.6802 7.5488\"><polygon points=\"7.34 7.549 0 0.732 0.681 0 7.34 6.184 14 0 14.68 0.732 7.34 7.549\"><\/polygon><\/svg><\/span>\n\t\t\t\t\t\t\t\t<span class=\"elementor-toggle-icon-opened\"><svg xmlns=\"http:\/\/www.w3.org\/2000\/svg\" id=\"a9a06c65-5466-4dff-9af0-1537f84a1b5f\" data-name=\"Layer 1\" width=\"14.6802\" height=\"7.5488\" viewBox=\"0 0 14.6802 7.5488\"><polygon points=\"7.34 0 14.68 6.816 14 7.549 7.34 1.365 0.68 7.549 0 6.816 7.34 0\"><\/polygon><\/svg><\/span>\n\t\t\t\t\t\t\t\t\t\t\t\t\t<\/span>\n\t\t\t\t\t\t\t\t\t\t\t\t<a class=\"elementor-toggle-title\" tabindex=\"0\">Les traitements obligatoires<\/a>\n\t\t\t\t\t<\/div>\n\n\t\t\t\t\t<div id=\"elementor-tab-content-9345\" class=\"elementor-tab-content elementor-clearfix\" data-tab=\"5\" role=\"region\" aria-labelledby=\"elementor-tab-title-9345\"><p>Le varroa est un acarien parasite des abeilles. Toutes les ruches en poss\u00e8dent plus ou moins en fonction des saisons.<br \/>Ce parasite n\u00e9cessite un traitement annuel obligatoire. Plusieurs traitements existent. Chaque ann\u00e9e, vous devez donc vous procurer une ordonnance ainsi que les traitements aupr\u00e8s du GDSA afin de pouvoir traiter vos colonies correctement.<\/p><\/div>\n\t\t\t\t<\/div>\n\t\t\t\t\t\t\t<div class=\"elementor-toggle-item\">\n\t\t\t\t\t<div id=\"elementor-tab-title-9346\" class=\"elementor-tab-title\" data-tab=\"6\" role=\"button\" aria-controls=\"elementor-tab-content-9346\" aria-expanded=\"false\">\n\t\t\t\t\t\t\t\t\t\t\t\t<span class=\"elementor-toggle-icon elementor-toggle-icon-right\" aria-hidden=\"true\">\n\t\t\t\t\t\t\t\t\t\t\t\t\t\t\t<span class=\"elementor-toggle-icon-closed\"><svg xmlns=\"http:\/\/www.w3.org\/2000\/svg\" id=\"b64b7500-205e-4b4c-b85b-719c6b9efefc\" data-name=\"Layer 1\" width=\"14.6802\" height=\"7.5488\" viewBox=\"0 0 14.6802 7.5488\"><polygon points=\"7.34 7.549 0 0.732 0.681 0 7.34 6.184 14 0 14.68 0.732 7.34 7.549\"><\/polygon><\/svg><\/span>\n\t\t\t\t\t\t\t\t<span class=\"elementor-toggle-icon-opened\"><svg xmlns=\"http:\/\/www.w3.org\/2000\/svg\" id=\"a9a06c65-5466-4dff-9af0-1537f84a1b5f\" data-name=\"Layer 1\" width=\"14.6802\" height=\"7.5488\" viewBox=\"0 0 14.6802 7.5488\"><polygon points=\"7.34 0 14.68 6.816 14 7.549 7.34 1.365 0.68 7.549 0 6.816 7.34 0\"><\/polygon><\/svg><\/span>\n\t\t\t\t\t\t\t\t\t\t\t\t\t<\/span>\n\t\t\t\t\t\t\t\t\t\t\t\t<a class=\"elementor-toggle-title\" tabindex=\"0\">Les Maladies R\u00e9put\u00e9es Contagieuses (MRC)<\/a>\n\t\t\t\t\t<\/div>\n\n\t\t\t\t\t<div id=\"elementor-tab-content-9346\" class=\"elementor-tab-content elementor-clearfix\" data-tab=\"6\" role=\"region\" aria-labelledby=\"elementor-tab-title-9346\"><p>Tout propri\u00e9taire ou d\u00e9tenteur de colonie d&rsquo;abeilles atteintes ou soup\u00e7onn\u00e9es d&rsquo;\u00eatre atteintes de maladies r\u00e9put\u00e9es contagieuses (MRC) doit en faire imm\u00e9diatement la d\u00e9claration au Maire de la commune o\u00f9 se trouve le rucher infect\u00e9.<br \/>Le Maire en informe aussit\u00f4t le Directeur des Services V\u00e9t\u00e9rinaires afin qu&rsquo;il fasse proc\u00e9der \u00e0 une visite du rucher par un agent sp\u00e9cialis\u00e9 apicole.<\/p><\/div>\n\t\t\t\t<\/div>\n\t\t\t\t\t\t\t<div class=\"elementor-toggle-item\">\n\t\t\t\t\t<div id=\"elementor-tab-title-9347\" class=\"elementor-tab-title\" data-tab=\"7\" role=\"button\" aria-controls=\"elementor-tab-content-9347\" aria-expanded=\"false\">\n\t\t\t\t\t\t\t\t\t\t\t\t<span class=\"elementor-toggle-icon elementor-toggle-icon-right\" aria-hidden=\"true\">\n\t\t\t\t\t\t\t\t\t\t\t\t\t\t\t<span class=\"elementor-toggle-icon-closed\"><svg xmlns=\"http:\/\/www.w3.org\/2000\/svg\" id=\"b64b7500-205e-4b4c-b85b-719c6b9efefc\" data-name=\"Layer 1\" width=\"14.6802\" height=\"7.5488\" viewBox=\"0 0 14.6802 7.5488\"><polygon points=\"7.34 7.549 0 0.732 0.681 0 7.34 6.184 14 0 14.68 0.732 7.34 7.549\"><\/polygon><\/svg><\/span>\n\t\t\t\t\t\t\t\t<span class=\"elementor-toggle-icon-opened\"><svg xmlns=\"http:\/\/www.w3.org\/2000\/svg\" id=\"a9a06c65-5466-4dff-9af0-1537f84a1b5f\" data-name=\"Layer 1\" width=\"14.6802\" height=\"7.5488\" viewBox=\"0 0 14.6802 7.5488\"><polygon points=\"7.34 0 14.68 6.816 14 7.549 7.34 1.365 0.68 7.549 0 6.816 7.34 0\"><\/polygon><\/svg><\/span>\n\t\t\t\t\t\t\t\t\t\t\t\t\t<\/span>\n\t\t\t\t\t\t\t\t\t\t\t\t<a class=\"elementor-toggle-title\" tabindex=\"0\">Registre d'\u00e9levage<\/a>\n\t\t\t\t\t<\/div>\n\n\t\t\t\t\t<div id=\"elementor-tab-content-9347\" class=\"elementor-tab-content elementor-clearfix\" data-tab=\"7\" role=\"region\" aria-labelledby=\"elementor-tab-title-9347\"><p>Pour permettre la tra\u00e7abilit\u00e9 des produits de l&rsquo;\u00e9levage des abeilles, la tenue d&rsquo;un registre d&rsquo;\u00e9levage est obligatoire pour tous les apiculteurs qui commercialisent les produits de la ruche, quelle que soit la quantit\u00e9 de produit mis en vente. Si la production est r\u00e9serv\u00e9e \u00e0 l&rsquo;autoconsommation, le registre d&rsquo;\u00e9levage n&rsquo;est pas obligatoire.<\/p><p><strong>Comment d\u00e9clarer son revenu agricole :<\/strong><br \/><strong>A partir de dix ruches<\/strong> l&rsquo;apiculteur doit d\u00e9clarer un revenu agricole qui est d\u00e9termin\u00e9 par le nombre de ruches en production (leur nombre figure sur le registre d&rsquo;\u00e9levage) multipli\u00e9 par le montant du forfait apicole retenu par l&rsquo;administration des imp\u00f4ts sur la base des chiffres de r\u00e9colte donn\u00e9s par chaque syndicat de base.<br \/>La d\u00e9claration des revenus est r\u00e9dig\u00e9e sur un formulaire n\u00b0 2042. Les revenus agricoles seront calcul\u00e9s par l&rsquo;administration \u00e0 partir des \u00e9l\u00e9ments fournis par l&rsquo;apiculteur en renseignant le formulaire n\u00b0 2343 annex\u00e9 \u00e0 la d\u00e9claration n\u00b0 2042.<\/p><\/div>\n\t\t\t\t<\/div>\n\t\t\t\t\t\t\t<div class=\"elementor-toggle-item\">\n\t\t\t\t\t<div id=\"elementor-tab-title-9348\" class=\"elementor-tab-title\" data-tab=\"8\" role=\"button\" aria-controls=\"elementor-tab-content-9348\" aria-expanded=\"false\">\n\t\t\t\t\t\t\t\t\t\t\t\t<span class=\"elementor-toggle-icon elementor-toggle-icon-right\" aria-hidden=\"true\">\n\t\t\t\t\t\t\t\t\t\t\t\t\t\t\t<span class=\"elementor-toggle-icon-closed\"><svg xmlns=\"http:\/\/www.w3.org\/2000\/svg\" id=\"b64b7500-205e-4b4c-b85b-719c6b9efefc\" data-name=\"Layer 1\" width=\"14.6802\" height=\"7.5488\" viewBox=\"0 0 14.6802 7.5488\"><polygon points=\"7.34 7.549 0 0.732 0.681 0 7.34 6.184 14 0 14.68 0.732 7.34 7.549\"><\/polygon><\/svg><\/span>\n\t\t\t\t\t\t\t\t<span class=\"elementor-toggle-icon-opened\"><svg xmlns=\"http:\/\/www.w3.org\/2000\/svg\" id=\"a9a06c65-5466-4dff-9af0-1537f84a1b5f\" data-name=\"Layer 1\" width=\"14.6802\" height=\"7.5488\" viewBox=\"0 0 14.6802 7.5488\"><polygon points=\"7.34 0 14.68 6.816 14 7.549 7.34 1.365 0.68 7.549 0 6.816 7.34 0\"><\/polygon><\/svg><\/span>\n\t\t\t\t\t\t\t\t\t\t\t\t\t<\/span>\n\t\t\t\t\t\t\t\t\t\t\t\t<a class=\"elementor-toggle-title\" tabindex=\"0\">MSA<\/a>\n\t\t\t\t\t<\/div>\n\n\t\t\t\t\t<div id=\"elementor-tab-content-9348\" class=\"elementor-tab-content elementor-clearfix\" data-tab=\"8\" role=\"region\" aria-labelledby=\"elementor-tab-title-9348\"><p>En apiculture, 1 SMI \u00e9quivaut \u00e0 400 ruches. La cotisation de solidarit\u00e9 est due au-del\u00e0 de 1\/8 de SMI et en dessous de la \u00bd SMI. En clair, il faut poss\u00e9der au minimum 51 ruches et au maximum 199 ruches pour avoir \u00e0 payer la cotisation de solidarit\u00e9). La cotisation est \u00e9gale \u00e0 environ 25% du revenu agricole imposable. Elle vous donne droit \u00e0 une prise charge par la MSA sur un accident du travail.<\/p><p>Pour plus d\u2019informations sur la MSA voir le site internet MSA (rubrique liens). Si vous n&rsquo;\u00eates pas agriculteur, si vous avez moins de 200 ruches : optez et restez au \u00ab\u00a0r\u00e9gime g\u00e9n\u00e9ral\u00a0\u00bb. vous recevrez un compl\u00e9ment d&rsquo;information \u00e0 remplir pour la MSA (nombres de ruches, etc.)<\/p><p><strong>Rappel :<\/strong><\/p><p>A partir de 51 ruches cotisation de solidarit\u00e9 obligatoire, moins de 51 aucune cotisation.<br \/><strong>Cadre 9 (option fiscale) &#8211; rappel de la l\u00e9gislation :<\/strong><br \/>&#8211; jusqu&rsquo;\u00e0 9 ruches en production, aucune imposition.<br \/>&#8211; \u00e0 partir de la 10eme c&rsquo;est le r\u00e9gime du forfait (nombre de ruches totales x forfait n\u00e9goci\u00e9 chaque ann\u00e9e dans chaque d\u00e9partement, 18\u20ac eu 2011 pour les Hautes alpes). Cochez la case \u00ab forfait \u00bb.<br \/>Ligne TVA : si votre activit\u00e9 agricole est accessoire \u00e0 une activit\u00e9 g\u00e9n\u00e9rale et que vous n&rsquo;\u00eates pas assujetti \u00e0 la TVA cochez la case \u00ab franchise en base \u00bb.<br \/>Pour \u00e9tudier toutes les options que la l\u00e9gislation a pr\u00e9vues, vous pouvez obtenir \u00e0 la Direction G\u00e9n\u00e9rale des Imp\u00f4ts le formulaire n\u00b0 974 A (Notice d&rsquo;information fiscale des cr\u00e9ateurs d&rsquo;exploitations agricoles)<\/p><p><strong>Cadre 10 Observation :<\/strong> Indiquez votre nombre de ruches (important)<br \/><strong>Cadre 11 adresse :<\/strong> cochez adresse au cadre n\u00b02.<br \/><strong>Cadre 12 :<\/strong> cochez le d\u00e9clarant date et signature.<\/p><p>\u00a0<\/p><\/div>\n\t\t\t\t<\/div>\n\t\t\t\t\t\t\t\t\t\t<script type=\"application\/ld+json\">{\"@context\":\"https:\\\/\\\/schema.org\",\"@type\":\"FAQPage\",\"mainEntity\":[{\"@type\":\"Question\",\"name\":\"D\\u00e9placement des ruches\",\"acceptedAnswer\":{\"@type\":\"Answer\",\"text\":\"<p>En faire une simple d\\u00e9claration aux services v\\u00e9t\\u00e9rinaires s&rsquo;il les d\\u00e9place \\u00e0 l&rsquo;int\\u00e9rieur du d\\u00e9partement, sauf, en principe, si les emplacements ont \\u00e9t\\u00e9 mentionn\\u00e9s dans la derni\\u00e8re d\\u00e9claration.<br \\\/>En cas de d\\u00e9placement \\u00e0 l&rsquo;ext\\u00e9rieur du d\\u00e9partement, l&rsquo;apiculteur doit \\u00eatre muni d&rsquo;un certificat sanitaire et de provenance \\u00e9tabli moins de 15 jours avant le d\\u00e9part, \\u00e0 moins d&rsquo;\\u00eatre d\\u00e9tenteur d&rsquo;une carte d&rsquo;apiculteur pastoral d\\u00e9livr\\u00e9e par la DDPP.<br \\\/>Dans tous les cas, l&rsquo;apiculteur doit avoir sur soi ou le r\\u00e9c\\u00e9piss\\u00e9 de d\\u00e9claration ou la carte d&rsquo;apiculteur pastoral ou le certificat sanitaire afin de le pr\\u00e9senter lors de tout contr\\u00f4le.<br \\\/>L\\u2019apiculteur, professionnel comme amateur, quel que soit le nombre de ruchers, doit respecter une distance de recul par rapport aux propri\\u00e9t\\u00e9s voisines, aux habitations et aux voies de communication y compris les chemins ruraux. Ces distances sont arr\\u00eat\\u00e9es par le pr\\u00e9fet, \\u00e0 d\\u00e9faut par les maires qui doivent alors prescrire aux propri\\u00e9taires de ruches, toutes les mesures qui peuvent assurer la s\\u00e9curit\\u00e9 des personnes, des animaux, et aussi la pr\\u00e9servation des r\\u00e9coltes et des fruits.<\\\/p>\"}},{\"@type\":\"Question\",\"name\":\"Implantation des ruchers\",\"acceptedAnswer\":{\"@type\":\"Answer\",\"text\":\"<p>La distance observ\\u00e9e entre le rucher et la route ou les propri\\u00e9t\\u00e9s voisines varie d&rsquo;un d\\u00e9partement \\u00e0 un autre.<br \\\/>Cette r\\u00e9glementation des ruches est \\u00e9tablie par les pr\\u00e9fets ou \\u00e0 d\\u00e9faut par les maires d&rsquo;apr\\u00e8s les articles 206 et 207 du Code rural. Elle pr\\u00e9voit un \\u00e9cart suffisant entre la ruche et le voisinage pour mettre les personnes, les animaux ainsi que les r\\u00e9coltes hors d&rsquo;atteinte des abeilles.<br \\\/>La distance est mesur\\u00e9e \\u00e0 partir de l&rsquo;ext\\u00e9rieur de la ruche :<\\\/p><ul><li>et une propri\\u00e9t\\u00e9 priv\\u00e9e ou des voies : de 3 \\u00e0 50 m,<\\\/li><li>et un \\u00e9tablissement collectif (caserne, \\u00e9cole, h\\u00f4pital, etc.) : 100 m en moyenne,<\\\/li><li>et certaines industries comme les confitureries et les sucreries.<\\\/li><\\\/ul><p>Pas d&rsquo;obligations dans certains cas : ruche isol\\u00e9e, obstacles, etc.<\\\/p><p><strong>La r\\u00e9glementation n&rsquo;est pas applicable si :<\\\/strong><\\\/p><p>le rucher est <strong>isol\\u00e9<\\\/strong> : il peut dans ce cas \\u00eatre install\\u00e9 n&rsquo;importe o\\u00f9,<br \\\/>la ruche est entour\\u00e9e d&rsquo;une cl\\u00f4ture : palissade en planches jointes, mur ou haie s\\u00e8che ou vive.<\\\/p><p>Ces obstacles doivent cependant :<br \\\/>&#8211; \\u00eatre hauts de 2 m au-dessus de la planche d&rsquo;envol la plus \\u00e9lev\\u00e9e,<br \\\/>&#8211; s&rsquo;\\u00e9tendre au moins \\u00e0 2 m de part et d\\u2019autre de la ruche.<\\\/p><p><em>R\\u00e9f\\u00e9rences : articles L. 211-6, L. 211-7 (ancien article 207) et R. 211-2 du code rural.<\\\/em><\\\/p>\"}},{\"@type\":\"Question\",\"name\":\"Immatriculation des ruchers\",\"acceptedAnswer\":{\"@type\":\"Answer\",\"text\":\"<p>Chaque apiculteur, apr\\u00e8s sa premi\\u00e8re d\\u00e9claration re\\u00e7oit un num\\u00e9ro d&rsquo;immatriculation ou \\u00ab\\u00a0num\\u00e9ro d&rsquo;apiculteur\\u00a0\\u00bb. Il garde ce num\\u00e9ro de fa\\u00e7on permanente. Les ruchers doivent \\u00eatre identifi\\u00e9s de fa\\u00e7on visible par ce N\\u00b0 d&rsquo;immatriculation.<br \\\/>Il peut \\u00eatre appos\\u00e9 sur un panneau \\u00e0 proximit\\u00e9 du rucher ou directement sur toutes les ruches .<\\\/p><p>Les abeilles sont parfois sources de probl\\u00e8mes de voisinage car un nombre non n\\u00e9gligeable de personnes ont peur de nos amies, peur parfois justifi\\u00e9e par une allergie ou simplement peur de la douleur.<br \\\/>Souvent, un peu de miel offert au(x) voisin(s) est la meilleure pr\\u00e9vention contre ce genre de probl\\u00e8me. Le bon sens doit aussi guider le comportement des apiculteurs : que penser d\\u2019un apiculteur qui aurait 25 colonies sur un terrain de 500m2, clos d\\u2019une haie de laurier-cerise de 2m de haut, au milieu d\\u2019un lotissement ?<\\\/p><p>En cas de litige non r\\u00e9solu \\u00e0 l&rsquo;amiable, c&rsquo;est le Directeur des Services V\\u00e9t\\u00e9rinaires qui est charg\\u00e9 de r\\u00e9concilier les parties et, le cas \\u00e9ch\\u00e9ant, faire une proposition au Pr\\u00e9fet.<\\\/p>\"}},{\"@type\":\"Question\",\"name\":\"Assurance\",\"acceptedAnswer\":{\"@type\":\"Answer\",\"text\":\"<p>Il est fortement conseill\\u00e9 de s&rsquo;assurer pour ses ruches : article 1385 du code civil<br \\\/>\\u00ab Le propri\\u00e9taire d&rsquo;un animal ou celui qui s&rsquo;en sert, pendant qu&rsquo;il est sous son usage, est responsable du dommage que l&rsquo;animal a caus\\u00e9, soit que l&rsquo;animal soit sous sa garde, soit qu&rsquo;il fut \\u00e9gar\\u00e9 ou \\u00e9chapp\\u00e9 \\u00bb<\\\/p><p><strong>Plusieurs niveaux d&rsquo;assurance sont propos\\u00e9s :<\\\/strong><\\\/p><ul><li>R.C (responsabilit\\u00e9 civile)<\\\/li><li>R.C + d\\u00e9fense recours, incendie, temp\\u00eate.<\\\/li><li>Assurance multirisque sauf maladie<\\\/li><\\\/ul>\"}},{\"@type\":\"Question\",\"name\":\"Les traitements obligatoires\",\"acceptedAnswer\":{\"@type\":\"Answer\",\"text\":\"<p>Le varroa est un acarien parasite des abeilles. Toutes les ruches en poss\\u00e8dent plus ou moins en fonction des saisons.<br \\\/>Ce parasite n\\u00e9cessite un traitement annuel obligatoire. Plusieurs traitements existent. Chaque ann\\u00e9e, vous devez donc vous procurer une ordonnance ainsi que les traitements aupr\\u00e8s du GDSA afin de pouvoir traiter vos colonies correctement.<\\\/p>\"}},{\"@type\":\"Question\",\"name\":\"Les Maladies R\\u00e9put\\u00e9es Contagieuses (MRC)\",\"acceptedAnswer\":{\"@type\":\"Answer\",\"text\":\"<p>Tout propri\\u00e9taire ou d\\u00e9tenteur de colonie d&rsquo;abeilles atteintes ou soup\\u00e7onn\\u00e9es d&rsquo;\\u00eatre atteintes de maladies r\\u00e9put\\u00e9es contagieuses (MRC) doit en faire imm\\u00e9diatement la d\\u00e9claration au Maire de la commune o\\u00f9 se trouve le rucher infect\\u00e9.<br \\\/>Le Maire en informe aussit\\u00f4t le Directeur des Services V\\u00e9t\\u00e9rinaires afin qu&rsquo;il fasse proc\\u00e9der \\u00e0 une visite du rucher par un agent sp\\u00e9cialis\\u00e9 apicole.<\\\/p>\"}},{\"@type\":\"Question\",\"name\":\"Registre d'\\u00e9levage\",\"acceptedAnswer\":{\"@type\":\"Answer\",\"text\":\"<p>Pour permettre la tra\\u00e7abilit\\u00e9 des produits de l&rsquo;\\u00e9levage des abeilles, la tenue d&rsquo;un registre d&rsquo;\\u00e9levage est obligatoire pour tous les apiculteurs qui commercialisent les produits de la ruche, quelle que soit la quantit\\u00e9 de produit mis en vente. Si la production est r\\u00e9serv\\u00e9e \\u00e0 l&rsquo;autoconsommation, le registre d&rsquo;\\u00e9levage n&rsquo;est pas obligatoire.<\\\/p><p><strong>Comment d\\u00e9clarer son revenu agricole :<\\\/strong><br \\\/><strong>A partir de dix ruches<\\\/strong> l&rsquo;apiculteur doit d\\u00e9clarer un revenu agricole qui est d\\u00e9termin\\u00e9 par le nombre de ruches en production (leur nombre figure sur le registre d&rsquo;\\u00e9levage) multipli\\u00e9 par le montant du forfait apicole retenu par l&rsquo;administration des imp\\u00f4ts sur la base des chiffres de r\\u00e9colte donn\\u00e9s par chaque syndicat de base.<br \\\/>La d\\u00e9claration des revenus est r\\u00e9dig\\u00e9e sur un formulaire n\\u00b0 2042. Les revenus agricoles seront calcul\\u00e9s par l&rsquo;administration \\u00e0 partir des \\u00e9l\\u00e9ments fournis par l&rsquo;apiculteur en renseignant le formulaire n\\u00b0 2343 annex\\u00e9 \\u00e0 la d\\u00e9claration n\\u00b0 2042.<\\\/p>\"}},{\"@type\":\"Question\",\"name\":\"MSA\",\"acceptedAnswer\":{\"@type\":\"Answer\",\"text\":\"<p>En apiculture, 1 SMI \\u00e9quivaut \\u00e0 400 ruches. La cotisation de solidarit\\u00e9 est due au-del\\u00e0 de 1\\\/8 de SMI et en dessous de la \\u00bd SMI. En clair, il faut poss\\u00e9der au minimum 51 ruches et au maximum 199 ruches pour avoir \\u00e0 payer la cotisation de solidarit\\u00e9). La cotisation est \\u00e9gale \\u00e0 environ 25% du revenu agricole imposable. Elle vous donne droit \\u00e0 une prise charge par la MSA sur un accident du travail.<\\\/p><p>Pour plus d\\u2019informations sur la MSA voir le site internet MSA (rubrique liens). Si vous n&rsquo;\\u00eates pas agriculteur, si vous avez moins de 200 ruches : optez et restez au \\u00ab\\u00a0r\\u00e9gime g\\u00e9n\\u00e9ral\\u00a0\\u00bb. vous recevrez un compl\\u00e9ment d&rsquo;information \\u00e0 remplir pour la MSA (nombres de ruches, etc.)<\\\/p><p><strong>Rappel :<\\\/strong><\\\/p><p>A partir de 51 ruches cotisation de solidarit\\u00e9 obligatoire, moins de 51 aucune cotisation.<br \\\/><strong>Cadre 9 (option fiscale) &#8211; rappel de la l\\u00e9gislation :<\\\/strong><br \\\/>&#8211; jusqu&rsquo;\\u00e0 9 ruches en production, aucune imposition.<br \\\/>&#8211; \\u00e0 partir de la 10eme c&rsquo;est le r\\u00e9gime du forfait (nombre de ruches totales x forfait n\\u00e9goci\\u00e9 chaque ann\\u00e9e dans chaque d\\u00e9partement, 18\\u20ac eu 2011 pour les Hautes alpes). Cochez la case \\u00ab forfait \\u00bb.<br \\\/>Ligne TVA : si votre activit\\u00e9 agricole est accessoire \\u00e0 une activit\\u00e9 g\\u00e9n\\u00e9rale et que vous n&rsquo;\\u00eates pas assujetti \\u00e0 la TVA cochez la case \\u00ab franchise en base \\u00bb.<br \\\/>Pour \\u00e9tudier toutes les options que la l\\u00e9gislation a pr\\u00e9vues, vous pouvez obtenir \\u00e0 la Direction G\\u00e9n\\u00e9rale des Imp\\u00f4ts le formulaire n\\u00b0 974 A (Notice d&rsquo;information fiscale des cr\\u00e9ateurs d&rsquo;exploitations agricoles)<\\\/p><p><strong>Cadre 10 Observation :<\\\/strong> Indiquez votre nombre de ruches (important)<br \\\/><strong>Cadre 11 adresse :<\\\/strong> cochez adresse au cadre n\\u00b02.<br \\\/><strong>Cadre 12 :<\\\/strong> cochez le d\\u00e9clarant date et signature.<\\\/p><p>\\u00a0<\\\/p>\"}}]}<\/script>\n\t\t\t\t\t<\/div>\n\t\t\t\t\t\t<\/div>\n\t\t\t\t<\/div>\n\t\t\t\t\t<\/div>\n\t\t\t\t<\/div>\n\t\t<div class=\"elementor-element elementor-element-42e9c30 e-flex e-con-boxed e-con e-parent\" data-id=\"42e9c30\" data-element_type=\"container\" data-e-type=\"container\" data-settings=\"{&quot;background_background&quot;:&quot;classic&quot;,&quot;shape_divider_top&quot;:&quot;opacity-tilt&quot;}\">\n\t\t\t\t\t<div class=\"e-con-inner\">\n\t\t\t\t<div class=\"elementor-shape elementor-shape-top\" aria-hidden=\"true\" data-negative=\"false\">\n\t\t\t<svg xmlns=\"http:\/\/www.w3.org\/2000\/svg\" viewBox=\"0 0 2600 131.1\" preserveAspectRatio=\"none\">\n\t<path class=\"elementor-shape-fill\" d=\"M0 0L2600 0 2600 69.1 0 0z\"\/>\n\t<path class=\"elementor-shape-fill\" style=\"opacity:0.5\" d=\"M0 0L2600 0 2600 69.1 0 69.1z\"\/>\n\t<path class=\"elementor-shape-fill\" style=\"opacity:0.25\" d=\"M2600 0L0 0 0 130.1 2600 69.1z\"\/>\n<\/svg>\t\t<\/div>\n\t\t\t\t\t<\/div>\n\t\t\t\t<\/div>\n\t\t\t\t<\/div>\n\t\t","protected":false},"excerpt":{"rendered":"<p>Les Obligations de l&rsquo;apiculteur Certaines r\u00e8gles ont \u00e9t\u00e9 mises en place pour la protection : Des abeilles contre les maladies, les intoxications, les ravageurs, Du public aux alentours des ruchers, [&hellip;]<\/p>\n","protected":false},"author":2,"featured_media":0,"parent":0,"menu_order":0,"comment_status":"closed","ping_status":"closed","template":"page-full-width.php","meta":{"footnotes":""},"class_list":["post-134","page","type-page","status-publish","hentry"],"yoast_head":"<!-- This site is optimized with the Yoast SEO plugin v27.4 - https:\/\/yoast.com\/product\/yoast-seo-wordpress\/ -->\n<title>La R\u00e8glementation - L&#039;abeille tarn et garonnaise<\/title>\n<meta name=\"description\" content=\"La R\u00e8glementation Les obligations de l&#039;apiculteur Vous trouverez tous les conseils et liens pour \u00eatre conforme \u00e0 la l\u00e9gislation concernant la pratique de l&#039;apiculture.\" \/>\n<meta name=\"robots\" content=\"index, follow, max-snippet:-1, max-image-preview:large, max-video-preview:-1\" \/>\n<link rel=\"canonical\" href=\"https:\/\/abeille-tarnetgaronnaise.fr\/Atg82_new\/la-reglementation-association-abeille-tarn-et-garonnaise\/\" \/>\n<meta property=\"og:locale\" content=\"fr_FR\" \/>\n<meta property=\"og:type\" content=\"article\" \/>\n<meta property=\"og:title\" content=\"La R\u00e8glementation - L&#039;abeille tarn et garonnaise\" \/>\n<meta property=\"og:description\" content=\"La R\u00e8glementation Les obligations de l&#039;apiculteur Vous trouverez tous les conseils et liens pour \u00eatre conforme \u00e0 la l\u00e9gislation concernant la pratique de l&#039;apiculture.\" \/>\n<meta property=\"og:url\" content=\"https:\/\/abeille-tarnetgaronnaise.fr\/Atg82_new\/la-reglementation-association-abeille-tarn-et-garonnaise\/\" \/>\n<meta property=\"og:site_name\" content=\"L&#039;abeille tarn et garonnaise\" \/>\n<meta property=\"article:modified_time\" content=\"2026-03-19T14:52:26+00:00\" \/>\n<meta property=\"og:image\" content=\"https:\/\/abeille-tarnetgaronnaise.fr\/Atg82_new\/wp-content\/uploads\/2024\/11\/ruche-1024x816.png\" \/>\n<meta name=\"twitter:card\" content=\"summary_large_image\" \/>\n<meta name=\"twitter:label1\" content=\"Dur\u00e9e de lecture estim\u00e9e\" \/>\n\t<meta name=\"twitter:data1\" content=\"8 minutes\" \/>\n<script type=\"application\/ld+json\" class=\"yoast-schema-graph\">{\"@context\":\"https:\\\/\\\/schema.org\",\"@graph\":[{\"@type\":\"WebPage\",\"@id\":\"https:\\\/\\\/abeille-tarnetgaronnaise.fr\\\/Atg82_new\\\/la-reglementation-association-abeille-tarn-et-garonnaise\\\/\",\"url\":\"https:\\\/\\\/abeille-tarnetgaronnaise.fr\\\/Atg82_new\\\/la-reglementation-association-abeille-tarn-et-garonnaise\\\/\",\"name\":\"La R\u00e8glementation - L&#039;abeille tarn et garonnaise\",\"isPartOf\":{\"@id\":\"https:\\\/\\\/abeille-tarnetgaronnaise.fr\\\/Atg82_new\\\/#website\"},\"primaryImageOfPage\":{\"@id\":\"https:\\\/\\\/abeille-tarnetgaronnaise.fr\\\/Atg82_new\\\/la-reglementation-association-abeille-tarn-et-garonnaise\\\/#primaryimage\"},\"image\":{\"@id\":\"https:\\\/\\\/abeille-tarnetgaronnaise.fr\\\/Atg82_new\\\/la-reglementation-association-abeille-tarn-et-garonnaise\\\/#primaryimage\"},\"thumbnailUrl\":\"https:\\\/\\\/abeille-tarnetgaronnaise.fr\\\/Atg82_new\\\/wp-content\\\/uploads\\\/2024\\\/11\\\/ruche-1024x816.png\",\"datePublished\":\"2015-06-19T09:25:39+00:00\",\"dateModified\":\"2026-03-19T14:52:26+00:00\",\"description\":\"La R\u00e8glementation Les obligations de l'apiculteur Vous trouverez tous les conseils et liens pour \u00eatre conforme \u00e0 la l\u00e9gislation concernant la pratique de l'apiculture.\",\"breadcrumb\":{\"@id\":\"https:\\\/\\\/abeille-tarnetgaronnaise.fr\\\/Atg82_new\\\/la-reglementation-association-abeille-tarn-et-garonnaise\\\/#breadcrumb\"},\"inLanguage\":\"fr-FR\",\"potentialAction\":[{\"@type\":\"ReadAction\",\"target\":[\"https:\\\/\\\/abeille-tarnetgaronnaise.fr\\\/Atg82_new\\\/la-reglementation-association-abeille-tarn-et-garonnaise\\\/\"]}]},{\"@type\":\"ImageObject\",\"inLanguage\":\"fr-FR\",\"@id\":\"https:\\\/\\\/abeille-tarnetgaronnaise.fr\\\/Atg82_new\\\/la-reglementation-association-abeille-tarn-et-garonnaise\\\/#primaryimage\",\"url\":\"https:\\\/\\\/abeille-tarnetgaronnaise.fr\\\/Atg82_new\\\/wp-content\\\/uploads\\\/2024\\\/11\\\/ruche.png\",\"contentUrl\":\"https:\\\/\\\/abeille-tarnetgaronnaise.fr\\\/Atg82_new\\\/wp-content\\\/uploads\\\/2024\\\/11\\\/ruche.png\",\"width\":1240,\"height\":988,\"caption\":\"ruche\"},{\"@type\":\"BreadcrumbList\",\"@id\":\"https:\\\/\\\/abeille-tarnetgaronnaise.fr\\\/Atg82_new\\\/la-reglementation-association-abeille-tarn-et-garonnaise\\\/#breadcrumb\",\"itemListElement\":[{\"@type\":\"ListItem\",\"position\":1,\"name\":\"Accueil\",\"item\":\"https:\\\/\\\/abeille-tarnetgaronnaise.fr\\\/Atg82_new\\\/\"},{\"@type\":\"ListItem\",\"position\":2,\"name\":\"La R\u00e8glementation\"}]},{\"@type\":\"WebSite\",\"@id\":\"https:\\\/\\\/abeille-tarnetgaronnaise.fr\\\/Atg82_new\\\/#website\",\"url\":\"https:\\\/\\\/abeille-tarnetgaronnaise.fr\\\/Atg82_new\\\/\",\"name\":\"L'Abeille Tarn et Garonnaise\",\"description\":\"Ensemble, prot\u00e9geons les abeilles !\",\"publisher\":{\"@id\":\"https:\\\/\\\/abeille-tarnetgaronnaise.fr\\\/Atg82_new\\\/#organization\"},\"potentialAction\":[{\"@type\":\"SearchAction\",\"target\":{\"@type\":\"EntryPoint\",\"urlTemplate\":\"https:\\\/\\\/abeille-tarnetgaronnaise.fr\\\/Atg82_new\\\/?s={search_term_string}\"},\"query-input\":{\"@type\":\"PropertyValueSpecification\",\"valueRequired\":true,\"valueName\":\"search_term_string\"}}],\"inLanguage\":\"fr-FR\"},{\"@type\":\"Organization\",\"@id\":\"https:\\\/\\\/abeille-tarnetgaronnaise.fr\\\/Atg82_new\\\/#organization\",\"name\":\"L'abeille tarn et garonnaise\",\"url\":\"https:\\\/\\\/abeille-tarnetgaronnaise.fr\\\/Atg82_new\\\/\",\"logo\":{\"@type\":\"ImageObject\",\"inLanguage\":\"fr-FR\",\"@id\":\"https:\\\/\\\/abeille-tarnetgaronnaise.fr\\\/Atg82_new\\\/#\\\/schema\\\/logo\\\/image\\\/\",\"url\":\"https:\\\/\\\/abeille-tarnetgaronnaise.fr\\\/Atg82_new\\\/wp-content\\\/uploads\\\/2025\\\/02\\\/logo_ATG.jpg\",\"contentUrl\":\"https:\\\/\\\/abeille-tarnetgaronnaise.fr\\\/Atg82_new\\\/wp-content\\\/uploads\\\/2025\\\/02\\\/logo_ATG.jpg\",\"width\":200,\"height\":100,\"caption\":\"L'abeille tarn et garonnaise\"},\"image\":{\"@id\":\"https:\\\/\\\/abeille-tarnetgaronnaise.fr\\\/Atg82_new\\\/#\\\/schema\\\/logo\\\/image\\\/\"}}]}<\/script>\n<!-- \/ Yoast SEO plugin. -->","yoast_head_json":{"title":"La R\u00e8glementation - L&#039;abeille tarn et garonnaise","description":"La R\u00e8glementation Les obligations de l'apiculteur Vous trouverez tous les conseils et liens pour \u00eatre conforme \u00e0 la l\u00e9gislation concernant la pratique de l'apiculture.","robots":{"index":"index","follow":"follow","max-snippet":"max-snippet:-1","max-image-preview":"max-image-preview:large","max-video-preview":"max-video-preview:-1"},"canonical":"https:\/\/abeille-tarnetgaronnaise.fr\/Atg82_new\/la-reglementation-association-abeille-tarn-et-garonnaise\/","og_locale":"fr_FR","og_type":"article","og_title":"La R\u00e8glementation - L&#039;abeille tarn et garonnaise","og_description":"La R\u00e8glementation Les obligations de l'apiculteur Vous trouverez tous les conseils et liens pour \u00eatre conforme \u00e0 la l\u00e9gislation concernant la pratique de l'apiculture.","og_url":"https:\/\/abeille-tarnetgaronnaise.fr\/Atg82_new\/la-reglementation-association-abeille-tarn-et-garonnaise\/","og_site_name":"L&#039;abeille tarn et garonnaise","article_modified_time":"2026-03-19T14:52:26+00:00","og_image":[{"url":"https:\/\/abeille-tarnetgaronnaise.fr\/Atg82_new\/wp-content\/uploads\/2024\/11\/ruche-1024x816.png","type":"","width":"","height":""}],"twitter_card":"summary_large_image","twitter_misc":{"Dur\u00e9e de lecture estim\u00e9e":"8 minutes"},"schema":{"@context":"https:\/\/schema.org","@graph":[{"@type":"WebPage","@id":"https:\/\/abeille-tarnetgaronnaise.fr\/Atg82_new\/la-reglementation-association-abeille-tarn-et-garonnaise\/","url":"https:\/\/abeille-tarnetgaronnaise.fr\/Atg82_new\/la-reglementation-association-abeille-tarn-et-garonnaise\/","name":"La R\u00e8glementation - L&#039;abeille tarn et garonnaise","isPartOf":{"@id":"https:\/\/abeille-tarnetgaronnaise.fr\/Atg82_new\/#website"},"primaryImageOfPage":{"@id":"https:\/\/abeille-tarnetgaronnaise.fr\/Atg82_new\/la-reglementation-association-abeille-tarn-et-garonnaise\/#primaryimage"},"image":{"@id":"https:\/\/abeille-tarnetgaronnaise.fr\/Atg82_new\/la-reglementation-association-abeille-tarn-et-garonnaise\/#primaryimage"},"thumbnailUrl":"https:\/\/abeille-tarnetgaronnaise.fr\/Atg82_new\/wp-content\/uploads\/2024\/11\/ruche-1024x816.png","datePublished":"2015-06-19T09:25:39+00:00","dateModified":"2026-03-19T14:52:26+00:00","description":"La R\u00e8glementation Les obligations de l'apiculteur Vous trouverez tous les conseils et liens pour \u00eatre conforme \u00e0 la l\u00e9gislation concernant la pratique de l'apiculture.","breadcrumb":{"@id":"https:\/\/abeille-tarnetgaronnaise.fr\/Atg82_new\/la-reglementation-association-abeille-tarn-et-garonnaise\/#breadcrumb"},"inLanguage":"fr-FR","potentialAction":[{"@type":"ReadAction","target":["https:\/\/abeille-tarnetgaronnaise.fr\/Atg82_new\/la-reglementation-association-abeille-tarn-et-garonnaise\/"]}]},{"@type":"ImageObject","inLanguage":"fr-FR","@id":"https:\/\/abeille-tarnetgaronnaise.fr\/Atg82_new\/la-reglementation-association-abeille-tarn-et-garonnaise\/#primaryimage","url":"https:\/\/abeille-tarnetgaronnaise.fr\/Atg82_new\/wp-content\/uploads\/2024\/11\/ruche.png","contentUrl":"https:\/\/abeille-tarnetgaronnaise.fr\/Atg82_new\/wp-content\/uploads\/2024\/11\/ruche.png","width":1240,"height":988,"caption":"ruche"},{"@type":"BreadcrumbList","@id":"https:\/\/abeille-tarnetgaronnaise.fr\/Atg82_new\/la-reglementation-association-abeille-tarn-et-garonnaise\/#breadcrumb","itemListElement":[{"@type":"ListItem","position":1,"name":"Accueil","item":"https:\/\/abeille-tarnetgaronnaise.fr\/Atg82_new\/"},{"@type":"ListItem","position":2,"name":"La R\u00e8glementation"}]},{"@type":"WebSite","@id":"https:\/\/abeille-tarnetgaronnaise.fr\/Atg82_new\/#website","url":"https:\/\/abeille-tarnetgaronnaise.fr\/Atg82_new\/","name":"L'Abeille Tarn et Garonnaise","description":"Ensemble, prot\u00e9geons les abeilles !","publisher":{"@id":"https:\/\/abeille-tarnetgaronnaise.fr\/Atg82_new\/#organization"},"potentialAction":[{"@type":"SearchAction","target":{"@type":"EntryPoint","urlTemplate":"https:\/\/abeille-tarnetgaronnaise.fr\/Atg82_new\/?s={search_term_string}"},"query-input":{"@type":"PropertyValueSpecification","valueRequired":true,"valueName":"search_term_string"}}],"inLanguage":"fr-FR"},{"@type":"Organization","@id":"https:\/\/abeille-tarnetgaronnaise.fr\/Atg82_new\/#organization","name":"L'abeille tarn et garonnaise","url":"https:\/\/abeille-tarnetgaronnaise.fr\/Atg82_new\/","logo":{"@type":"ImageObject","inLanguage":"fr-FR","@id":"https:\/\/abeille-tarnetgaronnaise.fr\/Atg82_new\/#\/schema\/logo\/image\/","url":"https:\/\/abeille-tarnetgaronnaise.fr\/Atg82_new\/wp-content\/uploads\/2025\/02\/logo_ATG.jpg","contentUrl":"https:\/\/abeille-tarnetgaronnaise.fr\/Atg82_new\/wp-content\/uploads\/2025\/02\/logo_ATG.jpg","width":200,"height":100,"caption":"L'abeille tarn et garonnaise"},"image":{"@id":"https:\/\/abeille-tarnetgaronnaise.fr\/Atg82_new\/#\/schema\/logo\/image\/"}}]}},"_links":{"self":[{"href":"https:\/\/abeille-tarnetgaronnaise.fr\/Atg82_new\/wp-json\/wp\/v2\/pages\/134","targetHints":{"allow":["GET"]}}],"collection":[{"href":"https:\/\/abeille-tarnetgaronnaise.fr\/Atg82_new\/wp-json\/wp\/v2\/pages"}],"about":[{"href":"https:\/\/abeille-tarnetgaronnaise.fr\/Atg82_new\/wp-json\/wp\/v2\/types\/page"}],"author":[{"embeddable":true,"href":"https:\/\/abeille-tarnetgaronnaise.fr\/Atg82_new\/wp-json\/wp\/v2\/users\/2"}],"replies":[{"embeddable":true,"href":"https:\/\/abeille-tarnetgaronnaise.fr\/Atg82_new\/wp-json\/wp\/v2\/comments?post=134"}],"version-history":[{"count":93,"href":"https:\/\/abeille-tarnetgaronnaise.fr\/Atg82_new\/wp-json\/wp\/v2\/pages\/134\/revisions"}],"predecessor-version":[{"id":5375,"href":"https:\/\/abeille-tarnetgaronnaise.fr\/Atg82_new\/wp-json\/wp\/v2\/pages\/134\/revisions\/5375"}],"wp:attachment":[{"href":"https:\/\/abeille-tarnetgaronnaise.fr\/Atg82_new\/wp-json\/wp\/v2\/media?parent=134"}],"curies":[{"name":"wp","href":"https:\/\/api.w.org\/{rel}","templated":true}]}}